{"id":52209,"date":"2026-08-14T23:29:25","date_gmt":"2026-08-14T20:29:25","guid":{"rendered":"https:\/\/adanaseshaber.com.tr\/habercim\/wp-content\/uploads\/2026\/08\/images-4-5.jpg"},"modified":"2026-08-14T23:29:42","modified_gmt":"2026-08-14T20:29:42","slug":"images-4-27","status":"inherit","type":"attachment","link":"https:\/\/adanaseshaber.com.tr\/habercim\/foto-galeri\/485-diri-fay\/attachment\/images-4-27\/","title":{"rendered":"485 diri fay"},"author":2,"comment_status":"open","ping_status":"closed","template":"","meta":[],"description":{"rendered":"<p class=\"attachment\"><a href='https:\/\/adanaseshaber.com.tr\/habercim\/wp-content\/uploads\/2026\/08\/images-4-5.jpg'><img width=\"300\" height=\"187\" src=\"https:\/\/adanaseshaber.com.tr\/habercim\/wp-content\/uploads\/2026\/08\/images-4-5-300x187.jpg\" class=\"attachment-medium size-medium\" alt=\"\" loading=\"lazy\" srcset=\"https:\/\/adanaseshaber.com.tr\/habercim\/wp-content\/uploads\/2026\/08\/images-4-5-300x187.jpg 300w, https:\/\/adanaseshaber.com.tr\/habercim\/wp-content\/uploads\/2026\/08\/images-4-5-80x50.jpg 80w, https:\/\/adanaseshaber.com.tr\/habercim\/wp-content\/uploads\/2026\/08\/images-4-5.jpg 565w\" sizes=\"(max-width: 300px) 100vw, 300px\" \/><\/a><\/p>\n"},"caption":{"rendered":"<p>Maden Tetkik ve Arama Genel M\u00fcd\u00fcrl\u00fc\u011f\u00fc (MTA) T\u00fcrkiye\u2019deki en riskli deprem b\u00f6lgelerinin yer ald\u0131\u011f\u0131 diri fay hatt\u0131 haritas\u0131n\u0131 g\u00fcncelledi. Yap\u0131lan ara\u015ft\u0131rmada 45 ilde 5,5 ve \u00fczeri deprem \u00fcretebilecek 485 diri fay bulunurken, birinci derece risk alt\u0131nda olan \u015fehirler a\u00e7\u0131kland\u0131!\u2026<\/p>\n<p>devam\u0131 sonraki sayfada\u2026 g\u00f6rsel \u00fczerinden do2\u2019kununuz ge\u00e7ebilirsiniz\u2026<\/p>\n"},"alt_text":"","media_type":"image","mime_type":"image\/jpeg","media_details":{"width":565,"height":353,"file":"2026\/08\/images-4-5.jpg","sizes":{"medium":{"file":"images-4-5-300x187.jpg","width":300,"height":187,"mime_type":"image\/jpeg","source_url":"https:\/\/adanaseshaber.com.tr\/habercim\/wp-content\/uploads\/2026\/08\/images-4-5-300x187.jpg"},"thumbnail":{"file":"images-4-5-150x150.jpg","width":150,"height":150,"mime_type":"image\/jpeg","source_url":"https:\/\/adanaseshaber.com.tr\/habercim\/wp-content\/uploads\/2026\/08\/images-4-5-150x150.jpg"},"kucukResim":{"file":"images-4-5-80x50.jpg","width":80,"height":50,"mime_type":"image\/jpeg","source_url":"https:\/\/adanaseshaber.com.tr\/habercim\/wp-content\/uploads\/2026\/08\/images-4-5-80x50.jpg"},"sliderResim":{"file":"images-4-5-565x330.jpg","width":565,"height":330,"mime_type":"image\/jpeg","source_url":"https:\/\/adanaseshaber.com.tr\/habercim\/wp-content\/uploads\/2026\/08\/images-4-5-565x330.jpg"},"resim1":{"file":"images-4-5-184x140.jpg","width":184,"height":140,"mime_type":"image\/jpeg","source_url":"https:\/\/adanaseshaber.com.tr\/habercim\/wp-content\/uploads\/2026\/08\/images-4-5-184x140.jpg"},"resim2":{"file":"images-4-5-216x103.jpg","width":216,"height":103,"mime_type":"image\/jpeg","source_url":"https:\/\/adanaseshaber.com.tr\/habercim\/wp-content\/uploads\/2026\/08\/images-4-5-216x103.jpg"},"resim3":{"file":"images-4-5-145x70.jpg","width":145,"height":70,"mime_type":"image\/jpeg","source_url":"https:\/\/adanaseshaber.com.tr\/habercim\/wp-content\/uploads\/2026\/08\/images-4-5-145x70.jpg"},"sagSlider":{"file":"images-4-5-300x150.jpg","width":300,"height":150,"mime_type":"image\/jpeg","source_url":"https:\/\/adanaseshaber.com.tr\/habercim\/wp-content\/uploads\/2026\/08\/images-4-5-300x150.jpg"},"yeniSlider":{"file":"images-4-5-500x290.jpg","width":500,"height":290,"mime_type":"image\/jpeg","source_url":"https:\/\/adanaseshaber.com.tr\/habercim\/wp-content\/uploads\/2026\/08\/images-4-5-500x290.jpg"},"full":{"file":"images-4-5.jpg","width":565,"height":353,"mime_type":"image\/jpeg","source_url":"https:\/\/adanaseshaber.com.tr\/habercim\/wp-content\/uploads\/2026\/08\/images-4-5.jpg"}},"image_meta":{"aperture":"0","credit":"","camera":"","caption":"","created_timestamp":"0","copyright":"","focal_length":"0","iso":"0","shutter_speed":"0","title":"","orientation":"0","keywords":[]}},"post":52208,"source_url":"https:\/\/adanaseshaber.com.tr\/habercim\/wp-content\/uploads\/2026\/08\/images-4-5.jpg","_links":{"self":[{"href":"https:\/\/adanaseshaber.com.tr\/habercim\/wp-json\/wp\/v2\/media\/52209"}],"collection":[{"href":"https:\/\/adanaseshaber.com.tr\/habercim\/wp-json\/wp\/v2\/media"}],"about":[{"href":"https:\/\/adanaseshaber.com.tr\/habercim\/wp-json\/wp\/v2\/types\/attachment"}],"author":[{"embeddable":true,"href":"https:\/\/adanaseshaber.com.tr\/habercim\/wp-json\/wp\/v2\/users\/2"}],"replies":[{"embeddable":true,"href":"https:\/\/adanaseshaber.com.tr\/habercim\/wp-json\/wp\/v2\/comments?post=52209"}]}}