{"id":52214,"date":"2026-08-14T23:33:16","date_gmt":"2026-08-14T20:33:16","guid":{"rendered":"https:\/\/adanaseshaber.com.tr\/habercim\/wp-content\/uploads\/2026\/08\/80-205-768x384-1-12.webp"},"modified":"2026-08-14T23:33:36","modified_gmt":"2026-08-14T20:33:36","slug":"80-205-768x384-1-257","status":"inherit","type":"attachment","link":"https:\/\/adanaseshaber.com.tr\/habercim\/foto-galeri\/yer-avcilar-rezalet\/attachment\/80-205-768x384-1-257\/","title":{"rendered":"Yer Avc\u0131lar Rezalet"},"author":2,"comment_status":"open","ping_status":"closed","template":"","meta":[],"description":{"rendered":"<p class=\"attachment\"><a href='https:\/\/adanaseshaber.com.tr\/habercim\/wp-content\/uploads\/2026\/08\/80-205-768x384-1-12.webp'><img width=\"300\" height=\"150\" src=\"https:\/\/adanaseshaber.com.tr\/habercim\/wp-content\/uploads\/2026\/08\/80-205-768x384-1-12-300x150.webp\" class=\"attachment-medium size-medium\" alt=\"\" loading=\"lazy\" srcset=\"https:\/\/adanaseshaber.com.tr\/habercim\/wp-content\/uploads\/2026\/08\/80-205-768x384-1-12-300x150.webp 300w, https:\/\/adanaseshaber.com.tr\/habercim\/wp-content\/uploads\/2026\/08\/80-205-768x384-1-12.webp 768w\" sizes=\"(max-width: 300px) 100vw, 300px\" \/><\/a><\/p>\n"},"caption":{"rendered":"<p>Yer Avc\u0131lar Rezalet<br \/>\n\u0130stanbul Avc\u0131lar\u2019da sahilde bir k\u00f6pe\u011fe \u015fiddet uygulayan \u015fahs\u0131n g\u00f6r\u00fcnt\u00fclerinin sosyal medyada yay\u0131lmas\u0131 \u00fczerine polis ekipleri harekete ge\u00e7ti.. \u0130stanbul Avc\u0131lar\u2019da sahilde bir k\u00f6pe\u011fe \u015fiddet uygulayan \u015fahs\u0131n g\u00f6r\u00fcnt\u00fclerinin sosyal medyada yay\u0131lmas\u0131 \u00fczerine polis ekipleri harekete ge\u00e7ti \u015f\u00fcpheli H.E. g\u00f6zalt\u0131na al\u0131nd\u0131 k\u00f6pek koruma alt\u0131na al\u0131nd\u0131.<\/p>\n<p>Olay\u0131n Ya\u015fand\u0131\u011f\u0131 Yer<\/p>\n<p>Olay, \u0130stanbul\u2019un Avc\u0131lar il\u00e7esinde bulunan Denizk\u00f6\u015fkler Sahili\u2019nde meydana geldi. G\u00fcnd\u00fcz saatlerinde sahil b\u00f6lgesinde bulunan bir \u015fahs\u0131n bir k\u00f6pe\u011fe \u015fiddet uygulad\u0131\u011f\u0131 anlar \u00e7evredeki vatanda\u015flar taraf\u0131ndan cep telefonu kameras\u0131yla kaydedildi. G\u00f6r\u00fcnt\u00fcler Ve Tepkiler<\/p>\n<p>S\u00f6z konusu g\u00f6r\u00fcnt\u00fcler k\u0131sa s\u00fcrede sosyal medyada yay\u0131l\u0131rken, b\u00fcy\u00fck tepki toplad\u0131. Hayvanseverler ve \u00e7ok say\u0131da kullan\u0131c\u0131, ya\u015fanan olaya ili\u015fkin payla\u015f\u0131m yaparak \u015fahs\u0131n tespit edilip cezaland\u0131r\u0131lmas\u0131 \u00e7a\u011fr\u0131s\u0131nda bulundu.<\/p>\n<p>Polis \u00c7al\u0131\u015fmas\u0131<\/p>\n<p>devam\u0131 sonraki sayfada\u2026 g\u00f6rsel \u00fczerinden do2\u2019kununuz ge\u00e7ebilirsiniz\u2026<\/p>\n"},"alt_text":"","media_type":"image","mime_type":"image\/webp","media_details":{"width":768,"height":384,"file":"2026\/08\/80-205-768x384-1-12.webp","sizes":{"medium":{"file":"80-205-768x384-1-12-300x150.webp","width":300,"height":150,"mime_type":"image\/webp","source_url":"https:\/\/adanaseshaber.com.tr\/habercim\/wp-content\/uploads\/2026\/08\/80-205-768x384-1-12-300x150.webp"},"thumbnail":{"file":"80-205-768x384-1-12-150x150.webp","width":150,"height":150,"mime_type":"image\/webp","source_url":"https:\/\/adanaseshaber.com.tr\/habercim\/wp-content\/uploads\/2026\/08\/80-205-768x384-1-12-150x150.webp"},"kucukResim":{"file":"80-205-768x384-1-12-80x50.webp","width":80,"height":50,"mime_type":"image\/webp","source_url":"https:\/\/adanaseshaber.com.tr\/habercim\/wp-content\/uploads\/2026\/08\/80-205-768x384-1-12-80x50.webp"},"sliderResim":{"file":"80-205-768x384-1-12-670x330.webp","width":670,"height":330,"mime_type":"image\/webp","source_url":"https:\/\/adanaseshaber.com.tr\/habercim\/wp-content\/uploads\/2026\/08\/80-205-768x384-1-12-670x330.webp"},"resim1":{"file":"80-205-768x384-1-12-184x140.webp","width":184,"height":140,"mime_type":"image\/webp","source_url":"https:\/\/adanaseshaber.com.tr\/habercim\/wp-content\/uploads\/2026\/08\/80-205-768x384-1-12-184x140.webp"},"resim2":{"file":"80-205-768x384-1-12-216x103.webp","width":216,"height":103,"mime_type":"image\/webp","source_url":"https:\/\/adanaseshaber.com.tr\/habercim\/wp-content\/uploads\/2026\/08\/80-205-768x384-1-12-216x103.webp"},"resim3":{"file":"80-205-768x384-1-12-145x70.webp","width":145,"height":70,"mime_type":"image\/webp","source_url":"https:\/\/adanaseshaber.com.tr\/habercim\/wp-content\/uploads\/2026\/08\/80-205-768x384-1-12-145x70.webp"},"sagSlider":{"file":"80-205-768x384-1-12-300x150.webp","width":300,"height":150,"mime_type":"image\/webp","source_url":"https:\/\/adanaseshaber.com.tr\/habercim\/wp-content\/uploads\/2026\/08\/80-205-768x384-1-12-300x150.webp"},"yeniSlider":{"file":"80-205-768x384-1-12-500x290.webp","width":500,"height":290,"mime_type":"image\/webp","source_url":"https:\/\/adanaseshaber.com.tr\/habercim\/wp-content\/uploads\/2026\/08\/80-205-768x384-1-12-500x290.webp"},"full":{"file":"80-205-768x384-1-12.webp","width":768,"height":384,"mime_type":"image\/webp","source_url":"https:\/\/adanaseshaber.com.tr\/habercim\/wp-content\/uploads\/2026\/08\/80-205-768x384-1-12.webp"}},"image_meta":{"aperture":"0","credit":"","camera":"","caption":"","created_timestamp":"0","copyright":"","focal_length":"0","iso":"0","shutter_speed":"0","title":"","orientation":"0","keywords":[]}},"post":52213,"source_url":"https:\/\/adanaseshaber.com.tr\/habercim\/wp-content\/uploads\/2026\/08\/80-205-768x384-1-12.webp","_links":{"self":[{"href":"https:\/\/adanaseshaber.com.tr\/habercim\/wp-json\/wp\/v2\/media\/52214"}],"collection":[{"href":"https:\/\/adanaseshaber.com.tr\/habercim\/wp-json\/wp\/v2\/media"}],"about":[{"href":"https:\/\/adanaseshaber.com.tr\/habercim\/wp-json\/wp\/v2\/types\/attachment"}],"author":[{"embeddable":true,"href":"https:\/\/adanaseshaber.com.tr\/habercim\/wp-json\/wp\/v2\/users\/2"}],"replies":[{"embeddable":true,"href":"https:\/\/adanaseshaber.com.tr\/habercim\/wp-json\/wp\/v2\/comments?post=52214"}]}}