{"id":52230,"date":"2026-08-16T01:34:22","date_gmt":"2026-08-15T22:34:22","guid":{"rendered":"https:\/\/adanaseshaber.com.tr\/habercim\/wp-content\/uploads\/2026\/08\/1-15-768x201-209.jpg"},"modified":"2026-08-16T01:35:58","modified_gmt":"2026-08-15T22:35:58","slug":"1-15-768x201-2800","status":"inherit","type":"attachment","link":"https:\/\/adanaseshaber.com.tr\/habercim\/foto-galeri\/yazganin-goruntuleri-cikti\/attachment\/1-15-768x201-2800\/","title":{"rendered":"Yazgan&#8217;\u0131n g\u00f6r\u00fcnt\u00fcleri \u00e7\u0131kt\u0131"},"author":2,"comment_status":"open","ping_status":"closed","template":"","meta":[],"description":{"rendered":"<p class=\"attachment\"><a href='https:\/\/adanaseshaber.com.tr\/habercim\/wp-content\/uploads\/2026\/08\/1-15-768x201-209.jpg'><img width=\"300\" height=\"79\" src=\"https:\/\/adanaseshaber.com.tr\/habercim\/wp-content\/uploads\/2026\/08\/1-15-768x201-209-300x79.jpg\" class=\"attachment-medium size-medium\" alt=\"\" loading=\"lazy\" srcset=\"https:\/\/adanaseshaber.com.tr\/habercim\/wp-content\/uploads\/2026\/08\/1-15-768x201-209-300x79.jpg 300w, https:\/\/adanaseshaber.com.tr\/habercim\/wp-content\/uploads\/2026\/08\/1-15-768x201-209.jpg 768w\" sizes=\"(max-width: 300px) 100vw, 300px\" \/><\/a><\/p>\n"},"caption":{"rendered":"<p>Cumhuriyet Halk Partisi (CHP) Edirne Milletvekili Ahmet Baran Yazgan, bir kad\u0131n\u0131 taciz etti\u011fi gerek\u00e7esiyle darp edildi. Darp anlar\u0131 kameralar taraf\u0131ndan kaydedilirken iki taraf da birbirinden \u015fikayet\u00e7i oldu. Konuyla ilgili a\u00e7\u0131klama yapan CHP Parti S\u00f6zc\u00fcs\u00fc M\u00fcslim Sar\u0131, Yazgan&#8217;\u0131n Genel Merkez&#8217;e \u00e7a\u011fr\u0131ld\u0131\u011f\u0131n\u0131 s\u00f6yledi. Ankara Cumhuriyet Ba\u015fsavc\u0131l\u0131\u011f\u0131, iddialarla ilgili soru\u015fturma ba\u015flat\u0131ld\u0131\u011f\u0131n\u0131 a\u00e7\u0131klad\u0131.<br \/>\nCumhuriyet Halk Partisi (CHP) Edirne Milletvekili Ahmet Baran Yazgan, d\u00fcn gece Edirne\u2019de bir kad\u0131na tacizde bulundu\u011fu \u00f6ne s\u00fcr\u00fclerek tekme tokat d\u00f6v\u00fcld\u00fc. Evde olan ki\u015filerin cep telefonlar\u0131 ile kaydetti\u011fi olay\u0131n sonras\u0131nda taraflar\u0131n kar\u015f\u0131l\u0131kl\u0131 \u015fikayet\u00e7i oldu\u011fu belirtildi.<br \/>\n\u00d6ne s\u00fcr\u00fclene g\u00f6re, CHP\u2019li vekil Ahmet Baran Yazgan, Edirne\u2019deki bir evde bir araya geldi\u011fi ki\u015filerle tart\u0131\u015fmaya ba\u015flad\u0131. Yazgan\u2019\u0131n evdeki kad\u0131nlara tacizde bulundu\u011fu \u00f6ne s\u00fcr\u00fclerek ba\u015flad\u0131\u011f\u0131 iddia edilen tart\u0131\u015fma bir s\u00fcre sonra kavgaya d\u00f6n\u00fc\u015ft\u00fc. Evde olan bir kad\u0131n ve bir erkek, Yazgan\u2019a k\u00fcf\u00fcrler edip vurmaya ba\u015flad\u0131. \u0130\u00e7kili alem sonras\u0131 adeta meydan daya\u011f\u0131na maruz kalan CHP\u2019li vekil, elleriyle kendini korumak i\u00e7in u\u011fra\u015ft\u0131. Olanlar, evde bulunanlar taraf\u0131ndan cep telefonu ile kaydedilirken, olay\u0131n sonras\u0131nda taraflar\u0131n kar\u015f\u0131l\u0131kl\u0131 \u015fikayet\u00e7i oldu\u011fu belirtildi. CHP\u2019li vekil Ahmet Baran Yazgan\u2019\u0131n, darp edildi\u011fi su\u00e7lamas\u0131yla \u015fik\u00e2yet\u00e7i oldu\u011fu, kar\u015f\u0131 taraf\u0131n ise Yazgan hakk\u0131nda taciz iddias\u0131yla su\u00e7 duyurusunda bulundu\u011fu \u00f6\u011frenildi.<br \/>\nOlayla alakal\u0131 soru\u015fturma a\u00e7\u0131l\u0131rken, taraflar\u0131n ifadelerinin al\u0131nd\u0131\u011f\u0131 ve olay\u0131n b\u00fct\u00fcn y\u00f6nleriyle ara\u015ft\u0131r\u0131ld\u0131\u011f\u0131 \u00f6\u011frenildi.<\/p>\n<p>CHP&#8217;DEN \u0130LK A\u00c7IKLAMA GELD\u0130<br \/>\nOlayla alakal\u0131 CHP kanad\u0131ndan ilk a\u00e7\u0131klama geldi. X hesab\u0131ndan payla\u015f\u0131m yapan CHP Parti S\u00f6zc\u00fcs\u00fc M\u00fcslim Sar\u0131 \u015funlar\u0131 s\u00f6yledi:<\/p>\n<p>&#8220;Bug\u00fcn baz\u0131 sosyal medya platformlar\u0131nda g\u00f6r\u00fcnt\u00fcleri yay\u0131mlanan Edirne Milletvekilimiz Ahmet Baran Yazgan, konunun t\u00fcm y\u00f6nleriyle ara\u015ft\u0131r\u0131lmas\u0131 i\u00e7in CHP Genel Merkezi\u2019ne \u00e7a\u011fr\u0131lm\u0131\u015ft\u0131r.<\/p>\n<p>Kamuoyunun bilgisine sayg\u0131yla sunar\u0131m.&#8221;<\/p>\n<p>SORU\u015eTURMA BA\u015eLATILDI<br \/>\nAnkara Cumhuriyet Ba\u015fsavc\u0131l\u0131\u011f\u0131, CHP Edirne Milletvekili Yazgan&#8217;la ilgili \u00e7\u0131kan g\u00f6r\u00fcnt\u00fcler ve iddialar nedeniyle cinsel taciz ve sark\u0131nt\u0131l\u0131k d\u00fczeyinde kalan cinsel sald\u0131r\u0131 su\u00e7undan re\u2019sen soru\u015fturma ba\u015flat\u0131ld\u0131\u011f\u0131n\u0131 a\u00e7\u0131klad\u0131.<\/p>\n<p>\u015e\u00dcPHEL\u0130LER SERBEST BIRAKILDI<br \/>\nYazgan&#8217;\u0131n darbedilmesine ili\u015fkin g\u00f6zalt\u0131na al\u0131nan 2&#8217;si kad\u0131n 3 \u015f\u00fcpheli, adli kontrol \u015fart\u0131yla serbest b\u0131rak\u0131ld\u0131.<\/p>\n<p>Kaynak : turkiyegazetesi.com.tr<\/p>\n"},"alt_text":"","media_type":"image","mime_type":"image\/jpeg","media_details":{"width":768,"height":201,"file":"2026\/08\/1-15-768x201-209.jpg","sizes":{"medium":{"file":"1-15-768x201-209-300x79.jpg","width":300,"height":79,"mime_type":"image\/jpeg","source_url":"https:\/\/adanaseshaber.com.tr\/habercim\/wp-content\/uploads\/2026\/08\/1-15-768x201-209-300x79.jpg"},"thumbnail":{"file":"1-15-768x201-209-150x150.jpg","width":150,"height":150,"mime_type":"image\/jpeg","source_url":"https:\/\/adanaseshaber.com.tr\/habercim\/wp-content\/uploads\/2026\/08\/1-15-768x201-209-150x150.jpg"},"kucukResim":{"file":"1-15-768x201-209-80x50.jpg","width":80,"height":50,"mime_type":"image\/jpeg","source_url":"https:\/\/adanaseshaber.com.tr\/habercim\/wp-content\/uploads\/2026\/08\/1-15-768x201-209-80x50.jpg"},"sliderResim":{"file":"1-15-768x201-209-670x201.jpg","width":670,"height":201,"mime_type":"image\/jpeg","source_url":"https:\/\/adanaseshaber.com.tr\/habercim\/wp-content\/uploads\/2026\/08\/1-15-768x201-209-670x201.jpg"},"resim1":{"file":"1-15-768x201-209-184x140.jpg","width":184,"height":140,"mime_type":"image\/jpeg","source_url":"https:\/\/adanaseshaber.com.tr\/habercim\/wp-content\/uploads\/2026\/08\/1-15-768x201-209-184x140.jpg"},"resim2":{"file":"1-15-768x201-209-216x103.jpg","width":216,"height":103,"mime_type":"image\/jpeg","source_url":"https:\/\/adanaseshaber.com.tr\/habercim\/wp-content\/uploads\/2026\/08\/1-15-768x201-209-216x103.jpg"},"resim3":{"file":"1-15-768x201-209-145x70.jpg","width":145,"height":70,"mime_type":"image\/jpeg","source_url":"https:\/\/adanaseshaber.com.tr\/habercim\/wp-content\/uploads\/2026\/08\/1-15-768x201-209-145x70.jpg"},"sagSlider":{"file":"1-15-768x201-209-300x150.jpg","width":300,"height":150,"mime_type":"image\/jpeg","source_url":"https:\/\/adanaseshaber.com.tr\/habercim\/wp-content\/uploads\/2026\/08\/1-15-768x201-209-300x150.jpg"},"yeniSlider":{"file":"1-15-768x201-209-500x201.jpg","width":500,"height":201,"mime_type":"image\/jpeg","source_url":"https:\/\/adanaseshaber.com.tr\/habercim\/wp-content\/uploads\/2026\/08\/1-15-768x201-209-500x201.jpg"},"full":{"file":"1-15-768x201-209.jpg","width":768,"height":201,"mime_type":"image\/jpeg","source_url":"https:\/\/adanaseshaber.com.tr\/habercim\/wp-content\/uploads\/2026\/08\/1-15-768x201-209.jpg"}},"image_meta":{"aperture":"0","credit":"","camera":"","caption":"","created_timestamp":"0","copyright":"","focal_length":"0","iso":"0","shutter_speed":"0","title":"","orientation":"0","keywords":[]}},"post":52228,"source_url":"https:\/\/adanaseshaber.com.tr\/habercim\/wp-content\/uploads\/2026\/08\/1-15-768x201-209.jpg","_links":{"self":[{"href":"https:\/\/adanaseshaber.com.tr\/habercim\/wp-json\/wp\/v2\/media\/52230"}],"collection":[{"href":"https:\/\/adanaseshaber.com.tr\/habercim\/wp-json\/wp\/v2\/media"}],"about":[{"href":"https:\/\/adanaseshaber.com.tr\/habercim\/wp-json\/wp\/v2\/types\/attachment"}],"author":[{"embeddable":true,"href":"https:\/\/adanaseshaber.com.tr\/habercim\/wp-json\/wp\/v2\/users\/2"}],"replies":[{"embeddable":true,"href":"https:\/\/adanaseshaber.com.tr\/habercim\/wp-json\/wp\/v2\/comments?post=52230"}]}}