{"id":52235,"date":"2026-08-16T02:32:33","date_gmt":"2026-08-15T23:32:33","guid":{"rendered":"https:\/\/adanaseshaber.com.tr\/habercim\/wp-content\/uploads\/2026\/08\/1-15-768x201-211.jpg"},"modified":"2026-08-16T02:33:19","modified_gmt":"2026-08-15T23:33:19","slug":"1-15-768x201-2802","status":"inherit","type":"attachment","link":"https:\/\/adanaseshaber.com.tr\/habercim\/foto-galeri\/konyada-bu-kadar-da-olmaz-2\/attachment\/1-15-768x201-2802\/","title":{"rendered":"Konya\u2019da bu kadar da olmaz"},"author":2,"comment_status":"open","ping_status":"closed","template":"","meta":[],"description":{"rendered":"<p class=\"attachment\"><a href='https:\/\/adanaseshaber.com.tr\/habercim\/wp-content\/uploads\/2026\/08\/1-15-768x201-211.jpg'><img width=\"300\" height=\"79\" src=\"https:\/\/adanaseshaber.com.tr\/habercim\/wp-content\/uploads\/2026\/08\/1-15-768x201-211-300x79.jpg\" class=\"attachment-medium size-medium\" alt=\"\" loading=\"lazy\" srcset=\"https:\/\/adanaseshaber.com.tr\/habercim\/wp-content\/uploads\/2026\/08\/1-15-768x201-211-300x79.jpg 300w, https:\/\/adanaseshaber.com.tr\/habercim\/wp-content\/uploads\/2026\/08\/1-15-768x201-211.jpg 768w\" sizes=\"(max-width: 300px) 100vw, 300px\" \/><\/a><\/p>\n"},"caption":{"rendered":"<p>Konya\u2019da yan\u0131nda \u00e7al\u0131\u015fan Y.K.\u2019ya cinsel sald\u0131r\u0131da bulundu\u011fu iddia edilen kuyumcu Mustafa A. hakk\u0131nda 21 y\u0131la, olay s\u0131ras\u0131nda g\u00f6r\u00fcnt\u00fc \u00e7ekerek \u015fantaj yapt\u0131\u011f\u0131 ileri s\u00fcr\u00fclen e\u015fi M.\u015e.A. hakk\u0131nda ise 12 y\u0131la kadar hapis cezas\u0131 istemiyle dava a\u00e7\u0131ld\u0131.<br \/>\n\u200bKonya\u2019da yan\u0131nda \u00e7al\u0131\u015fan 27 ya\u015f\u0131ndaki Y.K.\u2019ya cinsel sald\u0131r\u0131da bulundu\u011fu ileri s\u00fcr\u00fclen kuyumcu Mustafa A. (36) ve ona yard\u0131m eden e\u015fi M.\u015e.A. (30) hakk\u0131ndaki soru\u015fturma tamamland\u0131. Konya Cumhuriyet Ba\u015fsavc\u0131l\u0131\u011f\u0131 taraf\u0131ndan haz\u0131rlanan iddianameyle, tutuksuz yarg\u0131lanan kar\u0131-koca hakk\u0131nda A\u011f\u0131r Ceza Mahkemesine dava a\u00e7\u0131ld\u0131.<br \/>\n\u200bSavc\u0131l\u0131k, i\u015f insan\u0131 Mustafa A. hakk\u0131nda \u201czincirleme \u015fekilde nitelikli cinsel sald\u0131r\u0131\u201d su\u00e7undan 21 y\u0131la kadar, su\u00e7 ortakl\u0131\u011f\u0131 yapan e\u015fi M.\u015e.A. hakk\u0131nda ise \u201cyard\u0131m etme\u201d, \u201c\u015fantaj\u201d ve \u201c\u00f6zel hayat\u0131n gizlili\u011fini ihlal\u201d su\u00e7lar\u0131ndan 12 y\u0131la kadar hapis cezas\u0131 talep etti.<br \/>\n\u0130\u00c7ECE\u011e\u0130NE \u0130LA\u00c7 ATIP BAYILTTI<br \/>\n\u200bKorkun\u00e7 olaylar zinciri, Y.K.\u2019n\u0131n babas\u0131n\u0131n da tan\u0131d\u0131\u011f\u0131 kuyumcuda i\u015fe ba\u015flamas\u0131yla ba\u015flad\u0131. \u0130ddiaya g\u00f6re, patronu Mustafa A. ile k\u0131sa s\u00fcreli bir g\u00f6n\u00fcl ili\u015fkisi ya\u015fayan gen\u00e7 k\u0131z, 25 Kas\u0131m\u2019da apart bir daireye g\u00f6t\u00fcr\u00fcld\u00fc. Burada Mustafa A.\u2019n\u0131n kendisine verdi\u011fi i\u00e7ece\u011fi i\u00e7tikten sonra bay\u0131lan Y.K., bilinci yerinde de\u011filken ilk cinsel sald\u0131r\u0131ya maruz kald\u0131. KARISI EL\u0130N\u0130 TUTTU, KOCASI SALDIRDI!<br \/>\n\u200bDeh\u015fetin boyutu, M.A.\u2019n\u0131n gen\u00e7 k\u0131z\u0131 kendi e\u015fi M.\u015e.A. ile tan\u0131\u015ft\u0131rmas\u0131yla daha da b\u00fcy\u00fcd\u00fc. Evde birlikte al\u0131nan alkol\u00fcn ard\u0131ndan Y.K. yeniden fenala\u015farak bay\u0131ld\u0131. Bunun \u00fczerine e\u015f M.\u015e.A., gen\u00e7 k\u0131z\u0131 yatak odas\u0131na ta\u015f\u0131d\u0131. M.A. gen\u00e7 k\u0131za cinsel sald\u0131r\u0131da bulunurken, e\u015finin de o s\u0131rada ma\u011fdurun elini tuttu\u011fu ve cep telefonuyla o anlar\u0131 kayda ald\u0131\u011f\u0131 ileri s\u00fcr\u00fcld\u00fc. ARA\u00c7TA DARP ED\u0130LD\u0130<br \/>\n\u200bAylar s\u00fcren kabus, 22 Nisan 2025\u2019te bir ara\u00e7 i\u00e7inde ya\u015fanan darp ve son cinsel sald\u0131r\u0131n\u0131n ard\u0131ndan patlak verdi. Gen\u00e7 k\u0131z\u0131n hastaneden ald\u0131\u011f\u0131 darp raporunda v\u00fccudunda t\u0131rnak ve \u015fiddet izlerine rastland\u0131. \u015eikayet \u00fczerine g\u00f6zalt\u0131na al\u0131nan ve Haziran ay\u0131nda tutuklanan kuyumcu M.A., Temmuz ay\u0131nda tutuksuz yarg\u0131lanmak \u00fczere tahliye edilmi\u015fti.<\/p>\n<p>TELEFON MESAJLARI \u0130DD\u0130ANAMEDE<br \/>\n\u200bHer ne kadar kar\u0131-koca su\u00e7lamalar\u0131 kabul etmese de, siber incelemede telefonlardan silinen ancak geri getirilen \u015fok edici mesajlar ger\u00e7e\u011fi g\u00f6zler \u00f6n\u00fcne serdi. \u0130ddianameye giren o yaz\u0131\u015fmalar \u015fu \u015fekilde:<\/p>\n<p>\u200bY.K.: \u201cAdam benimle ili\u015fkiye girerken elimi tuttun, g\u00f6z\u00fcmdeki ya\u015flara baksayd\u0131n o zaman baz\u0131 laflar\u0131 demezden, benim gururum yok mu?\u201d<\/p>\n<p>\u200bM.\u015e.A. (E\u015f): \u201cOlmamas\u0131 gereken \u00e7ok a\u011f\u0131r bir \u015feydi bu. Su\u00e7lu beni yapma Allah a\u015fk\u0131na zaten kendimde de\u011filim.\u201d<\/p>\n<p>\u200bMesajlar\u0131n devam\u0131nda, su\u00e7unu \u00f6rtbas etmek isteyen e\u015f M.\u015e.A.\u2019n\u0131n gen\u00e7 k\u0131z\u0131 babas\u0131yla tehdit etti\u011fi ve \u015fantaj yapt\u0131\u011f\u0131 belirlendi:<\/p>\n<p>\u200bM.\u015e.A. (E\u015f): \u201cBaban k\u0131z\u0131n\u0131n yuva da\u011f\u0131tt\u0131\u011f\u0131n\u0131, 4 \u00e7ocuklu bir adamla ili\u015fkiye girdi\u011fini \u00f6\u011frensin\u2026 Kar\u015f\u0131s\u0131nda yapt\u0131klar\u0131n\u0131 a\u00e7\u0131kla.\u201d<\/p>\n<p>\u200bY.K.: \u201cMesajlar\u0131n bende duruyor.\u201d<\/p>\n<p>\u200bM.\u015e.A. (E\u015f): \u201cBende de pornolar.\u201d<br \/>\nKar\u0131-kocan\u0131n yarg\u0131lanmas\u0131na \u00f6n\u00fcm\u00fczdeki g\u00fcnlerde Konya A\u011f\u0131r Ceza Mahkemesi\u2019nde ba\u015flanacak.<\/p>\n<p>Kaynak : Odatv.com<\/p>\n"},"alt_text":"","media_type":"image","mime_type":"image\/jpeg","media_details":{"width":768,"height":201,"file":"2026\/08\/1-15-768x201-211.jpg","sizes":{"medium":{"file":"1-15-768x201-211-300x79.jpg","width":300,"height":79,"mime_type":"image\/jpeg","source_url":"https:\/\/adanaseshaber.com.tr\/habercim\/wp-content\/uploads\/2026\/08\/1-15-768x201-211-300x79.jpg"},"thumbnail":{"file":"1-15-768x201-211-150x150.jpg","width":150,"height":150,"mime_type":"image\/jpeg","source_url":"https:\/\/adanaseshaber.com.tr\/habercim\/wp-content\/uploads\/2026\/08\/1-15-768x201-211-150x150.jpg"},"kucukResim":{"file":"1-15-768x201-211-80x50.jpg","width":80,"height":50,"mime_type":"image\/jpeg","source_url":"https:\/\/adanaseshaber.com.tr\/habercim\/wp-content\/uploads\/2026\/08\/1-15-768x201-211-80x50.jpg"},"sliderResim":{"file":"1-15-768x201-211-670x201.jpg","width":670,"height":201,"mime_type":"image\/jpeg","source_url":"https:\/\/adanaseshaber.com.tr\/habercim\/wp-content\/uploads\/2026\/08\/1-15-768x201-211-670x201.jpg"},"resim1":{"file":"1-15-768x201-211-184x140.jpg","width":184,"height":140,"mime_type":"image\/jpeg","source_url":"https:\/\/adanaseshaber.com.tr\/habercim\/wp-content\/uploads\/2026\/08\/1-15-768x201-211-184x140.jpg"},"resim2":{"file":"1-15-768x201-211-216x103.jpg","width":216,"height":103,"mime_type":"image\/jpeg","source_url":"https:\/\/adanaseshaber.com.tr\/habercim\/wp-content\/uploads\/2026\/08\/1-15-768x201-211-216x103.jpg"},"resim3":{"file":"1-15-768x201-211-145x70.jpg","width":145,"height":70,"mime_type":"image\/jpeg","source_url":"https:\/\/adanaseshaber.com.tr\/habercim\/wp-content\/uploads\/2026\/08\/1-15-768x201-211-145x70.jpg"},"sagSlider":{"file":"1-15-768x201-211-300x150.jpg","width":300,"height":150,"mime_type":"image\/jpeg","source_url":"https:\/\/adanaseshaber.com.tr\/habercim\/wp-content\/uploads\/2026\/08\/1-15-768x201-211-300x150.jpg"},"yeniSlider":{"file":"1-15-768x201-211-500x201.jpg","width":500,"height":201,"mime_type":"image\/jpeg","source_url":"https:\/\/adanaseshaber.com.tr\/habercim\/wp-content\/uploads\/2026\/08\/1-15-768x201-211-500x201.jpg"},"full":{"file":"1-15-768x201-211.jpg","width":768,"height":201,"mime_type":"image\/jpeg","source_url":"https:\/\/adanaseshaber.com.tr\/habercim\/wp-content\/uploads\/2026\/08\/1-15-768x201-211.jpg"}},"image_meta":{"aperture":"0","credit":"","camera":"","caption":"","created_timestamp":"0","copyright":"","focal_length":"0","iso":"0","shutter_speed":"0","title":"","orientation":"0","keywords":[]}},"post":52233,"source_url":"https:\/\/adanaseshaber.com.tr\/habercim\/wp-content\/uploads\/2026\/08\/1-15-768x201-211.jpg","_links":{"self":[{"href":"https:\/\/adanaseshaber.com.tr\/habercim\/wp-json\/wp\/v2\/media\/52235"}],"collection":[{"href":"https:\/\/adanaseshaber.com.tr\/habercim\/wp-json\/wp\/v2\/media"}],"about":[{"href":"https:\/\/adanaseshaber.com.tr\/habercim\/wp-json\/wp\/v2\/types\/attachment"}],"author":[{"embeddable":true,"href":"https:\/\/adanaseshaber.com.tr\/habercim\/wp-json\/wp\/v2\/users\/2"}],"replies":[{"embeddable":true,"href":"https:\/\/adanaseshaber.com.tr\/habercim\/wp-json\/wp\/v2\/comments?post=52235"}]}}