{"id":52245,"date":"2026-08-16T02:37:22","date_gmt":"2026-08-15T23:37:22","guid":{"rendered":"https:\/\/adanaseshaber.com.tr\/habercim\/wp-content\/uploads\/2026\/08\/1-15-768x201-215.jpg"},"modified":"2026-08-16T02:38:01","modified_gmt":"2026-08-15T23:38:01","slug":"1-15-768x201-2806","status":"inherit","type":"attachment","link":"https:\/\/adanaseshaber.com.tr\/habercim\/foto-galeri\/erdogan-acil-olarak\/attachment\/1-15-768x201-2806\/","title":{"rendered":"Erdo\u011fan acil olarak"},"author":2,"comment_status":"open","ping_status":"closed","template":"","meta":[],"description":{"rendered":"<p class=\"attachment\"><a href='https:\/\/adanaseshaber.com.tr\/habercim\/wp-content\/uploads\/2026\/08\/1-15-768x201-215.jpg'><img width=\"300\" height=\"79\" src=\"https:\/\/adanaseshaber.com.tr\/habercim\/wp-content\/uploads\/2026\/08\/1-15-768x201-215-300x79.jpg\" class=\"attachment-medium size-medium\" alt=\"\" loading=\"lazy\" srcset=\"https:\/\/adanaseshaber.com.tr\/habercim\/wp-content\/uploads\/2026\/08\/1-15-768x201-215-300x79.jpg 300w, https:\/\/adanaseshaber.com.tr\/habercim\/wp-content\/uploads\/2026\/08\/1-15-768x201-215.jpg 768w\" sizes=\"(max-width: 300px) 100vw, 300px\" \/><\/a><\/p>\n"},"caption":{"rendered":"<p>Cumhurba\u015fkan\u0131 Erdo\u011fan, \u201c2007 y\u0131l\u0131nda en az 3 \u00e7ocuk diyerek h\u0131zla yakla\u015fan bir tehlikeye dikkat \u00e7ekmi\u015ftik. Aradan ge\u00e7en s\u00fcrede 3 \u00e7ocuk \u00e7a\u011fr\u0131lar\u0131m\u0131z\u0131n hakl\u0131l\u0131\u011f\u0131 ispat edilmi\u015f oldu\u201d dedi<br \/>\nCumhurba\u015fkan\u0131 Recep Tayyip Erdo\u011fan, d\u00fcn Aile ve Sosyal Hizmetler Bakanl\u0131\u011f\u0131\u2019nca Hali\u00e7 Kongre Merkezi\u2019nde ger\u00e7ekle\u015ftirilen Aile ve N\u00fcfus 10 Y\u0131l\u0131 Vizyon Tan\u0131t\u0131m Program\u0131\u2019na kat\u0131ld\u0131. Bir milletin g\u00fcc\u00fcn\u00fcn sadece ordusunun kudreti, ekonomisinin b\u00fcy\u00fckl\u00fc\u011f\u00fc veya teknolojisinin ileri olmas\u0131yla \u00f6l\u00e7\u00fclemeyece\u011fini vurgulayan Erdo\u011fan, \u201cBunlar\u0131n yan\u0131 s\u0131ra bir milletin g\u00fcc\u00fc yuvalar\u0131nda t\u00fcten ocakta, be\u015fiklerinde b\u00fcy\u00fcyen evlatlarda, nesilden nesile ta\u015f\u0131nan de\u011ferlerde gizlidir\u201d ifadesini kulland\u0131.<br \/>\nErdo\u011fan, 2007 y\u0131l\u0131nda en az \u00fc\u00e7 \u00e7ocuk deyip h\u0131zla yakla\u015fan bir tehlikeye dikkati \u00e7ektiklerini hat\u0131rlatarak \u015f\u00f6yle devam etti: \u201cBu \u00e7a\u011fr\u0131m\u0131z \u00fclkeye dair her konuya ideolojik g\u00f6zl\u00fckle bakanlar\u0131n tepkisini \u00e7ekmi\u015f, bizi son derece seviyesiz ifadelerle ele\u015ftirmi\u015flerdi. Hayat tarz\u0131na m\u00fcdahale eden, inan\u00e7 de\u011ferlerimizi hedef alan k\u00fcstahl\u0131klara kadar nice ak\u0131l ve ahlak d\u0131\u015f\u0131 ithama, iftiraya, edepsizli\u011fe maruz kald\u0131k. Sonu\u00e7ta ne oldu? Aradan ge\u00e7en s\u00fcrede \u00fc\u00e7 \u00e7ocuk \u00e7a\u011fr\u0131lar\u0131m\u0131z\u0131n hakl\u0131l\u0131\u011f\u0131 ispat edilmi\u015f oldu. O g\u00fcnlerde bizi ele\u015ftirenler bug\u00fcn hakk\u0131m\u0131z\u0131 teslim etmek zorunda kal\u0131yor. \u015eundan emin oluyoruz ki yar\u0131n tarih tekerr\u00fcr edecek. Aileye \u00f6nem ve \u00f6ncelik verdi\u011fimiz i\u00e7in bizi bireyi \u00f6nemsizle\u015ftirmekle, kad\u0131n\u0131 zay\u0131flatmakla su\u00e7layanlar\u0131n iddialar\u0131n\u0131n abs\u00fcrtl\u00fc\u011f\u00fc ortaya \u00e7\u0131kacak. Ailenin korunmas\u0131na ve g\u00fc\u00e7lendirilmesine y\u00f6nelik \u00e7abalar\u0131m\u0131z\u0131n do\u011frulu\u011fu gelecekte \u00e7ok daha iyi anla\u015f\u0131lacak.\u201d<br \/>\nErdo\u011fan, ekonomik, ticari ve be\u015feri bak\u0131mdan d\u00fcnya ile b\u00fct\u00fcnle\u015fmi\u015f bir \u00fclke olarak bunlardan T\u00fcrkiye\u2019nin de etkilendi\u011fini belirterek, konu\u015fmas\u0131na \u015f\u00f6yle devam etti: \u2018Rakamlar tedirgin edici\u2019 \u201cEvlilik ya\u015f\u0131 y\u00fckselmekte, bo\u015fanma oranlar\u0131 artmakta, bunlar\u0131n sonucu olarak do\u011furganl\u0131k h\u0131z\u0131m\u0131z d\u00fc\u015fmektedir. Do\u011frusunu s\u00f6ylemek gerekirse rakamlar hepimiz i\u00e7in tedirgin edicidir. Mesela do\u011furganl\u0131k h\u0131z\u0131m\u0131z 2017\u2019den itibaren n\u00fcfusun yenilenme seviyesi olan 2,1\u2019in alt\u0131na indi. 2024\u2019te 1,48\u2019e d\u00fc\u015fen oran\u0131n maalesef 2025 y\u0131l\u0131nda daha da geriye gitti\u011fini tahmin ediyoruz. \u00dclkemizde 2014\u2019te y\u0131lda 1 milyon 35 bin bebek d\u00fcnyaya gelirken 2023\u2019te bu rakam 1 milyonun alt\u0131na d\u00fc\u015ft\u00fc. Oysa bizim k\u00fclt\u00fcr\u00fcm\u00fczde \u00e7ocuk, evin ne\u015fesi, bunun yan\u0131nda k\u0131zdan torun, bah\u00e7e g\u00fcl\u00fc, o\u011fuldan torun ise o\u011ful bal\u0131 olarak g\u00f6r\u00fcl\u00fcr.\u201d 2025 Aile Y\u0131l\u0131 ile \u00fclke genelinde bir bilin\u00e7lenmeye vesile olduklar\u0131n\u0131, bunu bir \u00fcst seviyeye \u00e7\u0131karmak istediklerini belirten Erdo\u011fan, s\u00f6zlerini \u015f\u00f6yle s\u00fcrd\u00fcrd\u00fc: \u201cBu ama\u00e7la 2026-2035 d\u00f6nemini \u2018Aile ve N\u00fcfus 10 Y\u0131l\u0131\u2019 olarak belirledik. Vizyon belgemiz ise insanla ba\u015flayan, aileyle k\u00f6klenen, nesillerle b\u00fcy\u00fcyen, n\u00fcfusla g\u00fc\u00e7lenen, istikbale y\u00fcr\u00fcyen T\u00fcrkiye vizyonunun yol haritas\u0131d\u0131r. Belgemizi birbirini tamamlayan be\u015f stratejik \u00f6ncelik \u00fczerine bina ettik. Birinci stratejik \u00f6nceli\u011fimiz, aile kurumunun ve nesillerin korunmas\u0131d\u0131r. \u0130kinci \u00f6nceli\u011fimiz, evlilik m\u00fcessesesinin te\u015fvikidir. \u00dc\u00e7\u00fcnc\u00fc \u00f6nceli\u011fimiz, do\u011furganl\u0131k h\u0131z\u0131n\u0131n artt\u0131r\u0131lmas\u0131yken, d\u00f6rd\u00fcnc\u00fcs\u00fc gen\u00e7lerin nitelikli yeti\u015ftirilmesi ve ya\u015fl\u0131 refah\u0131d\u0131r. Be\u015finci ve son stratejik \u00f6nceli\u011fimiz ise k\u0131rsal\u0131n yerinde kalk\u0131nmas\u0131 ve n\u00fcfusun dengeli da\u011f\u0131l\u0131m\u0131d\u0131r. Bundan b\u00f6yle may\u0131s ay\u0131n\u0131n son haftas\u0131n\u0131 \u2018Milli Aile Haftas\u0131\u2019 olarak kutlayaca\u011f\u0131z, toplumsal fark\u0131ndal\u0131\u011f\u0131n art\u0131r\u0131lmas\u0131n\u0131 sa\u011flayaca\u011f\u0131z.\u201d<br \/>\nAile ve N\u00fcfus On Y\u0131l\u0131 (2026-2035) konulu Cumhurba\u015fkanl\u0131\u011f\u0131 Genelgesi, Resmi Gazete\u2019de yay\u0131mland\u0131. Emine Erdo\u011fan: Aileyi koruyacak<\/p>\n<p>Cumhurba\u015fkan\u0131 Recep Tayyip Erdo\u011fan\u2019\u0131n e\u015fi Emine Erdo\u011fan, sosyal medya hesab\u0131ndan yapt\u0131\u011f\u0131 payla\u015f\u0131mda, \u201cGelecek 10 y\u0131la y\u00f6n verecek olan \u2018Aile ve N\u00fcfus 10 Y\u0131l\u0131 Vizyon Belgesi\u2019nin \u00fclkemiz ve milletimiz i\u00e7in hay\u0131rl\u0131 olmas\u0131n\u0131 diliyorum. Toplumumuzun en g\u00fc\u00e7l\u00fc dayana\u011f\u0131 olan aileyi koruyan, nesiller aras\u0131ndaki ba\u011f\u0131 kuvvetlendiren bu k\u0131ymetli \u00e7al\u0131\u015fmaya emek veren herkese te\u015fekk\u00fcr ediyorum\u201d ifadelerini kulland\u0131.<\/p>\n<p>Kaynak : milliyet.com.tr<\/p>\n"},"alt_text":"","media_type":"image","mime_type":"image\/jpeg","media_details":{"width":768,"height":201,"file":"2026\/08\/1-15-768x201-215.jpg","sizes":{"medium":{"file":"1-15-768x201-215-300x79.jpg","width":300,"height":79,"mime_type":"image\/jpeg","source_url":"https:\/\/adanaseshaber.com.tr\/habercim\/wp-content\/uploads\/2026\/08\/1-15-768x201-215-300x79.jpg"},"thumbnail":{"file":"1-15-768x201-215-150x150.jpg","width":150,"height":150,"mime_type":"image\/jpeg","source_url":"https:\/\/adanaseshaber.com.tr\/habercim\/wp-content\/uploads\/2026\/08\/1-15-768x201-215-150x150.jpg"},"kucukResim":{"file":"1-15-768x201-215-80x50.jpg","width":80,"height":50,"mime_type":"image\/jpeg","source_url":"https:\/\/adanaseshaber.com.tr\/habercim\/wp-content\/uploads\/2026\/08\/1-15-768x201-215-80x50.jpg"},"sliderResim":{"file":"1-15-768x201-215-670x201.jpg","width":670,"height":201,"mime_type":"image\/jpeg","source_url":"https:\/\/adanaseshaber.com.tr\/habercim\/wp-content\/uploads\/2026\/08\/1-15-768x201-215-670x201.jpg"},"resim1":{"file":"1-15-768x201-215-184x140.jpg","width":184,"height":140,"mime_type":"image\/jpeg","source_url":"https:\/\/adanaseshaber.com.tr\/habercim\/wp-content\/uploads\/2026\/08\/1-15-768x201-215-184x140.jpg"},"resim2":{"file":"1-15-768x201-215-216x103.jpg","width":216,"height":103,"mime_type":"image\/jpeg","source_url":"https:\/\/adanaseshaber.com.tr\/habercim\/wp-content\/uploads\/2026\/08\/1-15-768x201-215-216x103.jpg"},"resim3":{"file":"1-15-768x201-215-145x70.jpg","width":145,"height":70,"mime_type":"image\/jpeg","source_url":"https:\/\/adanaseshaber.com.tr\/habercim\/wp-content\/uploads\/2026\/08\/1-15-768x201-215-145x70.jpg"},"sagSlider":{"file":"1-15-768x201-215-300x150.jpg","width":300,"height":150,"mime_type":"image\/jpeg","source_url":"https:\/\/adanaseshaber.com.tr\/habercim\/wp-content\/uploads\/2026\/08\/1-15-768x201-215-300x150.jpg"},"yeniSlider":{"file":"1-15-768x201-215-500x201.jpg","width":500,"height":201,"mime_type":"image\/jpeg","source_url":"https:\/\/adanaseshaber.com.tr\/habercim\/wp-content\/uploads\/2026\/08\/1-15-768x201-215-500x201.jpg"},"full":{"file":"1-15-768x201-215.jpg","width":768,"height":201,"mime_type":"image\/jpeg","source_url":"https:\/\/adanaseshaber.com.tr\/habercim\/wp-content\/uploads\/2026\/08\/1-15-768x201-215.jpg"}},"image_meta":{"aperture":"0","credit":"","camera":"","caption":"","created_timestamp":"0","copyright":"","focal_length":"0","iso":"0","shutter_speed":"0","title":"","orientation":"0","keywords":[]}},"post":52243,"source_url":"https:\/\/adanaseshaber.com.tr\/habercim\/wp-content\/uploads\/2026\/08\/1-15-768x201-215.jpg","_links":{"self":[{"href":"https:\/\/adanaseshaber.com.tr\/habercim\/wp-json\/wp\/v2\/media\/52245"}],"collection":[{"href":"https:\/\/adanaseshaber.com.tr\/habercim\/wp-json\/wp\/v2\/media"}],"about":[{"href":"https:\/\/adanaseshaber.com.tr\/habercim\/wp-json\/wp\/v2\/types\/attachment"}],"author":[{"embeddable":true,"href":"https:\/\/adanaseshaber.com.tr\/habercim\/wp-json\/wp\/v2\/users\/2"}],"replies":[{"embeddable":true,"href":"https:\/\/adanaseshaber.com.tr\/habercim\/wp-json\/wp\/v2\/comments?post=52245"}]}}