{"id":52259,"date":"2026-08-16T15:22:10","date_gmt":"2026-08-16T12:22:10","guid":{"rendered":"https:\/\/adanaseshaber.com.tr\/habercim\/wp-content\/uploads\/2026\/08\/06-6-768x435-1-2.webp"},"modified":"2026-08-16T15:22:44","modified_gmt":"2026-08-16T12:22:44","slug":"06-6-768x435-1-3","status":"inherit","type":"attachment","link":"https:\/\/adanaseshaber.com.tr\/habercim\/foto-galeri\/surucu-belgelerinde-trafik-yas\/attachment\/06-6-768x435-1-3\/","title":{"rendered":"S\u00fcr\u00fcc\u00fc belgelerinde trafik ya\u015f"},"author":2,"comment_status":"open","ping_status":"closed","template":"","meta":[],"description":{"rendered":"<p class=\"attachment\"><a href='https:\/\/adanaseshaber.com.tr\/habercim\/wp-content\/uploads\/2026\/08\/06-6-768x435-1-2.webp'><img width=\"300\" height=\"170\" src=\"https:\/\/adanaseshaber.com.tr\/habercim\/wp-content\/uploads\/2026\/08\/06-6-768x435-1-2-300x170.webp\" class=\"attachment-medium size-medium\" alt=\"\" loading=\"lazy\" srcset=\"https:\/\/adanaseshaber.com.tr\/habercim\/wp-content\/uploads\/2026\/08\/06-6-768x435-1-2-300x170.webp 300w, https:\/\/adanaseshaber.com.tr\/habercim\/wp-content\/uploads\/2026\/08\/06-6-768x435-1-2.webp 768w\" sizes=\"(max-width: 300px) 100vw, 300px\" \/><\/a><\/p>\n"},"caption":{"rendered":"<p>S\u00fcr\u00fcc\u00fc belgelerinde trafik g\u00fcvenli\u011fi odakl\u0131 yeni bir d\u00f6neme girilirken, ileri ya\u015f grubundaki yurtta\u015flar i\u00e7in ehliyet yenileme ve sa\u011fl\u0131k kontrol\u00fc s\u00fcreleri s\u0131k\u0131la\u015ft\u0131r\u0131ld\u0131. Ticari ara\u00e7 kullan\u0131m\u0131nda ya\u015f s\u0131n\u0131r\u0131n\u0131n yeniden d\u00fczenlendi\u011fi uygulama kapsam\u0131nda, mesleki yeterlilik belgeleri de yol g\u00fcvenli\u011finin temel \u015fart\u0131 haline getiriliyor.<br \/>\nBaz\u0131 ki\u015fileri iptal ediliyor\u2026<\/p>\n<p>devam\u0131 sonraki sayfada\u2026 g\u00f6rsel \u00fczerinden do2\u2019kununuz ge\u00e7ebilirsiniz\u2026.<\/p>\n"},"alt_text":"","media_type":"image","mime_type":"image\/webp","media_details":{"width":768,"height":435,"file":"2026\/08\/06-6-768x435-1-2.webp","sizes":{"medium":{"file":"06-6-768x435-1-2-300x170.webp","width":300,"height":170,"mime_type":"image\/webp","source_url":"https:\/\/adanaseshaber.com.tr\/habercim\/wp-content\/uploads\/2026\/08\/06-6-768x435-1-2-300x170.webp"},"thumbnail":{"file":"06-6-768x435-1-2-150x150.webp","width":150,"height":150,"mime_type":"image\/webp","source_url":"https:\/\/adanaseshaber.com.tr\/habercim\/wp-content\/uploads\/2026\/08\/06-6-768x435-1-2-150x150.webp"},"kucukResim":{"file":"06-6-768x435-1-2-80x50.webp","width":80,"height":50,"mime_type":"image\/webp","source_url":"https:\/\/adanaseshaber.com.tr\/habercim\/wp-content\/uploads\/2026\/08\/06-6-768x435-1-2-80x50.webp"},"sliderResim":{"file":"06-6-768x435-1-2-670x330.webp","width":670,"height":330,"mime_type":"image\/webp","source_url":"https:\/\/adanaseshaber.com.tr\/habercim\/wp-content\/uploads\/2026\/08\/06-6-768x435-1-2-670x330.webp"},"resim1":{"file":"06-6-768x435-1-2-184x140.webp","width":184,"height":140,"mime_type":"image\/webp","source_url":"https:\/\/adanaseshaber.com.tr\/habercim\/wp-content\/uploads\/2026\/08\/06-6-768x435-1-2-184x140.webp"},"resim2":{"file":"06-6-768x435-1-2-216x103.webp","width":216,"height":103,"mime_type":"image\/webp","source_url":"https:\/\/adanaseshaber.com.tr\/habercim\/wp-content\/uploads\/2026\/08\/06-6-768x435-1-2-216x103.webp"},"resim3":{"file":"06-6-768x435-1-2-145x70.webp","width":145,"height":70,"mime_type":"image\/webp","source_url":"https:\/\/adanaseshaber.com.tr\/habercim\/wp-content\/uploads\/2026\/08\/06-6-768x435-1-2-145x70.webp"},"sagSlider":{"file":"06-6-768x435-1-2-300x150.webp","width":300,"height":150,"mime_type":"image\/webp","source_url":"https:\/\/adanaseshaber.com.tr\/habercim\/wp-content\/uploads\/2026\/08\/06-6-768x435-1-2-300x150.webp"},"yeniSlider":{"file":"06-6-768x435-1-2-500x290.webp","width":500,"height":290,"mime_type":"image\/webp","source_url":"https:\/\/adanaseshaber.com.tr\/habercim\/wp-content\/uploads\/2026\/08\/06-6-768x435-1-2-500x290.webp"},"full":{"file":"06-6-768x435-1-2.webp","width":768,"height":435,"mime_type":"image\/webp","source_url":"https:\/\/adanaseshaber.com.tr\/habercim\/wp-content\/uploads\/2026\/08\/06-6-768x435-1-2.webp"}},"image_meta":{"aperture":"0","credit":"","camera":"","caption":"","created_timestamp":"0","copyright":"","focal_length":"0","iso":"0","shutter_speed":"0","title":"","orientation":"0","keywords":[]}},"post":52258,"source_url":"https:\/\/adanaseshaber.com.tr\/habercim\/wp-content\/uploads\/2026\/08\/06-6-768x435-1-2.webp","_links":{"self":[{"href":"https:\/\/adanaseshaber.com.tr\/habercim\/wp-json\/wp\/v2\/media\/52259"}],"collection":[{"href":"https:\/\/adanaseshaber.com.tr\/habercim\/wp-json\/wp\/v2\/media"}],"about":[{"href":"https:\/\/adanaseshaber.com.tr\/habercim\/wp-json\/wp\/v2\/types\/attachment"}],"author":[{"embeddable":true,"href":"https:\/\/adanaseshaber.com.tr\/habercim\/wp-json\/wp\/v2\/users\/2"}],"replies":[{"embeddable":true,"href":"https:\/\/adanaseshaber.com.tr\/habercim\/wp-json\/wp\/v2\/comments?post=52259"}]}}