{"id":52265,"date":"2026-08-16T16:05:32","date_gmt":"2026-08-16T13:05:32","guid":{"rendered":"https:\/\/adanaseshaber.com.tr\/habercim\/wp-content\/uploads\/2026\/08\/1-15-768x201-223.jpg"},"modified":"2026-08-16T16:06:13","modified_gmt":"2026-08-16T13:06:13","slug":"1-15-768x201-2814","status":"inherit","type":"attachment","link":"https:\/\/adanaseshaber.com.tr\/habercim\/genel\/irandan-ateskes-icin-2\/attachment\/1-15-768x201-2814\/","title":{"rendered":"\u0130ran\u2019dan ate\u015fkes i\u00e7in"},"author":2,"comment_status":"open","ping_status":"closed","template":"","meta":[],"description":{"rendered":"<p class=\"attachment\"><a href='https:\/\/adanaseshaber.com.tr\/habercim\/wp-content\/uploads\/2026\/08\/1-15-768x201-223.jpg'><img width=\"300\" height=\"79\" src=\"https:\/\/adanaseshaber.com.tr\/habercim\/wp-content\/uploads\/2026\/08\/1-15-768x201-223-300x79.jpg\" class=\"attachment-medium size-medium\" alt=\"\" loading=\"lazy\" srcset=\"https:\/\/adanaseshaber.com.tr\/habercim\/wp-content\/uploads\/2026\/08\/1-15-768x201-223-300x79.jpg 300w, https:\/\/adanaseshaber.com.tr\/habercim\/wp-content\/uploads\/2026\/08\/1-15-768x201-223.jpg 768w\" sizes=\"(max-width: 300px) 100vw, 300px\" \/><\/a><\/p>\n"},"caption":{"rendered":"<p>\u0130ran\u2019\u0131n ABD ve \u0130srail\u2019in sald\u0131r\u0131lar\u0131yla ba\u015flayan sava\u015f\u0131n sona erdirilmesi i\u00e7in be\u015f \u015fart \u00f6ne s\u00fcrd\u00fc\u011f\u00fc ve ABD\u2019nin teklifini reddetti\u011fi bildirildi. \u0130ran bas\u0131n\u0131nda yer alan haberlere g\u00f6re, \u00fcst d\u00fczey bir \u0130ranl\u0131 yetkili, ABD-\u0130srail ile \u0130ran aras\u0131nda devam eden sava\u015f\u0131n sonland\u0131r\u0131lmas\u0131 i\u00e7in be\u015f maddelik \u015fart listesi sundu. S\u00f6z konusu \u015fartlar\u0131n, \u201csald\u0131r\u0131 ve suikastlar\u0131n sona erdirilmesi, sava\u015f\u0131n tekrar ba\u015flamayaca\u011f\u0131n\u0131n garanti edilmesi, tazminat \u00f6denmesi, \u0130ran\u2019\u0131n H\u00fcrm\u00fcz Bo\u011faz\u0131\u2019ndaki egemenli\u011finin tan\u0131nmas\u0131 ve \u0130ran ile birlikte \u00e7at\u0131\u015fmalara kat\u0131lan vekil gruplar\u0131na y\u00f6nelik sald\u0131r\u0131lar\u0131n durdurulmas\u0131\u201d oldu\u011fu belirtildi. Yetkili, ABD\u2019nin \u0130ran\u2019a m\u00fczakere talebinde bulundu\u011funu ve \u00e7e\u015fitli \u00f6neriler sundu\u011funu, ancak bu \u00f6nerilerin a\u015f\u0131r\u0131 talepler i\u00e7erdi\u011fi gerek\u00e7esiyle reddedildi\u011fini ifade etti. \u0130ran\u2019\u0131n s\u00f6z konusu \u015fartlar yerine getirilene kadar \u201ckendini savunmaya\u201d devam edece\u011fini vurgulayan yetkili, \u00e7at\u0131\u015fmalar\u0131n \u0130ran\u2019\u0131n belirleyece\u011fi zamanda sona erece\u011fini kaydetti.\u00d6te yandan, \u0130ran\u2019a y\u00f6nelik sald\u0131r\u0131lar\u0131n sonland\u0131r\u0131lmas\u0131 amac\u0131yla haz\u0131rlanan 15 maddelik plan\u0131n Pakistan arac\u0131l\u0131\u011f\u0131yla Tahran\u2019a iletildi\u011fi, ayr\u0131ca ABD\u2019nin bu plan kapsam\u0131nda m\u00fczakerelerin y\u00fcr\u00fct\u00fclmesi i\u00e7in bir ayl\u0131k ge\u00e7ici ate\u015fkes ilan etmeyi planlad\u0131\u011f\u0131 \u00f6ne s\u00fcr\u00fcld\u00fc. S\u00f6z konusu plan\u0131n, \u0130ran\u2019\u0131n n\u00fckleer kapasitesinin sona erdirilmesi, Tahran\u2019\u0131n n\u00fckleer silah elde etmeyece\u011fine dair taahh\u00fct vermesi ve \u0130sfahan, Natanz ile Fordo\u2019daki n\u00fckleer tesislerin devre d\u0131\u015f\u0131 b\u0131rak\u0131lmas\u0131n\u0131 i\u00e7eren maddelerden olu\u015ftu\u011fu ifade edildi.<\/p>\n<p>Kaynak : haberzamani.com<\/p>\n"},"alt_text":"","media_type":"image","mime_type":"image\/jpeg","media_details":{"width":768,"height":201,"file":"2026\/08\/1-15-768x201-223.jpg","sizes":{"medium":{"file":"1-15-768x201-223-300x79.jpg","width":300,"height":79,"mime_type":"image\/jpeg","source_url":"https:\/\/adanaseshaber.com.tr\/habercim\/wp-content\/uploads\/2026\/08\/1-15-768x201-223-300x79.jpg"},"thumbnail":{"file":"1-15-768x201-223-150x150.jpg","width":150,"height":150,"mime_type":"image\/jpeg","source_url":"https:\/\/adanaseshaber.com.tr\/habercim\/wp-content\/uploads\/2026\/08\/1-15-768x201-223-150x150.jpg"},"kucukResim":{"file":"1-15-768x201-223-80x50.jpg","width":80,"height":50,"mime_type":"image\/jpeg","source_url":"https:\/\/adanaseshaber.com.tr\/habercim\/wp-content\/uploads\/2026\/08\/1-15-768x201-223-80x50.jpg"},"sliderResim":{"file":"1-15-768x201-223-670x201.jpg","width":670,"height":201,"mime_type":"image\/jpeg","source_url":"https:\/\/adanaseshaber.com.tr\/habercim\/wp-content\/uploads\/2026\/08\/1-15-768x201-223-670x201.jpg"},"resim1":{"file":"1-15-768x201-223-184x140.jpg","width":184,"height":140,"mime_type":"image\/jpeg","source_url":"https:\/\/adanaseshaber.com.tr\/habercim\/wp-content\/uploads\/2026\/08\/1-15-768x201-223-184x140.jpg"},"resim2":{"file":"1-15-768x201-223-216x103.jpg","width":216,"height":103,"mime_type":"image\/jpeg","source_url":"https:\/\/adanaseshaber.com.tr\/habercim\/wp-content\/uploads\/2026\/08\/1-15-768x201-223-216x103.jpg"},"resim3":{"file":"1-15-768x201-223-145x70.jpg","width":145,"height":70,"mime_type":"image\/jpeg","source_url":"https:\/\/adanaseshaber.com.tr\/habercim\/wp-content\/uploads\/2026\/08\/1-15-768x201-223-145x70.jpg"},"sagSlider":{"file":"1-15-768x201-223-300x150.jpg","width":300,"height":150,"mime_type":"image\/jpeg","source_url":"https:\/\/adanaseshaber.com.tr\/habercim\/wp-content\/uploads\/2026\/08\/1-15-768x201-223-300x150.jpg"},"yeniSlider":{"file":"1-15-768x201-223-500x201.jpg","width":500,"height":201,"mime_type":"image\/jpeg","source_url":"https:\/\/adanaseshaber.com.tr\/habercim\/wp-content\/uploads\/2026\/08\/1-15-768x201-223-500x201.jpg"},"full":{"file":"1-15-768x201-223.jpg","width":768,"height":201,"mime_type":"image\/jpeg","source_url":"https:\/\/adanaseshaber.com.tr\/habercim\/wp-content\/uploads\/2026\/08\/1-15-768x201-223.jpg"}},"image_meta":{"aperture":"0","credit":"","camera":"","caption":"","created_timestamp":"0","copyright":"","focal_length":"0","iso":"0","shutter_speed":"0","title":"","orientation":"0","keywords":[]}},"post":52263,"source_url":"https:\/\/adanaseshaber.com.tr\/habercim\/wp-content\/uploads\/2026\/08\/1-15-768x201-223.jpg","_links":{"self":[{"href":"https:\/\/adanaseshaber.com.tr\/habercim\/wp-json\/wp\/v2\/media\/52265"}],"collection":[{"href":"https:\/\/adanaseshaber.com.tr\/habercim\/wp-json\/wp\/v2\/media"}],"about":[{"href":"https:\/\/adanaseshaber.com.tr\/habercim\/wp-json\/wp\/v2\/types\/attachment"}],"author":[{"embeddable":true,"href":"https:\/\/adanaseshaber.com.tr\/habercim\/wp-json\/wp\/v2\/users\/2"}],"replies":[{"embeddable":true,"href":"https:\/\/adanaseshaber.com.tr\/habercim\/wp-json\/wp\/v2\/comments?post=52265"}]}}