{"id":52335,"date":"2026-08-17T21:26:16","date_gmt":"2026-08-17T18:26:16","guid":{"rendered":"https:\/\/adanaseshaber.com.tr\/habercim\/wp-content\/uploads\/2026\/08\/14-7-768x432-1.webp"},"modified":"2026-08-17T21:26:32","modified_gmt":"2026-08-17T18:26:32","slug":"14-7-768x432","status":"inherit","type":"attachment","link":"https:\/\/adanaseshaber.com.tr\/habercim\/foto-galeri\/orta-doguda\/attachment\/14-7-768x432\/","title":{"rendered":"Orta Do\u011fu\u2019da"},"author":2,"comment_status":"open","ping_status":"closed","template":"","meta":[],"description":{"rendered":"<p class=\"attachment\"><a href='https:\/\/adanaseshaber.com.tr\/habercim\/wp-content\/uploads\/2026\/08\/14-7-768x432-1.webp'><img width=\"300\" height=\"169\" src=\"https:\/\/adanaseshaber.com.tr\/habercim\/wp-content\/uploads\/2026\/08\/14-7-768x432-1-300x169.webp\" class=\"attachment-medium size-medium\" alt=\"\" loading=\"lazy\" srcset=\"https:\/\/adanaseshaber.com.tr\/habercim\/wp-content\/uploads\/2026\/08\/14-7-768x432-1-300x169.webp 300w, https:\/\/adanaseshaber.com.tr\/habercim\/wp-content\/uploads\/2026\/08\/14-7-768x432-1.webp 768w\" sizes=\"(max-width: 300px) 100vw, 300px\" \/><\/a><\/p>\n"},"caption":{"rendered":"<p>Orta Do\u011fu\u2019da tansiyon y\u00fckselmeye devam ederken, Kuzey Kore lideri Kim Jong Un\u2019dan dikkat \u00e7eken bir \u00e7\u0131k\u0131\u015f geldi. ABD ve \u0130srail\u2019in \u0130ran\u2019a y\u00f6nelik operasyonlar\u0131n\u0131n ard\u0131ndan konu\u015fan Kim, \u0130ran\u2019dan b\u00f6yle bir talep gelmesi durumunda askeri destek verebileceklerini dile getirdi. Bu a\u00e7\u0131klama, uluslararas\u0131 diplomasi \u00e7evrelerinde yeni bir tart\u0131\u015fman\u0131n fitilini ate\u015fledi. B\u00f6lgede ya\u015fanan son askeri geli\u015fmeler ve bu s\u00f6zlerin muhtemel yans\u0131malar\u0131 ise merak konusu oldu.<\/p>\n<p>devam\u0131 sonraki sayfada\u2026<\/p>\n"},"alt_text":"","media_type":"image","mime_type":"image\/webp","media_details":{"width":768,"height":432,"file":"2026\/08\/14-7-768x432-1.webp","sizes":{"medium":{"file":"14-7-768x432-1-300x169.webp","width":300,"height":169,"mime_type":"image\/webp","source_url":"https:\/\/adanaseshaber.com.tr\/habercim\/wp-content\/uploads\/2026\/08\/14-7-768x432-1-300x169.webp"},"thumbnail":{"file":"14-7-768x432-1-150x150.webp","width":150,"height":150,"mime_type":"image\/webp","source_url":"https:\/\/adanaseshaber.com.tr\/habercim\/wp-content\/uploads\/2026\/08\/14-7-768x432-1-150x150.webp"},"kucukResim":{"file":"14-7-768x432-1-80x50.webp","width":80,"height":50,"mime_type":"image\/webp","source_url":"https:\/\/adanaseshaber.com.tr\/habercim\/wp-content\/uploads\/2026\/08\/14-7-768x432-1-80x50.webp"},"sliderResim":{"file":"14-7-768x432-1-670x330.webp","width":670,"height":330,"mime_type":"image\/webp","source_url":"https:\/\/adanaseshaber.com.tr\/habercim\/wp-content\/uploads\/2026\/08\/14-7-768x432-1-670x330.webp"},"resim1":{"file":"14-7-768x432-1-184x140.webp","width":184,"height":140,"mime_type":"image\/webp","source_url":"https:\/\/adanaseshaber.com.tr\/habercim\/wp-content\/uploads\/2026\/08\/14-7-768x432-1-184x140.webp"},"resim2":{"file":"14-7-768x432-1-216x103.webp","width":216,"height":103,"mime_type":"image\/webp","source_url":"https:\/\/adanaseshaber.com.tr\/habercim\/wp-content\/uploads\/2026\/08\/14-7-768x432-1-216x103.webp"},"resim3":{"file":"14-7-768x432-1-145x70.webp","width":145,"height":70,"mime_type":"image\/webp","source_url":"https:\/\/adanaseshaber.com.tr\/habercim\/wp-content\/uploads\/2026\/08\/14-7-768x432-1-145x70.webp"},"sagSlider":{"file":"14-7-768x432-1-300x150.webp","width":300,"height":150,"mime_type":"image\/webp","source_url":"https:\/\/adanaseshaber.com.tr\/habercim\/wp-content\/uploads\/2026\/08\/14-7-768x432-1-300x150.webp"},"yeniSlider":{"file":"14-7-768x432-1-500x290.webp","width":500,"height":290,"mime_type":"image\/webp","source_url":"https:\/\/adanaseshaber.com.tr\/habercim\/wp-content\/uploads\/2026\/08\/14-7-768x432-1-500x290.webp"},"full":{"file":"14-7-768x432-1.webp","width":768,"height":432,"mime_type":"image\/webp","source_url":"https:\/\/adanaseshaber.com.tr\/habercim\/wp-content\/uploads\/2026\/08\/14-7-768x432-1.webp"}},"image_meta":{"aperture":"0","credit":"","camera":"","caption":"","created_timestamp":"0","copyright":"","focal_length":"0","iso":"0","shutter_speed":"0","title":"","orientation":"0","keywords":[]}},"post":52334,"source_url":"https:\/\/adanaseshaber.com.tr\/habercim\/wp-content\/uploads\/2026\/08\/14-7-768x432-1.webp","_links":{"self":[{"href":"https:\/\/adanaseshaber.com.tr\/habercim\/wp-json\/wp\/v2\/media\/52335"}],"collection":[{"href":"https:\/\/adanaseshaber.com.tr\/habercim\/wp-json\/wp\/v2\/media"}],"about":[{"href":"https:\/\/adanaseshaber.com.tr\/habercim\/wp-json\/wp\/v2\/types\/attachment"}],"author":[{"embeddable":true,"href":"https:\/\/adanaseshaber.com.tr\/habercim\/wp-json\/wp\/v2\/users\/2"}],"replies":[{"embeddable":true,"href":"https:\/\/adanaseshaber.com.tr\/habercim\/wp-json\/wp\/v2\/comments?post=52335"}]}}