{"id":52336,"date":"2026-08-17T21:26:19","date_gmt":"2026-08-17T18:26:19","guid":{"rendered":"https:\/\/adanaseshaber.com.tr\/habercim\/wp-content\/uploads\/2026\/08\/1-15-768x201-251.jpg"},"modified":"2026-08-17T21:26:47","modified_gmt":"2026-08-17T18:26:47","slug":"1-15-768x201-2842","status":"inherit","type":"attachment","link":"https:\/\/adanaseshaber.com.tr\/habercim\/foto-galeri\/orta-doguda\/attachment\/1-15-768x201-2842\/","title":{"rendered":"Orta Do\u011fu\u2019da"},"author":2,"comment_status":"open","ping_status":"closed","template":"","meta":[],"description":{"rendered":"<p class=\"attachment\"><a href='https:\/\/adanaseshaber.com.tr\/habercim\/wp-content\/uploads\/2026\/08\/1-15-768x201-251.jpg'><img width=\"300\" height=\"79\" src=\"https:\/\/adanaseshaber.com.tr\/habercim\/wp-content\/uploads\/2026\/08\/1-15-768x201-251-300x79.jpg\" class=\"attachment-medium size-medium\" alt=\"\" loading=\"lazy\" srcset=\"https:\/\/adanaseshaber.com.tr\/habercim\/wp-content\/uploads\/2026\/08\/1-15-768x201-251-300x79.jpg 300w, https:\/\/adanaseshaber.com.tr\/habercim\/wp-content\/uploads\/2026\/08\/1-15-768x201-251.jpg 768w\" sizes=\"(max-width: 300px) 100vw, 300px\" \/><\/a><\/p>\n"},"caption":{"rendered":"<p>Kuzey Kore lideri Kim Jong-un, varisi olaca\u011f\u0131 iddia edilen k\u0131z\u0131 Kim Ju-ae ile denetledi\u011fi m\u00fchimmat fabrikas\u0131nda test at\u0131\u015f\u0131 yapt\u0131. Kuzey Kore Merkezi Haber Ajans\u0131n\u0131n (KCNA) haberine g\u00f6re Kim, m\u00fchimmat \u00fcretim fabrikas\u0131n\u0131n at\u0131\u015f poligonunu ziyaret etti. Yeni \u00fcretilen hafif silahlar\u0131n performans\u0131n\u0131 test eden Kim, s\u00f6z konusu fabrikan\u0131n tabanca ve di\u011fer ta\u015f\u0131nabilir silahlar\u0131n \u00fcretimini tamamen \u00fcstlenerek askeri g\u00fc\u00e7lerin muharebe etkinli\u011fini art\u0131rmada \u00f6nemli rol oynad\u0131\u011f\u0131n\u0131 belirtti. Kim\u2019in k\u0131z\u0131yla fabrikaya yapt\u0131\u011f\u0131 tefti\u015f foto\u011fraf karelerine yans\u0131d\u0131. Kuzey Kore liderinin k\u0131z\u0131 ve \u201cvaris\u201d tart\u0131\u015fmalar\u0131 Kuzey Kore lideri Kim Jong-un\u2019un k\u0131z\u0131 Kim Ju-ae, 2022\u2019de devlet medyas\u0131nda ilk kez g\u00f6r\u00fcnmesinden bu yana askeri ge\u00e7it t\u00f6renleri ve f\u00fcze denemeleri dahil bir\u00e7ok etkinlikte babas\u0131na e\u015flik etmesiyle dikkati \u00e7ekiyor. G\u00fcney Kore Ulusal \u0130stihbarat Servisi (NIS), Ocak 2024\u2019teki de\u011ferlendirmesinde, 2013 do\u011fumlu oldu\u011fu d\u00fc\u015f\u00fcn\u00fclen Ju-ae\u2019yi Kuzey Kore\u2019nin \u201cen muhtemel halefi\u201d \u015feklinde nitelendirmi\u015fti. Kim Jong-un\u2019un da sembolik \u00f6neme sahip aile an\u0131t\u0131n\u0131 1 Ocak\u2019ta k\u0131z\u0131yla ziyaret etmesi, onu \u201cvarisi olarak g\u00f6rd\u00fc\u011f\u00fcne\u201d y\u00f6nelik tart\u0131\u015fmalar\u0131 yeniden g\u00fcndeme getirmi\u015fti.<\/p>\n<p>Kaynak : haberzamani.com<\/p>\n"},"alt_text":"","media_type":"image","mime_type":"image\/jpeg","media_details":{"width":768,"height":201,"file":"2026\/08\/1-15-768x201-251.jpg","sizes":{"medium":{"file":"1-15-768x201-251-300x79.jpg","width":300,"height":79,"mime_type":"image\/jpeg","source_url":"https:\/\/adanaseshaber.com.tr\/habercim\/wp-content\/uploads\/2026\/08\/1-15-768x201-251-300x79.jpg"},"thumbnail":{"file":"1-15-768x201-251-150x150.jpg","width":150,"height":150,"mime_type":"image\/jpeg","source_url":"https:\/\/adanaseshaber.com.tr\/habercim\/wp-content\/uploads\/2026\/08\/1-15-768x201-251-150x150.jpg"},"kucukResim":{"file":"1-15-768x201-251-80x50.jpg","width":80,"height":50,"mime_type":"image\/jpeg","source_url":"https:\/\/adanaseshaber.com.tr\/habercim\/wp-content\/uploads\/2026\/08\/1-15-768x201-251-80x50.jpg"},"sliderResim":{"file":"1-15-768x201-251-670x201.jpg","width":670,"height":201,"mime_type":"image\/jpeg","source_url":"https:\/\/adanaseshaber.com.tr\/habercim\/wp-content\/uploads\/2026\/08\/1-15-768x201-251-670x201.jpg"},"resim1":{"file":"1-15-768x201-251-184x140.jpg","width":184,"height":140,"mime_type":"image\/jpeg","source_url":"https:\/\/adanaseshaber.com.tr\/habercim\/wp-content\/uploads\/2026\/08\/1-15-768x201-251-184x140.jpg"},"resim2":{"file":"1-15-768x201-251-216x103.jpg","width":216,"height":103,"mime_type":"image\/jpeg","source_url":"https:\/\/adanaseshaber.com.tr\/habercim\/wp-content\/uploads\/2026\/08\/1-15-768x201-251-216x103.jpg"},"resim3":{"file":"1-15-768x201-251-145x70.jpg","width":145,"height":70,"mime_type":"image\/jpeg","source_url":"https:\/\/adanaseshaber.com.tr\/habercim\/wp-content\/uploads\/2026\/08\/1-15-768x201-251-145x70.jpg"},"sagSlider":{"file":"1-15-768x201-251-300x150.jpg","width":300,"height":150,"mime_type":"image\/jpeg","source_url":"https:\/\/adanaseshaber.com.tr\/habercim\/wp-content\/uploads\/2026\/08\/1-15-768x201-251-300x150.jpg"},"yeniSlider":{"file":"1-15-768x201-251-500x201.jpg","width":500,"height":201,"mime_type":"image\/jpeg","source_url":"https:\/\/adanaseshaber.com.tr\/habercim\/wp-content\/uploads\/2026\/08\/1-15-768x201-251-500x201.jpg"},"full":{"file":"1-15-768x201-251.jpg","width":768,"height":201,"mime_type":"image\/jpeg","source_url":"https:\/\/adanaseshaber.com.tr\/habercim\/wp-content\/uploads\/2026\/08\/1-15-768x201-251.jpg"}},"image_meta":{"aperture":"0","credit":"","camera":"","caption":"","created_timestamp":"0","copyright":"","focal_length":"0","iso":"0","shutter_speed":"0","title":"","orientation":"0","keywords":[]}},"post":52334,"source_url":"https:\/\/adanaseshaber.com.tr\/habercim\/wp-content\/uploads\/2026\/08\/1-15-768x201-251.jpg","_links":{"self":[{"href":"https:\/\/adanaseshaber.com.tr\/habercim\/wp-json\/wp\/v2\/media\/52336"}],"collection":[{"href":"https:\/\/adanaseshaber.com.tr\/habercim\/wp-json\/wp\/v2\/media"}],"about":[{"href":"https:\/\/adanaseshaber.com.tr\/habercim\/wp-json\/wp\/v2\/types\/attachment"}],"author":[{"embeddable":true,"href":"https:\/\/adanaseshaber.com.tr\/habercim\/wp-json\/wp\/v2\/users\/2"}],"replies":[{"embeddable":true,"href":"https:\/\/adanaseshaber.com.tr\/habercim\/wp-json\/wp\/v2\/comments?post=52336"}]}}