{"id":52342,"date":"2026-08-18T21:44:01","date_gmt":"2026-08-18T18:44:01","guid":{"rendered":"https:\/\/adanaseshaber.com.tr\/habercim\/wp-content\/uploads\/2026\/08\/1-15-768x201-253.jpg"},"modified":"2026-08-18T21:45:11","modified_gmt":"2026-08-18T18:45:11","slug":"1-15-768x201-2844","status":"inherit","type":"attachment","link":"https:\/\/adanaseshaber.com.tr\/habercim\/foto-galeri\/o-evde-neler-oldu\/attachment\/1-15-768x201-2844\/","title":{"rendered":"O evde neler oldu"},"author":2,"comment_status":"open","ping_status":"closed","template":"","meta":[],"description":{"rendered":"<p class=\"attachment\"><a href='https:\/\/adanaseshaber.com.tr\/habercim\/wp-content\/uploads\/2026\/08\/1-15-768x201-253.jpg'><img width=\"300\" height=\"79\" src=\"https:\/\/adanaseshaber.com.tr\/habercim\/wp-content\/uploads\/2026\/08\/1-15-768x201-253-300x79.jpg\" class=\"attachment-medium size-medium\" alt=\"\" loading=\"lazy\" srcset=\"https:\/\/adanaseshaber.com.tr\/habercim\/wp-content\/uploads\/2026\/08\/1-15-768x201-253-300x79.jpg 300w, https:\/\/adanaseshaber.com.tr\/habercim\/wp-content\/uploads\/2026\/08\/1-15-768x201-253.jpg 768w\" sizes=\"(max-width: 300px) 100vw, 300px\" \/><\/a><\/p>\n"},"caption":{"rendered":"<p>\u0130ddiaya g\u00f6re, CHP Milletvekili Ahmet Baran Yazgan, \u00f6nceki gece Edirne\u2019deki bir evde bir araya geldi\u011fi 2\u2019si kad\u0131n 3 ki\u015fiyle tart\u0131\u015fmaya ba\u015flad\u0131. Yazgan\u2019\u0131n evdeki kad\u0131nlara tacizde bulundu\u011fu iddias\u0131yla ba\u015flad\u0131\u011f\u0131 \u00f6ne s\u00fcr\u00fclen tart\u0131\u015fma, bir s\u00fcre sonra alevlendi. Evdeki erkek ve kad\u0131nlardan biri, Yazgan\u2019a k\u00fcf\u00fcrler ederek vurmaya ba\u015flad\u0131. Uzun s\u00fcre tekme tokat dayak yiyen CHP\u2019li vekil, elleriyle kendini korumaya \u00e7al\u0131\u015ft\u0131. Ya\u015fananlar, evde bulunan di\u011fer ki\u015fi taraf\u0131ndan cep telefonuna kaydedilirken, olay\u0131n ard\u0131ndan taraflar\u0131n kar\u015f\u0131l\u0131kl\u0131 \u015fik\u00e2yet\u00e7i oldu\u011fu \u00f6\u011frenildi.<br \/>\nCHP Milletveki Ahmet Baran Yazgan\u2019\u0131n, darp edildi\u011fi gerek\u00e7esiyle \u015fik\u00e2yet\u00e7i oldu\u011fu, kar\u015f\u0131 taraf\u0131n ise Yazgan hakk\u0131nda taciz iddias\u0131yla su\u00e7 duyurusunda bulundu\u011fu belirtildi. Yazgan\u2019\u0131 darp eden 3 \u015f\u00fcpheli d\u00fcn Edirne Adliyesi\u2019nde h\u00e2kim kar\u015f\u0131s\u0131na \u00e7\u0131kt\u0131. Mahkeme, \u015f\u00fcphelileri adli kontrol \u015fart\u0131yla serbest b\u0131rak\u0131rken, haklar\u0131nda yurtd\u0131\u015f\u0131na \u00e7\u0131k\u0131\u015f yasa\u011f\u0131 getirdi.<br \/>\nAnkara Cumhuriyet Ba\u015fsavc\u0131l\u0131\u011f\u0131, Yazgan hakk\u0131nda TCK\u2019n\u0131n 105\/1 maddesinde d\u00fczenlenen cinsel taciz ve 102\/1-2. c\u00fcmle maddesinde d\u00fczenlenen sark\u0131nt\u0131l\u0131k d\u00fczeyinde kalan cinsel sald\u0131r\u0131 su\u00e7lar\u0131ndan re\u2019sen soru\u015fturma ba\u015flat\u0131ld\u0131\u011f\u0131n\u0131 a\u00e7\u0131klad\u0131. <\/p>\n<p>Kaynak : hurriyet.com.tr<\/p>\n"},"alt_text":"","media_type":"image","mime_type":"image\/jpeg","media_details":{"width":768,"height":201,"file":"2026\/08\/1-15-768x201-253.jpg","sizes":{"medium":{"file":"1-15-768x201-253-300x79.jpg","width":300,"height":79,"mime_type":"image\/jpeg","source_url":"https:\/\/adanaseshaber.com.tr\/habercim\/wp-content\/uploads\/2026\/08\/1-15-768x201-253-300x79.jpg"},"thumbnail":{"file":"1-15-768x201-253-150x150.jpg","width":150,"height":150,"mime_type":"image\/jpeg","source_url":"https:\/\/adanaseshaber.com.tr\/habercim\/wp-content\/uploads\/2026\/08\/1-15-768x201-253-150x150.jpg"},"kucukResim":{"file":"1-15-768x201-253-80x50.jpg","width":80,"height":50,"mime_type":"image\/jpeg","source_url":"https:\/\/adanaseshaber.com.tr\/habercim\/wp-content\/uploads\/2026\/08\/1-15-768x201-253-80x50.jpg"},"sliderResim":{"file":"1-15-768x201-253-670x201.jpg","width":670,"height":201,"mime_type":"image\/jpeg","source_url":"https:\/\/adanaseshaber.com.tr\/habercim\/wp-content\/uploads\/2026\/08\/1-15-768x201-253-670x201.jpg"},"resim1":{"file":"1-15-768x201-253-184x140.jpg","width":184,"height":140,"mime_type":"image\/jpeg","source_url":"https:\/\/adanaseshaber.com.tr\/habercim\/wp-content\/uploads\/2026\/08\/1-15-768x201-253-184x140.jpg"},"resim2":{"file":"1-15-768x201-253-216x103.jpg","width":216,"height":103,"mime_type":"image\/jpeg","source_url":"https:\/\/adanaseshaber.com.tr\/habercim\/wp-content\/uploads\/2026\/08\/1-15-768x201-253-216x103.jpg"},"resim3":{"file":"1-15-768x201-253-145x70.jpg","width":145,"height":70,"mime_type":"image\/jpeg","source_url":"https:\/\/adanaseshaber.com.tr\/habercim\/wp-content\/uploads\/2026\/08\/1-15-768x201-253-145x70.jpg"},"sagSlider":{"file":"1-15-768x201-253-300x150.jpg","width":300,"height":150,"mime_type":"image\/jpeg","source_url":"https:\/\/adanaseshaber.com.tr\/habercim\/wp-content\/uploads\/2026\/08\/1-15-768x201-253-300x150.jpg"},"yeniSlider":{"file":"1-15-768x201-253-500x201.jpg","width":500,"height":201,"mime_type":"image\/jpeg","source_url":"https:\/\/adanaseshaber.com.tr\/habercim\/wp-content\/uploads\/2026\/08\/1-15-768x201-253-500x201.jpg"},"full":{"file":"1-15-768x201-253.jpg","width":768,"height":201,"mime_type":"image\/jpeg","source_url":"https:\/\/adanaseshaber.com.tr\/habercim\/wp-content\/uploads\/2026\/08\/1-15-768x201-253.jpg"}},"image_meta":{"aperture":"0","credit":"","camera":"","caption":"","created_timestamp":"0","copyright":"","focal_length":"0","iso":"0","shutter_speed":"0","title":"","orientation":"0","keywords":[]}},"post":52340,"source_url":"https:\/\/adanaseshaber.com.tr\/habercim\/wp-content\/uploads\/2026\/08\/1-15-768x201-253.jpg","_links":{"self":[{"href":"https:\/\/adanaseshaber.com.tr\/habercim\/wp-json\/wp\/v2\/media\/52342"}],"collection":[{"href":"https:\/\/adanaseshaber.com.tr\/habercim\/wp-json\/wp\/v2\/media"}],"about":[{"href":"https:\/\/adanaseshaber.com.tr\/habercim\/wp-json\/wp\/v2\/types\/attachment"}],"author":[{"embeddable":true,"href":"https:\/\/adanaseshaber.com.tr\/habercim\/wp-json\/wp\/v2\/users\/2"}],"replies":[{"embeddable":true,"href":"https:\/\/adanaseshaber.com.tr\/habercim\/wp-json\/wp\/v2\/comments?post=52342"}]}}