{"id":52348,"date":"2026-08-19T01:23:15","date_gmt":"2026-08-18T22:23:15","guid":{"rendered":"https:\/\/adanaseshaber.com.tr\/habercim\/wp-content\/uploads\/2026\/08\/1-15-768x201-255.jpg"},"modified":"2026-08-19T01:25:21","modified_gmt":"2026-08-18T22:25:21","slug":"1-15-768x201-2846","status":"inherit","type":"attachment","link":"https:\/\/adanaseshaber.com.tr\/habercim\/foto-galeri\/baskan\/attachment\/1-15-768x201-2846\/","title":{"rendered":"BA\u015eKAN"},"author":2,"comment_status":"open","ping_status":"closed","template":"","meta":[],"description":{"rendered":"<p class=\"attachment\"><a href='https:\/\/adanaseshaber.com.tr\/habercim\/wp-content\/uploads\/2026\/08\/1-15-768x201-255.jpg'><img width=\"300\" height=\"79\" src=\"https:\/\/adanaseshaber.com.tr\/habercim\/wp-content\/uploads\/2026\/08\/1-15-768x201-255-300x79.jpg\" class=\"attachment-medium size-medium\" alt=\"\" loading=\"lazy\" srcset=\"https:\/\/adanaseshaber.com.tr\/habercim\/wp-content\/uploads\/2026\/08\/1-15-768x201-255-300x79.jpg 300w, https:\/\/adanaseshaber.com.tr\/habercim\/wp-content\/uploads\/2026\/08\/1-15-768x201-255.jpg 768w\" sizes=\"(max-width: 300px) 100vw, 300px\" \/><\/a><\/p>\n"},"caption":{"rendered":"<p>Cumhurba\u015fkan\u0131 Recep Tayyip Erdo\u011fan, n\u00fcfus art\u0131\u015f h\u0131z\u0131nda hala bir netice al\u0131namad\u0131\u011f\u0131n\u0131 belirterek, &#8220;Devaml\u0131 s\u00f6yledi\u011fim bir s\u00f6z var; &#8220;en az \u00fc\u00e7 \u00e7ocuk&#8221; diyorum. Bu tabii g\u00fc\u00e7l\u00fc bir ailenin olmazsa olmaz\u0131. Neslimizi \u00e7o\u011faltmam\u0131z laz\u0131m. Bu neslin artmas\u0131 laz\u0131m&#8221; dedi.<br \/>\nCumhurba\u015fkan\u0131 Erdo\u011fan, Tophane-i Amire K\u00fclt\u00fcr ve Sanat Merkezi&#8217;nde d\u00fczenlenen &#8220;Hane&#8221; \u0130slam Sanatlar\u0131 Sergisi&#8217;nin a\u00e7\u0131l\u0131\u015f t\u00f6renine kat\u0131ld\u0131.<\/p>\n<p>A\u00e7\u0131l\u0131\u015f\u0131n ard\u0131ndan sanat\u00e7\u0131 ve kat\u0131l\u0131mc\u0131lar\u0131n sorular\u0131n\u0131 yan\u0131tlayan Erdo\u011fan, &#8220;Albayrak Grubu taraf\u0131ndan d\u00fczenlenen serginin \u0130slam sanatlar\u0131na, \u00f6zellikle de hat ve tezhip sanat\u0131na g\u00f6n\u00fcl verenler i\u00e7in hay\u0131rl\u0131 olmas\u0131 temennisinde bulundu.<\/p>\n<p>&#8220;Y\u00fcksek estetik \u015fuurun v\u00fccut bulmu\u015f hali&#8221;<br \/>\nGeleneksel \u0130slam sanatlar\u0131n\u0131n inan\u00e7 ve medeniyetin g\u00fczelliklerini yans\u0131tmas\u0131 bak\u0131m\u0131ndan kritik bir \u00f6neme sahip oldu\u011funu vurgulayan Erdo\u011fan, &#8220;Minyat\u00fcrden ebruya, kalem i\u015finden \u00e7iniye, h\u00fcsn\u00fc hattan tezhipe geleneksel \u0130slam sanatlar\u0131 hem inanc\u0131m\u0131z\u0131n hem medeniyetimizin derinliklerini, g\u00fczelliklerini g\u00f6stermesi bak\u0131m\u0131ndan \u00e7ok \u00e7ok \u00f6nemlidir. Bunlar M\u00fcsl\u00fcmanlar\u0131n sahip olduklar\u0131 y\u00fcksek estetik \u015fuurun somutla\u015fm\u0131\u015f eser haline gelmi\u015f, g\u00f6r\u00fcn\u00fcr olmu\u015f, v\u00fccut bulmu\u015f \u015fekilleridir. Biraz \u00f6nce eserlerimizi tek tek g\u00f6rd\u00fcm, inceledim. Hakikaten her biri \u00e7ok titiz bir eme\u011fin, se\u00e7kin bir \u00fcslubun ve g\u00f6z nurunun meyvesi olarak bu tarihi yap\u0131y\u0131 s\u00fcsl\u00fcyor.&#8221; ifadelerini kulland\u0131.<\/p>\n<p>Cumhurba\u015fkan\u0131 Erdo\u011fan, \u0130stanbul\u2019daki vatanda\u015flar\u0131 ve imkan\u0131 olan herkesi Hane sergisini ziyaret etmeye davet ederek, serginin k\u00fcrat\u00f6r\u00fcn\u00fc ve sanat\u00e7\u0131lar\u0131n\u0131 tebrik etti.<\/p>\n<p>\u0130stanbul&#8217;un \u0130slam sanat tarihindeki merkezi rol\u00fcne de\u011finen Erdo\u011fan, \u015fehrin fetihten sonra bu alanda bir d\u00fcnya merkezi haline geldi\u011fini hat\u0131rlatt\u0131.<br \/>\nErdo\u011fan, &#8220;15. as\u0131rdan itibaren Ali bin Yahya Sufi, \u015eeyh Hamdullah Efendi ve Haf\u0131z Osman Efendi gibi b\u00fcy\u00fck ustalar burada d\u00fcnyan\u0131n en m\u00fcstesna eserlerini verdi. Bu eserler gerek \u0130stanbul\u2019umuzda gerekse g\u00f6n\u00fcl co\u011frafyam\u0131zda camilerimizi, mescitlerimizi, pek \u00e7ok mimari \u015faheserimizi s\u00fcsledi.&#8221; diye konu\u015ftu.<\/p>\n<p>Konu\u015fmas\u0131nda, ge\u00e7ti\u011fimiz y\u0131l hayat\u0131n\u0131 kaybeden ve &#8220;hattatlar\u0131n reisi&#8221; olarak bilinen merhum Hasan \u00c7elebi\u2019yi de yad eden Cumhurba\u015fkan\u0131 Erdo\u011fan, \u015funlar\u0131 kaydetti;<\/p>\n<p>\u00d6mr\u00fcn\u00fcn 60 y\u0131l\u0131n\u0131 hat sanat\u0131na vakfeden merhum Hasan \u00c7elebi \u00fcstad\u0131m\u0131z da bu abidevi \u015fahsiyetlerden biriydi. \u0130n\u015fa edilen ilk ibadethanemiz olan Kuba Mescidi dahil T\u00fcrkiye\u2019de ve yurt d\u0131\u015f\u0131nda 75\u2019in \u00fczerinde cami rahmetli Hasan \u00c7elebi hocam\u0131z\u0131n eserleriyle tezyin edildi. Bir kez daha kabri nur, mekan\u0131 cennet olsun diyor, bug\u00fcne kadar \u0130slam sanatlar\u0131na katk\u0131 veren t\u00fcm b\u00fcy\u00fcklerimize Allah\u2019tan rahmet diliyorum.<\/p>\n<p>Cumhurba\u015fkan\u0131 Erdo\u011fan, \u015f\u00f6yle devam etti;<\/p>\n<p>Burada \u015funu da ifade etmekte fayda g\u00f6r\u00fcyorum; Hat ve tezhip gibi \u0130slam sanatlar\u0131 emek isteyen, sab\u0131r isteyen, devaml\u0131l\u0131k gerektiren alanlard\u0131r. Hasan \u00c7elebi hocam\u0131z\u0131n tabiriyle bunlar g\u00fcnde 30 saat \u00e7al\u0131\u015fmay\u0131 zaruri k\u0131lan sanatlard\u0131r. Bu sanatlar\u0131n ya\u015fat\u0131lmas\u0131, \u00f6zellikle teknoloji ve dijital k\u00fclt\u00fcr\u00fcn geleneksel sanatlar\u0131m\u0131z\u0131 tehdit etti\u011fi bug\u00fcnlerde \u00e7ok ama \u00e7ok \u00f6nemlidir. Sizler her biriniz bu noktada \u00e7ok a\u011f\u0131r bir y\u00fck\u00fc omuzluyor, sanatla birlikte kemalat yolculu\u011fumuzu da s\u00fcrd\u00fcr\u00fcyorsunuz. Sizler sadece bu sanatlar\u0131 icra etmiyor, ayn\u0131 zamanda bu sanat\u0131n ne\u015fet etti\u011fi tarihimize, k\u00fclt\u00fcr\u00fcm\u00fcze ve medeniyetimize vak\u0131f oluyorsunuz.<\/p>\n<p>&#8220;K\u00fclt\u00fcrel miras\u0131m\u0131z ancak yeni nesillerin ekleriyle zenginle\u015fir&#8221;<br \/>\n\u015euras\u0131 da unutulmamal\u0131d\u0131r; Kadim tarihimizde, \u00f6zellikle oradan s\u00fcz\u00fcl\u00fcp gelen k\u00fclt\u00fcrel miras\u0131m\u0131z ancak yeni nesillerin ekleriyle zenginle\u015fir, k\u00f6kle\u015fir, ya\u015far ve s\u00fcreklilik kazan\u0131r. \u0130\u015fte bug\u00fcn de burada oldu\u011fu gibi sayfalara \u00f6zenle nak\u015fedilen her bir \u015fekil ayn\u0131 zamanda ge\u00e7mi\u015fle gelecek aras\u0131nda yeni bir k\u00f6pr\u00fc olu\u015fturuyor. Sergimizdeki eserleri bu bak\u0131mdan ayr\u0131ca de\u011ferli ve anlaml\u0131 buldu\u011fumu bilmenizi isterim. Geleneksel sanatlar\u0131m\u0131z\u0131 \u00f6\u011frenen, icra eden ve \u00f6\u011freten her bir karde\u015fimi tebrik ediyor, \u00e7al\u0131\u015fmalar\u0131n\u0131zda Cenab-\u0131 Allah\u2019tan muvaffakiyetler diliyorum. Bu d\u00fc\u015f\u00fcncelerle burada sergilenen eserlerin sahiplerini tekrar kutluyor, serginin tertip edilmesinde eme\u011fi ge\u00e7en ba\u015fta Albayrak Grubu olmak \u00fczere herkese \u015f\u00fckranlar\u0131m\u0131 sunuyorum. &#8220;Bu neslin artmas\u0131 laz\u0131m&#8221;<br \/>\nHer \u015feyden \u00f6nce tabii dedeyim. 9 tane de elhamd\u00fclillah torunum var. O da fakir i\u00e7in ayr\u0131 bir g\u00fczellik. Biliyorsunuz devaml\u0131 s\u00f6yledi\u011fim bir s\u00f6z var; &#8220;en az \u00fc\u00e7 \u00e7ocuk&#8221; diyorum. Bu tabii g\u00fc\u00e7l\u00fc bir ailenin olmazsa olmaz\u0131. Neslimizi \u00e7o\u011faltmam\u0131z laz\u0131m. Bu neslin artmas\u0131 laz\u0131m. Bu tabii bizim arzumuz de\u011fil Rabbimizin emri. Sevgili Habibinin bizlere s\u00fcrekli olarak tavsiyesi. &#8220;Di\u011fer toplumlara kar\u015f\u0131 \u00fcmmetimin \u00e7oklu\u011fuyla iftihar ederim&#8221; diyor Peygamberimiz. \u00d6yleyse bunun yerine gelmesi laz\u0131m. Bunun i\u00e7in de biz &#8220;aile&#8221; derken buradan hareket ederek ge\u00e7ti\u011fimiz y\u0131l\u0131 &#8220;Aile Y\u0131l\u0131&#8221; olarak ilan ettik. Ve aile y\u0131l\u0131 olarak bu ad\u0131m\u0131 atmam\u0131z\u0131n da esbab-\u0131 mucibesi; \u00f6zellikle bir halk\u0131 M\u00fcsl\u00fcman olan topluluk olarak bunu hi\u00e7 teredd\u00fcts\u00fcz, bu nesli \u00fclkemizde \u00e7o\u011faltal\u0131m istiyoruz.<\/p>\n<p>(En az 3 \u00e7ocuk) Yani bunu g\u00f6rd\u00fck ama hala biz bir netice alm\u0131\u015f de\u011filiz. \u015eu anda geli\u015fmeler iyi de\u011fil. En yak\u0131nlar\u0131m\u0131zla sohbet ederken bile bak\u0131yorsunuz onlar da maalesef yani n\u00fcfusun art\u0131\u015f\u0131na kar\u015f\u0131 \u00e7\u0131k\u0131yorlar. Bu da bizi tabii ciddi manada \u00fcz\u00fcyor. Ve \u015fu anda en dost bildiklerimiz bile n\u00fcfusun art\u0131\u015f\u0131na kar\u015f\u0131 \u00e7\u0131k\u0131yor. \u0130n\u015fallah Tophane-i Amire\u2019deki bu bulu\u015fmam\u0131z n\u00fcfusun art\u0131\u015f\u0131 noktas\u0131nda yeni bir ad\u0131ma vesile olur. \u015eu an itibariyle elhamd\u00fclillah bizim ailede \u015fu anda geli\u015fme iyi. Bundan dolay\u0131 da mutluyum. Bu sabah en k\u00fc\u00e7\u00fc\u011f\u00fcyle iyi bir muhabbetim oldu. En k\u00fc\u00e7\u00fc\u011f\u00fc \u015fu anda 2 ya\u015f\u0131nda. Onunla g\u00f6r\u00fc\u015fmemi yapt\u0131m ve \u00f6yle ayr\u0131ld\u0131m. O da Baykar grubunun bir yavrusu ve hamdolsun o muhabbet bize ayr\u0131 bir din\u00e7lik veriyor. Rabbim buradaki b\u00fct\u00fcn karde\u015flerime de ayn\u0131 muhabbeti evlatlar\u0131ndan ve torunlar\u0131ndan almay\u0131 nasip etsin. Onlar bizi ger\u00e7ekten dingin k\u0131l\u0131yor.<\/p>\n<p>&#8220;Bu eserler asla ihmal edilmemeli&#8221;<br \/>\nTophane-i Amire&#8217;nin hizmete girmesi bile bizler i\u00e7in \u00e7ok \u00e7ok \u00f6nemli. Yani bu t\u00fcr eserler e\u011fer hizmete girmemi\u015f olsayd\u0131 biz bug\u00fcn burada b\u00f6yle bir toplant\u0131y\u0131 yapamayacakt\u0131k. Ama bu eserin hizmete girmi\u015f olmas\u0131 b\u00f6yle bir toplant\u0131y\u0131 burada yapmam\u0131za da vesile oldu. Buradan kimler geldi kimler ge\u00e7ti ve buran\u0131n tabii tarihi de bizim i\u00e7in \u00e7ok \u00e7ok \u00f6nemli. Onun i\u00e7in de yani biz K\u00fclt\u00fcr ve Turizm Bakanl\u0131\u011f\u0131 olarak da yani bu k\u00fclt\u00fcr yolu etkinliklerini bu noktada da \u00e7ok \u00e7ok \u00f6nemli g\u00f6r\u00fcyoruz. Ve ben \u015fu anda bu eserin girdisi ve \u00e7\u0131kt\u0131s\u0131yla burada yap\u0131lan b\u00fct\u00fcn etkinliklerin \u00fclkemizin gelece\u011fine y\u00f6nelik \u00f6nemli ad\u0131mlar\u0131 olu\u015fturdu\u011funu g\u00f6r\u00fcyorum. Ve bu eserler asla ihmal edilmemeli. Bunun hesab\u0131n\u0131 veremeyiz. Yani bug\u00fcn bizim bir S\u00fcleymaniye&#8217;miz, bir Sultanahmet&#8217;imiz varsa bunlar hala ya\u015f\u0131yorsa, bunlara e\u011fer biz gereken \u00f6nemi vermezsek k\u0131sa bir s\u00fcre sonra buralar\u0131n da maalesef yok olmaya y\u00fcz tuttu\u011funu g\u00f6r\u00fcr\u00fcz.<\/p>\n<p>&#8220;Her t\u00fcrl\u00fc yat\u0131r\u0131m\u0131 yapmam\u0131z gerekir&#8221;<br \/>\nAma \u015fu anda g\u00f6r\u00fcyoruz ki elhamd\u00fclillah 23 y\u0131ll\u0131k iktidar\u0131m\u0131z d\u00f6neminde bu eserlerimizde yapt\u0131\u011f\u0131m\u0131z b\u00fct\u00fcn restorasyonlar, renovasyonlar b\u00fct\u00fcn bunlar gerek yurt d\u0131\u015f\u0131ndan gelenler gerek \u00fclkemiz insanlar\u0131 i\u00e7in buralar\u0131 ayakta tutmam\u0131z\u0131n neticesidir. Ve \u015fu an itibar\u0131yla da ba\u015fta Sultanahmet olmak \u00fczere S\u00fcleymaniye olmak \u00fczere buralardaki sahiplenme hamdolsun gelecek nesillere bir mirast\u0131r. Fatih \u00f6yledir, Ey\u00fcp Sultan \u00f6yledir, yeni eser olarak bir \u00c7aml\u0131ca \u00f6yledir. Ve b\u00fct\u00fcn bunlarla birlikte bu eserlerimizi bizim \u00e7ok diri gelece\u011fe ta\u015f\u0131mak i\u00e7in de her t\u00fcrl\u00fc yat\u0131r\u0131m\u0131 yapmam\u0131z gerekir diye d\u00fc\u015f\u00fcn\u00fcyorum.<\/p>\n<p>\u0130n\u015fallah bizlere hediye edilen b\u00fct\u00fcn eserleri Kas\u0131mpa\u015fa&#8217;da \u015fimdi fakirin ad\u0131na kurdu\u011fumuz bir m\u00fczemiz var. Bu m\u00fczemizi y\u0131l sonuna kadar, yani bu y\u0131l\u0131 bitirdik de art\u0131k \u00f6n\u00fcm\u00fczdeki y\u0131l sonunu bulmay\u0131z in\u015fallah, orada eski Kuzey Deniz Saha Komutanl\u0131\u011f\u0131 vard\u0131. Bu Kuzey Deniz Saha Komutanl\u0131\u011f\u0131\u2019n\u0131 bizler ele ald\u0131k, oray\u0131 tamamen restorasyonunu bitiriyoruz. Ve oras\u0131 da adeta harabeydi ve o harabe eseri Kuzey Deniz Saha Komutanl\u0131\u011f\u0131\u2019n\u0131 ger\u00e7ekten \u015fimdi muhte\u015fem bir eser olarak ele ald\u0131k. Oray\u0131 d\u00fczenledik ve bitirmek \u00fczereyiz. Orada b\u00fct\u00fcn bu eserleri fakire ne hediye ettilerse ister hat olsun, ister kitaplar olsun, ister di\u011fer t\u00fcrl\u00fc her t\u00fcrl\u00fc eser olsun bunlar\u0131n hepsini orada in\u015fallah sergileyece\u011fiz. Ve oray\u0131 da b\u00fct\u00fcn halk\u0131m\u0131za a\u00e7mak suretiyle oradan hepsinin istifade etmesini sa\u011flayaca\u011f\u0131z. <\/p>\n<p>&#8220;Hat eserlerine d\u00fc\u015fk\u00fcn\u00fcm&#8221;<br \/>\nBen \u00f6zellikle hat eserlerine d\u00fc\u015fk\u00fcn\u00fcm ve bununla ilgili de \u00e7al\u0131\u015fmalar\u0131m\u0131z falan oldu, oluyor. En \u00f6nemlisi de \u015fu anda tabii Mehmet \u00d6z\u00e7ay \u00fcstad\u0131m da burada, kendisinden hep bir \u015feyi istirham ettim; \u00f6zellikle bir Cumhurba\u015fkanl\u0131\u011f\u0131m d\u00f6neminde Kur&#8217;an-\u0131 Kerim yaz\u0131lmas\u0131 arzum, talebim vard\u0131. Sa\u011f olsun bu eseri de yazd\u0131lar ve bizi mutlu ettiler. Ve in\u015fallah bu da bizim d\u00f6nemimizin Cumhurba\u015fkanl\u0131\u011f\u0131 olarak bir eseri olacak. Ve bununla birlikte de ayr\u0131ca bir farkl\u0131 eseri de yine onun da hamdolsun biti\u015fini g\u00f6rd\u00fck. Bunlar da Cumhurba\u015fkanl\u0131\u011f\u0131 d\u00f6nemimizin bir eseri olarak \u00fclkemize ve d\u00fcnyaya kazand\u0131rm\u0131\u015f oldu\u011fumuz iki tane \u00f6nemli eser olacak. \u0130n\u015fallah.<\/p>\n<p>Her \u015feyden \u00f6nce babalara da annelere de Rabbimizin emri \u00e7er\u00e7evesi i\u00e7erisinde, Allah&#8217;\u0131n emri Sevgili Habibi&#8217;nin s\u00fcnnetine uygun bir hayat\u0131 ya\u015famalar\u0131n\u0131 tavsiye ederim. <\/p>\n<p>Kaynak : trthaber.com<\/p>\n"},"alt_text":"","media_type":"image","mime_type":"image\/jpeg","media_details":{"width":768,"height":201,"file":"2026\/08\/1-15-768x201-255.jpg","sizes":{"medium":{"file":"1-15-768x201-255-300x79.jpg","width":300,"height":79,"mime_type":"image\/jpeg","source_url":"https:\/\/adanaseshaber.com.tr\/habercim\/wp-content\/uploads\/2026\/08\/1-15-768x201-255-300x79.jpg"},"thumbnail":{"file":"1-15-768x201-255-150x150.jpg","width":150,"height":150,"mime_type":"image\/jpeg","source_url":"https:\/\/adanaseshaber.com.tr\/habercim\/wp-content\/uploads\/2026\/08\/1-15-768x201-255-150x150.jpg"},"kucukResim":{"file":"1-15-768x201-255-80x50.jpg","width":80,"height":50,"mime_type":"image\/jpeg","source_url":"https:\/\/adanaseshaber.com.tr\/habercim\/wp-content\/uploads\/2026\/08\/1-15-768x201-255-80x50.jpg"},"sliderResim":{"file":"1-15-768x201-255-670x201.jpg","width":670,"height":201,"mime_type":"image\/jpeg","source_url":"https:\/\/adanaseshaber.com.tr\/habercim\/wp-content\/uploads\/2026\/08\/1-15-768x201-255-670x201.jpg"},"resim1":{"file":"1-15-768x201-255-184x140.jpg","width":184,"height":140,"mime_type":"image\/jpeg","source_url":"https:\/\/adanaseshaber.com.tr\/habercim\/wp-content\/uploads\/2026\/08\/1-15-768x201-255-184x140.jpg"},"resim2":{"file":"1-15-768x201-255-216x103.jpg","width":216,"height":103,"mime_type":"image\/jpeg","source_url":"https:\/\/adanaseshaber.com.tr\/habercim\/wp-content\/uploads\/2026\/08\/1-15-768x201-255-216x103.jpg"},"resim3":{"file":"1-15-768x201-255-145x70.jpg","width":145,"height":70,"mime_type":"image\/jpeg","source_url":"https:\/\/adanaseshaber.com.tr\/habercim\/wp-content\/uploads\/2026\/08\/1-15-768x201-255-145x70.jpg"},"sagSlider":{"file":"1-15-768x201-255-300x150.jpg","width":300,"height":150,"mime_type":"image\/jpeg","source_url":"https:\/\/adanaseshaber.com.tr\/habercim\/wp-content\/uploads\/2026\/08\/1-15-768x201-255-300x150.jpg"},"yeniSlider":{"file":"1-15-768x201-255-500x201.jpg","width":500,"height":201,"mime_type":"image\/jpeg","source_url":"https:\/\/adanaseshaber.com.tr\/habercim\/wp-content\/uploads\/2026\/08\/1-15-768x201-255-500x201.jpg"},"full":{"file":"1-15-768x201-255.jpg","width":768,"height":201,"mime_type":"image\/jpeg","source_url":"https:\/\/adanaseshaber.com.tr\/habercim\/wp-content\/uploads\/2026\/08\/1-15-768x201-255.jpg"}},"image_meta":{"aperture":"0","credit":"","camera":"","caption":"","created_timestamp":"0","copyright":"","focal_length":"0","iso":"0","shutter_speed":"0","title":"","orientation":"0","keywords":[]}},"post":52346,"source_url":"https:\/\/adanaseshaber.com.tr\/habercim\/wp-content\/uploads\/2026\/08\/1-15-768x201-255.jpg","_links":{"self":[{"href":"https:\/\/adanaseshaber.com.tr\/habercim\/wp-json\/wp\/v2\/media\/52348"}],"collection":[{"href":"https:\/\/adanaseshaber.com.tr\/habercim\/wp-json\/wp\/v2\/media"}],"about":[{"href":"https:\/\/adanaseshaber.com.tr\/habercim\/wp-json\/wp\/v2\/types\/attachment"}],"author":[{"embeddable":true,"href":"https:\/\/adanaseshaber.com.tr\/habercim\/wp-json\/wp\/v2\/users\/2"}],"replies":[{"embeddable":true,"href":"https:\/\/adanaseshaber.com.tr\/habercim\/wp-json\/wp\/v2\/comments?post=52348"}]}}