{"id":52373,"date":"2026-08-19T01:46:39","date_gmt":"2026-08-18T22:46:39","guid":{"rendered":"https:\/\/adanaseshaber.com.tr\/habercim\/wp-content\/uploads\/2026\/08\/1-15-768x201-265.jpg"},"modified":"2026-08-19T01:49:37","modified_gmt":"2026-08-18T22:49:37","slug":"1-15-768x201-2856","status":"inherit","type":"attachment","link":"https:\/\/adanaseshaber.com.tr\/habercim\/genel\/sener-usumezsoydan-yeni-aciklama\/attachment\/1-15-768x201-2856\/","title":{"rendered":"\u015eener \u00dc\u015f\u00fcmezsoy&#8217;dan yeni a\u00e7\u0131klama"},"author":2,"comment_status":"open","ping_status":"closed","template":"","meta":[],"description":{"rendered":"<p class=\"attachment\"><a href='https:\/\/adanaseshaber.com.tr\/habercim\/wp-content\/uploads\/2026\/08\/1-15-768x201-265.jpg'><img width=\"300\" height=\"79\" src=\"https:\/\/adanaseshaber.com.tr\/habercim\/wp-content\/uploads\/2026\/08\/1-15-768x201-265-300x79.jpg\" class=\"attachment-medium size-medium\" alt=\"\" loading=\"lazy\" srcset=\"https:\/\/adanaseshaber.com.tr\/habercim\/wp-content\/uploads\/2026\/08\/1-15-768x201-265-300x79.jpg 300w, https:\/\/adanaseshaber.com.tr\/habercim\/wp-content\/uploads\/2026\/08\/1-15-768x201-265.jpg 768w\" sizes=\"(max-width: 300px) 100vw, 300px\" \/><\/a><\/p>\n"},"caption":{"rendered":"<p>CNN T\u00dcRK canl\u0131 yay\u0131n\u0131na ba\u011flanan deprem bilimci Prof. Dr. \u015eener \u00dc\u015f\u00fcmezsoy, Malatya&#8217;da bu sabah saat 06.20&#8217;de meydana gelen 5 b\u00fcy\u00fckl\u00fc\u011f\u00fcndeki depremi de\u011ferlendirdi. \u00d6te yandan Prof. Dr. \u00dc\u015f\u00fcmezsoy, olas\u0131 Marmara depremiyle ilgili g\u00f6r\u00fc\u015flerini de hat\u0131rlatarak yeni a\u00e7\u0131klamalarda bulundu.<br \/>\nAFAD&#8217;da yer alan bilgiye g\u00f6re, saat 06.20&#8217;de, merkez \u00fcss\u00fc Battalgazi olan 5 b\u00fcy\u00fckl\u00fc\u011f\u00fcnde sars\u0131nt\u0131 kaydedildi. Depremin yerin 15,59 kilometre derinli\u011finde meydana geldi\u011fi belirlendi. Deprem Bilimci Prof. Dr. \u015eener \u00dc\u015f\u00fcmezsoy, CNN T\u00dcRK canl\u0131 yay\u0131n\u0131nda son geli\u015fmelerle ilgili de\u011ferlendirmelerde bulundu.<\/p>\n<p>\u0130\u015fte Prof. Dr. \u00dc\u015f\u00fcmezsoy&#8217;un a\u00e7\u0131klamalar\u0131ndan sat\u0131r ba\u015flar\u0131:<\/p>\n<p>&#8220;(Malatya&#8217;daki 5&#8217;lik deprem 6 \u015eubat&#8217;\u0131n art\u00e7\u0131s\u0131 m\u0131 yoksa farkl\u0131 bir fay m\u0131?) Olay daha da karma\u015f\u0131k. 2020 Sivrice depremi oldu\u011funda k\u0131r\u0131lan fay hatt\u0131 Sivrice g\u00f6l\u00fcnden bat\u0131ya do\u011fru Do\u011fanyol ve oradan P\u00fct\u00fcrge&#8217;ye do\u011fru ilerliyordu ve P\u00fct\u00fcrge&#8217;de k\u0131r\u0131lma durdu. Burada stres bo\u015falmay\u0131nca, ben Sivrice depremi gecesi burada ya 6.0- 6.5&#8217;luk deprem olabilir buradaki stresi bo\u015falt\u0131r ya da bir\u00e7ok 5&#8217;lik deprem olabilir diye o zaman TV program\u0131nda s\u00f6ylemi\u015ftim. O zaman P\u00fct\u00fcrge&#8217;nin kuzeyinde, orada bir s\u00fcr\u00fc 5&#8217;lik depremler oluyor. Hatta bununla ilgili yazd\u0131\u011f\u0131m bir yaz\u0131da buna i\u015faret etmi\u015ftim.<\/p>\n<p>Buradaki fay neden k\u0131r\u0131lmad\u0131? Sebebi \u015fu; k\u0131r\u0131labilmesi i\u00e7in g\u00fcneydeki P\u00fct\u00fcrge blo\u011fu do\u011fuya do\u011fru gitmesi gerekiyor. Sincik fay\u0131 ters fay olarak bu fay\u0131 s\u0131k\u0131\u015ft\u0131r\u0131yor. S\u0131k\u0131\u015ft\u0131r\u0131nca iki g\u00fc\u00e7 birbirini s\u0131f\u0131rl\u0131yor. Ve orada bir hareket olamay\u0131nca bu fay bat\u0131ya do\u011fru hareket ediyor.<\/p>\n<p>K\u00fc\u00e7\u00fck k\u00fc\u00e7\u00fck bir s\u00fcr\u00fc k\u0131r\u0131k oldu\u011fu zaman s\u00fcrekli k\u0131r\u0131klar tazelenir. Burada bir s\u00fcr\u00fc bunun gibi k\u0131r\u0131klar oluyor. Bu yap\u0131 b\u00fcy\u00fck depreme d\u00f6n\u00fc\u015ft\u00fcrmez. Ama bir s\u00fcr\u00fc 5&#8217;lik ve 6 aras\u0131nda depremler olur. Ben bunlar\u0131 a\u00e7\u0131klam\u0131\u015ft\u0131m.<\/p>\n<p>OLASI MARMARA DEPREM\u0130<\/p>\n<p>Burada ger\u00e7ekten bilgi ve malumat aras\u0131nda bir ili\u015fki var. Biz 17 A\u011fustos&#8217;tan beri s\u00fcrekli malumatlar veriyoruz ama o anlatt\u0131\u011f\u0131m\u0131z veriler insanlar\u0131n kafas\u0131na girip kendi bilgileri haline d\u00f6n\u00fc\u015fmedi\u011fi i\u00e7in, bir sentez olmad\u0131\u011f\u0131 i\u00e7in b\u00f6yle olur olmaz laflarla korkmaya do\u011fru gidiyorlar.<\/p>\n<p>Bir b\u00f6lgede 7&#8217;lik deprem olmas\u0131 i\u00e7in 70-80 km. fay hatta daha uzun 10 km derinli\u011finde bin kilometre karelik bir zeminin stres y\u00fckl\u00fc olmas\u0131 laz\u0131m. \u015e\u00f6yle diyelim; en az\u0131ndan Marmara&#8217;da tablolardan biliyoruz, 80 km.&#8217;lik bir tablo var ve bu tablo kal\u0131n bir tablo oldu\u011fu i\u00e7in de cereyan dolu. E\u011fer o cereyan doluysa orada bir deprem olabilir, cereyan patlar. Ama Marmara&#8217;ya bak\u0131yoruz, 1999&#8217;dan sonra herkes Marmara boydan boya k\u0131r\u0131lacak diyordu. \u0130\u015fte 8.0&#8217;lik deprem, 7.8&#8217;lik deprem&#8230; S\u00fcrekli bol keseden at\u0131l\u0131yordu. Say\u0131 saymas\u0131n\u0131 bilmemek gibi. Fakat ger\u00e7ekte sonra bak\u0131ld\u0131 Marmara deniz alt\u0131na inildi\u011fi zaman; 1894&#8217;te 170 km.&#8217;lik Marmara&#8217;n\u0131n 60 km.&#8217;lik do\u011fu kesimi yani G\u00f6lc\u00fck&#8217;ten \u00c7\u0131narc\u0131k&#8217;a giden daha da bat\u0131ya giden kesimi 1894&#8217;te k\u0131r\u0131lm\u0131\u015ft\u0131. Yani cereyan 1894&#8217;te bo\u015fald\u0131. Enerji birikir birikir ondan sonra bu deprem tekrarlayabilir. Di\u011feri ise Marmara Adas\u0131 \u00f6n\u00fcnde 1912 y\u0131l\u0131nda fay k\u0131r\u0131ld\u0131 ve b\u00fct\u00fcn enerjisini bo\u015faltt\u0131ktan sonra \u015fimdi orada ak\u00fc s\u00fcrekli enerji ka\u00e7\u0131r\u0131yor, biriktiremiyor. Fay iki yana s\u00fcr\u00fcnerek gidiyor. Ve orada bir\u00e7ok deprem oluyor. K\u00fc\u00e7\u00fck k\u00fc\u00e7\u00fck depremler. \u0130\u015fte arkada\u015flar o depremleri g\u00f6r\u00fcnde eyvah b\u00fcy\u00fck Marmara depremi geliyor&#8230; Enerjisi bo\u015falm\u0131\u015f bir fayda ak\u00fc doldurmak yerine ak\u00fcy\u00fc bo\u015faltan bir olay.<\/p>\n<p>\u0130STANBUL \u0130\u00c7\u0130N R\u0130SKL\u0130 HAT<\/p>\n<p>Kuzey Anadolu Fay&#8217;\u0131 Adalar&#8217;a do\u011fru gitmiyor. Yalova-\u00c7\u0131narc\u0131k boyunda gidiyor. Tek par\u00e7a de\u011fil fay, iki par\u00e7a. Bu 6&#8217;l\u0131k depremler yap\u0131yor. Silivri ile Kumburgaz aras\u0131nda fay var. O fay 6-6.5&#8217;luk deprem yapar. Ama B\u00fcy\u00fck\u00e7ekmece&#8217;den Ye\u015filk\u00f6y&#8217;e kadar kesimde fay yok. 23 Nisan&#8217;da 6.3&#8217;l\u00fck deprem oldu. \u0130ki par\u00e7an\u0131n risk ta\u015f\u0131yan k\u0131sm\u0131 k\u0131r\u0131ld\u0131. K\u00f6pr\u00fc faylar var onlarda olacak depremler bu daha 23 Nisan&#8217;da s\u00f6yledi\u011fim bir s\u00f6z; Silivri \u00e7ukurunda 6&#8217;n\u0131n alt\u0131nda depremler olabilir. 5&#8217;lik depremlerin olaca\u011f\u0131 bir yerdir. Arkada\u015flar onu g\u00f6r\u00fcnce &#8220;eyvah b\u00fcy\u00fck deprem olur&#8221; diyor. Ama onlar bir harita al\u0131yorlar, boydan boya o harita \u00fczerinden konu\u015fuyorlar. Bunlar da insanlar\u0131 a\u015f\u0131r\u0131 panikletiyor ve hi\u00e7biri de \u00f6z\u00fcr dilemiyor.&#8221;<\/p>\n<p>Kaynak : milliyet.com.tr<\/p>\n"},"alt_text":"","media_type":"image","mime_type":"image\/jpeg","media_details":{"width":768,"height":201,"file":"2026\/08\/1-15-768x201-265.jpg","sizes":{"medium":{"file":"1-15-768x201-265-300x79.jpg","width":300,"height":79,"mime_type":"image\/jpeg","source_url":"https:\/\/adanaseshaber.com.tr\/habercim\/wp-content\/uploads\/2026\/08\/1-15-768x201-265-300x79.jpg"},"thumbnail":{"file":"1-15-768x201-265-150x150.jpg","width":150,"height":150,"mime_type":"image\/jpeg","source_url":"https:\/\/adanaseshaber.com.tr\/habercim\/wp-content\/uploads\/2026\/08\/1-15-768x201-265-150x150.jpg"},"kucukResim":{"file":"1-15-768x201-265-80x50.jpg","width":80,"height":50,"mime_type":"image\/jpeg","source_url":"https:\/\/adanaseshaber.com.tr\/habercim\/wp-content\/uploads\/2026\/08\/1-15-768x201-265-80x50.jpg"},"sliderResim":{"file":"1-15-768x201-265-670x201.jpg","width":670,"height":201,"mime_type":"image\/jpeg","source_url":"https:\/\/adanaseshaber.com.tr\/habercim\/wp-content\/uploads\/2026\/08\/1-15-768x201-265-670x201.jpg"},"resim1":{"file":"1-15-768x201-265-184x140.jpg","width":184,"height":140,"mime_type":"image\/jpeg","source_url":"https:\/\/adanaseshaber.com.tr\/habercim\/wp-content\/uploads\/2026\/08\/1-15-768x201-265-184x140.jpg"},"resim2":{"file":"1-15-768x201-265-216x103.jpg","width":216,"height":103,"mime_type":"image\/jpeg","source_url":"https:\/\/adanaseshaber.com.tr\/habercim\/wp-content\/uploads\/2026\/08\/1-15-768x201-265-216x103.jpg"},"resim3":{"file":"1-15-768x201-265-145x70.jpg","width":145,"height":70,"mime_type":"image\/jpeg","source_url":"https:\/\/adanaseshaber.com.tr\/habercim\/wp-content\/uploads\/2026\/08\/1-15-768x201-265-145x70.jpg"},"sagSlider":{"file":"1-15-768x201-265-300x150.jpg","width":300,"height":150,"mime_type":"image\/jpeg","source_url":"https:\/\/adanaseshaber.com.tr\/habercim\/wp-content\/uploads\/2026\/08\/1-15-768x201-265-300x150.jpg"},"yeniSlider":{"file":"1-15-768x201-265-500x201.jpg","width":500,"height":201,"mime_type":"image\/jpeg","source_url":"https:\/\/adanaseshaber.com.tr\/habercim\/wp-content\/uploads\/2026\/08\/1-15-768x201-265-500x201.jpg"},"full":{"file":"1-15-768x201-265.jpg","width":768,"height":201,"mime_type":"image\/jpeg","source_url":"https:\/\/adanaseshaber.com.tr\/habercim\/wp-content\/uploads\/2026\/08\/1-15-768x201-265.jpg"}},"image_meta":{"aperture":"0","credit":"","camera":"","caption":"","created_timestamp":"0","copyright":"","focal_length":"0","iso":"0","shutter_speed":"0","title":"","orientation":"0","keywords":[]}},"post":52371,"source_url":"https:\/\/adanaseshaber.com.tr\/habercim\/wp-content\/uploads\/2026\/08\/1-15-768x201-265.jpg","_links":{"self":[{"href":"https:\/\/adanaseshaber.com.tr\/habercim\/wp-json\/wp\/v2\/media\/52373"}],"collection":[{"href":"https:\/\/adanaseshaber.com.tr\/habercim\/wp-json\/wp\/v2\/media"}],"about":[{"href":"https:\/\/adanaseshaber.com.tr\/habercim\/wp-json\/wp\/v2\/types\/attachment"}],"author":[{"embeddable":true,"href":"https:\/\/adanaseshaber.com.tr\/habercim\/wp-json\/wp\/v2\/users\/2"}],"replies":[{"embeddable":true,"href":"https:\/\/adanaseshaber.com.tr\/habercim\/wp-json\/wp\/v2\/comments?post=52373"}]}}