{"id":52377,"date":"2026-08-19T19:21:10","date_gmt":"2026-08-19T16:21:10","guid":{"rendered":"https:\/\/adanaseshaber.com.tr\/habercim\/wp-content\/uploads\/2026\/08\/PARA-EMEKLI-1.jpg"},"modified":"2026-08-19T19:22:17","modified_gmt":"2026-08-19T16:22:17","slug":"para-emekli-3","status":"inherit","type":"attachment","link":"https:\/\/adanaseshaber.com.tr\/habercim\/foto-galeri\/onay-verildi\/attachment\/para-emekli-3\/","title":{"rendered":"Onay Verildi"},"author":2,"comment_status":"open","ping_status":"closed","template":"","meta":[],"description":{"rendered":"<p class=\"attachment\"><a href='https:\/\/adanaseshaber.com.tr\/habercim\/wp-content\/uploads\/2026\/08\/PARA-EMEKLI-1.jpg'><img width=\"300\" height=\"168\" src=\"https:\/\/adanaseshaber.com.tr\/habercim\/wp-content\/uploads\/2026\/08\/PARA-EMEKLI-1.jpg\" class=\"attachment-medium size-medium\" alt=\"\" loading=\"lazy\" \/><\/a><\/p>\n"},"caption":{"rendered":"<p>Temmuz 2026\u2019da emekli maa\u015flar\u0131na uygulanan zamlar\u0131n ard\u0131ndan, \u00f6demelere ili\u015fkin yeni d\u00fczenleme hayata ge\u00e7irildi. Temmuz 2026\u2019da emekli maa\u015flar\u0131na uygulanan zamlar\u0131n ard\u0131ndan, \u00f6demelere ili\u015fkin yeni d\u00fczenleme hayata ge\u00e7irildi. Milyonlarca memur ve emeklinin merakla bekledi\u011fi 2027 Ocak zam oranlar\u0131 i\u00e7in kritik s\u00fcre\u00e7 ba\u015flad\u0131. T\u00fcrkiye \u0130statistik Kurumu&#8217;nun (T\u00dc\u0130K) Temmuz ay\u0131 enflasyon rakamlar\u0131n\u0131 a\u00e7\u0131klamas\u0131yla birlikte alt\u0131 ayl\u0131k zam maratonunun ilk verisi netle\u015fti&#8230;.<\/p>\n<p>devam\u0131 sonraki sayfada&#8230; g\u00f6rsel \u00fczerinden do2&#8217;kununuz ge\u00e7ebilirsiniz&#8230;<\/p>\n"},"alt_text":"","media_type":"image","mime_type":"image\/jpeg","media_details":{"width":300,"height":168,"file":"2026\/08\/PARA-EMEKLI-1.jpg","sizes":{"thumbnail":{"file":"PARA-EMEKLI-1-150x150.jpg","width":150,"height":150,"mime_type":"image\/jpeg","source_url":"https:\/\/adanaseshaber.com.tr\/habercim\/wp-content\/uploads\/2026\/08\/PARA-EMEKLI-1-150x150.jpg"},"kucukResim":{"file":"PARA-EMEKLI-1-80x50.jpg","width":80,"height":50,"mime_type":"image\/jpeg","source_url":"https:\/\/adanaseshaber.com.tr\/habercim\/wp-content\/uploads\/2026\/08\/PARA-EMEKLI-1-80x50.jpg"},"resim1":{"file":"PARA-EMEKLI-1-184x140.jpg","width":184,"height":140,"mime_type":"image\/jpeg","source_url":"https:\/\/adanaseshaber.com.tr\/habercim\/wp-content\/uploads\/2026\/08\/PARA-EMEKLI-1-184x140.jpg"},"resim2":{"file":"PARA-EMEKLI-1-216x103.jpg","width":216,"height":103,"mime_type":"image\/jpeg","source_url":"https:\/\/adanaseshaber.com.tr\/habercim\/wp-content\/uploads\/2026\/08\/PARA-EMEKLI-1-216x103.jpg"},"resim3":{"file":"PARA-EMEKLI-1-145x70.jpg","width":145,"height":70,"mime_type":"image\/jpeg","source_url":"https:\/\/adanaseshaber.com.tr\/habercim\/wp-content\/uploads\/2026\/08\/PARA-EMEKLI-1-145x70.jpg"},"sagSlider":{"file":"PARA-EMEKLI-1-300x150.jpg","width":300,"height":150,"mime_type":"image\/jpeg","source_url":"https:\/\/adanaseshaber.com.tr\/habercim\/wp-content\/uploads\/2026\/08\/PARA-EMEKLI-1-300x150.jpg"},"full":{"file":"PARA-EMEKLI-1.jpg","width":300,"height":168,"mime_type":"image\/jpeg","source_url":"https:\/\/adanaseshaber.com.tr\/habercim\/wp-content\/uploads\/2026\/08\/PARA-EMEKLI-1.jpg"}},"image_meta":{"aperture":"0","credit":"","camera":"","caption":"","created_timestamp":"0","copyright":"","focal_length":"0","iso":"0","shutter_speed":"0","title":"","orientation":"0","keywords":[]}},"post":52376,"source_url":"https:\/\/adanaseshaber.com.tr\/habercim\/wp-content\/uploads\/2026\/08\/PARA-EMEKLI-1.jpg","_links":{"self":[{"href":"https:\/\/adanaseshaber.com.tr\/habercim\/wp-json\/wp\/v2\/media\/52377"}],"collection":[{"href":"https:\/\/adanaseshaber.com.tr\/habercim\/wp-json\/wp\/v2\/media"}],"about":[{"href":"https:\/\/adanaseshaber.com.tr\/habercim\/wp-json\/wp\/v2\/types\/attachment"}],"author":[{"embeddable":true,"href":"https:\/\/adanaseshaber.com.tr\/habercim\/wp-json\/wp\/v2\/users\/2"}],"replies":[{"embeddable":true,"href":"https:\/\/adanaseshaber.com.tr\/habercim\/wp-json\/wp\/v2\/comments?post=52377"}]}}