{"id":52378,"date":"2026-08-19T19:21:15","date_gmt":"2026-08-19T16:21:15","guid":{"rendered":"https:\/\/adanaseshaber.com.tr\/habercim\/wp-content\/uploads\/2026\/08\/1-15-768x201-267.jpg"},"modified":"2026-08-19T19:23:44","modified_gmt":"2026-08-19T16:23:44","slug":"1-15-768x201-2858","status":"inherit","type":"attachment","link":"https:\/\/adanaseshaber.com.tr\/habercim\/foto-galeri\/onay-verildi\/attachment\/1-15-768x201-2858\/","title":{"rendered":"Onay Verildi"},"author":2,"comment_status":"open","ping_status":"closed","template":"","meta":[],"description":{"rendered":"<p class=\"attachment\"><a href='https:\/\/adanaseshaber.com.tr\/habercim\/wp-content\/uploads\/2026\/08\/1-15-768x201-267.jpg'><img width=\"300\" height=\"79\" src=\"https:\/\/adanaseshaber.com.tr\/habercim\/wp-content\/uploads\/2026\/08\/1-15-768x201-267-300x79.jpg\" class=\"attachment-medium size-medium\" alt=\"\" loading=\"lazy\" srcset=\"https:\/\/adanaseshaber.com.tr\/habercim\/wp-content\/uploads\/2026\/08\/1-15-768x201-267-300x79.jpg 300w, https:\/\/adanaseshaber.com.tr\/habercim\/wp-content\/uploads\/2026\/08\/1-15-768x201-267.jpg 768w\" sizes=\"(max-width: 300px) 100vw, 300px\" \/><\/a><\/p>\n"},"caption":{"rendered":"<p>Anayasa Mahkemesi, \u00c7ilesiz&#8217;in bireysel ba\u015fvurusunu 6 A\u011fustos 2026&#8217;da g\u00f6r\u00fc\u015ft\u00fc. Mahkeme, ikinci ba\u015fvurunun daha \u00f6nce a\u00e7\u0131lan dosyayla birle\u015ftirilmesine karar verdi. B\u00f6ylece uyu\u015fmazl\u0131kla ilgili hukuki s\u00fcre\u00e7te yeni bir a\u015famaya ge\u00e7ilmi\u015f oldu.<\/p>\n<p>Avukat Ali Erdem G\u00fcndo\u011fan, esas incelemenin ilk dosya \u00fczerinden y\u00fcr\u00fct\u00fclece\u011fini belirterek, karar\u0131n AYM&#8217;nin nihai de\u011ferlendirmesine ili\u015fkin \u00f6nemli bir a\u015fama oldu\u011funu ifade etti. Son d\u00f6nemde g\u00fcndeme gelen yakla\u015f\u0131k 25 bin liral\u0131k seyyanen zam hesab\u0131, 2023&#8217;te 8 bin 77 lira olarak uygulanan ilave \u00f6demenin g\u00fcncel katsay\u0131larla hesaplanmas\u0131na dayan\u0131yor. Ancak AYM&#8217;nin hen\u00fcz nihai karar vermemi\u015f olmas\u0131 nedeniyle 25 bin liral\u0131k art\u0131\u015f\u0131n emekli maa\u015flar\u0131na kesin olarak yans\u0131t\u0131laca\u011f\u0131 s\u00f6ylenemiyor. Olas\u0131 bir karar\u0131n ard\u0131ndan tutar\u0131n nas\u0131l hesaplanaca\u011f\u0131 ve hangi d\u00f6nemleri kapsayaca\u011f\u0131 ayr\u0131ca belirlenecek.<br \/>\nTemmuz 2023&#8217;te g\u00f6revdeki kamu \u00e7al\u0131\u015fanlar\u0131na 8 bin 77 lira ilave \u00f6deme yap\u0131lmas\u0131 kararla\u015ft\u0131r\u0131lm\u0131\u015ft\u0131. S\u00f6z konusu \u00f6deme memurlar\u0131n maa\u015flar\u0131na yans\u0131rken memur emeklilerinin ayl\u0131k hesaplamalar\u0131na dahil edilmedi. Bu farkl\u0131l\u0131k nedeniyle emekli maa\u015flar\u0131na da ayn\u0131 \u00f6demenin yans\u0131t\u0131lmas\u0131 talebiyle hukuki s\u00fcre\u00e7 ba\u015flat\u0131ld\u0131. Konu daha sonra bireysel ba\u015fvurular yoluyla Anayasa Mahkemesi&#8217;nin g\u00fcndemine ta\u015f\u0131nd\u0131.<br \/>\nBu nedenle AYM&#8217;nin olumlu karar vermesi halinde i\u015f\u00e7i, esnaf ve \u00e7ift\u00e7i emeklilerinin s\u00f6z konusu d\u00fczenlemeden yararlanamayaca\u011f\u0131 ifade ediliyor. \u015eu an i\u00e7in emekliye 25 bin TL seyyanen zam kesinle\u015fmi\u015f de\u011fil. AYM&#8217;nin dosyalar\u0131 birle\u015ftirmesinin ard\u0131ndan g\u00f6zler esas hakk\u0131ndaki de\u011ferlendirmeye \u00e7evrildi.<\/p>\n<p>Kaynak : yenisafak.com<\/p>\n"},"alt_text":"","media_type":"image","mime_type":"image\/jpeg","media_details":{"width":768,"height":201,"file":"2026\/08\/1-15-768x201-267.jpg","sizes":{"medium":{"file":"1-15-768x201-267-300x79.jpg","width":300,"height":79,"mime_type":"image\/jpeg","source_url":"https:\/\/adanaseshaber.com.tr\/habercim\/wp-content\/uploads\/2026\/08\/1-15-768x201-267-300x79.jpg"},"thumbnail":{"file":"1-15-768x201-267-150x150.jpg","width":150,"height":150,"mime_type":"image\/jpeg","source_url":"https:\/\/adanaseshaber.com.tr\/habercim\/wp-content\/uploads\/2026\/08\/1-15-768x201-267-150x150.jpg"},"kucukResim":{"file":"1-15-768x201-267-80x50.jpg","width":80,"height":50,"mime_type":"image\/jpeg","source_url":"https:\/\/adanaseshaber.com.tr\/habercim\/wp-content\/uploads\/2026\/08\/1-15-768x201-267-80x50.jpg"},"sliderResim":{"file":"1-15-768x201-267-670x201.jpg","width":670,"height":201,"mime_type":"image\/jpeg","source_url":"https:\/\/adanaseshaber.com.tr\/habercim\/wp-content\/uploads\/2026\/08\/1-15-768x201-267-670x201.jpg"},"resim1":{"file":"1-15-768x201-267-184x140.jpg","width":184,"height":140,"mime_type":"image\/jpeg","source_url":"https:\/\/adanaseshaber.com.tr\/habercim\/wp-content\/uploads\/2026\/08\/1-15-768x201-267-184x140.jpg"},"resim2":{"file":"1-15-768x201-267-216x103.jpg","width":216,"height":103,"mime_type":"image\/jpeg","source_url":"https:\/\/adanaseshaber.com.tr\/habercim\/wp-content\/uploads\/2026\/08\/1-15-768x201-267-216x103.jpg"},"resim3":{"file":"1-15-768x201-267-145x70.jpg","width":145,"height":70,"mime_type":"image\/jpeg","source_url":"https:\/\/adanaseshaber.com.tr\/habercim\/wp-content\/uploads\/2026\/08\/1-15-768x201-267-145x70.jpg"},"sagSlider":{"file":"1-15-768x201-267-300x150.jpg","width":300,"height":150,"mime_type":"image\/jpeg","source_url":"https:\/\/adanaseshaber.com.tr\/habercim\/wp-content\/uploads\/2026\/08\/1-15-768x201-267-300x150.jpg"},"yeniSlider":{"file":"1-15-768x201-267-500x201.jpg","width":500,"height":201,"mime_type":"image\/jpeg","source_url":"https:\/\/adanaseshaber.com.tr\/habercim\/wp-content\/uploads\/2026\/08\/1-15-768x201-267-500x201.jpg"},"full":{"file":"1-15-768x201-267.jpg","width":768,"height":201,"mime_type":"image\/jpeg","source_url":"https:\/\/adanaseshaber.com.tr\/habercim\/wp-content\/uploads\/2026\/08\/1-15-768x201-267.jpg"}},"image_meta":{"aperture":"0","credit":"","camera":"","caption":"","created_timestamp":"0","copyright":"","focal_length":"0","iso":"0","shutter_speed":"0","title":"","orientation":"0","keywords":[]}},"post":52376,"source_url":"https:\/\/adanaseshaber.com.tr\/habercim\/wp-content\/uploads\/2026\/08\/1-15-768x201-267.jpg","_links":{"self":[{"href":"https:\/\/adanaseshaber.com.tr\/habercim\/wp-json\/wp\/v2\/media\/52378"}],"collection":[{"href":"https:\/\/adanaseshaber.com.tr\/habercim\/wp-json\/wp\/v2\/media"}],"about":[{"href":"https:\/\/adanaseshaber.com.tr\/habercim\/wp-json\/wp\/v2\/types\/attachment"}],"author":[{"embeddable":true,"href":"https:\/\/adanaseshaber.com.tr\/habercim\/wp-json\/wp\/v2\/users\/2"}],"replies":[{"embeddable":true,"href":"https:\/\/adanaseshaber.com.tr\/habercim\/wp-json\/wp\/v2\/comments?post=52378"}]}}