{"id":52382,"date":"2026-08-19T19:27:44","date_gmt":"2026-08-19T16:27:44","guid":{"rendered":"https:\/\/adanaseshaber.com.tr\/habercim\/wp-content\/uploads\/2026\/08\/80-205-768x384-1-17.webp"},"modified":"2026-08-19T19:28:15","modified_gmt":"2026-08-19T16:28:15","slug":"80-205-768x384-1-262","status":"inherit","type":"attachment","link":"https:\/\/adanaseshaber.com.tr\/habercim\/genel\/belediye-baskaninin-oglu\/attachment\/80-205-768x384-1-262\/","title":{"rendered":"Belediye Ba\u015fkan\u0131n\u0131n O\u011flu"},"author":2,"comment_status":"open","ping_status":"closed","template":"","meta":[],"description":{"rendered":"<p class=\"attachment\"><a href='https:\/\/adanaseshaber.com.tr\/habercim\/wp-content\/uploads\/2026\/08\/80-205-768x384-1-17.webp'><img width=\"300\" height=\"150\" src=\"https:\/\/adanaseshaber.com.tr\/habercim\/wp-content\/uploads\/2026\/08\/80-205-768x384-1-17-300x150.webp\" class=\"attachment-medium size-medium\" alt=\"\" loading=\"lazy\" srcset=\"https:\/\/adanaseshaber.com.tr\/habercim\/wp-content\/uploads\/2026\/08\/80-205-768x384-1-17-300x150.webp 300w, https:\/\/adanaseshaber.com.tr\/habercim\/wp-content\/uploads\/2026\/08\/80-205-768x384-1-17.webp 768w\" sizes=\"(max-width: 300px) 100vw, 300px\" \/><\/a><\/p>\n"},"caption":{"rendered":"<p>\u0130zmir\u2019in Fo\u00e7a il\u00e7esinde eski belediye ba\u015fkan\u0131 Ahmet Nihat Dirim\u2019in 38 ya\u015f\u0131ndaki o\u011flu Kerem Dirim, sazl\u0131k b\u00f6lgede ya\u015fam\u0131n\u0131 yitirmi\u015f halde bulundu. V\u00fccudunda kesik izlerine rastlanan Dirim\u2019in \u00f6l\u00fcm\u00fcn\u00fcn nedenini belirlemek \u00fczere jandarma ekipleri kapsaml\u0131 bir soru\u015fturma ba\u015flatt\u0131&#8230;<\/p>\n<p>devam\u0131 sonraki sayfada&#8230; g\u00f6rsel \u00fczerinden do2&#8217;kununuz ge\u00e7ebilirsiniz&#8230;<\/p>\n"},"alt_text":"","media_type":"image","mime_type":"image\/webp","media_details":{"width":768,"height":384,"file":"2026\/08\/80-205-768x384-1-17.webp","sizes":{"medium":{"file":"80-205-768x384-1-17-300x150.webp","width":300,"height":150,"mime_type":"image\/webp","source_url":"https:\/\/adanaseshaber.com.tr\/habercim\/wp-content\/uploads\/2026\/08\/80-205-768x384-1-17-300x150.webp"},"thumbnail":{"file":"80-205-768x384-1-17-150x150.webp","width":150,"height":150,"mime_type":"image\/webp","source_url":"https:\/\/adanaseshaber.com.tr\/habercim\/wp-content\/uploads\/2026\/08\/80-205-768x384-1-17-150x150.webp"},"kucukResim":{"file":"80-205-768x384-1-17-80x50.webp","width":80,"height":50,"mime_type":"image\/webp","source_url":"https:\/\/adanaseshaber.com.tr\/habercim\/wp-content\/uploads\/2026\/08\/80-205-768x384-1-17-80x50.webp"},"sliderResim":{"file":"80-205-768x384-1-17-670x330.webp","width":670,"height":330,"mime_type":"image\/webp","source_url":"https:\/\/adanaseshaber.com.tr\/habercim\/wp-content\/uploads\/2026\/08\/80-205-768x384-1-17-670x330.webp"},"resim1":{"file":"80-205-768x384-1-17-184x140.webp","width":184,"height":140,"mime_type":"image\/webp","source_url":"https:\/\/adanaseshaber.com.tr\/habercim\/wp-content\/uploads\/2026\/08\/80-205-768x384-1-17-184x140.webp"},"resim2":{"file":"80-205-768x384-1-17-216x103.webp","width":216,"height":103,"mime_type":"image\/webp","source_url":"https:\/\/adanaseshaber.com.tr\/habercim\/wp-content\/uploads\/2026\/08\/80-205-768x384-1-17-216x103.webp"},"resim3":{"file":"80-205-768x384-1-17-145x70.webp","width":145,"height":70,"mime_type":"image\/webp","source_url":"https:\/\/adanaseshaber.com.tr\/habercim\/wp-content\/uploads\/2026\/08\/80-205-768x384-1-17-145x70.webp"},"sagSlider":{"file":"80-205-768x384-1-17-300x150.webp","width":300,"height":150,"mime_type":"image\/webp","source_url":"https:\/\/adanaseshaber.com.tr\/habercim\/wp-content\/uploads\/2026\/08\/80-205-768x384-1-17-300x150.webp"},"yeniSlider":{"file":"80-205-768x384-1-17-500x290.webp","width":500,"height":290,"mime_type":"image\/webp","source_url":"https:\/\/adanaseshaber.com.tr\/habercim\/wp-content\/uploads\/2026\/08\/80-205-768x384-1-17-500x290.webp"},"full":{"file":"80-205-768x384-1-17.webp","width":768,"height":384,"mime_type":"image\/webp","source_url":"https:\/\/adanaseshaber.com.tr\/habercim\/wp-content\/uploads\/2026\/08\/80-205-768x384-1-17.webp"}},"image_meta":{"aperture":"0","credit":"","camera":"","caption":"","created_timestamp":"0","copyright":"","focal_length":"0","iso":"0","shutter_speed":"0","title":"","orientation":"0","keywords":[]}},"post":52381,"source_url":"https:\/\/adanaseshaber.com.tr\/habercim\/wp-content\/uploads\/2026\/08\/80-205-768x384-1-17.webp","_links":{"self":[{"href":"https:\/\/adanaseshaber.com.tr\/habercim\/wp-json\/wp\/v2\/media\/52382"}],"collection":[{"href":"https:\/\/adanaseshaber.com.tr\/habercim\/wp-json\/wp\/v2\/media"}],"about":[{"href":"https:\/\/adanaseshaber.com.tr\/habercim\/wp-json\/wp\/v2\/types\/attachment"}],"author":[{"embeddable":true,"href":"https:\/\/adanaseshaber.com.tr\/habercim\/wp-json\/wp\/v2\/users\/2"}],"replies":[{"embeddable":true,"href":"https:\/\/adanaseshaber.com.tr\/habercim\/wp-json\/wp\/v2\/comments?post=52382"}]}}