{"id":52408,"date":"2026-08-21T01:45:24","date_gmt":"2026-08-20T22:45:24","guid":{"rendered":"https:\/\/adanaseshaber.com.tr\/habercim\/wp-content\/uploads\/2026\/08\/1-15-768x201-279.jpg"},"modified":"2026-08-21T01:47:42","modified_gmt":"2026-08-20T22:47:42","slug":"1-15-768x201-2870","status":"inherit","type":"attachment","link":"https:\/\/adanaseshaber.com.tr\/habercim\/foto-galeri\/ankara-cumhuriyet-bassavciligi\/attachment\/1-15-768x201-2870\/","title":{"rendered":"Ankara Cumhuriyet Ba\u015fsavc\u0131l\u0131\u011f\u0131"},"author":2,"comment_status":"open","ping_status":"closed","template":"","meta":[],"description":{"rendered":"<p class=\"attachment\"><a href='https:\/\/adanaseshaber.com.tr\/habercim\/wp-content\/uploads\/2026\/08\/1-15-768x201-279.jpg'><img width=\"300\" height=\"79\" src=\"https:\/\/adanaseshaber.com.tr\/habercim\/wp-content\/uploads\/2026\/08\/1-15-768x201-279-300x79.jpg\" class=\"attachment-medium size-medium\" alt=\"\" loading=\"lazy\" srcset=\"https:\/\/adanaseshaber.com.tr\/habercim\/wp-content\/uploads\/2026\/08\/1-15-768x201-279-300x79.jpg 300w, https:\/\/adanaseshaber.com.tr\/habercim\/wp-content\/uploads\/2026\/08\/1-15-768x201-279.jpg 768w\" sizes=\"(max-width: 300px) 100vw, 300px\" \/><\/a><\/p>\n"},"caption":{"rendered":"<p>Ankara\u2019da sahte i\u00e7ki k\u00e2busu s\u00fcr\u00fcyor. Sahte i\u00e7ki nedeniyle hayat\u0131n\u0131 kaybedenlerin say\u0131s\u0131 59\u2019a y\u00fckseldi. Ankara Cumhuriyet Ba\u015fsavc\u0131l\u0131\u011f\u0131\u2019n\u0131n y\u00fcr\u00fctt\u00fc\u011f\u00fc operasyonlarda \u015fu ana kadar 28 \u015f\u00fcpheli tutukland\u0131.<br \/>\nAnkara\u2019da sahte i\u00e7ki nedeniyle 59 ki\u015fi hayat\u0131n\u0131 kaybetti, 35 ki\u015finin ise yo\u011fun bak\u0131mda tedavileri s\u00fcr\u00fcyor.<\/p>\n<p>Ankara Cumhuriyet Ba\u015fsavc\u0131l\u0131\u011f\u0131, Ankara Bat\u0131 ve Polatl\u0131 ba\u015fsavc\u0131l\u0131klar\u0131 ile koordineli olarak, \u201cka\u00e7ak\u00e7\u0131l\u0131k\u201d ve \u201colas\u0131 kastla \u00f6l\u00fcme sebebiyet verme\u201d su\u00e7lar\u0131ndan geni\u015f kapsaml\u0131 soru\u015fturmalar ba\u015flatt\u0131. Soru\u015fturmalar kapsam\u0131nda \u015fu ana kadar 28 ki\u015fi tutuklan\u0131rken, ka\u00e7ak i\u00e7ki \u00fcretimi ve sat\u0131\u015f\u0131yla ba\u011flant\u0131l\u0131 oldu\u011fu d\u00fc\u015f\u00fcn\u00fclen 30 ki\u015fi adli kontrol \u015fart\u0131yla serbest b\u0131rak\u0131ld\u0131.<br \/>\nSahte i\u00e7ki neden \u00f6ld\u00fcr\u00fcyor?<br \/>\nMetil alkol (metanol), end\u00fcstride kullan\u0131lan ve insan t\u00fcketimi i\u00e7in uygun olmayan bir alkol t\u00fcr\u00fcd\u00fcr. Genellikle antifriz, boya \u00e7\u00f6z\u00fcc\u00fc ve temizlik \u00fcr\u00fcnlerinde kullan\u0131l\u0131yor. Sahte i\u00e7ki \u00fcretiminde maliyeti d\u00fc\u015f\u00fcrmek amac\u0131yla kullan\u0131lan metil alkol, insan v\u00fccudunda toksik bile\u015fiklere d\u00f6n\u00fc\u015ferek ciddi sa\u011fl\u0131k sorunlar\u0131na yol a\u00e7ar.<\/p>\n<p>V\u00fccuda al\u0131nd\u0131\u011f\u0131nda formaldehit ve formik asit gibi maddelere d\u00f6n\u00fc\u015fen metil alkol, \u00f6zellikle merkezi sinir sistemi \u00fczerinde y\u0131k\u0131c\u0131 etkiler yapar. K\u00f6rl\u00fc\u011fe, organ yetmezli\u011fine ve \u00f6l\u00fcme neden olabiliyor.<\/p>\n<p>Metil ve etil alkol aras\u0131ndaki fark nedir?<br \/>\nEtil alkol (etanol), alkoll\u00fc i\u00e7eceklerde kullan\u0131lan ve insan v\u00fccudu taraf\u0131ndan metabolize edilebilen bir alkol t\u00fcr\u00fcd\u00fcr. Buna kar\u015f\u0131n, metil alkol insan t\u00fcketimine uygun de\u011fildir ve son derece zehirlidir. Kimyasal yap\u0131lar\u0131 farkl\u0131d\u0131r; etil alkol\u00fcn form\u00fcl\u00fc C\u2082H\u2085OH iken metil alkol\u00fcn form\u00fcl\u00fc CH\u2083OH\u2019tur. Metil alkol, sahte i\u00e7ecek \u00fcreticileri taraf\u0131ndan s\u0131k\u00e7a tercih edilir \u00e7\u00fcnk\u00fc daha ucuzdur ve temin edilmesi kolayd\u0131r.<\/p>\n<p>Sahte i\u00e7ki nas\u0131l \u00f6ld\u00fcr\u00fcyor?<br \/>\nSahte i\u00e7ki nas\u0131l anla\u015f\u0131l\u0131r?<br \/>\nSahte i\u00e7ki nas\u0131l tespit edilir?<br \/>\nHangi \u00fclkede ya\u015farsan\u0131z ya\u015fay\u0131n sahte i\u00e7ki ile bir g\u00fcn kar\u015f\u0131la\u015fabilirsiniz. Sahte i\u00e7kiler ne kokusundan, ne de tad\u0131ndan anla\u015f\u0131l\u0131yor. Uzmanlar a\u00e7\u0131k gelen \u015fi\u015felerden \u015f\u00fcphelenilmesi gerekti\u011finin alt\u0131n\u0131 \u00e7iziyor.<br \/>\n\u0130\u00e7ki \u015fi\u015felerindeki barkod ve etiketler de \u00f6nemli ipu\u00e7lar\u0131 veriyor. G\u0130B\u2019in mobil uygulamas\u0131 bondroll\u00fc \u00fcr\u00fcn izleme sistemi sayesinde alkol\u00fcn sahte olup olmad\u0131\u011f\u0131 anla\u015f\u0131labiliyor. Tek yap\u0131lmas\u0131 gereken \u015fi\u015fe \u00fczerindeki barkodu telefona okutmak.<\/p>\n<p>Uluslararas\u0131 Polis Te\u015fkilat\u0131\u2019na (Interpol) g\u00f6re e\u011fer i\u00e7ki normal fiyat\u0131n\u0131n \u00e7ok alt\u0131nda sat\u0131l\u0131yorsa b\u00fcy\u00fck ihtimalle ka\u00e7ak olabilir. <\/p>\n<p>Kaynak : medyascope.tv<\/p>\n"},"alt_text":"","media_type":"image","mime_type":"image\/jpeg","media_details":{"width":768,"height":201,"file":"2026\/08\/1-15-768x201-279.jpg","sizes":{"medium":{"file":"1-15-768x201-279-300x79.jpg","width":300,"height":79,"mime_type":"image\/jpeg","source_url":"https:\/\/adanaseshaber.com.tr\/habercim\/wp-content\/uploads\/2026\/08\/1-15-768x201-279-300x79.jpg"},"thumbnail":{"file":"1-15-768x201-279-150x150.jpg","width":150,"height":150,"mime_type":"image\/jpeg","source_url":"https:\/\/adanaseshaber.com.tr\/habercim\/wp-content\/uploads\/2026\/08\/1-15-768x201-279-150x150.jpg"},"kucukResim":{"file":"1-15-768x201-279-80x50.jpg","width":80,"height":50,"mime_type":"image\/jpeg","source_url":"https:\/\/adanaseshaber.com.tr\/habercim\/wp-content\/uploads\/2026\/08\/1-15-768x201-279-80x50.jpg"},"sliderResim":{"file":"1-15-768x201-279-670x201.jpg","width":670,"height":201,"mime_type":"image\/jpeg","source_url":"https:\/\/adanaseshaber.com.tr\/habercim\/wp-content\/uploads\/2026\/08\/1-15-768x201-279-670x201.jpg"},"resim1":{"file":"1-15-768x201-279-184x140.jpg","width":184,"height":140,"mime_type":"image\/jpeg","source_url":"https:\/\/adanaseshaber.com.tr\/habercim\/wp-content\/uploads\/2026\/08\/1-15-768x201-279-184x140.jpg"},"resim2":{"file":"1-15-768x201-279-216x103.jpg","width":216,"height":103,"mime_type":"image\/jpeg","source_url":"https:\/\/adanaseshaber.com.tr\/habercim\/wp-content\/uploads\/2026\/08\/1-15-768x201-279-216x103.jpg"},"resim3":{"file":"1-15-768x201-279-145x70.jpg","width":145,"height":70,"mime_type":"image\/jpeg","source_url":"https:\/\/adanaseshaber.com.tr\/habercim\/wp-content\/uploads\/2026\/08\/1-15-768x201-279-145x70.jpg"},"sagSlider":{"file":"1-15-768x201-279-300x150.jpg","width":300,"height":150,"mime_type":"image\/jpeg","source_url":"https:\/\/adanaseshaber.com.tr\/habercim\/wp-content\/uploads\/2026\/08\/1-15-768x201-279-300x150.jpg"},"yeniSlider":{"file":"1-15-768x201-279-500x201.jpg","width":500,"height":201,"mime_type":"image\/jpeg","source_url":"https:\/\/adanaseshaber.com.tr\/habercim\/wp-content\/uploads\/2026\/08\/1-15-768x201-279-500x201.jpg"},"full":{"file":"1-15-768x201-279.jpg","width":768,"height":201,"mime_type":"image\/jpeg","source_url":"https:\/\/adanaseshaber.com.tr\/habercim\/wp-content\/uploads\/2026\/08\/1-15-768x201-279.jpg"}},"image_meta":{"aperture":"0","credit":"","camera":"","caption":"","created_timestamp":"0","copyright":"","focal_length":"0","iso":"0","shutter_speed":"0","title":"","orientation":"0","keywords":[]}},"post":52406,"source_url":"https:\/\/adanaseshaber.com.tr\/habercim\/wp-content\/uploads\/2026\/08\/1-15-768x201-279.jpg","_links":{"self":[{"href":"https:\/\/adanaseshaber.com.tr\/habercim\/wp-json\/wp\/v2\/media\/52408"}],"collection":[{"href":"https:\/\/adanaseshaber.com.tr\/habercim\/wp-json\/wp\/v2\/media"}],"about":[{"href":"https:\/\/adanaseshaber.com.tr\/habercim\/wp-json\/wp\/v2\/types\/attachment"}],"author":[{"embeddable":true,"href":"https:\/\/adanaseshaber.com.tr\/habercim\/wp-json\/wp\/v2\/users\/2"}],"replies":[{"embeddable":true,"href":"https:\/\/adanaseshaber.com.tr\/habercim\/wp-json\/wp\/v2\/comments?post=52408"}]}}