{"id":52413,"date":"2026-08-21T01:51:27","date_gmt":"2026-08-20T22:51:27","guid":{"rendered":"https:\/\/adanaseshaber.com.tr\/habercim\/wp-content\/uploads\/2026\/08\/1-15-768x201-281.jpg"},"modified":"2026-08-21T01:53:23","modified_gmt":"2026-08-20T22:53:23","slug":"1-15-768x201-2872","status":"inherit","type":"attachment","link":"https:\/\/adanaseshaber.com.tr\/habercim\/foto-galeri\/durandan-netanyahuya-cevap\/attachment\/1-15-768x201-2872\/","title":{"rendered":"Duran&#8217;dan Netanyahu&#8217;ya cevap"},"author":2,"comment_status":"open","ping_status":"closed","template":"","meta":[],"description":{"rendered":"<p class=\"attachment\"><a href='https:\/\/adanaseshaber.com.tr\/habercim\/wp-content\/uploads\/2026\/08\/1-15-768x201-281.jpg'><img width=\"300\" height=\"79\" src=\"https:\/\/adanaseshaber.com.tr\/habercim\/wp-content\/uploads\/2026\/08\/1-15-768x201-281-300x79.jpg\" class=\"attachment-medium size-medium\" alt=\"\" loading=\"lazy\" srcset=\"https:\/\/adanaseshaber.com.tr\/habercim\/wp-content\/uploads\/2026\/08\/1-15-768x201-281-300x79.jpg 300w, https:\/\/adanaseshaber.com.tr\/habercim\/wp-content\/uploads\/2026\/08\/1-15-768x201-281.jpg 768w\" sizes=\"(max-width: 300px) 100vw, 300px\" \/><\/a><\/p>\n"},"caption":{"rendered":"<p>Cumhurba\u015fkanl\u0131\u011f\u0131 \u0130leti\u015fim Ba\u015fkan\u0131 Burhanettin Duran, Netanyahu&#8217;nun k\u00fcstah a\u00e7\u0131klamalar\u0131na sert tepki g\u00f6sterdi.<\/p>\n<p>\u0130leti\u015fim Ba\u015fkan\u0131 Duran, \u0130srail Ba\u015fbakan\u0131 Binyamin Netanyahu&#8217;nun T\u00fcrkiye&#8217;yi hedef alan a\u00e7\u0131klamalar\u0131na y\u00f6nelik Anadolu Ajans\u0131n\u0131n (AA) sorular\u0131n\u0131 yan\u0131tlad\u0131.<\/p>\n<p>&#8220;T\u00dcRK\u0130YE&#8217;YE VE B\u00d6LGE \u00dcLKELER\u0130NE OLAN D\u00dc\u015eMANLI\u011eI K\u00d6R\u00dcKLEMEKTE&#8221;<br \/>\nSoru: \u0130srail Ba\u015fbakan\u0131 Binyamin Netanyahu&#8217;nun T\u00fcrkiye&#8217;yi hedef alan a\u00e7\u0131klamalar\u0131n\u0131 nas\u0131l de\u011ferlendiriyorsunuz?<\/p>\n<p>Burhanettin Duran: Netanyahu&#8217;nun verdi\u011fi bir m\u00fclakatta T\u00fcrkiye ve Suriye&#8217;ye y\u00f6nelik dile getirdi\u011fi tehdit ve yalanlar, \u0130srail Ba\u015fbakan\u0131&#8217;n\u0131n artmakta olan uluslararas\u0131 yaln\u0131zl\u0131\u011f\u0131n\u0131n, siyasi korkular\u0131n\u0131n ve hezeyanlar\u0131n\u0131n yeni bir yans\u0131mas\u0131d\u0131r. Bununla birlikte, Netanyahu&#8217;nun hayali tehditler ve d\u00fc\u015fmanlar \u00fcreterek, uluslararas\u0131 kamuoyunu yan\u0131ltma \u00e7abalar\u0131 art\u0131k herhangi bir etki yaratmamaktad\u0131r. Zira izledi\u011fi politikalar\u0131n k\u00f6t\u00fcl\u00fc\u011f\u00fcne dair uluslararas\u0131 toplum hemfikirdir.<\/p>\n<p>ABD, \u0130ngiltere ve uluslararas\u0131 toplumun \u0130srail&#8217;in sald\u0131rgan politikalar\u0131na tepkisi giderek art\u0131yor. \u0130srail Ba\u015fbakan\u0131, bu ak\u0131l d\u0131\u015f\u0131 tutuma, yakla\u015fan se\u00e7imler, i\u00e7 politik kayg\u0131 ve korkular\u0131 nedeniyle sar\u0131lm\u0131\u015ft\u0131r. T\u00fcrkiye d\u00fc\u015fmanl\u0131\u011f\u0131n\u0131 siyasi anlamda bir can simidi olarak g\u00f6rmektedir. Dahas\u0131 di\u011fer radikal partilerle a\u015f\u0131r\u0131l\u0131k rekabeti i\u00e7inde, T\u00fcrkiye&#8217;ye ve b\u00f6lge \u00fclkelerine olan d\u00fc\u015fmanl\u0131\u011f\u0131 k\u00f6r\u00fcklemektedir. Elbette bu noktada Netanyahu&#8217;nun i\u00e7 politikada oldu\u011fu kadar d\u0131\u015f politikada da bu s\u00f6ylemle varmak istedi\u011fi bir nokta bulunmaktad\u0131r. Gazze&#8217;den Suriye&#8217;ye ve L\u00fcbnan&#8217;a kadar uygulad\u0131\u011f\u0131 sald\u0131rgan politikalar, g\u00f6z yumdu\u011fu yerle\u015fimci ter\u00f6r\u00fc ve ba\u015fta kabinedeki bakanlar\u0131 olmak \u00fczere a\u015f\u0131r\u0131l\u0131k yanl\u0131s\u0131 karakterlerin ifadeleri, \u0130srail&#8217;in alg\u0131s\u0131n\u0131 tarihteki en d\u00fc\u015f\u00fck noktalardan birine indirmi\u015ftir. Netanyahu ve su\u00e7 ortaklar\u0131 ba\u015fta T\u00fcrkiye olmak \u00fczere, b\u00f6lgedeki \u00fclkeleri farkl\u0131 ithamlarla su\u00e7lay\u0131p \u00fczerindeki bu kiri pas\u0131 \u00e7evresine yayma \u00e7abas\u0131 i\u00e7indedir. Suriye\u2019de yapt\u0131\u011f\u0131 sald\u0131r\u0131dan sonra T\u00fcrkiye&#8217;yi su\u00e7lama \u00e7abas\u0131 bu durumun en a\u00e7\u0131k g\u00f6stergelerinden biridir.<\/p>\n<p>Ama unuttuklar\u0131 bir durum var. Sorun insanlar\u0131n \u0130srail politikalar\u0131n\u0131 yeterince anlamamas\u0131 de\u011fil, giderek daha fazla insan\u0131n bu politikalar\u0131 anlay\u0131p reddetmesidir. Bu da gerek bu tip su\u00e7lamalar\u0131n gerekse y\u00fcksek b\u00fct\u00e7eli ileti\u015fim kampanyalar\u0131n\u0131n s\u0131n\u0131rl\u0131 sonu\u00e7 vermesine sebep olur. \u200b&#8221;\u00dc\u00c7 SENED\u0130R T\u00dcM B\u00d6LGE, SALDIRGAN B\u0130R KOM\u015eUNUN B\u00d6LGEDE YARATTI\u011eI YIKIM VE SAVA\u015eI G\u00d6RD\u00dc&#8221;<br \/>\nSoru: Netanyahu&#8217;nun T\u00fcrkiye&#8217;yi do\u011frudan hedef g\u00f6stermesi \u0130srail&#8217;in sald\u0131r\u0131 \u00e7emberini T\u00fcrkiye&#8217;ye do\u011fru geni\u015fletmesi sonucunu do\u011furur mu?<\/p>\n<p>Burhanettin Duran: Uluslararas\u0131 toplum ve b\u00f6lge \u00fclkeleri, Netanyahu&#8217;nun i\u015fgalci zihniyetinin ve b\u00f6lgesel sava\u015f ba\u015flatma projesinin kar\u015f\u0131s\u0131nda g\u00fc\u00e7l\u00fc bir tutum sergilemekte ve Orta Do\u011fu&#8217;da bar\u0131\u015f ve huzurun tesisini desteklemektedir. Stratejik istikrars\u0131zla\u015ft\u0131r\u0131c\u0131 bir akt\u00f6re kar\u015f\u0131 t\u00fcm b\u00f6lge bir araya gelmektedir. Keza \u00f6zellikle son \u00fc\u00e7 senedir t\u00fcm b\u00f6lge, sald\u0131rgan bir kom\u015funun b\u00f6lgede yaratt\u0131\u011f\u0131 y\u0131k\u0131m ve sava\u015f\u0131 g\u00f6rm\u00fc\u015ft\u00fcr. Dahas\u0131 mevcut haliyle Netanyahu y\u00f6netimi, t\u00fcm diplomatik ve diyalog \u00e7abalar\u0131ndan vazge\u00e7mi\u015f durumdad\u0131r. Mevcut iktidar\u0131n temel sorunu, g\u00fcvenli\u011fi istikrarla ve diplomasiyle de\u011fil, s\u00fcrekli sald\u0131rganl\u0131kla \u00f6zde\u015fle\u015ftirmesidir. Dolay\u0131s\u0131yla T\u00fcrkiye\u2019ye kar\u015f\u0131 olan tavr\u0131ndaki temel dinamik de T\u00fcrkiye&#8217;nin \u0130srail\u2019e bir tehdit te\u015fkil etmesi de\u011fil, mevcut g\u00fcc\u00fc ve etkisiyle T\u00fcrkiye\u2019nin, \u0130srail\u2019in b\u00f6lgesel g\u00fcvenlik ve istikrara verdi\u011fi zarara kar\u015f\u0131 \u00e7\u0131kan isabetli politikalar\u0131d\u0131r.<br \/>\nSoru: \u0130srail kamuoyundan da Netanyahu\u2019nun a\u00e7\u0131klamalar\u0131 i\u00e7in tepkiler y\u00fckseldi. Bu konuda g\u00f6r\u00fc\u015f\u00fcn\u00fcz nedir?<\/p>\n<p>Burhanettin Duran: Elbette biz Cumhurba\u015fkan\u0131m\u0131z\u0131n da ifade etti\u011fi \u00fczere b\u00f6lgeye bar\u0131\u015f ve uzla\u015f\u0131 getirmeye \u00e7abalayan bir \u00fclkeyiz. Temel meselemiz b\u00f6lgede kan\u0131n ve g\u00f6zya\u015f\u0131n\u0131n durmas\u0131d\u0131r ve Gazze\u2019deki durum ve Filistin meselesi bu haliyle bizim i\u00e7in hayati bir unsurdur.<\/p>\n<p>Ayr\u0131ca \u015funu da ifade etmemiz gerekir ki; Netanyahu\u2019nun yapt\u0131\u011f\u0131 b\u00fcy\u00fck hata, \u0130srail kamuoyunun da g\u00fcndemindedir. \u0130srail muhalefeti s\u0131k s\u0131k Netanyahu\u2019nun T\u00fcrkiye kar\u015f\u0131t\u0131 s\u00f6ylemlerini \u201csorumsuzca, a\u015f\u0131r\u0131 ve aptalca\u201d bulduklar\u0131n\u0131, toplumda kayg\u0131ya neden oldu\u011funu dile getirmektedir.<\/p>\n<p>\u0130srail\u2019in bir\u00e7ok m\u00fcttefikini tek tek kaybetti\u011fini ve iyice itibars\u0131zla\u015ft\u0131\u011f\u0131n\u0131 kendi politikac\u0131lar\u0131 dahi itiraf etmektedir. Dahas\u0131 T\u00fcrkiye ile olu\u015fturulmaya \u00e7al\u0131\u015f\u0131lan gerginlik politikas\u0131n\u0131n bir getirisi ortaya konulamam\u0131\u015ft\u0131r. T\u00fcrkiye, b\u00f6lgesindeki ve k\u00fcresel zemindeki g\u00fcc\u00fcn\u00fc ve etkinli\u011fini defalarca per\u00e7inlemi\u015f, sert g\u00fcc\u00fcn\u00fc tahkim etmi\u015f ve se\u00e7kin kabiliyetlerini s\u00fcrekli geli\u015ftiren bir NATO \u00fclkesidir.<\/p>\n<p>Bu noktada \u0130srail h\u00fck\u00fcmetinin geli\u015ftirece\u011fi en ak\u0131lc\u0131 tutum, \u00e7evresine tehditler savurmak, Kud\u00fcs\u2019te Mescid-i Aksa\u2019y\u0131 hedef almak ve Bat\u0131 \u015eeria\u2019da yeni korsan yerle\u015fim yerleri planlamak yerine, \u0130srail-Filistin anla\u015fmazl\u0131\u011f\u0131n\u0131 tamamen ortadan kald\u0131racak iki devletli \u00e7\u00f6z\u00fcm i\u00e7in \u00e7abalamak ve b\u00f6lgede daha fazla istikrars\u0131zla\u015ft\u0131r\u0131c\u0131 ad\u0131mlar\u0131 durdurmakt\u0131r. SORU: T\u00dcRK\u0130YE BU SALDIRGAN Z\u0130HN\u0130YETE KAR\u015eI NASIL KAR\u015eILIK VERECEK?<br \/>\nBurhanettin Duran: T\u00fcrkiye olarak, soyk\u0131r\u0131mc\u0131 Netanyahu&#8217;nun istikrars\u0131zla\u015ft\u0131r\u0131c\u0131 faaliyetleriyle m\u00fccadele etmeye ve Suriye ba\u015fta olmak \u00fczere b\u00f6lgemizde bar\u0131\u015f\u00e7\u0131 politika izleyen t\u00fcm devletlerin yan\u0131nda durmaya devam edece\u011fiz.<\/p>\n<p>T\u00fcrkiye, b\u00f6lgenin en tecr\u00fcbeli ve k\u00f6kl\u00fc \u00fclkelerinden biridir. Bizim devlet gelene\u011fimiz derindir. Tedbirli, serinkanl\u0131 ve kudretli bir \u00fclkeyiz.<\/p>\n<p>Tarih bizim kendi g\u00fcvenli\u011fimiz, devletimizin bekas\u0131 ve milletimizin selameti i\u00e7in yapamayaca\u011f\u0131m\u0131z hi\u00e7bir \u015fey olmad\u0131\u011f\u0131n\u0131 a\u00e7\u0131k ve net bi\u00e7imde ortaya koymaktad\u0131r. Bu anlay\u0131\u015f\u0131m\u0131z bug\u00fcn de de\u011fi\u015fmemi\u015ftir.<\/p>\n<p>Ancak Netanyahu gibi fig\u00fcranlar\u0131n, b\u00f6lgemizdeki bar\u0131\u015f ve istikrar\u0131 baltalama oyunlar\u0131na gelmeyecek kadar da tecr\u00fcbe sahibiyiz.<\/p>\n<p>Biz, b\u00f6lgemizde ve d\u00fcnyada bar\u0131\u015f\u0131 \u00f6nceleyen, bar\u0131\u015f i\u00e7in gayret g\u00f6steren bu yakla\u015f\u0131m\u0131yla, d\u00fcnyada takdir g\u00f6ren bir \u00fclkeyiz.<\/p>\n<p>Kendi politik geleceklerini garanti alt\u0131na almak i\u00e7in, b\u00f6lgeyi ate\u015fe atmaktan \u00e7ekinmeyecek Netanyahu gibi itibars\u0131zlar\u0131n kanl\u0131 oyunlar\u0131n\u0131, T\u00fcrkiye\u2019nin basiretli ve bar\u0131\u015f\u00e7\u0131l d\u0131\u015f politikas\u0131 bozacakt\u0131r.<\/p>\n<p>Kimse, milletimizin ve dostlar\u0131m\u0131z\u0131n huzurunu ka\u00e7\u0131ramaz. T\u00fcrkiye buna asla m\u00fcsaade etmez. <\/p>\n<p>Kaynak : haber7.com<\/p>\n"},"alt_text":"","media_type":"image","mime_type":"image\/jpeg","media_details":{"width":768,"height":201,"file":"2026\/08\/1-15-768x201-281.jpg","sizes":{"medium":{"file":"1-15-768x201-281-300x79.jpg","width":300,"height":79,"mime_type":"image\/jpeg","source_url":"https:\/\/adanaseshaber.com.tr\/habercim\/wp-content\/uploads\/2026\/08\/1-15-768x201-281-300x79.jpg"},"thumbnail":{"file":"1-15-768x201-281-150x150.jpg","width":150,"height":150,"mime_type":"image\/jpeg","source_url":"https:\/\/adanaseshaber.com.tr\/habercim\/wp-content\/uploads\/2026\/08\/1-15-768x201-281-150x150.jpg"},"kucukResim":{"file":"1-15-768x201-281-80x50.jpg","width":80,"height":50,"mime_type":"image\/jpeg","source_url":"https:\/\/adanaseshaber.com.tr\/habercim\/wp-content\/uploads\/2026\/08\/1-15-768x201-281-80x50.jpg"},"sliderResim":{"file":"1-15-768x201-281-670x201.jpg","width":670,"height":201,"mime_type":"image\/jpeg","source_url":"https:\/\/adanaseshaber.com.tr\/habercim\/wp-content\/uploads\/2026\/08\/1-15-768x201-281-670x201.jpg"},"resim1":{"file":"1-15-768x201-281-184x140.jpg","width":184,"height":140,"mime_type":"image\/jpeg","source_url":"https:\/\/adanaseshaber.com.tr\/habercim\/wp-content\/uploads\/2026\/08\/1-15-768x201-281-184x140.jpg"},"resim2":{"file":"1-15-768x201-281-216x103.jpg","width":216,"height":103,"mime_type":"image\/jpeg","source_url":"https:\/\/adanaseshaber.com.tr\/habercim\/wp-content\/uploads\/2026\/08\/1-15-768x201-281-216x103.jpg"},"resim3":{"file":"1-15-768x201-281-145x70.jpg","width":145,"height":70,"mime_type":"image\/jpeg","source_url":"https:\/\/adanaseshaber.com.tr\/habercim\/wp-content\/uploads\/2026\/08\/1-15-768x201-281-145x70.jpg"},"sagSlider":{"file":"1-15-768x201-281-300x150.jpg","width":300,"height":150,"mime_type":"image\/jpeg","source_url":"https:\/\/adanaseshaber.com.tr\/habercim\/wp-content\/uploads\/2026\/08\/1-15-768x201-281-300x150.jpg"},"yeniSlider":{"file":"1-15-768x201-281-500x201.jpg","width":500,"height":201,"mime_type":"image\/jpeg","source_url":"https:\/\/adanaseshaber.com.tr\/habercim\/wp-content\/uploads\/2026\/08\/1-15-768x201-281-500x201.jpg"},"full":{"file":"1-15-768x201-281.jpg","width":768,"height":201,"mime_type":"image\/jpeg","source_url":"https:\/\/adanaseshaber.com.tr\/habercim\/wp-content\/uploads\/2026\/08\/1-15-768x201-281.jpg"}},"image_meta":{"aperture":"0","credit":"","camera":"","caption":"","created_timestamp":"0","copyright":"","focal_length":"0","iso":"0","shutter_speed":"0","title":"","orientation":"0","keywords":[]}},"post":52411,"source_url":"https:\/\/adanaseshaber.com.tr\/habercim\/wp-content\/uploads\/2026\/08\/1-15-768x201-281.jpg","_links":{"self":[{"href":"https:\/\/adanaseshaber.com.tr\/habercim\/wp-json\/wp\/v2\/media\/52413"}],"collection":[{"href":"https:\/\/adanaseshaber.com.tr\/habercim\/wp-json\/wp\/v2\/media"}],"about":[{"href":"https:\/\/adanaseshaber.com.tr\/habercim\/wp-json\/wp\/v2\/types\/attachment"}],"author":[{"embeddable":true,"href":"https:\/\/adanaseshaber.com.tr\/habercim\/wp-json\/wp\/v2\/users\/2"}],"replies":[{"embeddable":true,"href":"https:\/\/adanaseshaber.com.tr\/habercim\/wp-json\/wp\/v2\/comments?post=52413"}]}}