{"id":52417,"date":"2026-08-21T01:57:19","date_gmt":"2026-08-20T22:57:19","guid":{"rendered":"https:\/\/adanaseshaber.com.tr\/habercim\/wp-content\/uploads\/2026\/08\/PARA-8.webp"},"modified":"2026-08-21T01:58:20","modified_gmt":"2026-08-20T22:58:20","slug":"para-236","status":"inherit","type":"attachment","link":"https:\/\/adanaseshaber.com.tr\/habercim\/foto-galeri\/emekliye\/attachment\/para-236\/","title":{"rendered":"Emekliye"},"author":2,"comment_status":"open","ping_status":"closed","template":"","meta":[],"description":{"rendered":"<p class=\"attachment\"><a href='https:\/\/adanaseshaber.com.tr\/habercim\/wp-content\/uploads\/2026\/08\/PARA-8.webp'><img width=\"300\" height=\"150\" src=\"https:\/\/adanaseshaber.com.tr\/habercim\/wp-content\/uploads\/2026\/08\/PARA-8-300x150.webp\" class=\"attachment-medium size-medium\" alt=\"\" loading=\"lazy\" srcset=\"https:\/\/adanaseshaber.com.tr\/habercim\/wp-content\/uploads\/2026\/08\/PARA-8-300x150.webp 300w, https:\/\/adanaseshaber.com.tr\/habercim\/wp-content\/uploads\/2026\/08\/PARA-8.webp 768w\" sizes=\"(max-width: 300px) 100vw, 300px\" \/><\/a><\/p>\n"},"caption":{"rendered":"<p>Emekliye \u00d6TV&#8217;siz ara\u00e7 d\u00fczenlemesine ili\u015fkin ya\u015fanan son dakika geli\u015fmeler yak\u0131ndan takip ediliyor. Teklifin yasala\u015fmas\u0131 halinde belirli \u015fartlar\u0131 ta\u015f\u0131yanlar \u00d6TV muafiyetinden yararlanmas\u0131 \u00f6ng\u00f6r\u00fcl\u00fcyor. Bu kapsamda emekliye y\u00f6nelik \u00e7\u0131kmas\u0131 beklenen \u00d6TV muafiyetiyle hangi ara\u00e7 ve marka, modellerinde ge\u00e7erli olaca\u011f\u0131 merak konusu oldu. Resmi ko\u015fullar hen\u00fcz kesinle\u015fmemi\u015f olmakla birlikte, kamuoyuna yans\u0131yan tekliflerde \u00f6ne \u00e7\u0131kan ba\u015fl\u0131klar listelendi:&#8230;<\/p>\n<p>devam\u0131 sonraki sayfada&#8230; g\u00f6rsel \u00fczerinden do2&#8217;kununuz ge\u00e7ebilirsiniz&#8230;<\/p>\n"},"alt_text":"","media_type":"image","mime_type":"image\/webp","media_details":{"width":768,"height":384,"file":"2026\/08\/PARA-8.webp","sizes":{"medium":{"file":"PARA-8-300x150.webp","width":300,"height":150,"mime_type":"image\/webp","source_url":"https:\/\/adanaseshaber.com.tr\/habercim\/wp-content\/uploads\/2026\/08\/PARA-8-300x150.webp"},"thumbnail":{"file":"PARA-8-150x150.webp","width":150,"height":150,"mime_type":"image\/webp","source_url":"https:\/\/adanaseshaber.com.tr\/habercim\/wp-content\/uploads\/2026\/08\/PARA-8-150x150.webp"},"kucukResim":{"file":"PARA-8-80x50.webp","width":80,"height":50,"mime_type":"image\/webp","source_url":"https:\/\/adanaseshaber.com.tr\/habercim\/wp-content\/uploads\/2026\/08\/PARA-8-80x50.webp"},"sliderResim":{"file":"PARA-8-670x330.webp","width":670,"height":330,"mime_type":"image\/webp","source_url":"https:\/\/adanaseshaber.com.tr\/habercim\/wp-content\/uploads\/2026\/08\/PARA-8-670x330.webp"},"resim1":{"file":"PARA-8-184x140.webp","width":184,"height":140,"mime_type":"image\/webp","source_url":"https:\/\/adanaseshaber.com.tr\/habercim\/wp-content\/uploads\/2026\/08\/PARA-8-184x140.webp"},"resim2":{"file":"PARA-8-216x103.webp","width":216,"height":103,"mime_type":"image\/webp","source_url":"https:\/\/adanaseshaber.com.tr\/habercim\/wp-content\/uploads\/2026\/08\/PARA-8-216x103.webp"},"resim3":{"file":"PARA-8-145x70.webp","width":145,"height":70,"mime_type":"image\/webp","source_url":"https:\/\/adanaseshaber.com.tr\/habercim\/wp-content\/uploads\/2026\/08\/PARA-8-145x70.webp"},"sagSlider":{"file":"PARA-8-300x150.webp","width":300,"height":150,"mime_type":"image\/webp","source_url":"https:\/\/adanaseshaber.com.tr\/habercim\/wp-content\/uploads\/2026\/08\/PARA-8-300x150.webp"},"yeniSlider":{"file":"PARA-8-500x290.webp","width":500,"height":290,"mime_type":"image\/webp","source_url":"https:\/\/adanaseshaber.com.tr\/habercim\/wp-content\/uploads\/2026\/08\/PARA-8-500x290.webp"},"full":{"file":"PARA-8.webp","width":768,"height":384,"mime_type":"image\/webp","source_url":"https:\/\/adanaseshaber.com.tr\/habercim\/wp-content\/uploads\/2026\/08\/PARA-8.webp"}},"image_meta":{"aperture":"0","credit":"","camera":"","caption":"","created_timestamp":"0","copyright":"","focal_length":"0","iso":"0","shutter_speed":"0","title":"","orientation":"0","keywords":[]}},"post":52416,"source_url":"https:\/\/adanaseshaber.com.tr\/habercim\/wp-content\/uploads\/2026\/08\/PARA-8.webp","_links":{"self":[{"href":"https:\/\/adanaseshaber.com.tr\/habercim\/wp-json\/wp\/v2\/media\/52417"}],"collection":[{"href":"https:\/\/adanaseshaber.com.tr\/habercim\/wp-json\/wp\/v2\/media"}],"about":[{"href":"https:\/\/adanaseshaber.com.tr\/habercim\/wp-json\/wp\/v2\/types\/attachment"}],"author":[{"embeddable":true,"href":"https:\/\/adanaseshaber.com.tr\/habercim\/wp-json\/wp\/v2\/users\/2"}],"replies":[{"embeddable":true,"href":"https:\/\/adanaseshaber.com.tr\/habercim\/wp-json\/wp\/v2\/comments?post=52417"}]}}