{"id":52433,"date":"2026-08-21T22:02:07","date_gmt":"2026-08-21T19:02:07","guid":{"rendered":"https:\/\/adanaseshaber.com.tr\/habercim\/wp-content\/uploads\/2026\/08\/1-15-768x201-289.jpg"},"modified":"2026-08-21T22:03:37","modified_gmt":"2026-08-21T19:03:37","slug":"1-15-768x201-2880","status":"inherit","type":"attachment","link":"https:\/\/adanaseshaber.com.tr\/habercim\/genel\/kayip-altinlar\/attachment\/1-15-768x201-2880\/","title":{"rendered":"Kay\u0131p alt\u0131nlar"},"author":2,"comment_status":"open","ping_status":"closed","template":"","meta":[],"description":{"rendered":"<p class=\"attachment\"><a href='https:\/\/adanaseshaber.com.tr\/habercim\/wp-content\/uploads\/2026\/08\/1-15-768x201-289.jpg'><img width=\"300\" height=\"79\" src=\"https:\/\/adanaseshaber.com.tr\/habercim\/wp-content\/uploads\/2026\/08\/1-15-768x201-289-300x79.jpg\" class=\"attachment-medium size-medium\" alt=\"\" loading=\"lazy\" srcset=\"https:\/\/adanaseshaber.com.tr\/habercim\/wp-content\/uploads\/2026\/08\/1-15-768x201-289-300x79.jpg 300w, https:\/\/adanaseshaber.com.tr\/habercim\/wp-content\/uploads\/2026\/08\/1-15-768x201-289.jpg 768w\" sizes=\"(max-width: 300px) 100vw, 300px\" \/><\/a><\/p>\n"},"caption":{"rendered":"<p>Cumhuriyet gazetesinden Aytun\u00e7 \u00dcrkmez\u2019in aktard\u0131\u011f\u0131 detaylara g\u00f6re, cemaat i\u00e7indeki gerilim giderek t\u0131rman\u0131yor. Mevcut lider Saki Elh\u00fcseyni\u2019nin destek\u00e7ileri, muhalif karde\u015fler M\u00fcbarek ve Fettah\u2019\u0131 sert bir dille ele\u015ftirdi. Saki cephesi, ya\u015fananlar\u0131n basit bir &#8220;miras kavgas\u0131&#8221; olmad\u0131\u011f\u0131n\u0131; karde\u015flerinin \u015feriata ve cemaat nizam\u0131na ayk\u0131r\u0131 hareket etti\u011fini iddia ediyor. Hatta muhalif karde\u015flerin eylemleri, S\u00fcleymanc\u0131lar cemaatindeki Kuri\u015f dosyas\u0131nda yer alan iddialarla ba\u011fda\u015ft\u0131r\u0131l\u0131yor.<br \/>\nSaki taraftarlar\u0131, mevcut operasyonel s\u00fcre\u00e7lerin bizzat Saki Elh\u00fcseyni&#8217;nin duru\u015funun bir sonucu oldu\u011funu \u00f6ne s\u00fcr\u00fcyor. Saki&#8217;nin mal varl\u0131klar\u0131 i\u00e7in sarf etti\u011fi \u00f6ne s\u00fcr\u00fclen &#8220;Buralar bizim de\u011fil, \u00fcmmetin mal\u0131d\u0131r&#8221; s\u00f6z\u00fcn\u00fcn, cemaat ve tarikatlar ad\u0131na \u00f6nemli bir \u00f6zele\u015ftiri niteli\u011fi ta\u015f\u0131d\u0131\u011f\u0131 savunuluyor. Kendi liderlerinin \u015feffafl\u0131k ve hukukun \u00fcst\u00fcnl\u00fc\u011f\u00fcnden yana oldu\u011funu belirten grup, rakip karde\u015fleri ise kendi i\u00e7lerindeki tehlikeli olu\u015fumlara g\u00f6z yummakla su\u00e7luyor.<br \/>\nMiras, tapu ve para krizinin bir di\u011fer boyutunda ise &#8220;Nizam Bey&#8221; isimli bir m\u00fcridin ad\u0131 ge\u00e7iyor. Saki Elh\u00fcseyni taraf\u0131, M\u00fcbarek&#8217;e yak\u0131n oldu\u011fu belirtilen bu ki\u015finin cemaatin finansal tart\u0131\u015fmalar\u0131n\u0131n merkezinde oldu\u011funu \u00f6ne s\u00fcrd\u00fc. Cemaat i\u00e7inden s\u0131zan bilgilere g\u00f6re, Nizam Bey&#8217;in \u00f6zellikle Avrupa \u00fclkelerindeki tapu ve m\u00fclkiyet davalar\u0131nda etkin bir rol oynad\u0131\u011f\u0131 iddia ediliyor.<br \/>\nCemaat kaynaklar\u0131, Alihan Kuri\u015f\u2019in firari karde\u015fi Hilmi Tuna Kuri\u015f\u2019in evinde bulundu\u011fu iddia edilen 200 k\u00fcl\u00e7e alt\u0131n\u0131 \u00f6rnek g\u00f6stererek, Nizam Bey hakk\u0131nda da benzer iddialar bulundu\u011funu savunuyor. Kaynaklar\u0131n aktard\u0131\u011f\u0131 bilgiye g\u00f6re; 2016 y\u0131l\u0131nda Nizam Bey taraf\u0131ndan Semerkand Vakf\u0131 \u00e7al\u0131\u015fanlar\u0131ndan, her ay ev sahibi olma vaadiyle ki\u015fi ba\u015f\u0131na 390 gram alt\u0131n de\u011ferinde para topland\u0131. Cemaat kaynaklar\u0131, \u00f6nceki lider Abdulbaki Elh\u00fcseyni\u2019nin \u00f6l\u00fcm\u00fcn\u00fcn ard\u0131ndan bu paralar\u0131n kayboldu\u011funu iddia etti.<\/p>\n<p>Kaynak : yenicaggazetesi.com<\/p>\n"},"alt_text":"","media_type":"image","mime_type":"image\/jpeg","media_details":{"width":768,"height":201,"file":"2026\/08\/1-15-768x201-289.jpg","sizes":{"medium":{"file":"1-15-768x201-289-300x79.jpg","width":300,"height":79,"mime_type":"image\/jpeg","source_url":"https:\/\/adanaseshaber.com.tr\/habercim\/wp-content\/uploads\/2026\/08\/1-15-768x201-289-300x79.jpg"},"thumbnail":{"file":"1-15-768x201-289-150x150.jpg","width":150,"height":150,"mime_type":"image\/jpeg","source_url":"https:\/\/adanaseshaber.com.tr\/habercim\/wp-content\/uploads\/2026\/08\/1-15-768x201-289-150x150.jpg"},"kucukResim":{"file":"1-15-768x201-289-80x50.jpg","width":80,"height":50,"mime_type":"image\/jpeg","source_url":"https:\/\/adanaseshaber.com.tr\/habercim\/wp-content\/uploads\/2026\/08\/1-15-768x201-289-80x50.jpg"},"sliderResim":{"file":"1-15-768x201-289-670x201.jpg","width":670,"height":201,"mime_type":"image\/jpeg","source_url":"https:\/\/adanaseshaber.com.tr\/habercim\/wp-content\/uploads\/2026\/08\/1-15-768x201-289-670x201.jpg"},"resim1":{"file":"1-15-768x201-289-184x140.jpg","width":184,"height":140,"mime_type":"image\/jpeg","source_url":"https:\/\/adanaseshaber.com.tr\/habercim\/wp-content\/uploads\/2026\/08\/1-15-768x201-289-184x140.jpg"},"resim2":{"file":"1-15-768x201-289-216x103.jpg","width":216,"height":103,"mime_type":"image\/jpeg","source_url":"https:\/\/adanaseshaber.com.tr\/habercim\/wp-content\/uploads\/2026\/08\/1-15-768x201-289-216x103.jpg"},"resim3":{"file":"1-15-768x201-289-145x70.jpg","width":145,"height":70,"mime_type":"image\/jpeg","source_url":"https:\/\/adanaseshaber.com.tr\/habercim\/wp-content\/uploads\/2026\/08\/1-15-768x201-289-145x70.jpg"},"sagSlider":{"file":"1-15-768x201-289-300x150.jpg","width":300,"height":150,"mime_type":"image\/jpeg","source_url":"https:\/\/adanaseshaber.com.tr\/habercim\/wp-content\/uploads\/2026\/08\/1-15-768x201-289-300x150.jpg"},"yeniSlider":{"file":"1-15-768x201-289-500x201.jpg","width":500,"height":201,"mime_type":"image\/jpeg","source_url":"https:\/\/adanaseshaber.com.tr\/habercim\/wp-content\/uploads\/2026\/08\/1-15-768x201-289-500x201.jpg"},"full":{"file":"1-15-768x201-289.jpg","width":768,"height":201,"mime_type":"image\/jpeg","source_url":"https:\/\/adanaseshaber.com.tr\/habercim\/wp-content\/uploads\/2026\/08\/1-15-768x201-289.jpg"}},"image_meta":{"aperture":"0","credit":"","camera":"","caption":"","created_timestamp":"0","copyright":"","focal_length":"0","iso":"0","shutter_speed":"0","title":"","orientation":"0","keywords":[]}},"post":52431,"source_url":"https:\/\/adanaseshaber.com.tr\/habercim\/wp-content\/uploads\/2026\/08\/1-15-768x201-289.jpg","_links":{"self":[{"href":"https:\/\/adanaseshaber.com.tr\/habercim\/wp-json\/wp\/v2\/media\/52433"}],"collection":[{"href":"https:\/\/adanaseshaber.com.tr\/habercim\/wp-json\/wp\/v2\/media"}],"about":[{"href":"https:\/\/adanaseshaber.com.tr\/habercim\/wp-json\/wp\/v2\/types\/attachment"}],"author":[{"embeddable":true,"href":"https:\/\/adanaseshaber.com.tr\/habercim\/wp-json\/wp\/v2\/users\/2"}],"replies":[{"embeddable":true,"href":"https:\/\/adanaseshaber.com.tr\/habercim\/wp-json\/wp\/v2\/comments?post=52433"}]}}