{"id":52438,"date":"2026-08-21T22:14:38","date_gmt":"2026-08-21T19:14:38","guid":{"rendered":"https:\/\/adanaseshaber.com.tr\/habercim\/wp-content\/uploads\/2026\/08\/1-15-768x201-291.jpg"},"modified":"2026-08-21T22:15:55","modified_gmt":"2026-08-21T19:15:55","slug":"1-15-768x201-2882","status":"inherit","type":"attachment","link":"https:\/\/adanaseshaber.com.tr\/habercim\/foto-galeri\/bu-illerimiz\/attachment\/1-15-768x201-2882\/","title":{"rendered":"BU \u0130LLER\u0130M\u0130Z"},"author":2,"comment_status":"open","ping_status":"closed","template":"","meta":[],"description":{"rendered":"<p class=\"attachment\"><a href='https:\/\/adanaseshaber.com.tr\/habercim\/wp-content\/uploads\/2026\/08\/1-15-768x201-291.jpg'><img width=\"300\" height=\"79\" src=\"https:\/\/adanaseshaber.com.tr\/habercim\/wp-content\/uploads\/2026\/08\/1-15-768x201-291-300x79.jpg\" class=\"attachment-medium size-medium\" alt=\"\" loading=\"lazy\" srcset=\"https:\/\/adanaseshaber.com.tr\/habercim\/wp-content\/uploads\/2026\/08\/1-15-768x201-291-300x79.jpg 300w, https:\/\/adanaseshaber.com.tr\/habercim\/wp-content\/uploads\/2026\/08\/1-15-768x201-291.jpg 768w\" sizes=\"(max-width: 300px) 100vw, 300px\" \/><\/a><\/p>\n"},"caption":{"rendered":"<p>Meteoroloji Genel M\u00fcd\u00fcrl\u00fc\u011f\u00fc taraf\u0131ndan yap\u0131lan son de\u011ferlendirmelere g\u00f6re: \u00dclkemizin kuzey ve bat\u0131 kesimlerinin par\u00e7al\u0131 bulutlu, K\u00fctahya\u2019n\u0131n bat\u0131s\u0131 ile Antalya\u2019n\u0131n bat\u0131s\u0131n\u0131n i\u00e7 kesimlerinin yerel olmak \u00fczere sa\u011fanak ve yer yer g\u00f6k g\u00fcr\u00fclt\u00fcl\u00fc sa\u011fanak ya\u011f\u0131\u015fl\u0131, di\u011fer yerlerin az bulutlu ve a\u00e7\u0131k ge\u00e7ece\u011fi tahmin ediliyor.<br \/>\nMeteoroloji M\u00fchendisi Adil Tek, yapt\u0131\u011f\u0131 a\u00e7\u0131klamada hafta sonu s\u0131cakl\u0131k ve nemin artaca\u011f\u0131n\u0131 s\u00f6yledi. Tek, &#8220;Ge\u00e7ti\u011fimiz hafta asl\u0131nda \u00fclkenin g\u00fcney kesimlerinde devam eden y\u00fcksek s\u0131cakl\u0131klar vard\u0131. 40 derecelerin \u00fczerine \u00e7\u0131kan illerimiz vard\u0131. Ge\u00e7ti\u011fimiz haftalarda biraz daha kuzeyden serin havayla birlikte \u00f6zellikle kuzey b\u00f6lgelerde s\u0131cakl\u0131klar d\u00fc\u015fmeye ba\u015flam\u0131\u015ft\u0131; ama bu haftadan itibaren, \u00f6zellikle d\u00fcnden itibaren, s\u0131cakl\u0131klar Kuzey Afrika ve Basra \u00fczerinden, Basra\u2019dan kast\u0131m\u0131z da zaten Suriye ve Irak, Asya b\u00f6lgesi, Orta Do\u011fu \u00fczerinden gelen bir ak\u0131\u015f var. Bu ak\u0131\u015fla birlikte s\u0131cakl\u0131klarda tekrar art\u0131\u015flar\u0131 g\u00f6zlemliyoruz, olaca\u011f\u0131z.<br \/>\nBu s\u0131cakl\u0131k art\u0131\u015flar\u0131 \u00f6ncelikle g\u00fcney b\u00f6lgelerde y\u00fcksek devam eden s\u0131cakl\u0131klar art\u0131k kuzey b\u00f6lgelere, orta b\u00f6lgelere yani \u0130\u00e7 Anadolu, Marmara, Karadeniz, Do\u011fu Anadolu\u2019da burada da s\u0131cakl\u0131klar\u0131n artt\u0131\u011f\u0131n\u0131, zaman zaman 30 derecelerin alt\u0131nda kalan s\u0131cakl\u0131klar\u0131m\u0131zdan da \u00e7\u0131kt\u0131\u011f\u0131n\u0131 g\u00f6rmeye ba\u015flayaca\u011f\u0131z. Bu s\u0131cak hava dalgas\u0131 A\u011fustos\u2019un 22\u2019sinden itibaren pik noktaya \u00e7\u0131kacak. Yani cumartesi, pazar, pazartesi, sal\u0131 \u00fclke genelinde o y\u00fcksek s\u0131cakl\u0131klar\u0131 g\u00f6zlemliyor olaca\u011f\u0131z&#8221; dedi.<br \/>\nTek a\u00e7\u0131klamas\u0131nda \u015fu ifadeleri kulland\u0131; &#8220;Kuzeyde \u0130stanbul ve ba\u015fkent Ankara\u2019y\u0131 ele ald\u0131\u011f\u0131m\u0131zda, ba\u015fkentte s\u0131cakl\u0131klar yer yer 33-34 derecelere \u00e7\u0131karken \u0130stanbul\u2019da da yine 32-33 dereceleri g\u00f6rece\u011fiz; ama \u0130stanbul i\u00e7in \u015funu s\u00f6yleyebiliriz ki 32-33 derecelik s\u0131cakl\u0131k asl\u0131nda \u0130stanbul i\u00e7in bir ortalama de\u011fer. Baz\u0131 il\u00e7elerimizde bu s\u0131cakl\u0131k 35-36 derecelere kadar \u00e7\u0131kacak. Baz\u0131 il\u00e7elerimiz 29-30 derecelerde kalm\u0131\u015f olacak. \u0130stanbul i\u00e7in \u015f\u00f6yle s\u00f6yleyebiliriz ki 6 derecelik minimum ve maksimum bir bant geni\u015fli\u011fi var. O s\u0131cakl\u0131k dereceleri aras\u0131nda bunu hangi de\u011ferlerde girebiliriz 29\u2019dan 35 dereceler aras\u0131nda \u0130stanbul\u2019da \u00f6n\u00fcm\u00fczdeki g\u00fcnlerde s\u0131cakl\u0131k de\u011ferleri de\u011fi\u015fiyor olacak. Tabii \u015fu anda poyrazdan esen r\u00fczg\u00e2r var. Ge\u00e7ti\u011fimiz haftalarda poyrazdan esen r\u00fczg\u00e2r \u00e7ok kuvvetliydi. O biraz daha etkisini kaybetmi\u015f olacak ve bu s\u0131cak hava dalgas\u0131 asl\u0131nda \u015funu s\u00f6yleyebiliriz ki ge\u00e7ti\u011fimiz g\u00fcnlerde ya\u015fanan s\u0131cak hava dalgalar\u0131 vard\u0131. \u00c7ok uzun soluklu de\u011fildi, k\u0131sa s\u00fcreliydi. Bu, \u00fclkemiz i\u00e7in \u00f6n\u00fcm\u00fczdeki g\u00fcnlerde olu\u015facak en y\u00fcksek ve s\u00fcre a\u00e7\u0131s\u0131ndan en uzun s\u0131cak hava dalgas\u0131 olacak. 2026\u2019n\u0131n asl\u0131nda en s\u0131cak d\u00f6nemi olacak diyebiliriz&#8221;<\/p>\n<p>Kaynak : hurriyet.com.tr<\/p>\n"},"alt_text":"","media_type":"image","mime_type":"image\/jpeg","media_details":{"width":768,"height":201,"file":"2026\/08\/1-15-768x201-291.jpg","sizes":{"medium":{"file":"1-15-768x201-291-300x79.jpg","width":300,"height":79,"mime_type":"image\/jpeg","source_url":"https:\/\/adanaseshaber.com.tr\/habercim\/wp-content\/uploads\/2026\/08\/1-15-768x201-291-300x79.jpg"},"thumbnail":{"file":"1-15-768x201-291-150x150.jpg","width":150,"height":150,"mime_type":"image\/jpeg","source_url":"https:\/\/adanaseshaber.com.tr\/habercim\/wp-content\/uploads\/2026\/08\/1-15-768x201-291-150x150.jpg"},"kucukResim":{"file":"1-15-768x201-291-80x50.jpg","width":80,"height":50,"mime_type":"image\/jpeg","source_url":"https:\/\/adanaseshaber.com.tr\/habercim\/wp-content\/uploads\/2026\/08\/1-15-768x201-291-80x50.jpg"},"sliderResim":{"file":"1-15-768x201-291-670x201.jpg","width":670,"height":201,"mime_type":"image\/jpeg","source_url":"https:\/\/adanaseshaber.com.tr\/habercim\/wp-content\/uploads\/2026\/08\/1-15-768x201-291-670x201.jpg"},"resim1":{"file":"1-15-768x201-291-184x140.jpg","width":184,"height":140,"mime_type":"image\/jpeg","source_url":"https:\/\/adanaseshaber.com.tr\/habercim\/wp-content\/uploads\/2026\/08\/1-15-768x201-291-184x140.jpg"},"resim2":{"file":"1-15-768x201-291-216x103.jpg","width":216,"height":103,"mime_type":"image\/jpeg","source_url":"https:\/\/adanaseshaber.com.tr\/habercim\/wp-content\/uploads\/2026\/08\/1-15-768x201-291-216x103.jpg"},"resim3":{"file":"1-15-768x201-291-145x70.jpg","width":145,"height":70,"mime_type":"image\/jpeg","source_url":"https:\/\/adanaseshaber.com.tr\/habercim\/wp-content\/uploads\/2026\/08\/1-15-768x201-291-145x70.jpg"},"sagSlider":{"file":"1-15-768x201-291-300x150.jpg","width":300,"height":150,"mime_type":"image\/jpeg","source_url":"https:\/\/adanaseshaber.com.tr\/habercim\/wp-content\/uploads\/2026\/08\/1-15-768x201-291-300x150.jpg"},"yeniSlider":{"file":"1-15-768x201-291-500x201.jpg","width":500,"height":201,"mime_type":"image\/jpeg","source_url":"https:\/\/adanaseshaber.com.tr\/habercim\/wp-content\/uploads\/2026\/08\/1-15-768x201-291-500x201.jpg"},"full":{"file":"1-15-768x201-291.jpg","width":768,"height":201,"mime_type":"image\/jpeg","source_url":"https:\/\/adanaseshaber.com.tr\/habercim\/wp-content\/uploads\/2026\/08\/1-15-768x201-291.jpg"}},"image_meta":{"aperture":"0","credit":"","camera":"","caption":"","created_timestamp":"0","copyright":"","focal_length":"0","iso":"0","shutter_speed":"0","title":"","orientation":"0","keywords":[]}},"post":52436,"source_url":"https:\/\/adanaseshaber.com.tr\/habercim\/wp-content\/uploads\/2026\/08\/1-15-768x201-291.jpg","_links":{"self":[{"href":"https:\/\/adanaseshaber.com.tr\/habercim\/wp-json\/wp\/v2\/media\/52438"}],"collection":[{"href":"https:\/\/adanaseshaber.com.tr\/habercim\/wp-json\/wp\/v2\/media"}],"about":[{"href":"https:\/\/adanaseshaber.com.tr\/habercim\/wp-json\/wp\/v2\/types\/attachment"}],"author":[{"embeddable":true,"href":"https:\/\/adanaseshaber.com.tr\/habercim\/wp-json\/wp\/v2\/users\/2"}],"replies":[{"embeddable":true,"href":"https:\/\/adanaseshaber.com.tr\/habercim\/wp-json\/wp\/v2\/comments?post=52438"}]}}