{"id":52448,"date":"2026-08-22T00:08:52","date_gmt":"2026-08-21T21:08:52","guid":{"rendered":"https:\/\/adanaseshaber.com.tr\/habercim\/wp-content\/uploads\/2026\/08\/1-15-768x201-295.jpg"},"modified":"2026-08-22T00:10:24","modified_gmt":"2026-08-21T21:10:24","slug":"1-15-768x201-2886","status":"inherit","type":"attachment","link":"https:\/\/adanaseshaber.com.tr\/habercim\/foto-galeri\/prof-dr-sener-usumezsoydan-kritik\/attachment\/1-15-768x201-2886\/","title":{"rendered":"Prof. Dr. \u015eener \u00dc\u015f\u00fcmezsoy&#8217;dan kritik"},"author":2,"comment_status":"open","ping_status":"closed","template":"","meta":[],"description":{"rendered":"<p class=\"attachment\"><a href='https:\/\/adanaseshaber.com.tr\/habercim\/wp-content\/uploads\/2026\/08\/1-15-768x201-295.jpg'><img width=\"300\" height=\"79\" src=\"https:\/\/adanaseshaber.com.tr\/habercim\/wp-content\/uploads\/2026\/08\/1-15-768x201-295-300x79.jpg\" class=\"attachment-medium size-medium\" alt=\"\" loading=\"lazy\" srcset=\"https:\/\/adanaseshaber.com.tr\/habercim\/wp-content\/uploads\/2026\/08\/1-15-768x201-295-300x79.jpg 300w, https:\/\/adanaseshaber.com.tr\/habercim\/wp-content\/uploads\/2026\/08\/1-15-768x201-295.jpg 768w\" sizes=\"(max-width: 300px) 100vw, 300px\" \/><\/a><\/p>\n"},"caption":{"rendered":"<p>\u0130stanbul\u2019da B\u00fcy\u00fckada\u2019n\u0131n g\u00fcneyinde meydana gelen 2,3 ve 3,2 b\u00fcy\u00fckl\u00fc\u011f\u00fcndeki depremler, Marmara\u2019daki fay tart\u0131\u015fmas\u0131n\u0131 yeniden g\u00fcndeme ta\u015f\u0131d\u0131. Prof. Dr. \u015eener \u00dc\u015f\u00fcmezsoy, 19 A\u011fustos\u2019taki sars\u0131nt\u0131lar\u0131n Adalar Fay\u0131 \u00fczerinde ger\u00e7ekle\u015fmedi\u011fini savunarak, \u201cBuradan b\u00fcy\u00fck deprem \u00e7\u0131kmaz\u201d de\u011ferlendirmesinde bulundu. \u00dc\u015f\u00fcmezsoy\u2019a g\u00f6re s\u00f6z konusu hareketlilik, 17 A\u011fustos 1999 ve 23 Nisan 2025 depremlerinin ard\u0131ndan b\u00f6lgede stres transferiyle \u00e7al\u0131\u015fan ikincil fay kollar\u0131yla ili\u015fkili.<br \/>\n\u0130stanbul\u2019da bug\u00fcn meydana gelen depremler, 17 A\u011fustos 1999 Marmara Depremi\u2019nin 27. y\u0131l d\u00f6n\u00fcm\u00fcn\u00fcn hemen ard\u0131ndan Marmara\u2019daki faylara ili\u015fkin tart\u0131\u015fmalar\u0131 yeniden g\u00fcndeme getirdi. B\u00fcy\u00fckada\u2019n\u0131n g\u00fcneyinde kaydedilen 2,3 ve 3,2 b\u00fcy\u00fckl\u00fc\u011f\u00fcndeki sars\u0131nt\u0131lar\u0131n ard\u0131ndan g\u00f6zler bir kez daha Adalar Fay\u0131\u2019na \u00e7evrildi.<\/p>\n<p>Yerbilimci Prof. Dr. \u015eener \u00dc\u015f\u00fcmezsoy ise kendi YouTube hesab\u0131nda yay\u0131nlad\u0131\u011f\u0131 de\u011ferlendirmede, s\u00f6z konusu depremlerin Adalar Fay\u0131 \u00fczerinde meydana gelmedi\u011fini belirtti. \u00dc\u015f\u00fcmezsoy, sars\u0131nt\u0131lar\u0131n B\u00fcy\u00fckada\u2019n\u0131n g\u00fcneyinde, Adalar Fay\u0131\u2019n\u0131 kesen kuzey-g\u00fcney do\u011frultulu fay kollar\u0131yla ili\u015fkili oldu\u011funu \u00f6ne s\u00fcrd\u00fc.<\/p>\n<p>\u201cADALAR FAYI \u0130LE H\u0130\u00c7B\u0130R \u0130LG\u0130S\u0130 YOK\u201d<\/p>\n<p>\u00dc\u015f\u00fcmezsoy, Marmara\u2019daki deprem hareketlili\u011finin de\u011ferlendirilmesinde Adalar Fay\u0131 ile bu fay\u0131 kesen ikincil fay sistemlerinin birbirinden ayr\u0131lmas\u0131 gerekti\u011fini s\u00f6yledi.<\/p>\n<p>Daha \u00f6nce yay\u0131mlad\u0131\u011f\u0131 \u00e7al\u0131\u015fmalarda Adalar \u00e7evresinde kuzey-g\u00fcney do\u011frultusunda uzanan ve Adalar Fay\u0131\u2019n\u0131 kesen gen\u00e7 faylar\u0131n bulundu\u011funu belirtti\u011fini aktaran \u00dc\u015f\u00fcmezsoy, B\u00fcy\u00fckada\u2019n\u0131n iki yan\u0131ndan ge\u00e7erek Dragos\u2019un do\u011fu kenar\u0131na do\u011fru uzanan bir fay sistemine dikkat \u00e7ekti. 19 A\u011fustos\u2019ta meydana gelen depremlerin de bu sistem i\u00e7erisindeki faylardan birinde ger\u00e7ekle\u015fti\u011fini savunan \u00dc\u015f\u00fcmezsoy, \u201cBug\u00fcn olan depremlerden biri birebir bizim haritam\u0131z\u0131 kan\u0131tlayan olgudur\u201d ifadelerini kulland\u0131.<br \/>\n\u00dc\u015f\u00fcmezsoy, 1999 depreminden sonra Marmara\u2019n\u0131n kuzey kenar\u0131nda ve Adalar \u00e7evresinde meydana gelen \u00e7ok say\u0131da k\u00fc\u00e7\u00fck depremin Adalar Fay\u0131 \u00fczerinde yorumland\u0131\u011f\u0131n\u0131, ancak bunun do\u011fru olmad\u0131\u011f\u0131n\u0131 ileri s\u00fcrd\u00fc.<\/p>\n<p>Bu depremlerin Adalar Fay\u0131\u2019n\u0131 kuzey ve g\u00fcneyde kesen faylar \u00fczerinde meydana geldi\u011fini belirten \u00dc\u015f\u00fcmezsoy, s\u00f6z konusu faylar\u0131n ana faydaki hareketlerin ard\u0131ndan olu\u015fan stresle tetiklendi\u011fini s\u00f6yledi.<\/p>\n<p>\u00dc\u015f\u00fcmezsoy, bu nedenle B\u00fcy\u00fckada\u2019n\u0131n g\u00fcneyindeki sars\u0131nt\u0131lar\u0131n ola\u011fan d\u0131\u015f\u0131 bir geli\u015fme olarak de\u011ferlendirilmemesi gerekti\u011fini savundu.<\/p>\n<p>17 A\u011eUSTOS VE 23 N\u0130SAN VURGUSU<\/p>\n<p>Prof. Dr. \u00dc\u015f\u00fcmezsoy, b\u00f6lgedeki hareketlili\u011fi 17 A\u011fustos 1999 depremi ve 23 Nisan 2025\u2019te Marmara Denizi\u2019nde meydana gelen deprem sonras\u0131nda olu\u015fan stres de\u011fi\u015fimleriyle ili\u015fkilendirdi. 23 Nisan 2025\u2019teki Marmara Denizi depremi, AFAD\u2019\u0131n resmi raporunda da ayr\u0131 bir deprem olay\u0131 olarak kay\u0131t alt\u0131na al\u0131nd\u0131.<\/p>\n<p>\u00dc\u015f\u00fcmezsoy, 23 Nisan sonras\u0131nda ana fay \u00fczerindeki hareketin \u00e7evredeki kuzey-g\u00fcney do\u011frultulu ikincil faylarda k\u00fc\u00e7\u00fck depremleri tetikledi\u011fini \u00f6ne s\u00fcrd\u00fc.<\/p>\n<p>Benzer bir s\u00fcrecin 17 A\u011fustos 1999 sonras\u0131nda da ya\u015fand\u0131\u011f\u0131n\u0131 belirten \u00dc\u015f\u00fcmezsoy, Marmara\u2019n\u0131n farkl\u0131 b\u00f6lgelerinde meydana gelen k\u00fc\u00e7\u00fck sars\u0131nt\u0131lar\u0131n ana fay\u0131n do\u011frudan k\u0131r\u0131lmas\u0131 anlam\u0131na gelmedi\u011fini savundu.<\/p>\n<p>\u201cBU FAYLAR KEND\u0130LER\u0130 STRES \u00dcRETM\u0130YOR\u201d<\/p>\n<p>\u00dc\u015f\u00fcmezsoy a\u00e7\u0131klamas\u0131nda, s\u00f6z konusu ikincil faylar\u0131n tek ba\u015flar\u0131na b\u00fcy\u00fck miktarda gerilim biriktiren ana faylar olmad\u0131\u011f\u0131n\u0131 s\u00f6yledi.<\/p>\n<p>\u201cBuradaki k\u00fc\u00e7\u00fck faylar 17 A\u011fustos\u2019un ve 23 Nisan\u2019\u0131n bu b\u00f6lgeye getirdi\u011fi stresle \u00e7al\u0131\u015fan faylardaki olu\u015fan k\u00fc\u00e7\u00fck mikro depremler\u201d diyen \u00dc\u015f\u00fcmezsoy, ana fay \u00fczerinde meydana gelen bir depremle a\u00e7\u0131\u011fa \u00e7\u0131kan stresin \u00e7evredeki fay kollar\u0131na aktar\u0131labildi\u011fini belirtti.<\/p>\n<p>Bu stresin s\u00f6z konusu ikincil faylarda k\u00fc\u00e7\u00fck depremleri tetikledi\u011fini ifade eden \u00dc\u015f\u00fcmezsoy, B\u00fcy\u00fckada\u2019n\u0131n g\u00fcneyindeki son sars\u0131nt\u0131lar\u0131 da bu \u00e7er\u00e7evede de\u011ferlendirdi. \u201cBURADAN B\u00dcY\u00dcK DEPREM \u00c7IKMAZ\u201d<\/p>\n<p>\u00dc\u015f\u00fcmezsoy\u2019un a\u00e7\u0131klamas\u0131ndaki en dikkat \u00e7ekici de\u011ferlendirmelerden biri ise B\u00fcy\u00fckada\u2019n\u0131n g\u00fcneyindeki faylara ili\u015fkin oldu.<\/p>\n<p>Adalar Fay\u0131\u2019n\u0131n bu b\u00f6lgede \u201c\u00f6l\u00fc fay\u201d oldu\u011funu savunan \u00dc\u015f\u00fcmezsoy, B\u00fcy\u00fckada\u2019n\u0131n g\u00fcneyindeki k\u00fc\u00e7\u00fck faylarda meydana gelen depremlerin 17 A\u011fustos 1999 ve 23 Nisan 2025 depremleriyle olu\u015fan stres de\u011fi\u015fimleriyle ba\u011flant\u0131l\u0131 oldu\u011funu ileri s\u00fcrd\u00fc.<\/p>\n<p>\u00dc\u015f\u00fcmezsoy, s\u00f6z konusu faylar\u0131n k\u00fc\u00e7\u00fck ve orta b\u00fcy\u00fckl\u00fckteki depremlerden daha b\u00fcy\u00fck depremlere ge\u00e7i\u015f yapan bir sistem olmad\u0131\u011f\u0131n\u0131 belirterek a\u00e7\u0131klamas\u0131n\u0131 \u015fu s\u00f6zlerle tamamlad\u0131:<\/p>\n<p>\u201cYani tekrardan s\u00f6yl\u00fcyorum, bu k\u00fc\u00e7\u00fck kollar\u0131n stres biriktirerek orta veya b\u00fcy\u00fck \u015fiddette bir deprem \u00fcretme kapasitesi yok.&#8221;<\/p>\n<p>Kaynak : cnnturk.com<\/p>\n"},"alt_text":"","media_type":"image","mime_type":"image\/jpeg","media_details":{"width":768,"height":201,"file":"2026\/08\/1-15-768x201-295.jpg","sizes":{"medium":{"file":"1-15-768x201-295-300x79.jpg","width":300,"height":79,"mime_type":"image\/jpeg","source_url":"https:\/\/adanaseshaber.com.tr\/habercim\/wp-content\/uploads\/2026\/08\/1-15-768x201-295-300x79.jpg"},"thumbnail":{"file":"1-15-768x201-295-150x150.jpg","width":150,"height":150,"mime_type":"image\/jpeg","source_url":"https:\/\/adanaseshaber.com.tr\/habercim\/wp-content\/uploads\/2026\/08\/1-15-768x201-295-150x150.jpg"},"kucukResim":{"file":"1-15-768x201-295-80x50.jpg","width":80,"height":50,"mime_type":"image\/jpeg","source_url":"https:\/\/adanaseshaber.com.tr\/habercim\/wp-content\/uploads\/2026\/08\/1-15-768x201-295-80x50.jpg"},"sliderResim":{"file":"1-15-768x201-295-670x201.jpg","width":670,"height":201,"mime_type":"image\/jpeg","source_url":"https:\/\/adanaseshaber.com.tr\/habercim\/wp-content\/uploads\/2026\/08\/1-15-768x201-295-670x201.jpg"},"resim1":{"file":"1-15-768x201-295-184x140.jpg","width":184,"height":140,"mime_type":"image\/jpeg","source_url":"https:\/\/adanaseshaber.com.tr\/habercim\/wp-content\/uploads\/2026\/08\/1-15-768x201-295-184x140.jpg"},"resim2":{"file":"1-15-768x201-295-216x103.jpg","width":216,"height":103,"mime_type":"image\/jpeg","source_url":"https:\/\/adanaseshaber.com.tr\/habercim\/wp-content\/uploads\/2026\/08\/1-15-768x201-295-216x103.jpg"},"resim3":{"file":"1-15-768x201-295-145x70.jpg","width":145,"height":70,"mime_type":"image\/jpeg","source_url":"https:\/\/adanaseshaber.com.tr\/habercim\/wp-content\/uploads\/2026\/08\/1-15-768x201-295-145x70.jpg"},"sagSlider":{"file":"1-15-768x201-295-300x150.jpg","width":300,"height":150,"mime_type":"image\/jpeg","source_url":"https:\/\/adanaseshaber.com.tr\/habercim\/wp-content\/uploads\/2026\/08\/1-15-768x201-295-300x150.jpg"},"yeniSlider":{"file":"1-15-768x201-295-500x201.jpg","width":500,"height":201,"mime_type":"image\/jpeg","source_url":"https:\/\/adanaseshaber.com.tr\/habercim\/wp-content\/uploads\/2026\/08\/1-15-768x201-295-500x201.jpg"},"full":{"file":"1-15-768x201-295.jpg","width":768,"height":201,"mime_type":"image\/jpeg","source_url":"https:\/\/adanaseshaber.com.tr\/habercim\/wp-content\/uploads\/2026\/08\/1-15-768x201-295.jpg"}},"image_meta":{"aperture":"0","credit":"","camera":"","caption":"","created_timestamp":"0","copyright":"","focal_length":"0","iso":"0","shutter_speed":"0","title":"","orientation":"0","keywords":[]}},"post":52446,"source_url":"https:\/\/adanaseshaber.com.tr\/habercim\/wp-content\/uploads\/2026\/08\/1-15-768x201-295.jpg","_links":{"self":[{"href":"https:\/\/adanaseshaber.com.tr\/habercim\/wp-json\/wp\/v2\/media\/52448"}],"collection":[{"href":"https:\/\/adanaseshaber.com.tr\/habercim\/wp-json\/wp\/v2\/media"}],"about":[{"href":"https:\/\/adanaseshaber.com.tr\/habercim\/wp-json\/wp\/v2\/types\/attachment"}],"author":[{"embeddable":true,"href":"https:\/\/adanaseshaber.com.tr\/habercim\/wp-json\/wp\/v2\/users\/2"}],"replies":[{"embeddable":true,"href":"https:\/\/adanaseshaber.com.tr\/habercim\/wp-json\/wp\/v2\/comments?post=52448"}]}}