{"id":52453,"date":"2026-08-22T00:13:23","date_gmt":"2026-08-21T21:13:23","guid":{"rendered":"https:\/\/adanaseshaber.com.tr\/habercim\/wp-content\/uploads\/2026\/08\/1-15-768x201-297.jpg"},"modified":"2026-08-22T00:14:56","modified_gmt":"2026-08-21T21:14:56","slug":"1-15-768x201-2888","status":"inherit","type":"attachment","link":"https:\/\/adanaseshaber.com.tr\/habercim\/foto-galeri\/tum-gelirler-kesilecek\/attachment\/1-15-768x201-2888\/","title":{"rendered":"T\u00fcm gelirler kesilecek"},"author":2,"comment_status":"open","ping_status":"closed","template":"","meta":[],"description":{"rendered":"<p class=\"attachment\"><a href='https:\/\/adanaseshaber.com.tr\/habercim\/wp-content\/uploads\/2026\/08\/1-15-768x201-297.jpg'><img width=\"300\" height=\"79\" src=\"https:\/\/adanaseshaber.com.tr\/habercim\/wp-content\/uploads\/2026\/08\/1-15-768x201-297-300x79.jpg\" class=\"attachment-medium size-medium\" alt=\"\" loading=\"lazy\" srcset=\"https:\/\/adanaseshaber.com.tr\/habercim\/wp-content\/uploads\/2026\/08\/1-15-768x201-297-300x79.jpg 300w, https:\/\/adanaseshaber.com.tr\/habercim\/wp-content\/uploads\/2026\/08\/1-15-768x201-297.jpg 768w\" sizes=\"(max-width: 300px) 100vw, 300px\" \/><\/a><\/p>\n"},"caption":{"rendered":"<p>Anayasa Mahkemesi (AYM), bo\u015fand\u0131\u011f\u0131 e\u015fiyle fiilen birlikte ya\u015fad\u0131\u011f\u0131 belirlenen e\u015f ve \u00e7ocuklar\u0131n gelir ile ayl\u0131klar\u0131n\u0131n kesilmesini ve yap\u0131lan \u00f6demelerin geri al\u0131nmas\u0131n\u0131 \u00f6ng\u00f6ren d\u00fczenlemeyi Anayasa&#8217;ya uygun bularak, iptal istemini reddetti.<br \/>\n&#8220;E\u015finden bo\u015fand\u0131\u011f\u0131 halde, bo\u015fand\u0131\u011f\u0131 e\u015fiyle fiilen birlikte ya\u015fad\u0131\u011f\u0131 belirlenen e\u015f ve \u00e7ocuklar\u0131n, ba\u011flanm\u0131\u015f olan gelir ve ayl\u0131klar\u0131 kesilir. Bu ki\u015filere \u00f6denmi\u015f olan tutarlar, 96&#8217;nc\u0131 madde h\u00fck\u00fcmlerine g\u00f6re geri al\u0131n\u0131r.&#8221; d\u00fczenlemesinin Anayasa&#8217;ya ayk\u0131r\u0131 oldu\u011funu ileri s\u00fcrerek iptalini talep etti.<\/p>\n<p>\u0130ptal isteminde, s\u00f6z konusu d\u00fczenlemenin Sosyal G\u00fcvenlik Kurumu taraf\u0131ndan eksik ara\u015ft\u0131rma yap\u0131lmas\u0131 halinde gereken ara\u015ft\u0131rman\u0131n mahkemelerce yap\u0131lmas\u0131n\u0131 d\u00fczenledi\u011fi, bu durumun yarg\u0131n\u0131n idarenin yerine ge\u00e7mesine neden oldu\u011fu ve ayr\u0131ca \u00f6zel hayata sayg\u0131 g\u00f6sterilmesini isteme hakk\u0131na y\u00f6nelik bir m\u00fcdahaleye neden oldu\u011fu ifade edildi.<\/p>\n<p>Ba\u015fvuruyu inceleyen Y\u00fcksek Mahkeme, d\u00fczenlemeyi Anayasa&#8217;ya uygun buldu ve iptal isteminin reddine h\u00fckmetti.<\/p>\n<p>KARARIN GEREK\u00c7ES\u0130NDEN<br \/>\nAYM&#8217;nin karar\u0131nda, iptali istenen d\u00fczenleme ile e\u015f ve \u00e7ocuklara ba\u011flanan gelir ve ayl\u0131klar\u0131n hangi hallerde kesilece\u011finin herhangi bir teredd\u00fcde neden olmayacak \u015fekilde a\u00e7\u0131k ve net olarak d\u00fczenlendi\u011fi kaydedildi.<\/p>\n<p>D\u00fczenlemede, ilgililere ba\u011flanan gelir ve ayl\u0131klar\u0131n, ayk\u0131r\u0131l\u0131k nedeniyle geri al\u0131nmas\u0131na ili\u015fkin usul ve esaslar y\u00f6n\u00fcnden de herhangi bir belirsizli\u011fin bulunmad\u0131\u011f\u0131 tespitine yer verilen kararda, &#8220;M\u00fclkiyet hakk\u0131na getirilen s\u0131n\u0131rlaman\u0131n kanunilik \u015fart\u0131n\u0131 sa\u011flad\u0131\u011f\u0131 sonucuna ula\u015f\u0131lm\u0131\u015ft\u0131r.&#8221; ifadeleri kullan\u0131ld\u0131.<\/p>\n<p>Bo\u015fanan e\u015f ve \u00e7ocuklara gelir ve ayl\u0131k ba\u011flanmas\u0131n\u0131n &#8220;e\u015f deste\u011finden yoksun olan hak sahiplerine sosyal sigorta yard\u0131m\u0131 yap\u0131lmas\u0131 suretiyle sosyal g\u00fcvenliklerinin sa\u011flanmas\u0131n\u0131 hedeflendi\u011fi&#8221; ifade edilen kararda, &#8220;E\u015finden bo\u015fanan ancak bo\u015fand\u0131\u011f\u0131 e\u015fiyle birlikte ya\u015fayan ve fiilen e\u015finin deste\u011finden yoksun kalmayan ki\u015filere ba\u011flanan gelir ile ayl\u0131klar\u0131n kesilerek hakk\u0131n k\u00f6t\u00fcye kullan\u0131lmas\u0131n\u0131 engelleme ve sosyal g\u00fcvenlik sistemi kapsam\u0131ndaki kamu kaynaklar\u0131n\u0131n verimli \u015fekilde kullan\u0131lmas\u0131n\u0131n hedefledi\u011fi a\u00e7\u0131kt\u0131r.&#8221; denildi.<\/p>\n<p>D\u00fczenlemenin, sosyal g\u00fcvenlik sisteminin s\u00fcrd\u00fcr\u00fclebilirli\u011fini sa\u011flamay\u0131 ama\u00e7lad\u0131\u011f\u0131 vurgulanan kararda, &#8220;Kanun koyucunun takdir yetkisi kapsam\u0131nda kalan kuralla m\u00fclkiyet hakk\u0131na getirilen s\u0131n\u0131rlaman\u0131n an\u0131lan me\u015fru amaca ula\u015fma bak\u0131m\u0131ndan gerekli olmad\u0131\u011f\u0131 s\u00f6ylenemez.&#8221; de\u011ferlendirmesi yap\u0131ld\u0131.<\/p>\n<p>KAYNAK: AA<br \/>\nhaber7.com<\/p>\n"},"alt_text":"","media_type":"image","mime_type":"image\/jpeg","media_details":{"width":768,"height":201,"file":"2026\/08\/1-15-768x201-297.jpg","sizes":{"medium":{"file":"1-15-768x201-297-300x79.jpg","width":300,"height":79,"mime_type":"image\/jpeg","source_url":"https:\/\/adanaseshaber.com.tr\/habercim\/wp-content\/uploads\/2026\/08\/1-15-768x201-297-300x79.jpg"},"thumbnail":{"file":"1-15-768x201-297-150x150.jpg","width":150,"height":150,"mime_type":"image\/jpeg","source_url":"https:\/\/adanaseshaber.com.tr\/habercim\/wp-content\/uploads\/2026\/08\/1-15-768x201-297-150x150.jpg"},"kucukResim":{"file":"1-15-768x201-297-80x50.jpg","width":80,"height":50,"mime_type":"image\/jpeg","source_url":"https:\/\/adanaseshaber.com.tr\/habercim\/wp-content\/uploads\/2026\/08\/1-15-768x201-297-80x50.jpg"},"sliderResim":{"file":"1-15-768x201-297-670x201.jpg","width":670,"height":201,"mime_type":"image\/jpeg","source_url":"https:\/\/adanaseshaber.com.tr\/habercim\/wp-content\/uploads\/2026\/08\/1-15-768x201-297-670x201.jpg"},"resim1":{"file":"1-15-768x201-297-184x140.jpg","width":184,"height":140,"mime_type":"image\/jpeg","source_url":"https:\/\/adanaseshaber.com.tr\/habercim\/wp-content\/uploads\/2026\/08\/1-15-768x201-297-184x140.jpg"},"resim2":{"file":"1-15-768x201-297-216x103.jpg","width":216,"height":103,"mime_type":"image\/jpeg","source_url":"https:\/\/adanaseshaber.com.tr\/habercim\/wp-content\/uploads\/2026\/08\/1-15-768x201-297-216x103.jpg"},"resim3":{"file":"1-15-768x201-297-145x70.jpg","width":145,"height":70,"mime_type":"image\/jpeg","source_url":"https:\/\/adanaseshaber.com.tr\/habercim\/wp-content\/uploads\/2026\/08\/1-15-768x201-297-145x70.jpg"},"sagSlider":{"file":"1-15-768x201-297-300x150.jpg","width":300,"height":150,"mime_type":"image\/jpeg","source_url":"https:\/\/adanaseshaber.com.tr\/habercim\/wp-content\/uploads\/2026\/08\/1-15-768x201-297-300x150.jpg"},"yeniSlider":{"file":"1-15-768x201-297-500x201.jpg","width":500,"height":201,"mime_type":"image\/jpeg","source_url":"https:\/\/adanaseshaber.com.tr\/habercim\/wp-content\/uploads\/2026\/08\/1-15-768x201-297-500x201.jpg"},"full":{"file":"1-15-768x201-297.jpg","width":768,"height":201,"mime_type":"image\/jpeg","source_url":"https:\/\/adanaseshaber.com.tr\/habercim\/wp-content\/uploads\/2026\/08\/1-15-768x201-297.jpg"}},"image_meta":{"aperture":"0","credit":"","camera":"","caption":"","created_timestamp":"0","copyright":"","focal_length":"0","iso":"0","shutter_speed":"0","title":"","orientation":"0","keywords":[]}},"post":52451,"source_url":"https:\/\/adanaseshaber.com.tr\/habercim\/wp-content\/uploads\/2026\/08\/1-15-768x201-297.jpg","_links":{"self":[{"href":"https:\/\/adanaseshaber.com.tr\/habercim\/wp-json\/wp\/v2\/media\/52453"}],"collection":[{"href":"https:\/\/adanaseshaber.com.tr\/habercim\/wp-json\/wp\/v2\/media"}],"about":[{"href":"https:\/\/adanaseshaber.com.tr\/habercim\/wp-json\/wp\/v2\/types\/attachment"}],"author":[{"embeddable":true,"href":"https:\/\/adanaseshaber.com.tr\/habercim\/wp-json\/wp\/v2\/users\/2"}],"replies":[{"embeddable":true,"href":"https:\/\/adanaseshaber.com.tr\/habercim\/wp-json\/wp\/v2\/comments?post=52453"}]}}