{"id":52498,"date":"2026-08-23T00:46:51","date_gmt":"2026-08-22T21:46:51","guid":{"rendered":"https:\/\/adanaseshaber.com.tr\/habercim\/wp-content\/uploads\/2026\/08\/1-15-768x201-315.jpg"},"modified":"2026-08-23T00:49:31","modified_gmt":"2026-08-22T21:49:31","slug":"1-15-768x201-2906","status":"inherit","type":"attachment","link":"https:\/\/adanaseshaber.com.tr\/habercim\/genel\/agustos-2026\/attachment\/1-15-768x201-2906\/","title":{"rendered":"A\u011fustos 2026"},"author":2,"comment_status":"open","ping_status":"closed","template":"","meta":[],"description":{"rendered":"<p class=\"attachment\"><a href='https:\/\/adanaseshaber.com.tr\/habercim\/wp-content\/uploads\/2026\/08\/1-15-768x201-315.jpg'><img width=\"300\" height=\"79\" src=\"https:\/\/adanaseshaber.com.tr\/habercim\/wp-content\/uploads\/2026\/08\/1-15-768x201-315-300x79.jpg\" class=\"attachment-medium size-medium\" alt=\"\" loading=\"lazy\" srcset=\"https:\/\/adanaseshaber.com.tr\/habercim\/wp-content\/uploads\/2026\/08\/1-15-768x201-315-300x79.jpg 300w, https:\/\/adanaseshaber.com.tr\/habercim\/wp-content\/uploads\/2026\/08\/1-15-768x201-315.jpg 768w\" sizes=\"(max-width: 300px) 100vw, 300px\" \/><\/a><\/p>\n"},"caption":{"rendered":"<p>Ge\u00e7ti\u011fimiz y\u0131llarda uygulanan kira art\u0131\u015flar\u0131ndaki y\u00fczde 25&#8217;lik zam s\u0131n\u0131r\u0131 2 Temmuz 2024&#8217;te sona ermi\u015fti. A\u011fustos ay\u0131nda ev ve i\u015fyeri kira s\u00f6zle\u015fmesini yenilenecek olanlar\u0131n kira art\u0131\u015f\u0131 12 ayl\u0131k g\u00fcncel T\u00dcFE oran\u0131na g\u00f6re belirlenmeye devam edecek. Ev ve i\u015fyeri sahibi kira art\u0131\u015f\u0131n\u0131 belirlemede T\u00dcFE s\u0131n\u0131r\u0131n\u0131 a\u015famayacak.<\/p>\n<p>Buna g\u00f6re; Kontrat s\u00fcresi dolan konut ve i\u015fyeri kirac\u0131lar\u0131, T\u00dcFE rakamlar\u0131na kay\u0131tl\u0131 kalarak ev sahiplerine a\u011fustos ay\u0131nda g\u00fcncel 12 ayl\u0131k T\u00dcFE oran\u0131 \u00fczerinden zam yapacak. Normal \u015fartlarda T\u00dcFE verilerine g\u00f6re hesaplanan kira art\u0131\u015f oranlar\u0131, h\u00fck\u00fcmet taraf\u0131ndan getirilen uygulama sonras\u0131nda son 2 senedir y\u00fczde 25&#8217;le s\u0131n\u0131rland\u0131r\u0131lm\u0131\u015ft\u0131.<\/p>\n<p>Temmuz 2024 itibar\u0131yla bu s\u0131n\u0131r kalkt\u0131 ve 2026 a\u011fustos ay\u0131nda s\u00f6zle\u015fme yenileyecek olan kirac\u0131lar, g\u00fcncel T\u00dcFE verileri \u00fczerinden kira zamm\u0131 uygulamaya ba\u015flad\u0131. T\u00dc\u0130K&#8217;in temmuz ay\u0131 enflasyon verileriyle birlikte 12 ayl\u0131k ortalamaya g\u00f6re g\u00fcncel T\u00dcFE rakamlar\u0131 belli oldu.<\/p>\n<p>Buna g\u00f6re; A\u011fustos ay\u0131 kira art\u0131\u015f oran\u0131 y\u00fczde 31,90 olarak uygulanacak.<br \/>\nA\u011eUSTOS AYI K\u0130RA ARTI\u015e ORANI HESAPLAMA<br \/>\nMevcut Kira Bedeli: 38 bin TL<\/p>\n<p>Kira Art\u0131\u015f\u0131 Yap\u0131lacak Ay: A\u011fustos 2026<\/p>\n<p>Girdi\u011finiz Art\u0131\u015f Oran\u0131: Y\u00fczde 31,90<\/p>\n<p>Kira Art\u0131\u015f Tutar\u0131: 12 bin 122 TL<\/p>\n<p>Ayl\u0131k Yeni Kira Tutar\u0131: 50 bin 122 TL <\/p>\n<p>Kaynak : ntv.com.tr<\/p>\n"},"alt_text":"","media_type":"image","mime_type":"image\/jpeg","media_details":{"width":768,"height":201,"file":"2026\/08\/1-15-768x201-315.jpg","sizes":{"medium":{"file":"1-15-768x201-315-300x79.jpg","width":300,"height":79,"mime_type":"image\/jpeg","source_url":"https:\/\/adanaseshaber.com.tr\/habercim\/wp-content\/uploads\/2026\/08\/1-15-768x201-315-300x79.jpg"},"thumbnail":{"file":"1-15-768x201-315-150x150.jpg","width":150,"height":150,"mime_type":"image\/jpeg","source_url":"https:\/\/adanaseshaber.com.tr\/habercim\/wp-content\/uploads\/2026\/08\/1-15-768x201-315-150x150.jpg"},"kucukResim":{"file":"1-15-768x201-315-80x50.jpg","width":80,"height":50,"mime_type":"image\/jpeg","source_url":"https:\/\/adanaseshaber.com.tr\/habercim\/wp-content\/uploads\/2026\/08\/1-15-768x201-315-80x50.jpg"},"sliderResim":{"file":"1-15-768x201-315-670x201.jpg","width":670,"height":201,"mime_type":"image\/jpeg","source_url":"https:\/\/adanaseshaber.com.tr\/habercim\/wp-content\/uploads\/2026\/08\/1-15-768x201-315-670x201.jpg"},"resim1":{"file":"1-15-768x201-315-184x140.jpg","width":184,"height":140,"mime_type":"image\/jpeg","source_url":"https:\/\/adanaseshaber.com.tr\/habercim\/wp-content\/uploads\/2026\/08\/1-15-768x201-315-184x140.jpg"},"resim2":{"file":"1-15-768x201-315-216x103.jpg","width":216,"height":103,"mime_type":"image\/jpeg","source_url":"https:\/\/adanaseshaber.com.tr\/habercim\/wp-content\/uploads\/2026\/08\/1-15-768x201-315-216x103.jpg"},"resim3":{"file":"1-15-768x201-315-145x70.jpg","width":145,"height":70,"mime_type":"image\/jpeg","source_url":"https:\/\/adanaseshaber.com.tr\/habercim\/wp-content\/uploads\/2026\/08\/1-15-768x201-315-145x70.jpg"},"sagSlider":{"file":"1-15-768x201-315-300x150.jpg","width":300,"height":150,"mime_type":"image\/jpeg","source_url":"https:\/\/adanaseshaber.com.tr\/habercim\/wp-content\/uploads\/2026\/08\/1-15-768x201-315-300x150.jpg"},"yeniSlider":{"file":"1-15-768x201-315-500x201.jpg","width":500,"height":201,"mime_type":"image\/jpeg","source_url":"https:\/\/adanaseshaber.com.tr\/habercim\/wp-content\/uploads\/2026\/08\/1-15-768x201-315-500x201.jpg"},"full":{"file":"1-15-768x201-315.jpg","width":768,"height":201,"mime_type":"image\/jpeg","source_url":"https:\/\/adanaseshaber.com.tr\/habercim\/wp-content\/uploads\/2026\/08\/1-15-768x201-315.jpg"}},"image_meta":{"aperture":"0","credit":"","camera":"","caption":"","created_timestamp":"0","copyright":"","focal_length":"0","iso":"0","shutter_speed":"0","title":"","orientation":"0","keywords":[]}},"post":52496,"source_url":"https:\/\/adanaseshaber.com.tr\/habercim\/wp-content\/uploads\/2026\/08\/1-15-768x201-315.jpg","_links":{"self":[{"href":"https:\/\/adanaseshaber.com.tr\/habercim\/wp-json\/wp\/v2\/media\/52498"}],"collection":[{"href":"https:\/\/adanaseshaber.com.tr\/habercim\/wp-json\/wp\/v2\/media"}],"about":[{"href":"https:\/\/adanaseshaber.com.tr\/habercim\/wp-json\/wp\/v2\/types\/attachment"}],"author":[{"embeddable":true,"href":"https:\/\/adanaseshaber.com.tr\/habercim\/wp-json\/wp\/v2\/users\/2"}],"replies":[{"embeddable":true,"href":"https:\/\/adanaseshaber.com.tr\/habercim\/wp-json\/wp\/v2\/comments?post=52498"}]}}