{"id":52508,"date":"2026-08-23T18:19:30","date_gmt":"2026-08-23T15:19:30","guid":{"rendered":"https:\/\/adanaseshaber.com.tr\/habercim\/wp-content\/uploads\/2026\/08\/1-15-768x201-319.jpg"},"modified":"2026-08-23T18:20:41","modified_gmt":"2026-08-23T15:20:41","slug":"1-15-768x201-2910","status":"inherit","type":"attachment","link":"https:\/\/adanaseshaber.com.tr\/habercim\/foto-galeri\/universitesi-ogrencisi-rojin\/attachment\/1-15-768x201-2910\/","title":{"rendered":"\u00dcniversitesi \u00f6\u011frencisi Rojin"},"author":2,"comment_status":"open","ping_status":"closed","template":"","meta":[],"description":{"rendered":"<p class=\"attachment\"><a href='https:\/\/adanaseshaber.com.tr\/habercim\/wp-content\/uploads\/2026\/08\/1-15-768x201-319.jpg'><img width=\"300\" height=\"79\" src=\"https:\/\/adanaseshaber.com.tr\/habercim\/wp-content\/uploads\/2026\/08\/1-15-768x201-319-300x79.jpg\" class=\"attachment-medium size-medium\" alt=\"\" loading=\"lazy\" srcset=\"https:\/\/adanaseshaber.com.tr\/habercim\/wp-content\/uploads\/2026\/08\/1-15-768x201-319-300x79.jpg 300w, https:\/\/adanaseshaber.com.tr\/habercim\/wp-content\/uploads\/2026\/08\/1-15-768x201-319.jpg 768w\" sizes=\"(max-width: 300px) 100vw, 300px\" \/><\/a><\/p>\n"},"caption":{"rendered":"<p>Soru\u015fturma kapsam\u0131nda daha \u00f6nce \u015fubat ay\u0131nda \u0130spanya\u2019ya g\u00f6nderilen ancak a\u00e7\u0131lamayan cep telefonu, Van Cumhuriyet Ba\u015fsavc\u0131l\u0131\u011f\u0131 ile Van Emniyet M\u00fcd\u00fcrl\u00fc\u011f\u00fc Siber Su\u00e7larla M\u00fccadele \u015eube M\u00fcd\u00fcrl\u00fc\u011f\u00fc ekiplerinin takibiyle \u00c7in\u2019e g\u00f6nderilerek \u00f6zel teknik incelemeye al\u0131nm\u0131\u015ft\u0131.<\/p>\n<p>\u00c7in\u2019de ger\u00e7ekle\u015ftirilen incelemelerin ard\u0131ndan haz\u0131rlanan teknik raporda, telefona eri\u015fim sa\u011flanamad\u0131\u011f\u0131 bildirildi. Raporda ayr\u0131ca, cihaza m\u00fcdahale edilmesi durumunda telefonun yaz\u0131l\u0131m\u0131n\u0131n ve i\u00e7erisindeki t\u00fcm verilerin tamamen silinebilece\u011fi uyar\u0131s\u0131na yer verildi. Detaylar\u0131 CNN T\u00fcrk Muhabiri Burak Emek aktard\u0131:<\/p>\n<p>\u201c27 Eyl\u00fcl 2024\u2019te kaybolan 21 ya\u015f\u0131ndaki \u00fcniversite \u00f6\u011frencisi Rojin Kabai\u015f\u2019in cans\u0131z bedeni, 18 g\u00fcn sonra yani 15 Ekim\u2019de, kay\u0131t yapt\u0131rd\u0131\u011f\u0131 ve e\u011fitim g\u00f6rd\u00fc\u011f\u00fc Van Y\u00fcz\u00fcnc\u00fc Y\u0131l \u00dcniversitesi\u2019nin hemen yan\u0131ndaki Van G\u00f6l\u00fc k\u0131y\u0131s\u0131nda bulundu. Bu dosyada yeni geli\u015fmeler ya\u015fan\u0131yor. Bu noktada olduk\u00e7a \u00f6nemli bir bilgiyi payla\u015fmak istiyorum. Rojin Kabai\u015f\u2019in telefonu \u00c7in\u2019den geldi. Ancak olumsuz cevap al\u0131nd\u0131. Bu olduk\u00e7a \u00f6nemliydi. \u00c7\u00fcnk\u00fc telefon daha \u00f6nce \u015eubat ay\u0131nda Adalet Bakanl\u0131\u011f\u0131\u2019n\u0131n giri\u015fimleri sonucunda \u0130spanya\u2019ya g\u00f6nderilmi\u015fti ve oradan da olumsuz yan\u0131t al\u0131nm\u0131\u015ft\u0131. Bunun ard\u0131ndan Adalet Bakanl\u0131\u011f\u0131 taraf\u0131ndan \u00f6zel bir ekip kurulmu\u015f ve \u00e7al\u0131\u015fmalar s\u00fcrd\u00fcr\u00fclm\u00fc\u015ft\u00fc. Daha sonra telefon, Van Cumhuriyet Ba\u015fsavc\u0131l\u0131\u011f\u0131 ile Van Siber Su\u00e7larla M\u00fccadele \u015eube M\u00fcd\u00fcrl\u00fc\u011f\u00fc ekiplerinin haz\u0131rlad\u0131\u011f\u0131 rapor do\u011frultusunda 30 Nisan\u2019da \u00c7in\u2019e g\u00f6nderildi. Ancak \u00c7in\u2019den de olumsuz yan\u0131t geldi.<br \/>\n\u00c7in taraf\u0131ndan 6 sayfal\u0131k bir rapor haz\u0131rland\u0131. Raporda, telefona m\u00fcdahale edilmesi ya da eri\u015fim sa\u011flanmas\u0131 durumunda t\u00fcm verilerin silinebilece\u011fi belirtildi. Bu nedenle yap\u0131lan t\u00fcm teknik incelemelere ra\u011fmen telefona eri\u015fim sa\u011flanamad\u0131. \u0130spanya\u2019dan gelen yan\u0131tta da benzer ifadeler yer alm\u0131\u015ft\u0131. Adalet Bakanl\u0131\u011f\u0131\u2019n\u0131n kurdu\u011fu \u00f6zel ekip \u00e7al\u0131\u015fmalar\u0131n\u0131 s\u00fcrd\u00fcr\u00fcrken telefonun bir kez daha \u00c7in\u2019e g\u00f6nderilmesi sa\u011fland\u0131. Ancak bu giri\u015fimden de olumsuz sonu\u00e7 al\u0131nd\u0131.<br \/>\n\u00d6n\u00fcm\u00fczdeki g\u00fcnlerde telefonun bir kez daha incelenmesine y\u00f6nelik yeni bir \u00e7al\u0131\u015fma yap\u0131lmas\u0131 planlan\u0131yor. Bu da olduk\u00e7a \u00f6nemli. \u00c7\u00fcnk\u00fc Rojin Kabai\u015f\u2019in telefonunun a\u00e7\u0131lmas\u0131 halinde bir\u00e7ok soru i\u015faretinin yan\u0131t bulabilece\u011fi de\u011ferlendiriliyordu.\u201d<\/p>\n<p>Kaynak : hurriyet.com.tr<\/p>\n"},"alt_text":"","media_type":"image","mime_type":"image\/jpeg","media_details":{"width":768,"height":201,"file":"2026\/08\/1-15-768x201-319.jpg","sizes":{"medium":{"file":"1-15-768x201-319-300x79.jpg","width":300,"height":79,"mime_type":"image\/jpeg","source_url":"https:\/\/adanaseshaber.com.tr\/habercim\/wp-content\/uploads\/2026\/08\/1-15-768x201-319-300x79.jpg"},"thumbnail":{"file":"1-15-768x201-319-150x150.jpg","width":150,"height":150,"mime_type":"image\/jpeg","source_url":"https:\/\/adanaseshaber.com.tr\/habercim\/wp-content\/uploads\/2026\/08\/1-15-768x201-319-150x150.jpg"},"kucukResim":{"file":"1-15-768x201-319-80x50.jpg","width":80,"height":50,"mime_type":"image\/jpeg","source_url":"https:\/\/adanaseshaber.com.tr\/habercim\/wp-content\/uploads\/2026\/08\/1-15-768x201-319-80x50.jpg"},"sliderResim":{"file":"1-15-768x201-319-670x201.jpg","width":670,"height":201,"mime_type":"image\/jpeg","source_url":"https:\/\/adanaseshaber.com.tr\/habercim\/wp-content\/uploads\/2026\/08\/1-15-768x201-319-670x201.jpg"},"resim1":{"file":"1-15-768x201-319-184x140.jpg","width":184,"height":140,"mime_type":"image\/jpeg","source_url":"https:\/\/adanaseshaber.com.tr\/habercim\/wp-content\/uploads\/2026\/08\/1-15-768x201-319-184x140.jpg"},"resim2":{"file":"1-15-768x201-319-216x103.jpg","width":216,"height":103,"mime_type":"image\/jpeg","source_url":"https:\/\/adanaseshaber.com.tr\/habercim\/wp-content\/uploads\/2026\/08\/1-15-768x201-319-216x103.jpg"},"resim3":{"file":"1-15-768x201-319-145x70.jpg","width":145,"height":70,"mime_type":"image\/jpeg","source_url":"https:\/\/adanaseshaber.com.tr\/habercim\/wp-content\/uploads\/2026\/08\/1-15-768x201-319-145x70.jpg"},"sagSlider":{"file":"1-15-768x201-319-300x150.jpg","width":300,"height":150,"mime_type":"image\/jpeg","source_url":"https:\/\/adanaseshaber.com.tr\/habercim\/wp-content\/uploads\/2026\/08\/1-15-768x201-319-300x150.jpg"},"yeniSlider":{"file":"1-15-768x201-319-500x201.jpg","width":500,"height":201,"mime_type":"image\/jpeg","source_url":"https:\/\/adanaseshaber.com.tr\/habercim\/wp-content\/uploads\/2026\/08\/1-15-768x201-319-500x201.jpg"},"full":{"file":"1-15-768x201-319.jpg","width":768,"height":201,"mime_type":"image\/jpeg","source_url":"https:\/\/adanaseshaber.com.tr\/habercim\/wp-content\/uploads\/2026\/08\/1-15-768x201-319.jpg"}},"image_meta":{"aperture":"0","credit":"","camera":"","caption":"","created_timestamp":"0","copyright":"","focal_length":"0","iso":"0","shutter_speed":"0","title":"","orientation":"0","keywords":[]}},"post":52506,"source_url":"https:\/\/adanaseshaber.com.tr\/habercim\/wp-content\/uploads\/2026\/08\/1-15-768x201-319.jpg","_links":{"self":[{"href":"https:\/\/adanaseshaber.com.tr\/habercim\/wp-json\/wp\/v2\/media\/52508"}],"collection":[{"href":"https:\/\/adanaseshaber.com.tr\/habercim\/wp-json\/wp\/v2\/media"}],"about":[{"href":"https:\/\/adanaseshaber.com.tr\/habercim\/wp-json\/wp\/v2\/types\/attachment"}],"author":[{"embeddable":true,"href":"https:\/\/adanaseshaber.com.tr\/habercim\/wp-json\/wp\/v2\/users\/2"}],"replies":[{"embeddable":true,"href":"https:\/\/adanaseshaber.com.tr\/habercim\/wp-json\/wp\/v2\/comments?post=52508"}]}}