{"id":52542,"date":"2026-08-24T01:09:41","date_gmt":"2026-08-23T22:09:41","guid":{"rendered":"https:\/\/adanaseshaber.com.tr\/habercim\/wp-content\/uploads\/2026\/08\/PARA-EMEKLI-4.jpg"},"modified":"2026-08-24T01:09:58","modified_gmt":"2026-08-23T22:09:58","slug":"para-emekli-6","status":"inherit","type":"attachment","link":"https:\/\/adanaseshaber.com.tr\/habercim\/genel\/yeni-miktarlar\/attachment\/para-emekli-6\/","title":{"rendered":"Yeni miktarlar"},"author":2,"comment_status":"open","ping_status":"closed","template":"","meta":[],"description":{"rendered":"<p class=\"attachment\"><a href='https:\/\/adanaseshaber.com.tr\/habercim\/wp-content\/uploads\/2026\/08\/PARA-EMEKLI-4.jpg'><img width=\"300\" height=\"168\" src=\"https:\/\/adanaseshaber.com.tr\/habercim\/wp-content\/uploads\/2026\/08\/PARA-EMEKLI-4.jpg\" class=\"attachment-medium size-medium\" alt=\"\" loading=\"lazy\" \/><\/a><\/p>\n"},"caption":{"rendered":"<p>Emekli maa\u015flar\u0131na Temmuz ay\u0131nda yap\u0131lan art\u0131\u015f\u0131n ard\u0131ndan g\u00f6zler bu kez bankalar\u0131n promosyon kampanyalar\u0131na \u00e7evrildi. Maa\u015f\u0131n\u0131 farkl\u0131 bir bankaya ta\u015f\u0131yarak avantajl\u0131 tekliflerden yararlanmak isteyen emekliler, kamu ve \u00f6zel bankalar\u0131n a\u00e7\u0131klad\u0131\u011f\u0131 g\u00fcncel promosyon \u00f6demelerini kar\u015f\u0131la\u015ft\u0131rmaya ba\u015flad\u0131\u2026.<\/p>\n<p>devam\u0131 sonraki sayfada\u2026 g\u00f6rsel \u00fczerinden do2\u2019kununuz ge\u00e7ebilirsiniz\u2026<\/p>\n"},"alt_text":"","media_type":"image","mime_type":"image\/jpeg","media_details":{"width":300,"height":168,"file":"2026\/08\/PARA-EMEKLI-4.jpg","sizes":{"thumbnail":{"file":"PARA-EMEKLI-4-150x150.jpg","width":150,"height":150,"mime_type":"image\/jpeg","source_url":"https:\/\/adanaseshaber.com.tr\/habercim\/wp-content\/uploads\/2026\/08\/PARA-EMEKLI-4-150x150.jpg"},"kucukResim":{"file":"PARA-EMEKLI-4-80x50.jpg","width":80,"height":50,"mime_type":"image\/jpeg","source_url":"https:\/\/adanaseshaber.com.tr\/habercim\/wp-content\/uploads\/2026\/08\/PARA-EMEKLI-4-80x50.jpg"},"resim1":{"file":"PARA-EMEKLI-4-184x140.jpg","width":184,"height":140,"mime_type":"image\/jpeg","source_url":"https:\/\/adanaseshaber.com.tr\/habercim\/wp-content\/uploads\/2026\/08\/PARA-EMEKLI-4-184x140.jpg"},"resim2":{"file":"PARA-EMEKLI-4-216x103.jpg","width":216,"height":103,"mime_type":"image\/jpeg","source_url":"https:\/\/adanaseshaber.com.tr\/habercim\/wp-content\/uploads\/2026\/08\/PARA-EMEKLI-4-216x103.jpg"},"resim3":{"file":"PARA-EMEKLI-4-145x70.jpg","width":145,"height":70,"mime_type":"image\/jpeg","source_url":"https:\/\/adanaseshaber.com.tr\/habercim\/wp-content\/uploads\/2026\/08\/PARA-EMEKLI-4-145x70.jpg"},"sagSlider":{"file":"PARA-EMEKLI-4-300x150.jpg","width":300,"height":150,"mime_type":"image\/jpeg","source_url":"https:\/\/adanaseshaber.com.tr\/habercim\/wp-content\/uploads\/2026\/08\/PARA-EMEKLI-4-300x150.jpg"},"full":{"file":"PARA-EMEKLI-4.jpg","width":300,"height":168,"mime_type":"image\/jpeg","source_url":"https:\/\/adanaseshaber.com.tr\/habercim\/wp-content\/uploads\/2026\/08\/PARA-EMEKLI-4.jpg"}},"image_meta":{"aperture":"0","credit":"","camera":"","caption":"","created_timestamp":"0","copyright":"","focal_length":"0","iso":"0","shutter_speed":"0","title":"","orientation":"0","keywords":[]}},"post":52541,"source_url":"https:\/\/adanaseshaber.com.tr\/habercim\/wp-content\/uploads\/2026\/08\/PARA-EMEKLI-4.jpg","_links":{"self":[{"href":"https:\/\/adanaseshaber.com.tr\/habercim\/wp-json\/wp\/v2\/media\/52542"}],"collection":[{"href":"https:\/\/adanaseshaber.com.tr\/habercim\/wp-json\/wp\/v2\/media"}],"about":[{"href":"https:\/\/adanaseshaber.com.tr\/habercim\/wp-json\/wp\/v2\/types\/attachment"}],"author":[{"embeddable":true,"href":"https:\/\/adanaseshaber.com.tr\/habercim\/wp-json\/wp\/v2\/users\/2"}],"replies":[{"embeddable":true,"href":"https:\/\/adanaseshaber.com.tr\/habercim\/wp-json\/wp\/v2\/comments?post=52542"}]}}