{"id":52558,"date":"2026-08-24T01:20:17","date_gmt":"2026-08-23T22:20:17","guid":{"rendered":"https:\/\/adanaseshaber.com.tr\/habercim\/wp-content\/uploads\/2026\/08\/1-15-768x201-339.jpg"},"modified":"2026-08-24T01:20:48","modified_gmt":"2026-08-23T22:20:48","slug":"1-15-768x201-2930","status":"inherit","type":"attachment","link":"https:\/\/adanaseshaber.com.tr\/habercim\/foto-galeri\/cumhurbaskani-ilham-aliyevin\/attachment\/1-15-768x201-2930\/","title":{"rendered":"Cumhurba\u015fkan\u0131 \u0130lham Aliyev\u2019in"},"author":2,"comment_status":"open","ping_status":"closed","template":"","meta":[],"description":{"rendered":"<p class=\"attachment\"><a href='https:\/\/adanaseshaber.com.tr\/habercim\/wp-content\/uploads\/2026\/08\/1-15-768x201-339.jpg'><img width=\"300\" height=\"79\" src=\"https:\/\/adanaseshaber.com.tr\/habercim\/wp-content\/uploads\/2026\/08\/1-15-768x201-339-300x79.jpg\" class=\"attachment-medium size-medium\" alt=\"\" loading=\"lazy\" srcset=\"https:\/\/adanaseshaber.com.tr\/habercim\/wp-content\/uploads\/2026\/08\/1-15-768x201-339-300x79.jpg 300w, https:\/\/adanaseshaber.com.tr\/habercim\/wp-content\/uploads\/2026\/08\/1-15-768x201-339.jpg 768w\" sizes=\"(max-width: 300px) 100vw, 300px\" \/><\/a><\/p>\n"},"caption":{"rendered":"<p>Azerbaycan, b\u00f6lgede ya\u015fanan krizden etkilenen \u0130ranl\u0131 sivillere y\u00f6nelik insani yard\u0131m g\u00f6nderdi. Cumhurba\u015fkan\u0131 \u0130lham Aliyev\u2019in talimat\u0131yla haz\u0131rlanan yard\u0131m paketleri, Azerbaycan Ola\u011fan\u00fcst\u00fc Haller Bakanl\u0131\u011f\u0131na ait ara\u00e7larla \u0130ran\u2019a sevk edildi. G\u0131da ve T\u0131bbi Malzemeler G\u00f6nderildi Haz\u0131rlanan yard\u0131m kapsam\u0131nda 10 ton un, 6 ton pirin\u00e7, 2,4 ton \u015feker, 4 tondan fazla i\u00e7me suyu, yakla\u015f\u0131k 600 kilogram \u00e7ay ve 2 ton civar\u0131nda ila\u00e7 ve t\u0131bbi malzeme yer ald\u0131. Bakanl\u0131k yetkilileri, malzemelerin ihtiya\u00e7 sahiplerine ula\u015ft\u0131r\u0131lmak \u00fczere sevk edildi\u011fini duyurdu. Gerilim Yumu\u015fad\u0131 \u00d6te yandan, \u0130ran\u2019dan g\u00f6nderildi\u011fi iddia edilen bir insans\u0131z hava arac\u0131n\u0131n Azerbaycan topraklar\u0131na d\u00fc\u015fmesiyle iki \u00fclke aras\u0131nda ya\u015fanan gerilim, Azerbaycan\u2019\u0131n insani yard\u0131m hamlesiyle k\u0131smen azald\u0131. B\u00f6lgedeki siviller, sevk edilen malzemeler sayesinde temel g\u0131da ve sa\u011fl\u0131k ihtiya\u00e7lar\u0131na k\u0131sa s\u00fcreli de olsa eri\u015fim sa\u011flad\u0131. B\u00f6lgedeki Kriz Devam Ediyor \u0130srail\u2019in ABD deste\u011fiyle 28 \u015eubat\u2019ta ba\u015flatt\u0131\u011f\u0131 sald\u0131r\u0131lar\u0131n ard\u0131ndan, b\u00f6lgedeki insani kriz s\u00fcr\u00fcyor. Azerbaycan\u2019\u0131n hamlesi, b\u00f6lgedeki sivillere destek sa\u011flarken, iki \u00fclke aras\u0131ndaki tansiyonun d\u00fc\u015fmesine katk\u0131da bulundu.<\/p>\n<p>Kaynak : haberzamani.com<\/p>\n"},"alt_text":"","media_type":"image","mime_type":"image\/jpeg","media_details":{"width":768,"height":201,"file":"2026\/08\/1-15-768x201-339.jpg","sizes":{"medium":{"file":"1-15-768x201-339-300x79.jpg","width":300,"height":79,"mime_type":"image\/jpeg","source_url":"https:\/\/adanaseshaber.com.tr\/habercim\/wp-content\/uploads\/2026\/08\/1-15-768x201-339-300x79.jpg"},"thumbnail":{"file":"1-15-768x201-339-150x150.jpg","width":150,"height":150,"mime_type":"image\/jpeg","source_url":"https:\/\/adanaseshaber.com.tr\/habercim\/wp-content\/uploads\/2026\/08\/1-15-768x201-339-150x150.jpg"},"kucukResim":{"file":"1-15-768x201-339-80x50.jpg","width":80,"height":50,"mime_type":"image\/jpeg","source_url":"https:\/\/adanaseshaber.com.tr\/habercim\/wp-content\/uploads\/2026\/08\/1-15-768x201-339-80x50.jpg"},"sliderResim":{"file":"1-15-768x201-339-670x201.jpg","width":670,"height":201,"mime_type":"image\/jpeg","source_url":"https:\/\/adanaseshaber.com.tr\/habercim\/wp-content\/uploads\/2026\/08\/1-15-768x201-339-670x201.jpg"},"resim1":{"file":"1-15-768x201-339-184x140.jpg","width":184,"height":140,"mime_type":"image\/jpeg","source_url":"https:\/\/adanaseshaber.com.tr\/habercim\/wp-content\/uploads\/2026\/08\/1-15-768x201-339-184x140.jpg"},"resim2":{"file":"1-15-768x201-339-216x103.jpg","width":216,"height":103,"mime_type":"image\/jpeg","source_url":"https:\/\/adanaseshaber.com.tr\/habercim\/wp-content\/uploads\/2026\/08\/1-15-768x201-339-216x103.jpg"},"resim3":{"file":"1-15-768x201-339-145x70.jpg","width":145,"height":70,"mime_type":"image\/jpeg","source_url":"https:\/\/adanaseshaber.com.tr\/habercim\/wp-content\/uploads\/2026\/08\/1-15-768x201-339-145x70.jpg"},"sagSlider":{"file":"1-15-768x201-339-300x150.jpg","width":300,"height":150,"mime_type":"image\/jpeg","source_url":"https:\/\/adanaseshaber.com.tr\/habercim\/wp-content\/uploads\/2026\/08\/1-15-768x201-339-300x150.jpg"},"yeniSlider":{"file":"1-15-768x201-339-500x201.jpg","width":500,"height":201,"mime_type":"image\/jpeg","source_url":"https:\/\/adanaseshaber.com.tr\/habercim\/wp-content\/uploads\/2026\/08\/1-15-768x201-339-500x201.jpg"},"full":{"file":"1-15-768x201-339.jpg","width":768,"height":201,"mime_type":"image\/jpeg","source_url":"https:\/\/adanaseshaber.com.tr\/habercim\/wp-content\/uploads\/2026\/08\/1-15-768x201-339.jpg"}},"image_meta":{"aperture":"0","credit":"","camera":"","caption":"","created_timestamp":"0","copyright":"","focal_length":"0","iso":"0","shutter_speed":"0","title":"","orientation":"0","keywords":[]}},"post":52556,"source_url":"https:\/\/adanaseshaber.com.tr\/habercim\/wp-content\/uploads\/2026\/08\/1-15-768x201-339.jpg","_links":{"self":[{"href":"https:\/\/adanaseshaber.com.tr\/habercim\/wp-json\/wp\/v2\/media\/52558"}],"collection":[{"href":"https:\/\/adanaseshaber.com.tr\/habercim\/wp-json\/wp\/v2\/media"}],"about":[{"href":"https:\/\/adanaseshaber.com.tr\/habercim\/wp-json\/wp\/v2\/types\/attachment"}],"author":[{"embeddable":true,"href":"https:\/\/adanaseshaber.com.tr\/habercim\/wp-json\/wp\/v2\/users\/2"}],"replies":[{"embeddable":true,"href":"https:\/\/adanaseshaber.com.tr\/habercim\/wp-json\/wp\/v2\/comments?post=52558"}]}}