{"id":52610,"date":"2026-08-26T02:33:38","date_gmt":"2026-08-25T23:33:38","guid":{"rendered":"https:\/\/adanaseshaber.com.tr\/habercim\/wp-content\/uploads\/2026\/08\/1-15-768x201-359.jpg"},"modified":"2026-08-26T02:34:16","modified_gmt":"2026-08-25T23:34:16","slug":"1-15-768x201-2950","status":"inherit","type":"attachment","link":"https:\/\/adanaseshaber.com.tr\/habercim\/genel\/kadir-inanirin-serveti-ortaya-cikti\/attachment\/1-15-768x201-2950\/","title":{"rendered":"Kadir \u0130nan\u0131r\u2019\u0131n serveti ortaya \u00e7\u0131kt\u0131"},"author":2,"comment_status":"open","ping_status":"closed","template":"","meta":[],"description":{"rendered":"<p class=\"attachment\"><a href='https:\/\/adanaseshaber.com.tr\/habercim\/wp-content\/uploads\/2026\/08\/1-15-768x201-359.jpg'><img width=\"300\" height=\"79\" src=\"https:\/\/adanaseshaber.com.tr\/habercim\/wp-content\/uploads\/2026\/08\/1-15-768x201-359-300x79.jpg\" class=\"attachment-medium size-medium\" alt=\"\" loading=\"lazy\" srcset=\"https:\/\/adanaseshaber.com.tr\/habercim\/wp-content\/uploads\/2026\/08\/1-15-768x201-359-300x79.jpg 300w, https:\/\/adanaseshaber.com.tr\/habercim\/wp-content\/uploads\/2026\/08\/1-15-768x201-359.jpg 768w\" sizes=\"(max-width: 300px) 100vw, 300px\" \/><\/a><\/p>\n"},"caption":{"rendered":"<p>Kadir \u0130nan\u0131r\u2019\u0131n vefat\u0131n\u0131n ard\u0131ndan usta oyuncunun miras\u0131 ortaya \u00e7\u0131kt\u0131. \u0130nan\u0131r\u2019\u0131n geride b\u0131rakt\u0131\u011f\u0131 mal varl\u0131\u011f\u0131nda gayrimenkuller ve banka hesaplar\u0131n\u0131n yan\u0131 s\u0131ra l\u00fcks saat, \u00e7akmak ve kurba\u011fa fig\u00fcr\u00fc koleksiyonlar\u0131 dikkat \u00e7ekti. \u0130nan\u0131r\u2019\u0131n noter huzurunda haz\u0131rlad\u0131\u011f\u0131 ve i\u00e7eri\u011fi gizli tutulan 3 ayr\u0131 vasiyetinin eyl\u00fcl ay\u0131nda a\u00e7\u0131lmas\u0131 bekleniyor. Merhum oyuncunun malvarl\u0131\u011f\u0131n\u0131 kimlere b\u0131rakt\u0131\u011f\u0131 da o tarihte belli olacak.<br \/>\nT\u00fcrk sinemas\u0131n\u0131n usta isimlerinden Kadir \u0130nan\u0131r\u2019\u0131n vefat\u0131n\u0131n ard\u0131ndan geride b\u0131rakt\u0131\u011f\u0131 mal varl\u0131\u011f\u0131 ve y\u0131llar i\u00e7erisinde olu\u015fturdu\u011fu \u00f6zel koleksiyonlar merak konusu oldu.<br \/>\nEdinilen bilgilere g\u00f6re sanat\u00e7\u0131n\u0131n banka hesaplar\u0131nda \u00f6nemli miktarda para, farkl\u0131 b\u00f6lgelerde ise \u00e7ok say\u0131da gayrimenkul bulunuyor. Miras\u0131n kimler aras\u0131nda ve nas\u0131l payla\u015f\u0131laca\u011f\u0131 ise vasiyetlerin a\u00e7\u0131lmas\u0131yla netle\u015fecek.<br \/>\n\u00dc\u00c7 AYRI VAS\u0130YET HAZIRLADI<br \/>\nUsta oyuncunun ilk vasiyetini 2015 y\u0131l\u0131nda haz\u0131rlad\u0131\u011f\u0131, 2022 y\u0131l\u0131nda ise noter huzurunda iki ayr\u0131 vasiyet daha d\u00fczenledi\u011fi \u00f6\u011frenildi.<\/p>\n<p>\u0130\u00e7erikleri gizli tutulan \u00fc\u00e7 vasiyetin, hukuki i\u015flemlerin tamamlanmas\u0131n\u0131n ard\u0131ndan eyl\u00fcl ay\u0131nda a\u00e7\u0131lmas\u0131 bekleniyor. Vasiyetlerin a\u00e7\u0131klanmas\u0131yla \u0130nan\u0131r\u2019\u0131n mal varl\u0131\u011f\u0131n\u0131 ailesine, yak\u0131nlar\u0131na veya farkl\u0131 ki\u015fi ve kurumlara b\u0131rak\u0131p b\u0131rakmad\u0131\u011f\u0131 ortaya \u00e7\u0131kacak. Kadir \u0130nan\u0131r\u2019\u0131n miras\u0131 yaln\u0131zca gayrimenkuller ve banka hesaplar\u0131ndan olu\u015fmuyor. Usta sanat\u00e7\u0131n\u0131n y\u0131llar i\u00e7inde biriktirdi\u011fi yakla\u015f\u0131k 25 Rolex saati bulundu\u011fu belirtiliyor.<\/p>\n<p>\u0130nan\u0131r\u2019\u0131n ayr\u0131ca \u00e7o\u011funlu\u011fu S.T. Dupont, Cartier, Dunhill ve Zippo markalar\u0131ndan olu\u015fan alt\u0131n kaplama \u00e7akmak koleksiyonuna sahip oldu\u011fu ifade ediliyor. \u00d6zel i\u015flemeli y\u00fcz\u00fckleri de koleksiyonun de\u011ferli par\u00e7alar\u0131 aras\u0131nda yer al\u0131yor. 3 B\u0130N KURBA\u011eA F\u0130G\u00dcR\u00dc B\u0130R\u0130KT\u0130RD\u0130<\/p>\n<p>Kurba\u011falara olan ilgisiyle bilinen Kadir \u0130nan\u0131r\u2019\u0131n, d\u00fcnyan\u0131n farkl\u0131 \u00fclkelerinden toplad\u0131\u011f\u0131 yakla\u015f\u0131k 3 bin kurba\u011fa fig\u00fcr\u00fc bulunuyor. Uzun y\u0131llar boyunca olu\u015fturulan bu \u00f6zel koleksiyonun da miras kapsam\u0131nda de\u011ferlendirilece\u011fi belirtiliyor. Maddi de\u011ferinin yan\u0131 s\u0131ra manevi \u00f6neme de sahip olan fig\u00fcrlerin gelece\u011fi, vasiyetlerin a\u00e7\u0131lmas\u0131yla belli olacak.<\/p>\n<p>M\u0130RASIN K\u0130MLERE KALACA\u011eI MERAK ED\u0130L\u0130YOR<\/p>\n<p>Sekiz karde\u015fli bir aileden gelen Kadir \u0130nan\u0131r\u2019\u0131n karde\u015flerinden yaln\u0131zca a\u011fabeyi Re\u015fit \u0130nan\u0131r\u2019\u0131n hayatta oldu\u011fu ve sanat\u00e7\u0131n\u0131n \u00e7ok say\u0131da ye\u011feninin bulundu\u011fu biliniyor.<\/p>\n<p>\u0130nan\u0131r\u2019\u0131n 24 y\u0131ll\u0131k hayat arkada\u015f\u0131 J\u00fclide Kural ile resmi nik\u00e2h\u0131n\u0131n bulunmamas\u0131 da vasiyetleri daha \u00f6nemli hale getiriyor. Kural\u2019\u0131n vasiyetlerde yer al\u0131p almad\u0131\u011f\u0131 hen\u00fcz bilinmiyor. G\u00d6ZLER EYL\u00dcL AYINA \u00c7EVR\u0130LD\u0130<\/p>\n<p>\u00dc\u00e7 farkl\u0131 vasiyetin neden haz\u0131rland\u0131\u011f\u0131 ve son d\u00fczenlenen belgelerin \u00f6nceki vasiyetleri de\u011fi\u015ftirip de\u011fi\u015ftirmedi\u011fi \u015fimdilik belirsizli\u011fini koruyor.<\/p>\n<p>Eyl\u00fcl ay\u0131nda a\u00e7\u0131lmas\u0131 beklenen vasiyetlerle birlikte Kadir \u0130nan\u0131r\u2019\u0131n mal varl\u0131\u011f\u0131n\u0131n nas\u0131l payla\u015f\u0131laca\u011f\u0131, de\u011ferli koleksiyonlar\u0131n\u0131n kimlere b\u0131rak\u0131ld\u0131\u011f\u0131 ve usta sanat\u00e7\u0131n\u0131n son arzular\u0131 resmiyet kazanacak.<\/p>\n<p>Kaynak : milliyet.com.tr<\/p>\n"},"alt_text":"","media_type":"image","mime_type":"image\/jpeg","media_details":{"width":768,"height":201,"file":"2026\/08\/1-15-768x201-359.jpg","sizes":{"medium":{"file":"1-15-768x201-359-300x79.jpg","width":300,"height":79,"mime_type":"image\/jpeg","source_url":"https:\/\/adanaseshaber.com.tr\/habercim\/wp-content\/uploads\/2026\/08\/1-15-768x201-359-300x79.jpg"},"thumbnail":{"file":"1-15-768x201-359-150x150.jpg","width":150,"height":150,"mime_type":"image\/jpeg","source_url":"https:\/\/adanaseshaber.com.tr\/habercim\/wp-content\/uploads\/2026\/08\/1-15-768x201-359-150x150.jpg"},"kucukResim":{"file":"1-15-768x201-359-80x50.jpg","width":80,"height":50,"mime_type":"image\/jpeg","source_url":"https:\/\/adanaseshaber.com.tr\/habercim\/wp-content\/uploads\/2026\/08\/1-15-768x201-359-80x50.jpg"},"sliderResim":{"file":"1-15-768x201-359-670x201.jpg","width":670,"height":201,"mime_type":"image\/jpeg","source_url":"https:\/\/adanaseshaber.com.tr\/habercim\/wp-content\/uploads\/2026\/08\/1-15-768x201-359-670x201.jpg"},"resim1":{"file":"1-15-768x201-359-184x140.jpg","width":184,"height":140,"mime_type":"image\/jpeg","source_url":"https:\/\/adanaseshaber.com.tr\/habercim\/wp-content\/uploads\/2026\/08\/1-15-768x201-359-184x140.jpg"},"resim2":{"file":"1-15-768x201-359-216x103.jpg","width":216,"height":103,"mime_type":"image\/jpeg","source_url":"https:\/\/adanaseshaber.com.tr\/habercim\/wp-content\/uploads\/2026\/08\/1-15-768x201-359-216x103.jpg"},"resim3":{"file":"1-15-768x201-359-145x70.jpg","width":145,"height":70,"mime_type":"image\/jpeg","source_url":"https:\/\/adanaseshaber.com.tr\/habercim\/wp-content\/uploads\/2026\/08\/1-15-768x201-359-145x70.jpg"},"sagSlider":{"file":"1-15-768x201-359-300x150.jpg","width":300,"height":150,"mime_type":"image\/jpeg","source_url":"https:\/\/adanaseshaber.com.tr\/habercim\/wp-content\/uploads\/2026\/08\/1-15-768x201-359-300x150.jpg"},"yeniSlider":{"file":"1-15-768x201-359-500x201.jpg","width":500,"height":201,"mime_type":"image\/jpeg","source_url":"https:\/\/adanaseshaber.com.tr\/habercim\/wp-content\/uploads\/2026\/08\/1-15-768x201-359-500x201.jpg"},"full":{"file":"1-15-768x201-359.jpg","width":768,"height":201,"mime_type":"image\/jpeg","source_url":"https:\/\/adanaseshaber.com.tr\/habercim\/wp-content\/uploads\/2026\/08\/1-15-768x201-359.jpg"}},"image_meta":{"aperture":"0","credit":"","camera":"","caption":"","created_timestamp":"0","copyright":"","focal_length":"0","iso":"0","shutter_speed":"0","title":"","orientation":"0","keywords":[]}},"post":52608,"source_url":"https:\/\/adanaseshaber.com.tr\/habercim\/wp-content\/uploads\/2026\/08\/1-15-768x201-359.jpg","_links":{"self":[{"href":"https:\/\/adanaseshaber.com.tr\/habercim\/wp-json\/wp\/v2\/media\/52610"}],"collection":[{"href":"https:\/\/adanaseshaber.com.tr\/habercim\/wp-json\/wp\/v2\/media"}],"about":[{"href":"https:\/\/adanaseshaber.com.tr\/habercim\/wp-json\/wp\/v2\/types\/attachment"}],"author":[{"embeddable":true,"href":"https:\/\/adanaseshaber.com.tr\/habercim\/wp-json\/wp\/v2\/users\/2"}],"replies":[{"embeddable":true,"href":"https:\/\/adanaseshaber.com.tr\/habercim\/wp-json\/wp\/v2\/comments?post=52610"}]}}