{"id":52625,"date":"2026-08-26T18:23:17","date_gmt":"2026-08-26T15:23:17","guid":{"rendered":"https:\/\/adanaseshaber.com.tr\/habercim\/wp-content\/uploads\/2026\/08\/1-15-768x201-365.jpg"},"modified":"2026-08-26T18:25:50","modified_gmt":"2026-08-26T15:25:50","slug":"1-15-768x201-2956","status":"inherit","type":"attachment","link":"https:\/\/adanaseshaber.com.tr\/habercim\/foto-galeri\/vanda\/attachment\/1-15-768x201-2956\/","title":{"rendered":"VAN&#8217;DA"},"author":2,"comment_status":"open","ping_status":"closed","template":"","meta":[],"description":{"rendered":"<p class=\"attachment\"><a href='https:\/\/adanaseshaber.com.tr\/habercim\/wp-content\/uploads\/2026\/08\/1-15-768x201-365.jpg'><img width=\"300\" height=\"79\" src=\"https:\/\/adanaseshaber.com.tr\/habercim\/wp-content\/uploads\/2026\/08\/1-15-768x201-365-300x79.jpg\" class=\"attachment-medium size-medium\" alt=\"\" loading=\"lazy\" srcset=\"https:\/\/adanaseshaber.com.tr\/habercim\/wp-content\/uploads\/2026\/08\/1-15-768x201-365-300x79.jpg 300w, https:\/\/adanaseshaber.com.tr\/habercim\/wp-content\/uploads\/2026\/08\/1-15-768x201-365.jpg 768w\" sizes=\"(max-width: 300px) 100vw, 300px\" \/><\/a><\/p>\n"},"caption":{"rendered":"<p>Van&#8217;\u0131n Muradiye il\u00e7esinde kamyonet ile hafif ticari arac\u0131n \u00e7arp\u0131\u015fmas\u0131 sonucu ilk belirlemelere g\u00f6re 2 ki\u015fi \u00f6ld\u00fc, 9 ki\u015fi yaraland\u0131.<br \/>\nVan-Erci\u015f kara yolu Ovap\u0131nar Mahallesi yak\u0131nlar\u0131nda s\u00fcr\u00fcc\u00fclerinin ismi hen\u00fcz \u00f6\u011frenilemeyen kamyonet ile hafif ticari ara\u00e7 \u00e7arp\u0131\u015ft\u0131.<\/p>\n<p>\u0130hbar \u00fczerine kaza yerine jandarma, polis, UMKE ve 112 Acil Sa\u011fl\u0131k ekipleri sevk edildi.<\/p>\n<p>Kazada ilk belirlemelere g\u00f6re 2 ki\u015fi hayat\u0131n\u0131 kaybetti, 9 ki\u015fi yaraland\u0131.<\/p>\n<p>Yaral\u0131lar, sa\u011fl\u0131k ekiplerinin m\u00fcdahalesinin ard\u0131ndan ambulanslarla hastaneye kald\u0131r\u0131ld\u0131, \u00f6len 2 ki\u015finin cenazesi morga g\u00f6t\u00fcr\u00fcld\u00fc.<\/p>\n<p>Kaza nedeniyle bir s\u00fcre trafi\u011fe kapanan yolda g\u00fcvenlik \u00f6nlemi alan polis ve jandarma ekipleri, kontroll\u00fc olarak ara\u00e7lar\u0131n ge\u00e7i\u015fine izin verdi. <\/p>\n<p>Haber 2<br \/>\nAntalya\u2019n\u0131n Konyaalt\u0131 il\u00e7esinde yap\u0131lan silahl\u0131 sald\u0131r\u0131da bir ki\u015fi hayat\u0131n\u0131 kaybetti. Olay\u0131n Van\u2019daki otel davas\u0131 ile ba\u011flant\u0131l\u0131 oldu\u011fu ortaya \u00e7\u0131kt\u0131.<br \/>\nOlay, sabah saatlerinde Antalya\u2019n\u0131n Konyaalt\u0131 il\u00e7esine ba\u011fl\u0131 Hurma Mahallesi\u2019nde bir sokakta meydana geldi. Yaya olarak olay yerine gelen bir ki\u015fi, otomobilin i\u00e7erisinde bulunan \u0130.K\u2019ye tabancayla kur\u015fun ya\u011fd\u0131rd\u0131. Hayat\u0131n\u0131 kaybeden \u0130.K\u2019nin Van\u2019da baba ile o\u011fulun hayat\u0131n\u0131 kaybetti\u011fi otel davas\u0131 san\u0131klar\u0131n\u0131n akrabas\u0131 oldu\u011fu belirlendi.<\/p>\n<p>Ba\u015f ve v\u00fccudunun farkl\u0131 b\u00f6lgelerine isabet eden kur\u015funlar nedeniyle a\u011f\u0131r yaralanan \u0130.K., olay yerine sevk edilen sa\u011fl\u0131k ekiplerinin m\u00fcdahalesinin ard\u0131ndan ambulansla hastaneye kald\u0131r\u0131ld\u0131.<\/p>\n<p>\u0130.K., hastanede yap\u0131lan t\u00fcm m\u00fcdahalelere ra\u011fmen hayat\u0131n\u0131 kaybetti.<\/p>\n<p>Polis ekipleri sald\u0131r\u0131n\u0131n ger\u00e7ekle\u015fti\u011fi sokakta geni\u015f g\u00fcvenlik \u00f6nlemleri al\u0131rken sald\u0131r\u0131y\u0131 ger\u00e7ekle\u015ftiren ki\u015fi ko\u015farak olay yerinden uzakla\u015ft\u0131.<\/p>\n<p>Van B\u00fcy\u00fck\u015fehir Belediyesinde \u00e7al\u0131\u015fan 44 ya\u015f\u0131ndaki \u0130.K&#8217;nin abisini ziyaret etmek amac\u0131yla Antalya&#8217;ya geldi\u011fi ve 34 CHE 001 plakal\u0131 otomobiliyle abisinin oturdu\u011fu apartman\u0131n yak\u0131nlar\u0131nda hareket etti\u011fi s\u0131rada sald\u0131r\u0131ya u\u011frad\u0131\u011f\u0131 \u00f6\u011frenildi.<\/p>\n<p>OTOMOB\u0130L KUR\u015eUN \u0130ZLER\u0130YLE DOLDU<br \/>\nSilahl\u0131 sald\u0131r\u0131n\u0131n ard\u0131ndan olay yerinde bulunan otomobilde \u00e7ok say\u0131da kur\u015fun izi oldu\u011fu g\u00f6r\u00fcld\u00fc. Arac\u0131n \u00f6zellikle sol taraftaki \u015fof\u00f6r cam\u0131 ile s\u00fcr\u00fcc\u00fc hizas\u0131ndaki \u00f6n cam\u0131nda kur\u015fun delikleri bulundu\u011fu g\u00f6r\u00fcnt\u00fclere yans\u0131d\u0131. Sald\u0131r\u0131 sonras\u0131nda olay yerinden elde edilen g\u00f6r\u00fcnt\u00fclerde, kur\u015funlanan otomobil ve b\u00f6lgede al\u0131nan g\u00fcvenlik \u00f6nlemleri yer ald\u0131. Olayla ilgili incelemenin s\u00fcrd\u00fc\u011f\u00fc bildirilirken sald\u0131r\u0131 sonras\u0131 sald\u0131r\u0131ya u\u011frayan ki\u015finin yak\u0131n\u0131 oldu\u011fu d\u00fc\u015f\u00fcn\u00fclen bir kad\u0131n feryat figan ba\u011f\u0131r\u0131rken g\u00f6r\u00fcnt\u00fclendi.<\/p>\n<p>BAB \u0130LE O\u011eUL\u2019UN HAYATINI KAYBETT\u0130\u011e\u0130 OTEL DAVASIYLA BA\u011eLANTILI<br \/>\n\u00d6te yandan silahl\u0131 sald\u0131r\u0131da hayat\u0131n\u0131 kaybeden \u0130.K\u2019nin otel sald\u0131r\u0131s\u0131n\u0131n failleri avukat B.K. ve S.K. ile akraba oldu\u011fu ve kan davas\u0131 nedeniyle \u00f6ld\u00fcr\u00fcld\u00fc\u011f\u00fc belirtildi.<\/p>\n"},"alt_text":"","media_type":"image","mime_type":"image\/jpeg","media_details":{"width":768,"height":201,"file":"2026\/08\/1-15-768x201-365.jpg","sizes":{"medium":{"file":"1-15-768x201-365-300x79.jpg","width":300,"height":79,"mime_type":"image\/jpeg","source_url":"https:\/\/adanaseshaber.com.tr\/habercim\/wp-content\/uploads\/2026\/08\/1-15-768x201-365-300x79.jpg"},"thumbnail":{"file":"1-15-768x201-365-150x150.jpg","width":150,"height":150,"mime_type":"image\/jpeg","source_url":"https:\/\/adanaseshaber.com.tr\/habercim\/wp-content\/uploads\/2026\/08\/1-15-768x201-365-150x150.jpg"},"kucukResim":{"file":"1-15-768x201-365-80x50.jpg","width":80,"height":50,"mime_type":"image\/jpeg","source_url":"https:\/\/adanaseshaber.com.tr\/habercim\/wp-content\/uploads\/2026\/08\/1-15-768x201-365-80x50.jpg"},"sliderResim":{"file":"1-15-768x201-365-670x201.jpg","width":670,"height":201,"mime_type":"image\/jpeg","source_url":"https:\/\/adanaseshaber.com.tr\/habercim\/wp-content\/uploads\/2026\/08\/1-15-768x201-365-670x201.jpg"},"resim1":{"file":"1-15-768x201-365-184x140.jpg","width":184,"height":140,"mime_type":"image\/jpeg","source_url":"https:\/\/adanaseshaber.com.tr\/habercim\/wp-content\/uploads\/2026\/08\/1-15-768x201-365-184x140.jpg"},"resim2":{"file":"1-15-768x201-365-216x103.jpg","width":216,"height":103,"mime_type":"image\/jpeg","source_url":"https:\/\/adanaseshaber.com.tr\/habercim\/wp-content\/uploads\/2026\/08\/1-15-768x201-365-216x103.jpg"},"resim3":{"file":"1-15-768x201-365-145x70.jpg","width":145,"height":70,"mime_type":"image\/jpeg","source_url":"https:\/\/adanaseshaber.com.tr\/habercim\/wp-content\/uploads\/2026\/08\/1-15-768x201-365-145x70.jpg"},"sagSlider":{"file":"1-15-768x201-365-300x150.jpg","width":300,"height":150,"mime_type":"image\/jpeg","source_url":"https:\/\/adanaseshaber.com.tr\/habercim\/wp-content\/uploads\/2026\/08\/1-15-768x201-365-300x150.jpg"},"yeniSlider":{"file":"1-15-768x201-365-500x201.jpg","width":500,"height":201,"mime_type":"image\/jpeg","source_url":"https:\/\/adanaseshaber.com.tr\/habercim\/wp-content\/uploads\/2026\/08\/1-15-768x201-365-500x201.jpg"},"full":{"file":"1-15-768x201-365.jpg","width":768,"height":201,"mime_type":"image\/jpeg","source_url":"https:\/\/adanaseshaber.com.tr\/habercim\/wp-content\/uploads\/2026\/08\/1-15-768x201-365.jpg"}},"image_meta":{"aperture":"0","credit":"","camera":"","caption":"","created_timestamp":"0","copyright":"","focal_length":"0","iso":"0","shutter_speed":"0","title":"","orientation":"0","keywords":[]}},"post":52623,"source_url":"https:\/\/adanaseshaber.com.tr\/habercim\/wp-content\/uploads\/2026\/08\/1-15-768x201-365.jpg","_links":{"self":[{"href":"https:\/\/adanaseshaber.com.tr\/habercim\/wp-json\/wp\/v2\/media\/52625"}],"collection":[{"href":"https:\/\/adanaseshaber.com.tr\/habercim\/wp-json\/wp\/v2\/media"}],"about":[{"href":"https:\/\/adanaseshaber.com.tr\/habercim\/wp-json\/wp\/v2\/types\/attachment"}],"author":[{"embeddable":true,"href":"https:\/\/adanaseshaber.com.tr\/habercim\/wp-json\/wp\/v2\/users\/2"}],"replies":[{"embeddable":true,"href":"https:\/\/adanaseshaber.com.tr\/habercim\/wp-json\/wp\/v2\/comments?post=52625"}]}}