{"id":52630,"date":"2026-08-26T20:16:18","date_gmt":"2026-08-26T17:16:18","guid":{"rendered":"https:\/\/adanaseshaber.com.tr\/habercim\/wp-content\/uploads\/2026\/08\/1-15-768x201-367.jpg"},"modified":"2026-08-26T20:17:42","modified_gmt":"2026-08-26T17:17:42","slug":"1-15-768x201-2958","status":"inherit","type":"attachment","link":"https:\/\/adanaseshaber.com.tr\/habercim\/foto-galeri\/mutlak-butlan\/attachment\/1-15-768x201-2958\/","title":{"rendered":"Mutlak Butlan"},"author":2,"comment_status":"open","ping_status":"closed","template":"","meta":[],"description":{"rendered":"<p class=\"attachment\"><a href='https:\/\/adanaseshaber.com.tr\/habercim\/wp-content\/uploads\/2026\/08\/1-15-768x201-367.jpg'><img width=\"300\" height=\"79\" src=\"https:\/\/adanaseshaber.com.tr\/habercim\/wp-content\/uploads\/2026\/08\/1-15-768x201-367-300x79.jpg\" class=\"attachment-medium size-medium\" alt=\"\" loading=\"lazy\" srcset=\"https:\/\/adanaseshaber.com.tr\/habercim\/wp-content\/uploads\/2026\/08\/1-15-768x201-367-300x79.jpg 300w, https:\/\/adanaseshaber.com.tr\/habercim\/wp-content\/uploads\/2026\/08\/1-15-768x201-367.jpg 768w\" sizes=\"(max-width: 300px) 100vw, 300px\" \/><\/a><\/p>\n"},"caption":{"rendered":"<p>CHP y\u00f6netimi, &#8216;Mutlak Butlan&#8217; davas\u0131 kapsam\u0131nda daha \u00f6nce yapm\u0131\u015f oldu\u011fu temyiz ba\u015fvurusunu geri \u00e7ekti.<br \/>\nCumhuriyet Halk Partisi y\u00f6netimi, \u2018Mutlak Butlan&#8217; davas\u0131 kapsam\u0131nda daha \u00f6nce yapm\u0131\u015f oldu\u011fu temyiz ba\u015fvurusunu geri \u00e7ekti.<br \/>\n\u00d6te yandan CHP Genel Ba\u015fkan\u0131 Kemal K\u0131l\u0131\u00e7daro\u011flu, partisinin il ba\u015fkanlar\u0131 toplant\u0131s\u0131nda il ba\u015fkanlar\u0131 ve te\u015fkilat y\u00f6neticilerine hitap etti.<\/p>\n<p>T\u00fcrkiye&#8217;nin ekonomik ve sosyal sorunlar\u0131na ili\u015fkin de\u011ferlendirmelerde bulunan K\u0131l\u0131\u00e7daro\u011flu, CHP&#8217;nin bu sorunlar\u0131n \u00e7\u00f6z\u00fcm\u00fcne talip oldu\u011funu vurgularken, te\u015fkilatlara sahada daha aktif \u00e7al\u0131\u015fma \u00e7a\u011fr\u0131s\u0131 yapt\u0131. K\u0131l\u0131\u00e7daro\u011flu, kurultay \u00f6ncesinde parti te\u015fkilatlar\u0131n\u0131n farkl\u0131 kademelerinin kat\u0131l\u0131m\u0131yla bir toplant\u0131 ger\u00e7ekle\u015ftireceklerini ve parti t\u00fcz\u00fc\u011f\u00fcnde de\u011fi\u015fiklik yapacaklar\u0131n\u0131 a\u00e7\u0131klad\u0131. K\u0131l\u0131\u00e7daro\u011flu, &#8220;T\u00fcz\u00fc\u011f\u00fcm\u00fcz\u00fc de\u011fi\u015ftirece\u011fiz. \u00d6n se\u00e7imi zorunlu hale getirece\u011fiz. Bunu bilmenizi istiyorum. Merkezin g\u00fc\u00e7lendirilmesinin olu\u015fturdu\u011fu baz\u0131 sak\u0131ncalar ve o sak\u0131ncalar\u0131 tarih i\u00e7inde \u00e7ok ya\u015fad\u0131k. \u00d6rg\u00fcte g\u00fcven duymak laz\u0131m. \u00d6rg\u00fct\u00fcn iradesine sayg\u0131 duymak laz\u0131m. Elbette ki eksiklikler olabilir. Ama eksikli\u011fi \u00f6rg\u00fct baz\u0131nda gidermek kolay ama temelde gidermek zor olabilir. O nedenle bunu da yapaca\u011f\u0131z&#8221; diye konu\u015ftu.<\/p>\n<p>Kaynak : hurriyet.com.tr<\/p>\n"},"alt_text":"","media_type":"image","mime_type":"image\/jpeg","media_details":{"width":768,"height":201,"file":"2026\/08\/1-15-768x201-367.jpg","sizes":{"medium":{"file":"1-15-768x201-367-300x79.jpg","width":300,"height":79,"mime_type":"image\/jpeg","source_url":"https:\/\/adanaseshaber.com.tr\/habercim\/wp-content\/uploads\/2026\/08\/1-15-768x201-367-300x79.jpg"},"thumbnail":{"file":"1-15-768x201-367-150x150.jpg","width":150,"height":150,"mime_type":"image\/jpeg","source_url":"https:\/\/adanaseshaber.com.tr\/habercim\/wp-content\/uploads\/2026\/08\/1-15-768x201-367-150x150.jpg"},"kucukResim":{"file":"1-15-768x201-367-80x50.jpg","width":80,"height":50,"mime_type":"image\/jpeg","source_url":"https:\/\/adanaseshaber.com.tr\/habercim\/wp-content\/uploads\/2026\/08\/1-15-768x201-367-80x50.jpg"},"sliderResim":{"file":"1-15-768x201-367-670x201.jpg","width":670,"height":201,"mime_type":"image\/jpeg","source_url":"https:\/\/adanaseshaber.com.tr\/habercim\/wp-content\/uploads\/2026\/08\/1-15-768x201-367-670x201.jpg"},"resim1":{"file":"1-15-768x201-367-184x140.jpg","width":184,"height":140,"mime_type":"image\/jpeg","source_url":"https:\/\/adanaseshaber.com.tr\/habercim\/wp-content\/uploads\/2026\/08\/1-15-768x201-367-184x140.jpg"},"resim2":{"file":"1-15-768x201-367-216x103.jpg","width":216,"height":103,"mime_type":"image\/jpeg","source_url":"https:\/\/adanaseshaber.com.tr\/habercim\/wp-content\/uploads\/2026\/08\/1-15-768x201-367-216x103.jpg"},"resim3":{"file":"1-15-768x201-367-145x70.jpg","width":145,"height":70,"mime_type":"image\/jpeg","source_url":"https:\/\/adanaseshaber.com.tr\/habercim\/wp-content\/uploads\/2026\/08\/1-15-768x201-367-145x70.jpg"},"sagSlider":{"file":"1-15-768x201-367-300x150.jpg","width":300,"height":150,"mime_type":"image\/jpeg","source_url":"https:\/\/adanaseshaber.com.tr\/habercim\/wp-content\/uploads\/2026\/08\/1-15-768x201-367-300x150.jpg"},"yeniSlider":{"file":"1-15-768x201-367-500x201.jpg","width":500,"height":201,"mime_type":"image\/jpeg","source_url":"https:\/\/adanaseshaber.com.tr\/habercim\/wp-content\/uploads\/2026\/08\/1-15-768x201-367-500x201.jpg"},"full":{"file":"1-15-768x201-367.jpg","width":768,"height":201,"mime_type":"image\/jpeg","source_url":"https:\/\/adanaseshaber.com.tr\/habercim\/wp-content\/uploads\/2026\/08\/1-15-768x201-367.jpg"}},"image_meta":{"aperture":"0","credit":"","camera":"","caption":"","created_timestamp":"0","copyright":"","focal_length":"0","iso":"0","shutter_speed":"0","title":"","orientation":"0","keywords":[]}},"post":52628,"source_url":"https:\/\/adanaseshaber.com.tr\/habercim\/wp-content\/uploads\/2026\/08\/1-15-768x201-367.jpg","_links":{"self":[{"href":"https:\/\/adanaseshaber.com.tr\/habercim\/wp-json\/wp\/v2\/media\/52630"}],"collection":[{"href":"https:\/\/adanaseshaber.com.tr\/habercim\/wp-json\/wp\/v2\/media"}],"about":[{"href":"https:\/\/adanaseshaber.com.tr\/habercim\/wp-json\/wp\/v2\/types\/attachment"}],"author":[{"embeddable":true,"href":"https:\/\/adanaseshaber.com.tr\/habercim\/wp-json\/wp\/v2\/users\/2"}],"replies":[{"embeddable":true,"href":"https:\/\/adanaseshaber.com.tr\/habercim\/wp-json\/wp\/v2\/comments?post=52630"}]}}