{"id":52639,"date":"2026-08-27T00:26:53","date_gmt":"2026-08-26T21:26:53","guid":{"rendered":"https:\/\/adanaseshaber.com.tr\/habercim\/wp-content\/uploads\/2026\/08\/80-205-768x384-1-26.webp"},"modified":"2026-08-27T00:27:09","modified_gmt":"2026-08-26T21:27:09","slug":"80-205-768x384-1-271","status":"inherit","type":"attachment","link":"https:\/\/adanaseshaber.com.tr\/habercim\/foto-galeri\/13-yil-sonra\/attachment\/80-205-768x384-1-271\/","title":{"rendered":"13 Y\u0131l Sonra"},"author":2,"comment_status":"open","ping_status":"closed","template":"","meta":[],"description":{"rendered":"<p class=\"attachment\"><a href='https:\/\/adanaseshaber.com.tr\/habercim\/wp-content\/uploads\/2026\/08\/80-205-768x384-1-26.webp'><img width=\"300\" height=\"150\" src=\"https:\/\/adanaseshaber.com.tr\/habercim\/wp-content\/uploads\/2026\/08\/80-205-768x384-1-26-300x150.webp\" class=\"attachment-medium size-medium\" alt=\"\" loading=\"lazy\" srcset=\"https:\/\/adanaseshaber.com.tr\/habercim\/wp-content\/uploads\/2026\/08\/80-205-768x384-1-26-300x150.webp 300w, https:\/\/adanaseshaber.com.tr\/habercim\/wp-content\/uploads\/2026\/08\/80-205-768x384-1-26.webp 768w\" sizes=\"(max-width: 300px) 100vw, 300px\" \/><\/a><\/p>\n"},"caption":{"rendered":"<p>13 Y\u0131l Sonra Gelen S\u00fcrpriz Diyelim ki sizin i\u00e7in \u00e7ok de\u011ferli bir \u015feyi kaybettiniz. Arars\u0131n\u0131z\u2026 g\u00fcnlerce, haftalarca. Sonra yava\u015f yava\u015f umudunuzu kesersiniz. \u00c7\u00fcnk\u00fc baz\u0131 kay\u0131plar geri d\u00f6nmez. Ama hayat bazen, en beklenmedik anda kar\u015f\u0131n\u0131za mucize gibi bir s\u00fcrpriz \u00e7\u0131karabiliyor. Mary Grams i\u00e7in de \u00f6yle oldu. Mary, 13 y\u0131l \u00f6nce ni\u015fan y\u00fcz\u00fc\u011f\u00fcn\u00fc kaybetti. Evin her yerini arad\u0131. Bah\u00e7eyi arad\u0131. Tarlay\u0131 arad\u0131. Ama y\u00fcz\u00fck yoktu. Bu y\u00fcz\u00fck s\u0131radan bir tak\u0131 de\u011fildi. Altm\u0131\u015f y\u0131l \u00f6nce evlendi\u011finde e\u015fi taraf\u0131ndan parma\u011f\u0131na tak\u0131lm\u0131\u015ft\u0131. Ama Mary\u2019nin bir s\u0131rr\u0131 vard\u0131. Y\u00fcz\u00fc\u011f\u00fc kaybetti\u011fini e\u015fine hi\u00e7 s\u00f6ylemedi. Onun yerine, ayn\u0131 modele benzeyen daha k\u00fc\u00e7\u00fck bir y\u00fcz\u00fck ald\u0131. Y\u0131llar boyunca kimse fark etmedi. E\u015fi de\u2026 Mary\u2019nin orijinal y\u00fcz\u00fc\u011f\u00fc kaybetti\u011fini yaln\u0131zca o\u011flu biliyordu. Ta ki 13 y\u0131l sonra, aile \u00e7iftli\u011finde s\u0131radan bir g\u00fcn ya\u015fanana kadar..<\/p>\n<p>devam\u0131 sonraki sayfada\u2026 g\u00f6rsel \u00fczerinden do2\u2019kununuz ge\u00e7ebilirsiniz\u2026<\/p>\n"},"alt_text":"","media_type":"image","mime_type":"image\/webp","media_details":{"width":768,"height":384,"file":"2026\/08\/80-205-768x384-1-26.webp","sizes":{"medium":{"file":"80-205-768x384-1-26-300x150.webp","width":300,"height":150,"mime_type":"image\/webp","source_url":"https:\/\/adanaseshaber.com.tr\/habercim\/wp-content\/uploads\/2026\/08\/80-205-768x384-1-26-300x150.webp"},"thumbnail":{"file":"80-205-768x384-1-26-150x150.webp","width":150,"height":150,"mime_type":"image\/webp","source_url":"https:\/\/adanaseshaber.com.tr\/habercim\/wp-content\/uploads\/2026\/08\/80-205-768x384-1-26-150x150.webp"},"kucukResim":{"file":"80-205-768x384-1-26-80x50.webp","width":80,"height":50,"mime_type":"image\/webp","source_url":"https:\/\/adanaseshaber.com.tr\/habercim\/wp-content\/uploads\/2026\/08\/80-205-768x384-1-26-80x50.webp"},"sliderResim":{"file":"80-205-768x384-1-26-670x330.webp","width":670,"height":330,"mime_type":"image\/webp","source_url":"https:\/\/adanaseshaber.com.tr\/habercim\/wp-content\/uploads\/2026\/08\/80-205-768x384-1-26-670x330.webp"},"resim1":{"file":"80-205-768x384-1-26-184x140.webp","width":184,"height":140,"mime_type":"image\/webp","source_url":"https:\/\/adanaseshaber.com.tr\/habercim\/wp-content\/uploads\/2026\/08\/80-205-768x384-1-26-184x140.webp"},"resim2":{"file":"80-205-768x384-1-26-216x103.webp","width":216,"height":103,"mime_type":"image\/webp","source_url":"https:\/\/adanaseshaber.com.tr\/habercim\/wp-content\/uploads\/2026\/08\/80-205-768x384-1-26-216x103.webp"},"resim3":{"file":"80-205-768x384-1-26-145x70.webp","width":145,"height":70,"mime_type":"image\/webp","source_url":"https:\/\/adanaseshaber.com.tr\/habercim\/wp-content\/uploads\/2026\/08\/80-205-768x384-1-26-145x70.webp"},"sagSlider":{"file":"80-205-768x384-1-26-300x150.webp","width":300,"height":150,"mime_type":"image\/webp","source_url":"https:\/\/adanaseshaber.com.tr\/habercim\/wp-content\/uploads\/2026\/08\/80-205-768x384-1-26-300x150.webp"},"yeniSlider":{"file":"80-205-768x384-1-26-500x290.webp","width":500,"height":290,"mime_type":"image\/webp","source_url":"https:\/\/adanaseshaber.com.tr\/habercim\/wp-content\/uploads\/2026\/08\/80-205-768x384-1-26-500x290.webp"},"full":{"file":"80-205-768x384-1-26.webp","width":768,"height":384,"mime_type":"image\/webp","source_url":"https:\/\/adanaseshaber.com.tr\/habercim\/wp-content\/uploads\/2026\/08\/80-205-768x384-1-26.webp"}},"image_meta":{"aperture":"0","credit":"","camera":"","caption":"","created_timestamp":"0","copyright":"","focal_length":"0","iso":"0","shutter_speed":"0","title":"","orientation":"0","keywords":[]}},"post":52638,"source_url":"https:\/\/adanaseshaber.com.tr\/habercim\/wp-content\/uploads\/2026\/08\/80-205-768x384-1-26.webp","_links":{"self":[{"href":"https:\/\/adanaseshaber.com.tr\/habercim\/wp-json\/wp\/v2\/media\/52639"}],"collection":[{"href":"https:\/\/adanaseshaber.com.tr\/habercim\/wp-json\/wp\/v2\/media"}],"about":[{"href":"https:\/\/adanaseshaber.com.tr\/habercim\/wp-json\/wp\/v2\/types\/attachment"}],"author":[{"embeddable":true,"href":"https:\/\/adanaseshaber.com.tr\/habercim\/wp-json\/wp\/v2\/users\/2"}],"replies":[{"embeddable":true,"href":"https:\/\/adanaseshaber.com.tr\/habercim\/wp-json\/wp\/v2\/comments?post=52639"}]}}