{"id":52640,"date":"2026-08-27T00:26:56","date_gmt":"2026-08-26T21:26:56","guid":{"rendered":"https:\/\/adanaseshaber.com.tr\/habercim\/wp-content\/uploads\/2026\/08\/1-15-768x201-371.jpg"},"modified":"2026-08-27T00:27:22","modified_gmt":"2026-08-26T21:27:22","slug":"1-15-768x201-2962","status":"inherit","type":"attachment","link":"https:\/\/adanaseshaber.com.tr\/habercim\/foto-galeri\/13-yil-sonra\/attachment\/1-15-768x201-2962\/","title":{"rendered":"13 Y\u0131l Sonra"},"author":2,"comment_status":"open","ping_status":"closed","template":"","meta":[],"description":{"rendered":"<p class=\"attachment\"><a href='https:\/\/adanaseshaber.com.tr\/habercim\/wp-content\/uploads\/2026\/08\/1-15-768x201-371.jpg'><img width=\"300\" height=\"79\" src=\"https:\/\/adanaseshaber.com.tr\/habercim\/wp-content\/uploads\/2026\/08\/1-15-768x201-371-300x79.jpg\" class=\"attachment-medium size-medium\" alt=\"\" loading=\"lazy\" srcset=\"https:\/\/adanaseshaber.com.tr\/habercim\/wp-content\/uploads\/2026\/08\/1-15-768x201-371-300x79.jpg 300w, https:\/\/adanaseshaber.com.tr\/habercim\/wp-content\/uploads\/2026\/08\/1-15-768x201-371.jpg 768w\" sizes=\"(max-width: 300px) 100vw, 300px\" \/><\/a><\/p>\n"},"caption":{"rendered":"<p>Topra\u011f\u0131n Alt\u0131ndan \u00c7\u0131kan Hat\u0131ra Mary\u2019nin ailesine ait \u00e7iftlik 100 y\u0131l\u0131 a\u015fk\u0131n s\u00fcredir onlar\u0131n m\u00fclkiyetindeydi. Bir g\u00fcn gelini bah\u00e7ede havu\u00e7 toplarken garip bir \u015fey fark etti. Topraktan \u00e7\u0131kan havu\u00e7lardan biri normal de\u011fildi. Havucun g\u00f6vdesine metal bir halka s\u0131k\u0131ca ge\u00e7mi\u015fti. Yakla\u015ft\u0131\u011f\u0131nda bunun bir y\u00fcz\u00fck oldu\u011funu g\u00f6rd\u00fc. \u015ea\u015fk\u0131nl\u0131k i\u00e7inde havucu al\u0131p eve ko\u015ftu. \u201cAnne, buna bir bakmal\u0131s\u0131n\u2026\u201d Mary y\u00fcz\u00fc\u011f\u00fc g\u00f6r\u00fcr g\u00f6rmez donup kald\u0131. Y\u0131llar \u00f6nce kaybetti\u011fi ni\u015fan y\u00fcz\u00fc\u011f\u00fc, filizlenen bir havucun i\u00e7inde b\u00fcy\u00fcm\u00fc\u015f ve toprak alt\u0131ndan yeniden ortaya \u00e7\u0131km\u0131\u015ft\u0131. Muhtemelen y\u00fcz\u00fck y\u0131llar \u00f6nce bah\u00e7eye d\u00fc\u015fm\u00fc\u015f, toprakla kaplanm\u0131\u015f ve bir havu\u00e7 tohumu onun i\u00e7inden filizlenmi\u015fti. Do\u011fa, adeta saklad\u0131\u011f\u0131 s\u0131rr\u0131 13 y\u0131l sonra geri vermi\u015fti. Mary g\u00f6zya\u015flar\u0131n\u0131 tutamad\u0131. \u201cOnu yeniden bulmak\u2026 sanki e\u015fime tekrar kavu\u015fmak gibi,\u201d dedi. E\u015fi be\u015f y\u0131l \u00f6nce hayat\u0131n\u0131 kaybetmi\u015fti. Y\u00fcz\u00fc\u011f\u00fc bulmak, Mary i\u00e7in sadece bir tak\u0131y\u0131 de\u011fil, bir hat\u0131ray\u0131 geri almak demekti. Bu kez y\u00fcz\u00fc\u011f\u00fc parma\u011f\u0131na takmad\u0131. Onu g\u00fcvenli bir yerde saklamaya karar verdi. \u00c7\u00fcnk\u00fc art\u0131k o sadece bir ni\u015fan y\u00fcz\u00fc\u011f\u00fc de\u011fil, 13 y\u0131l boyunca topra\u011f\u0131n alt\u0131nda beklemi\u015f bir aile hik\u00e2yesiydi. Ve belki de hayat\u0131n en g\u00fczel s\u00fcrprizi \u015fuydu: Baz\u0131 kay\u0131plar ger\u00e7ekten kaybolmaz. Sadece do\u011fru zaman\u0131 bekler.<\/p>\n<p>Kaynak : haberzamani.com<\/p>\n"},"alt_text":"","media_type":"image","mime_type":"image\/jpeg","media_details":{"width":768,"height":201,"file":"2026\/08\/1-15-768x201-371.jpg","sizes":{"medium":{"file":"1-15-768x201-371-300x79.jpg","width":300,"height":79,"mime_type":"image\/jpeg","source_url":"https:\/\/adanaseshaber.com.tr\/habercim\/wp-content\/uploads\/2026\/08\/1-15-768x201-371-300x79.jpg"},"thumbnail":{"file":"1-15-768x201-371-150x150.jpg","width":150,"height":150,"mime_type":"image\/jpeg","source_url":"https:\/\/adanaseshaber.com.tr\/habercim\/wp-content\/uploads\/2026\/08\/1-15-768x201-371-150x150.jpg"},"kucukResim":{"file":"1-15-768x201-371-80x50.jpg","width":80,"height":50,"mime_type":"image\/jpeg","source_url":"https:\/\/adanaseshaber.com.tr\/habercim\/wp-content\/uploads\/2026\/08\/1-15-768x201-371-80x50.jpg"},"sliderResim":{"file":"1-15-768x201-371-670x201.jpg","width":670,"height":201,"mime_type":"image\/jpeg","source_url":"https:\/\/adanaseshaber.com.tr\/habercim\/wp-content\/uploads\/2026\/08\/1-15-768x201-371-670x201.jpg"},"resim1":{"file":"1-15-768x201-371-184x140.jpg","width":184,"height":140,"mime_type":"image\/jpeg","source_url":"https:\/\/adanaseshaber.com.tr\/habercim\/wp-content\/uploads\/2026\/08\/1-15-768x201-371-184x140.jpg"},"resim2":{"file":"1-15-768x201-371-216x103.jpg","width":216,"height":103,"mime_type":"image\/jpeg","source_url":"https:\/\/adanaseshaber.com.tr\/habercim\/wp-content\/uploads\/2026\/08\/1-15-768x201-371-216x103.jpg"},"resim3":{"file":"1-15-768x201-371-145x70.jpg","width":145,"height":70,"mime_type":"image\/jpeg","source_url":"https:\/\/adanaseshaber.com.tr\/habercim\/wp-content\/uploads\/2026\/08\/1-15-768x201-371-145x70.jpg"},"sagSlider":{"file":"1-15-768x201-371-300x150.jpg","width":300,"height":150,"mime_type":"image\/jpeg","source_url":"https:\/\/adanaseshaber.com.tr\/habercim\/wp-content\/uploads\/2026\/08\/1-15-768x201-371-300x150.jpg"},"yeniSlider":{"file":"1-15-768x201-371-500x201.jpg","width":500,"height":201,"mime_type":"image\/jpeg","source_url":"https:\/\/adanaseshaber.com.tr\/habercim\/wp-content\/uploads\/2026\/08\/1-15-768x201-371-500x201.jpg"},"full":{"file":"1-15-768x201-371.jpg","width":768,"height":201,"mime_type":"image\/jpeg","source_url":"https:\/\/adanaseshaber.com.tr\/habercim\/wp-content\/uploads\/2026\/08\/1-15-768x201-371.jpg"}},"image_meta":{"aperture":"0","credit":"","camera":"","caption":"","created_timestamp":"0","copyright":"","focal_length":"0","iso":"0","shutter_speed":"0","title":"","orientation":"0","keywords":[]}},"post":52638,"source_url":"https:\/\/adanaseshaber.com.tr\/habercim\/wp-content\/uploads\/2026\/08\/1-15-768x201-371.jpg","_links":{"self":[{"href":"https:\/\/adanaseshaber.com.tr\/habercim\/wp-json\/wp\/v2\/media\/52640"}],"collection":[{"href":"https:\/\/adanaseshaber.com.tr\/habercim\/wp-json\/wp\/v2\/media"}],"about":[{"href":"https:\/\/adanaseshaber.com.tr\/habercim\/wp-json\/wp\/v2\/types\/attachment"}],"author":[{"embeddable":true,"href":"https:\/\/adanaseshaber.com.tr\/habercim\/wp-json\/wp\/v2\/users\/2"}],"replies":[{"embeddable":true,"href":"https:\/\/adanaseshaber.com.tr\/habercim\/wp-json\/wp\/v2\/comments?post=52640"}]}}