{"id":52645,"date":"2026-08-27T00:28:32","date_gmt":"2026-08-26T21:28:32","guid":{"rendered":"https:\/\/adanaseshaber.com.tr\/habercim\/wp-content\/uploads\/2026\/08\/1-15-768x201-373.jpg"},"modified":"2026-08-27T00:29:01","modified_gmt":"2026-08-26T21:29:01","slug":"1-15-768x201-2964","status":"inherit","type":"attachment","link":"https:\/\/adanaseshaber.com.tr\/habercim\/foto-galeri\/el-konulacak-2\/attachment\/1-15-768x201-2964\/","title":{"rendered":"EL KONULACAK"},"author":2,"comment_status":"open","ping_status":"closed","template":"","meta":[],"description":{"rendered":"<p class=\"attachment\"><a href='https:\/\/adanaseshaber.com.tr\/habercim\/wp-content\/uploads\/2026\/08\/1-15-768x201-373.jpg'><img width=\"300\" height=\"79\" src=\"https:\/\/adanaseshaber.com.tr\/habercim\/wp-content\/uploads\/2026\/08\/1-15-768x201-373-300x79.jpg\" class=\"attachment-medium size-medium\" alt=\"\" loading=\"lazy\" srcset=\"https:\/\/adanaseshaber.com.tr\/habercim\/wp-content\/uploads\/2026\/08\/1-15-768x201-373-300x79.jpg 300w, https:\/\/adanaseshaber.com.tr\/habercim\/wp-content\/uploads\/2026\/08\/1-15-768x201-373.jpg 768w\" sizes=\"(max-width: 300px) 100vw, 300px\" \/><\/a><\/p>\n"},"caption":{"rendered":"<p>\u0130stanbul\u2019da sabah\u0131n erken saatlerinde ba\u015flayan operasyon, kentin y\u00f6netim kadrosunu derinden sarst\u0131. Yolsuzluk ve ter\u00f6r ba\u011flant\u0131s\u0131 iddialar\u0131yla y\u00fcr\u00fct\u00fclen soru\u015fturma kapsam\u0131nda belediye binas\u0131, ba\u011fl\u0131 i\u015ftirakler ve baz\u0131 \u00f6zel adresler e\u015f zamanl\u0131 olarak polis ekiplerince arand\u0131.<\/p>\n<p>G\u00f6zalt\u0131 Say\u0131s\u0131 Art\u0131yor<br \/>\nOperasyonun ilk saatlerinde 80\u2019in \u00fczerinde ki\u015fi g\u00f6zalt\u0131na al\u0131n\u0131rken, g\u00fcn i\u00e7inde bu say\u0131n\u0131n artabilece\u011fi belirtiliyor. G\u00f6zalt\u0131na al\u0131nanlar\u0131n bir k\u0131sm\u0131n\u0131n belediyede y\u00f6netim kademesinde g\u00f6rev yapt\u0131\u011f\u0131, baz\u0131lar\u0131n\u0131n ise d\u0131\u015far\u0131dan ihalelere arac\u0131l\u0131k etti\u011fi iddia ediliyor.<\/p>\n<p>Mal Varl\u0131klar\u0131na El Konuldu<br \/>\nSoru\u015fturma kapsam\u0131nda \u015f\u00fcphelilerin banka hesaplar\u0131, ta\u015f\u0131nmazlar\u0131 ve \u015firket hisselerine el konuldu. Bu ad\u0131m, soru\u015fturman\u0131n yaln\u0131zca idari de\u011fil, ayn\u0131 zamanda mali boyutunun da olduk\u00e7a g\u00fc\u00e7l\u00fc oldu\u011funun g\u00f6stergesi olarak de\u011ferlendiriliyor.<\/p>\n<p>\u0130ddialar: \u0130hale Usuls\u00fczl\u00fckleri ve Gizli Fonlar<br \/>\nSoru\u015fturma dosyas\u0131nda, baz\u0131 kamu ihalelerinde fiyat \u015fi\u015firme, \u015firketler \u00fczerinden para aktar\u0131m\u0131 ve usuls\u00fcz fon kullan\u0131m\u0131 gibi iddialar yer al\u0131yor. Ayr\u0131ca, elde edilen gelirlerin bir k\u0131sm\u0131n\u0131n yasad\u0131\u015f\u0131 faaliyetlerde kullan\u0131labilece\u011fine dair \u015f\u00fcpheler de dosyada bulunuyor.<\/p>\n<p>Kaynak : haberzamani.com<\/p>\n"},"alt_text":"","media_type":"image","mime_type":"image\/jpeg","media_details":{"width":768,"height":201,"file":"2026\/08\/1-15-768x201-373.jpg","sizes":{"medium":{"file":"1-15-768x201-373-300x79.jpg","width":300,"height":79,"mime_type":"image\/jpeg","source_url":"https:\/\/adanaseshaber.com.tr\/habercim\/wp-content\/uploads\/2026\/08\/1-15-768x201-373-300x79.jpg"},"thumbnail":{"file":"1-15-768x201-373-150x150.jpg","width":150,"height":150,"mime_type":"image\/jpeg","source_url":"https:\/\/adanaseshaber.com.tr\/habercim\/wp-content\/uploads\/2026\/08\/1-15-768x201-373-150x150.jpg"},"kucukResim":{"file":"1-15-768x201-373-80x50.jpg","width":80,"height":50,"mime_type":"image\/jpeg","source_url":"https:\/\/adanaseshaber.com.tr\/habercim\/wp-content\/uploads\/2026\/08\/1-15-768x201-373-80x50.jpg"},"sliderResim":{"file":"1-15-768x201-373-670x201.jpg","width":670,"height":201,"mime_type":"image\/jpeg","source_url":"https:\/\/adanaseshaber.com.tr\/habercim\/wp-content\/uploads\/2026\/08\/1-15-768x201-373-670x201.jpg"},"resim1":{"file":"1-15-768x201-373-184x140.jpg","width":184,"height":140,"mime_type":"image\/jpeg","source_url":"https:\/\/adanaseshaber.com.tr\/habercim\/wp-content\/uploads\/2026\/08\/1-15-768x201-373-184x140.jpg"},"resim2":{"file":"1-15-768x201-373-216x103.jpg","width":216,"height":103,"mime_type":"image\/jpeg","source_url":"https:\/\/adanaseshaber.com.tr\/habercim\/wp-content\/uploads\/2026\/08\/1-15-768x201-373-216x103.jpg"},"resim3":{"file":"1-15-768x201-373-145x70.jpg","width":145,"height":70,"mime_type":"image\/jpeg","source_url":"https:\/\/adanaseshaber.com.tr\/habercim\/wp-content\/uploads\/2026\/08\/1-15-768x201-373-145x70.jpg"},"sagSlider":{"file":"1-15-768x201-373-300x150.jpg","width":300,"height":150,"mime_type":"image\/jpeg","source_url":"https:\/\/adanaseshaber.com.tr\/habercim\/wp-content\/uploads\/2026\/08\/1-15-768x201-373-300x150.jpg"},"yeniSlider":{"file":"1-15-768x201-373-500x201.jpg","width":500,"height":201,"mime_type":"image\/jpeg","source_url":"https:\/\/adanaseshaber.com.tr\/habercim\/wp-content\/uploads\/2026\/08\/1-15-768x201-373-500x201.jpg"},"full":{"file":"1-15-768x201-373.jpg","width":768,"height":201,"mime_type":"image\/jpeg","source_url":"https:\/\/adanaseshaber.com.tr\/habercim\/wp-content\/uploads\/2026\/08\/1-15-768x201-373.jpg"}},"image_meta":{"aperture":"0","credit":"","camera":"","caption":"","created_timestamp":"0","copyright":"","focal_length":"0","iso":"0","shutter_speed":"0","title":"","orientation":"0","keywords":[]}},"post":52643,"source_url":"https:\/\/adanaseshaber.com.tr\/habercim\/wp-content\/uploads\/2026\/08\/1-15-768x201-373.jpg","_links":{"self":[{"href":"https:\/\/adanaseshaber.com.tr\/habercim\/wp-json\/wp\/v2\/media\/52645"}],"collection":[{"href":"https:\/\/adanaseshaber.com.tr\/habercim\/wp-json\/wp\/v2\/media"}],"about":[{"href":"https:\/\/adanaseshaber.com.tr\/habercim\/wp-json\/wp\/v2\/types\/attachment"}],"author":[{"embeddable":true,"href":"https:\/\/adanaseshaber.com.tr\/habercim\/wp-json\/wp\/v2\/users\/2"}],"replies":[{"embeddable":true,"href":"https:\/\/adanaseshaber.com.tr\/habercim\/wp-json\/wp\/v2\/comments?post=52645"}]}}