{"id":52664,"date":"2026-08-27T23:16:56","date_gmt":"2026-08-27T20:16:56","guid":{"rendered":"https:\/\/adanaseshaber.com.tr\/habercim\/wp-content\/uploads\/2026\/08\/80-205-768x384-1-28.webp"},"modified":"2026-08-27T23:17:22","modified_gmt":"2026-08-27T20:17:22","slug":"80-205-768x384-1-273","status":"inherit","type":"attachment","link":"https:\/\/adanaseshaber.com.tr\/habercim\/genel\/huzur-evi\/attachment\/80-205-768x384-1-273\/","title":{"rendered":"HUZUR EV\u0130"},"author":2,"comment_status":"open","ping_status":"closed","template":"","meta":[],"description":{"rendered":"<p class=\"attachment\"><a href='https:\/\/adanaseshaber.com.tr\/habercim\/wp-content\/uploads\/2026\/08\/80-205-768x384-1-28.webp'><img width=\"300\" height=\"150\" src=\"https:\/\/adanaseshaber.com.tr\/habercim\/wp-content\/uploads\/2026\/08\/80-205-768x384-1-28-300x150.webp\" class=\"attachment-medium size-medium\" alt=\"\" loading=\"lazy\" srcset=\"https:\/\/adanaseshaber.com.tr\/habercim\/wp-content\/uploads\/2026\/08\/80-205-768x384-1-28-300x150.webp 300w, https:\/\/adanaseshaber.com.tr\/habercim\/wp-content\/uploads\/2026\/08\/80-205-768x384-1-28.webp 768w\" sizes=\"(max-width: 300px) 100vw, 300px\" \/><\/a><\/p>\n"},"caption":{"rendered":"<p>B\u00fcy\u00fck usta sanat\u00e7\u0131m\u0131z hayat\u0131n\u0131 kaybetti. Sevenlerini \u00fczen a\u00e7\u0131klama az \u00f6nce yap\u0131ld\u0131. Kald\u0131\u011f\u0131 huzurevindeki odas\u0131nda, ak\u0131l hastas\u0131 oldu\u011fu iddia edilen bir ki\u015fi taraf\u0131ndan bo\u011fularak \u00f6ld\u00fcr\u00fcld\u00fc. \u00dcnl\u00fc ismin ac\u0131 \u00f6l\u00fcm\u00fc sevenlerini \u00fczerken g\u00fcndem olan o s\u00f6zleri duyuruldu\u2026<\/p>\n<p>devam\u0131 sonraki sayfada\u2026 g\u00f6rsel \u00fczerinden do2\u2019kununuz ge\u00e7ebilirsiniz\u2026<\/p>\n"},"alt_text":"","media_type":"image","mime_type":"image\/webp","media_details":{"width":768,"height":384,"file":"2026\/08\/80-205-768x384-1-28.webp","sizes":{"medium":{"file":"80-205-768x384-1-28-300x150.webp","width":300,"height":150,"mime_type":"image\/webp","source_url":"https:\/\/adanaseshaber.com.tr\/habercim\/wp-content\/uploads\/2026\/08\/80-205-768x384-1-28-300x150.webp"},"thumbnail":{"file":"80-205-768x384-1-28-150x150.webp","width":150,"height":150,"mime_type":"image\/webp","source_url":"https:\/\/adanaseshaber.com.tr\/habercim\/wp-content\/uploads\/2026\/08\/80-205-768x384-1-28-150x150.webp"},"kucukResim":{"file":"80-205-768x384-1-28-80x50.webp","width":80,"height":50,"mime_type":"image\/webp","source_url":"https:\/\/adanaseshaber.com.tr\/habercim\/wp-content\/uploads\/2026\/08\/80-205-768x384-1-28-80x50.webp"},"sliderResim":{"file":"80-205-768x384-1-28-670x330.webp","width":670,"height":330,"mime_type":"image\/webp","source_url":"https:\/\/adanaseshaber.com.tr\/habercim\/wp-content\/uploads\/2026\/08\/80-205-768x384-1-28-670x330.webp"},"resim1":{"file":"80-205-768x384-1-28-184x140.webp","width":184,"height":140,"mime_type":"image\/webp","source_url":"https:\/\/adanaseshaber.com.tr\/habercim\/wp-content\/uploads\/2026\/08\/80-205-768x384-1-28-184x140.webp"},"resim2":{"file":"80-205-768x384-1-28-216x103.webp","width":216,"height":103,"mime_type":"image\/webp","source_url":"https:\/\/adanaseshaber.com.tr\/habercim\/wp-content\/uploads\/2026\/08\/80-205-768x384-1-28-216x103.webp"},"resim3":{"file":"80-205-768x384-1-28-145x70.webp","width":145,"height":70,"mime_type":"image\/webp","source_url":"https:\/\/adanaseshaber.com.tr\/habercim\/wp-content\/uploads\/2026\/08\/80-205-768x384-1-28-145x70.webp"},"sagSlider":{"file":"80-205-768x384-1-28-300x150.webp","width":300,"height":150,"mime_type":"image\/webp","source_url":"https:\/\/adanaseshaber.com.tr\/habercim\/wp-content\/uploads\/2026\/08\/80-205-768x384-1-28-300x150.webp"},"yeniSlider":{"file":"80-205-768x384-1-28-500x290.webp","width":500,"height":290,"mime_type":"image\/webp","source_url":"https:\/\/adanaseshaber.com.tr\/habercim\/wp-content\/uploads\/2026\/08\/80-205-768x384-1-28-500x290.webp"},"full":{"file":"80-205-768x384-1-28.webp","width":768,"height":384,"mime_type":"image\/webp","source_url":"https:\/\/adanaseshaber.com.tr\/habercim\/wp-content\/uploads\/2026\/08\/80-205-768x384-1-28.webp"}},"image_meta":{"aperture":"0","credit":"","camera":"","caption":"","created_timestamp":"0","copyright":"","focal_length":"0","iso":"0","shutter_speed":"0","title":"","orientation":"0","keywords":[]}},"post":52663,"source_url":"https:\/\/adanaseshaber.com.tr\/habercim\/wp-content\/uploads\/2026\/08\/80-205-768x384-1-28.webp","_links":{"self":[{"href":"https:\/\/adanaseshaber.com.tr\/habercim\/wp-json\/wp\/v2\/media\/52664"}],"collection":[{"href":"https:\/\/adanaseshaber.com.tr\/habercim\/wp-json\/wp\/v2\/media"}],"about":[{"href":"https:\/\/adanaseshaber.com.tr\/habercim\/wp-json\/wp\/v2\/types\/attachment"}],"author":[{"embeddable":true,"href":"https:\/\/adanaseshaber.com.tr\/habercim\/wp-json\/wp\/v2\/users\/2"}],"replies":[{"embeddable":true,"href":"https:\/\/adanaseshaber.com.tr\/habercim\/wp-json\/wp\/v2\/comments?post=52664"}]}}