{"id":52665,"date":"2026-08-27T23:17:05","date_gmt":"2026-08-27T20:17:05","guid":{"rendered":"https:\/\/adanaseshaber.com.tr\/habercim\/wp-content\/uploads\/2026\/08\/1-15-768x201-381.jpg"},"modified":"2026-08-27T23:17:48","modified_gmt":"2026-08-27T20:17:48","slug":"1-15-768x201-2972","status":"inherit","type":"attachment","link":"https:\/\/adanaseshaber.com.tr\/habercim\/genel\/huzur-evi\/attachment\/1-15-768x201-2972\/","title":{"rendered":"HUZUR EV\u0130"},"author":2,"comment_status":"open","ping_status":"closed","template":"","meta":[],"description":{"rendered":"<p class=\"attachment\"><a href='https:\/\/adanaseshaber.com.tr\/habercim\/wp-content\/uploads\/2026\/08\/1-15-768x201-381.jpg'><img width=\"300\" height=\"79\" src=\"https:\/\/adanaseshaber.com.tr\/habercim\/wp-content\/uploads\/2026\/08\/1-15-768x201-381-300x79.jpg\" class=\"attachment-medium size-medium\" alt=\"\" loading=\"lazy\" srcset=\"https:\/\/adanaseshaber.com.tr\/habercim\/wp-content\/uploads\/2026\/08\/1-15-768x201-381-300x79.jpg 300w, https:\/\/adanaseshaber.com.tr\/habercim\/wp-content\/uploads\/2026\/08\/1-15-768x201-381.jpg 768w\" sizes=\"(max-width: 300px) 100vw, 300px\" \/><\/a><\/p>\n"},"caption":{"rendered":"<p>\u0130spanya\u2019n\u0131n \u00fcnl\u00fc \u015fark\u0131c\u0131 ve oyuncusu Encarnita Polo, kald\u0131\u011f\u0131 huzurevindeki odas\u0131nda, ak\u0131l hastas\u0131 oldu\u011fu iddia edilen bir ki\u015fi taraf\u0131ndan bo\u011fularak \u00f6ld\u00fcr\u00fcld\u00fc. \u00dcnl\u00fc ismin ac\u0131 \u00f6l\u00fcm\u00fc sevenlerini \u00fczerken, \u015fahs\u0131n neden Polo\u2019ya sald\u0131rd\u0131\u011f\u0131 merak uyand\u0131rd\u0131.<br \/>\nPolis soru\u015fturmas\u0131na g\u00f6re, Per\u015fembe gecesi, huzurevinde iki g\u00fcnden az s\u00fcredir kalan 66 ya\u015f\u0131ndaki bir adam odas\u0131na girip \u0130spanya\u2019n\u0131n \u00fcnl\u00fc \u015fark\u0131c\u0131 ve oyuncusu Encarnita Polo\u2019yu bo\u011fdu. Cesedi Cumartesi g\u00fcn\u00fc \u00c1vila\u2019daki bir cenaze evinde t\u00f6renle kald\u0131r\u0131l\u0131rken, baz\u0131lar\u0131 tek kelime etmeden merkezdeki sevdiklerini ziyaret etti. Surlarla \u00e7evrili \u015fehirde tek bir \u00fcnl\u00fc bile g\u00f6r\u00fcnmedi. \u00d6l\u00fcm\u00fc ise sanki orada bir flamenko y\u0131ld\u0131z\u0131 \u00f6lmemi\u015f gibi sessizlik ve gizemle \u00f6rt\u00fcld\u00fc.<br \/>\nEl Pais\u2019in haberine g\u00f6re h\u00fck\u00fcmet Alt Heyeti kaynaklar\u0131na g\u00f6re, kad\u0131n\u0131 odas\u0131nda bo\u011fmakla su\u00e7lanan adam, \u00c1vila\u2019daki psikiyatri \u00fcnitesinde yat\u0131yor. Merkezi y\u00f6neten \u015firket, daha \u00f6nce \u015fiddet i\u00e7eren bir davran\u0131\u015f kayd\u0131n\u0131n bulunmad\u0131\u011f\u0131n\u0131 ve adam\u0131n psikiyatri hastas\u0131 olarak de\u011ferlendirilmedi\u011fini iddia ediyor. Adam\u0131n, ila\u00e7lara uyum sa\u011flama s\u00fcrecinde oldu\u011funu belirtiyorlar. Sadece iki g\u00fcnd\u00fcr oradayd\u0131 ve t\u0131bbi ve psikolojik ekibin \u201cbaz\u0131 uyumlar\u0131 de\u011ferlendirmesini\u201d bekliyordu. Ayn\u0131 kaynaklar, Encarnita ile \u201chi\u00e7bir ili\u015fkisi olmad\u0131\u011f\u0131n\u0131\u201d \u0131srarla vurgulad\u0131. Hatta ayn\u0131 oday\u0131 bile payla\u015fm\u0131yorlard\u0131. Kastilya ve Leon B\u00f6lgesel H\u00fck\u00fcmeti, hafta sonunu gerek\u00e7e g\u00f6stererek su\u00e7 hakk\u0131nda herhangi bir bilgi vermeyi reddetti.<br \/>\nPolis kaynaklar\u0131na g\u00f6re, adam Per\u015fembe gecesi odas\u0131ndan \u00e7\u0131k\u0131p Encarnita Polo\u2019nun kald\u0131\u011f\u0131 odaya girdi. Sesleri duyup odaya ko\u015fan gardiyanlar\u0131n ifadesine g\u00f6re, kad\u0131n yataktayken \u00fczerine \u00e7\u0131kt\u0131 ve onu bo\u011fdu. Ayn\u0131 kaynaklar, Polo\u2019nun art\u0131k nefes almad\u0131\u011f\u0131n\u0131 ve \u00fczerindeki adam\u0131n da orada oldu\u011funu belirtti. Kad\u0131n\u0131 hayata d\u00f6nd\u00fcrmeye \u00e7al\u0131\u015ft\u0131lar ama \u00e7ok ge\u00e7ti.<\/p>\n<p>Kaynak : odatv.com<\/p>\n"},"alt_text":"","media_type":"image","mime_type":"image\/jpeg","media_details":{"width":768,"height":201,"file":"2026\/08\/1-15-768x201-381.jpg","sizes":{"medium":{"file":"1-15-768x201-381-300x79.jpg","width":300,"height":79,"mime_type":"image\/jpeg","source_url":"https:\/\/adanaseshaber.com.tr\/habercim\/wp-content\/uploads\/2026\/08\/1-15-768x201-381-300x79.jpg"},"thumbnail":{"file":"1-15-768x201-381-150x150.jpg","width":150,"height":150,"mime_type":"image\/jpeg","source_url":"https:\/\/adanaseshaber.com.tr\/habercim\/wp-content\/uploads\/2026\/08\/1-15-768x201-381-150x150.jpg"},"kucukResim":{"file":"1-15-768x201-381-80x50.jpg","width":80,"height":50,"mime_type":"image\/jpeg","source_url":"https:\/\/adanaseshaber.com.tr\/habercim\/wp-content\/uploads\/2026\/08\/1-15-768x201-381-80x50.jpg"},"sliderResim":{"file":"1-15-768x201-381-670x201.jpg","width":670,"height":201,"mime_type":"image\/jpeg","source_url":"https:\/\/adanaseshaber.com.tr\/habercim\/wp-content\/uploads\/2026\/08\/1-15-768x201-381-670x201.jpg"},"resim1":{"file":"1-15-768x201-381-184x140.jpg","width":184,"height":140,"mime_type":"image\/jpeg","source_url":"https:\/\/adanaseshaber.com.tr\/habercim\/wp-content\/uploads\/2026\/08\/1-15-768x201-381-184x140.jpg"},"resim2":{"file":"1-15-768x201-381-216x103.jpg","width":216,"height":103,"mime_type":"image\/jpeg","source_url":"https:\/\/adanaseshaber.com.tr\/habercim\/wp-content\/uploads\/2026\/08\/1-15-768x201-381-216x103.jpg"},"resim3":{"file":"1-15-768x201-381-145x70.jpg","width":145,"height":70,"mime_type":"image\/jpeg","source_url":"https:\/\/adanaseshaber.com.tr\/habercim\/wp-content\/uploads\/2026\/08\/1-15-768x201-381-145x70.jpg"},"sagSlider":{"file":"1-15-768x201-381-300x150.jpg","width":300,"height":150,"mime_type":"image\/jpeg","source_url":"https:\/\/adanaseshaber.com.tr\/habercim\/wp-content\/uploads\/2026\/08\/1-15-768x201-381-300x150.jpg"},"yeniSlider":{"file":"1-15-768x201-381-500x201.jpg","width":500,"height":201,"mime_type":"image\/jpeg","source_url":"https:\/\/adanaseshaber.com.tr\/habercim\/wp-content\/uploads\/2026\/08\/1-15-768x201-381-500x201.jpg"},"full":{"file":"1-15-768x201-381.jpg","width":768,"height":201,"mime_type":"image\/jpeg","source_url":"https:\/\/adanaseshaber.com.tr\/habercim\/wp-content\/uploads\/2026\/08\/1-15-768x201-381.jpg"}},"image_meta":{"aperture":"0","credit":"","camera":"","caption":"","created_timestamp":"0","copyright":"","focal_length":"0","iso":"0","shutter_speed":"0","title":"","orientation":"0","keywords":[]}},"post":52663,"source_url":"https:\/\/adanaseshaber.com.tr\/habercim\/wp-content\/uploads\/2026\/08\/1-15-768x201-381.jpg","_links":{"self":[{"href":"https:\/\/adanaseshaber.com.tr\/habercim\/wp-json\/wp\/v2\/media\/52665"}],"collection":[{"href":"https:\/\/adanaseshaber.com.tr\/habercim\/wp-json\/wp\/v2\/media"}],"about":[{"href":"https:\/\/adanaseshaber.com.tr\/habercim\/wp-json\/wp\/v2\/types\/attachment"}],"author":[{"embeddable":true,"href":"https:\/\/adanaseshaber.com.tr\/habercim\/wp-json\/wp\/v2\/users\/2"}],"replies":[{"embeddable":true,"href":"https:\/\/adanaseshaber.com.tr\/habercim\/wp-json\/wp\/v2\/comments?post=52665"}]}}