{"id":52680,"date":"2026-08-27T23:24:15","date_gmt":"2026-08-27T20:24:15","guid":{"rendered":"https:\/\/adanaseshaber.com.tr\/habercim\/wp-content\/uploads\/2026\/08\/1-15-768x201-387.jpg"},"modified":"2026-08-27T23:26:00","modified_gmt":"2026-08-27T20:26:00","slug":"1-15-768x201-2978","status":"inherit","type":"attachment","link":"https:\/\/adanaseshaber.com.tr\/habercim\/foto-galeri\/kuresel-piyasalarda\/attachment\/1-15-768x201-2978\/","title":{"rendered":"K\u00fcresel piyasalarda"},"author":2,"comment_status":"open","ping_status":"closed","template":"","meta":[],"description":{"rendered":"<p class=\"attachment\"><a href='https:\/\/adanaseshaber.com.tr\/habercim\/wp-content\/uploads\/2026\/08\/1-15-768x201-387.jpg'><img width=\"300\" height=\"79\" src=\"https:\/\/adanaseshaber.com.tr\/habercim\/wp-content\/uploads\/2026\/08\/1-15-768x201-387-300x79.jpg\" class=\"attachment-medium size-medium\" alt=\"\" loading=\"lazy\" srcset=\"https:\/\/adanaseshaber.com.tr\/habercim\/wp-content\/uploads\/2026\/08\/1-15-768x201-387-300x79.jpg 300w, https:\/\/adanaseshaber.com.tr\/habercim\/wp-content\/uploads\/2026\/08\/1-15-768x201-387.jpg 768w\" sizes=\"(max-width: 300px) 100vw, 300px\" \/><\/a><\/p>\n"},"caption":{"rendered":"<p>K\u00fcresel piyasalarda artan jeopolitik gerilimler ve ABD\u2019den gelen ekonomik sinyaller alt\u0131n\u0131n seyrini belirlemeye devam ederken, finans analisti \u0130slam Memi\u015f piyasan\u0131n kritik bir e\u015fikte oldu\u011funu vurgulad\u0131.<br \/>\nABD Merkez Bankas\u0131\u2019n\u0131n (Fed) att\u0131\u011f\u0131 ad\u0131mlar\u0131n ve yar\u0131n FED Ba\u015fkan\u0131 Kevin Warsh&#8217;\u0131n a\u00e7\u0131klamalar\u0131n\u0131n piyasalarda y\u00f6n\u00fc tayin edece\u011fini belirten Memi\u015f, alt\u0131n fiyatlar\u0131nda &#8220;ya tamam ya devam&#8221; s\u00fcrecinin ya\u015fand\u0131\u011f\u0131n\u0131 ifade etti.<br \/>\nKat\u0131ld\u0131\u011f\u0131 yay\u0131nda konu\u015fan \u0130slam Memi\u015f, ABD&#8217;deki tahvil al\u0131mlar\u0131ndaki art\u0131\u015f\u0131n ekonomideki sorunlara i\u015faret etti\u011fini savundu. Petrol fiyatlar\u0131, enflasyon ve piyasalardaki belirsizli\u011fin merkez bankalar\u0131n\u0131n hareket alan\u0131n\u0131 daraltt\u0131\u011f\u0131n\u0131 belirten Memi\u015f, Fed&#8217;in faiz indirimi beklentisinin de zay\u0131flad\u0131\u011f\u0131n\u0131 ifade etti.<\/p>\n<p>Memi\u015f, g\u00f6zlerin Fed Ba\u015fkan\u0131&#8217;n\u0131n toplant\u0131s\u0131ndaki a\u00e7\u0131klamalar\u0131na \u00e7evrildi\u011fini belirterek, &#8220;\u015eahin tonla m\u0131, g\u00fcvercin tonla m\u0131?&#8221; sorusunun piyasan\u0131n y\u00f6n\u00fc a\u00e7\u0131s\u0131ndan belirleyici olaca\u011f\u0131n\u0131 s\u00f6yledi:<\/p>\n<p>&#8220;Piyasalarda belli bir bant aral\u0131\u011f\u0131na, dar bant aral\u0131\u011f\u0131na s\u0131k\u0131\u015ft\u0131. Yar\u0131n bir k\u0131r\u0131l\u0131m mutlaka olacak. Ya tamam ya devam niteli\u011finde. Ya kar sat\u0131\u015flar\u0131n\u0131n gelece\u011fi ya da y\u00fckseli\u015flerin tekrar devam edece\u011fi y\u00f6n\u00fcnde belirsizlik hala devam etti\u011fini s\u00f6yleyebilirim&#8221; Ons alt\u0131n\u0131n \u00f6n\u00fcnde iki farkl\u0131 senaryo bulundu\u011funu belirten Memi\u015f, Fed Ba\u015fkan\u0131&#8217;n\u0131n a\u00e7\u0131klamalar\u0131n\u0131n ard\u0131ndan fiyat\u0131n 4.800 dolar seviyesine kadar y\u00fckselebilece\u011fini ya da 4.450 dolara kadar geri \u00e7ekilerek kar sat\u0131\u015flar\u0131n\u0131 tamamlayabilece\u011fini s\u00f6yledi.<\/p>\n<p>Memi\u015f&#8217;e g\u00f6re her iki ihtimalin ger\u00e7ekle\u015fme olas\u0131l\u0131\u011f\u0131 k\u0131sa vadede y\u00fczde 50.<\/p>\n<p>Finans analisti, yakla\u015f\u0131k bir ayd\u0131r devam eden y\u00fckseli\u015f trendinin ard\u0131ndan k\u0131sa vadede bir d\u00fczeltmenin gerekli oldu\u011funu belirtti. Ancak bunun orta ve uzun vadeli y\u00fckseli\u015f beklentisini de\u011fi\u015ftirmedi\u011fini vurgulad\u0131. Memi\u015f, ge\u00e7mi\u015fte g\u00f6r\u00fclen d\u00fc\u015f\u00fck seviyelerin yeniden g\u00f6r\u00fclmesini beklemedi\u011fini belirterek, &#8220;En k\u00f6t\u00fc geride kald\u0131&#8221; mesaj\u0131 verdi.<\/p>\n<p>\u00c7in ba\u015fta olmak \u00fczere merkez bankalar\u0131n\u0131n alt\u0131n al\u0131mlar\u0131n\u0131 art\u0131rmaya devam etti\u011fini, T\u00fcrkiye Cumhuriyet Merkez Bankas\u0131&#8217;n\u0131n da temmuz ay\u0131nda en fazla alt\u0131n al\u0131m\u0131 yapan merkez bankalar\u0131 aras\u0131nda yer ald\u0131\u011f\u0131n\u0131 ifade eden Memi\u015f, fiziki talebin s\u00fcrmesinin alt\u0131n fiyatlar\u0131n\u0131 orta ve uzun vadede destekleyece\u011fini \u00f6ng\u00f6rd\u00fc. \u0130slam Memi\u015f, y\u0131l sonuna ili\u015fkin beklentisini de a\u00e7\u0131klad\u0131. Daha \u00f6nce yat\u0131r\u0131mc\u0131lar i\u00e7in 3.880-5.880 dolar aral\u0131\u011f\u0131na i\u015faret etti\u011fini hat\u0131rlatan Memi\u015f, ons alt\u0131nda y\u0131l i\u00e7erisinde bu bantta dalgalanma bekledi\u011fini s\u00f6yledi.<\/p>\n<p>Ons alt\u0131n\u0131n daha \u00f6nce 3.950 ve 5.600 dolar seviyelerini g\u00f6rd\u00fc\u011f\u00fcn\u00fc belirten Memi\u015f, 5.000 dolar seviyesinin yeniden a\u015f\u0131lmas\u0131 ihtimaline &#8220;evet&#8221; cevab\u0131n\u0131 verdi.<\/p>\n<p>Memi\u015f, fiziki alt\u0131na y\u00f6nelik talebin devam etmesinin fiyatlar\u0131 yukar\u0131 y\u00f6nl\u00fc desteklemesini bekledi\u011fini ifade etti.<\/p>\n<p>Kaynak: HABER MERKEZ\u0130 turkiyegazetesi.com.tr<\/p>\n<p>Not : Yat\u0131r\u0131m tavsiyesi de\u011fildir<\/p>\n"},"alt_text":"","media_type":"image","mime_type":"image\/jpeg","media_details":{"width":768,"height":201,"file":"2026\/08\/1-15-768x201-387.jpg","sizes":{"medium":{"file":"1-15-768x201-387-300x79.jpg","width":300,"height":79,"mime_type":"image\/jpeg","source_url":"https:\/\/adanaseshaber.com.tr\/habercim\/wp-content\/uploads\/2026\/08\/1-15-768x201-387-300x79.jpg"},"thumbnail":{"file":"1-15-768x201-387-150x150.jpg","width":150,"height":150,"mime_type":"image\/jpeg","source_url":"https:\/\/adanaseshaber.com.tr\/habercim\/wp-content\/uploads\/2026\/08\/1-15-768x201-387-150x150.jpg"},"kucukResim":{"file":"1-15-768x201-387-80x50.jpg","width":80,"height":50,"mime_type":"image\/jpeg","source_url":"https:\/\/adanaseshaber.com.tr\/habercim\/wp-content\/uploads\/2026\/08\/1-15-768x201-387-80x50.jpg"},"sliderResim":{"file":"1-15-768x201-387-670x201.jpg","width":670,"height":201,"mime_type":"image\/jpeg","source_url":"https:\/\/adanaseshaber.com.tr\/habercim\/wp-content\/uploads\/2026\/08\/1-15-768x201-387-670x201.jpg"},"resim1":{"file":"1-15-768x201-387-184x140.jpg","width":184,"height":140,"mime_type":"image\/jpeg","source_url":"https:\/\/adanaseshaber.com.tr\/habercim\/wp-content\/uploads\/2026\/08\/1-15-768x201-387-184x140.jpg"},"resim2":{"file":"1-15-768x201-387-216x103.jpg","width":216,"height":103,"mime_type":"image\/jpeg","source_url":"https:\/\/adanaseshaber.com.tr\/habercim\/wp-content\/uploads\/2026\/08\/1-15-768x201-387-216x103.jpg"},"resim3":{"file":"1-15-768x201-387-145x70.jpg","width":145,"height":70,"mime_type":"image\/jpeg","source_url":"https:\/\/adanaseshaber.com.tr\/habercim\/wp-content\/uploads\/2026\/08\/1-15-768x201-387-145x70.jpg"},"sagSlider":{"file":"1-15-768x201-387-300x150.jpg","width":300,"height":150,"mime_type":"image\/jpeg","source_url":"https:\/\/adanaseshaber.com.tr\/habercim\/wp-content\/uploads\/2026\/08\/1-15-768x201-387-300x150.jpg"},"yeniSlider":{"file":"1-15-768x201-387-500x201.jpg","width":500,"height":201,"mime_type":"image\/jpeg","source_url":"https:\/\/adanaseshaber.com.tr\/habercim\/wp-content\/uploads\/2026\/08\/1-15-768x201-387-500x201.jpg"},"full":{"file":"1-15-768x201-387.jpg","width":768,"height":201,"mime_type":"image\/jpeg","source_url":"https:\/\/adanaseshaber.com.tr\/habercim\/wp-content\/uploads\/2026\/08\/1-15-768x201-387.jpg"}},"image_meta":{"aperture":"0","credit":"","camera":"","caption":"","created_timestamp":"0","copyright":"","focal_length":"0","iso":"0","shutter_speed":"0","title":"","orientation":"0","keywords":[]}},"post":52678,"source_url":"https:\/\/adanaseshaber.com.tr\/habercim\/wp-content\/uploads\/2026\/08\/1-15-768x201-387.jpg","_links":{"self":[{"href":"https:\/\/adanaseshaber.com.tr\/habercim\/wp-json\/wp\/v2\/media\/52680"}],"collection":[{"href":"https:\/\/adanaseshaber.com.tr\/habercim\/wp-json\/wp\/v2\/media"}],"about":[{"href":"https:\/\/adanaseshaber.com.tr\/habercim\/wp-json\/wp\/v2\/types\/attachment"}],"author":[{"embeddable":true,"href":"https:\/\/adanaseshaber.com.tr\/habercim\/wp-json\/wp\/v2\/users\/2"}],"replies":[{"embeddable":true,"href":"https:\/\/adanaseshaber.com.tr\/habercim\/wp-json\/wp\/v2\/comments?post=52680"}]}}