{"id":52695,"date":"2026-08-29T02:22:21","date_gmt":"2026-08-28T23:22:21","guid":{"rendered":"https:\/\/adanaseshaber.com.tr\/habercim\/wp-content\/uploads\/2026\/08\/1-15-768x201-393.jpg"},"modified":"2026-08-29T02:23:33","modified_gmt":"2026-08-28T23:23:33","slug":"1-15-768x201-2984","status":"inherit","type":"attachment","link":"https:\/\/adanaseshaber.com.tr\/habercim\/foto-galeri\/turkiyeden\/attachment\/1-15-768x201-2984\/","title":{"rendered":"T\u00fcrkiye\u2019den"},"author":2,"comment_status":"open","ping_status":"closed","template":"","meta":[],"description":{"rendered":"<p class=\"attachment\"><a href='https:\/\/adanaseshaber.com.tr\/habercim\/wp-content\/uploads\/2026\/08\/1-15-768x201-393.jpg'><img width=\"300\" height=\"79\" src=\"https:\/\/adanaseshaber.com.tr\/habercim\/wp-content\/uploads\/2026\/08\/1-15-768x201-393-300x79.jpg\" class=\"attachment-medium size-medium\" alt=\"\" loading=\"lazy\" srcset=\"https:\/\/adanaseshaber.com.tr\/habercim\/wp-content\/uploads\/2026\/08\/1-15-768x201-393-300x79.jpg 300w, https:\/\/adanaseshaber.com.tr\/habercim\/wp-content\/uploads\/2026\/08\/1-15-768x201-393.jpg 768w\" sizes=\"(max-width: 300px) 100vw, 300px\" \/><\/a><\/p>\n"},"caption":{"rendered":"<p>Yasak Listesi Geni\u015fledi<\/p>\n<p>Al\u0131nan kararla birlikte T\u00fcrkiye\u2019den ithalat\u0131 durdurulan \u00fcr\u00fcn say\u0131s\u0131 20\u2019ye ula\u015ft\u0131. Suriye Kara ve Deniz Limanlar\u0131 Genel M\u00fcd\u00fcrl\u00fc\u011f\u00fc taraf\u0131ndan daha \u00f6nce domates, salatal\u0131k, patates, kabak, patl\u0131can, biber, elma, \u00fcz\u00fcm, \u015feftali, kiraz, armut, karpuz, incir, kuru incir, sar\u0131msak, yumurta ile canl\u0131 ve taze tavuk gibi \u00fcr\u00fcnlerin de ithalat\u0131 durdurulmu\u015ftu.<\/p>\n<p>Yerel \u00dcreticiyi Koruma Hamlesi<\/p>\n<p>Yetkililer, karar\u0131n temel amac\u0131n\u0131n yerli \u00fcreticilerin pazarda daha g\u00fc\u00e7l\u00fc yer almas\u0131n\u0131 sa\u011flamak, \u00f6z yeterlili\u011fi art\u0131rmak ve fiyat istikrar\u0131n\u0131 korumak oldu\u011funu belirtti. \u00d6zellikle Hama\u2019da d\u00fc\u015f\u00fck tavuk fiyatlar\u0131n\u0131n piyasay\u0131 olumsuz etkilemesi ve \u00fcreticilerin zarar etmesi, yasa\u011f\u0131n geni\u015fletilmesinde etkili oldu.<\/p>\n<p>Kaynak : haberzamani.com<\/p>\n"},"alt_text":"","media_type":"image","mime_type":"image\/jpeg","media_details":{"width":768,"height":201,"file":"2026\/08\/1-15-768x201-393.jpg","sizes":{"medium":{"file":"1-15-768x201-393-300x79.jpg","width":300,"height":79,"mime_type":"image\/jpeg","source_url":"https:\/\/adanaseshaber.com.tr\/habercim\/wp-content\/uploads\/2026\/08\/1-15-768x201-393-300x79.jpg"},"thumbnail":{"file":"1-15-768x201-393-150x150.jpg","width":150,"height":150,"mime_type":"image\/jpeg","source_url":"https:\/\/adanaseshaber.com.tr\/habercim\/wp-content\/uploads\/2026\/08\/1-15-768x201-393-150x150.jpg"},"kucukResim":{"file":"1-15-768x201-393-80x50.jpg","width":80,"height":50,"mime_type":"image\/jpeg","source_url":"https:\/\/adanaseshaber.com.tr\/habercim\/wp-content\/uploads\/2026\/08\/1-15-768x201-393-80x50.jpg"},"sliderResim":{"file":"1-15-768x201-393-670x201.jpg","width":670,"height":201,"mime_type":"image\/jpeg","source_url":"https:\/\/adanaseshaber.com.tr\/habercim\/wp-content\/uploads\/2026\/08\/1-15-768x201-393-670x201.jpg"},"resim1":{"file":"1-15-768x201-393-184x140.jpg","width":184,"height":140,"mime_type":"image\/jpeg","source_url":"https:\/\/adanaseshaber.com.tr\/habercim\/wp-content\/uploads\/2026\/08\/1-15-768x201-393-184x140.jpg"},"resim2":{"file":"1-15-768x201-393-216x103.jpg","width":216,"height":103,"mime_type":"image\/jpeg","source_url":"https:\/\/adanaseshaber.com.tr\/habercim\/wp-content\/uploads\/2026\/08\/1-15-768x201-393-216x103.jpg"},"resim3":{"file":"1-15-768x201-393-145x70.jpg","width":145,"height":70,"mime_type":"image\/jpeg","source_url":"https:\/\/adanaseshaber.com.tr\/habercim\/wp-content\/uploads\/2026\/08\/1-15-768x201-393-145x70.jpg"},"sagSlider":{"file":"1-15-768x201-393-300x150.jpg","width":300,"height":150,"mime_type":"image\/jpeg","source_url":"https:\/\/adanaseshaber.com.tr\/habercim\/wp-content\/uploads\/2026\/08\/1-15-768x201-393-300x150.jpg"},"yeniSlider":{"file":"1-15-768x201-393-500x201.jpg","width":500,"height":201,"mime_type":"image\/jpeg","source_url":"https:\/\/adanaseshaber.com.tr\/habercim\/wp-content\/uploads\/2026\/08\/1-15-768x201-393-500x201.jpg"},"full":{"file":"1-15-768x201-393.jpg","width":768,"height":201,"mime_type":"image\/jpeg","source_url":"https:\/\/adanaseshaber.com.tr\/habercim\/wp-content\/uploads\/2026\/08\/1-15-768x201-393.jpg"}},"image_meta":{"aperture":"0","credit":"","camera":"","caption":"","created_timestamp":"0","copyright":"","focal_length":"0","iso":"0","shutter_speed":"0","title":"","orientation":"0","keywords":[]}},"post":52693,"source_url":"https:\/\/adanaseshaber.com.tr\/habercim\/wp-content\/uploads\/2026\/08\/1-15-768x201-393.jpg","_links":{"self":[{"href":"https:\/\/adanaseshaber.com.tr\/habercim\/wp-json\/wp\/v2\/media\/52695"}],"collection":[{"href":"https:\/\/adanaseshaber.com.tr\/habercim\/wp-json\/wp\/v2\/media"}],"about":[{"href":"https:\/\/adanaseshaber.com.tr\/habercim\/wp-json\/wp\/v2\/types\/attachment"}],"author":[{"embeddable":true,"href":"https:\/\/adanaseshaber.com.tr\/habercim\/wp-json\/wp\/v2\/users\/2"}],"replies":[{"embeddable":true,"href":"https:\/\/adanaseshaber.com.tr\/habercim\/wp-json\/wp\/v2\/comments?post=52695"}]}}