{"id":52720,"date":"2026-08-29T22:17:20","date_gmt":"2026-08-29T19:17:20","guid":{"rendered":"https:\/\/adanaseshaber.com.tr\/habercim\/wp-content\/uploads\/2026\/08\/1-15-768x201-403.jpg"},"modified":"2026-08-29T22:18:00","modified_gmt":"2026-08-29T19:18:00","slug":"1-15-768x201-2994","status":"inherit","type":"attachment","link":"https:\/\/adanaseshaber.com.tr\/habercim\/foto-galeri\/saglikli-bir-agiz-icin\/attachment\/1-15-768x201-2994\/","title":{"rendered":"Sa\u011fl\u0131kl\u0131 bir a\u011f\u0131z i\u00e7in"},"author":2,"comment_status":"open","ping_status":"closed","template":"","meta":[],"description":{"rendered":"<p class=\"attachment\"><a href='https:\/\/adanaseshaber.com.tr\/habercim\/wp-content\/uploads\/2026\/08\/1-15-768x201-403.jpg'><img width=\"300\" height=\"79\" src=\"https:\/\/adanaseshaber.com.tr\/habercim\/wp-content\/uploads\/2026\/08\/1-15-768x201-403-300x79.jpg\" class=\"attachment-medium size-medium\" alt=\"\" loading=\"lazy\" srcset=\"https:\/\/adanaseshaber.com.tr\/habercim\/wp-content\/uploads\/2026\/08\/1-15-768x201-403-300x79.jpg 300w, https:\/\/adanaseshaber.com.tr\/habercim\/wp-content\/uploads\/2026\/08\/1-15-768x201-403.jpg 768w\" sizes=\"(max-width: 300px) 100vw, 300px\" \/><\/a><\/p>\n"},"caption":{"rendered":"<p>Uzman Di\u015f Hekimi ve A\u011f\u0131z Di\u015f \u00c7ene Cerrah\u0131 Prof. Dr. Birkan Taha \u00d6zkan, a\u011f\u0131z ve di\u015f sa\u011fl\u0131\u011f\u0131 i\u00e7in uyar\u0131larda bulundu. A\u011f\u0131z ve di\u015f sa\u011fl\u0131\u011f\u0131n\u0131n ihmal edilmemesi gerekti\u011fini vurgulayan Prof. Dr. Birkan Taha \u00d6zkan, ilerleyen d\u00f6nemlerde geri d\u00f6n\u00fc\u015f\u00fc olmayan sa\u011fl\u0131k sorunlar\u0131n\u0131n ortaya \u00e7\u0131kabilece\u011fini a\u00e7\u0131klad\u0131.<br \/>\nErken te\u015fhisin \u00f6nemine de\u011finen Prof. Dr. Birkan Taha \u00d6zkan, \u201cA\u011f\u0131z ve di\u015f sa\u011fl\u0131\u011f\u0131, yaln\u0131zca estetik bir gereklilik de\u011fil; genel sa\u011fl\u0131\u011f\u0131m\u0131z\u0131n vazge\u00e7ilmez bir par\u00e7as\u0131d\u0131r. Ancak \u00e7o\u011fu zaman fark edilmeyen veya ihmal edilen a\u011f\u0131z ve di\u015f rahats\u0131zl\u0131klar\u0131, ilerleyen d\u00f6nemlerde ciddi sa\u011fl\u0131k sorunlar\u0131na yol a\u00e7abilir. A\u011f\u0131z ve di\u015f sa\u011fl\u0131\u011f\u0131 rahats\u0131zl\u0131klar\u0131nda s\u0131kl\u0131kla g\u00f6r\u00fclen belirtiler \u015funlard\u0131r; k\u00f6t\u00fc a\u011f\u0131z kokusu, di\u015flerde g\u00fc\u00e7s\u00fczl\u00fck hissi, di\u015flerde morarma ve renklenme, di\u015feti kanamas\u0131, di\u015f a\u011fr\u0131s\u0131 veya hassasiyet, \u00e7ene k\u0131tlamas\u0131, \u00e7ene a\u011fr\u0131lar\u0131, a\u011f\u0131zda kekremsi bir tat hissi, dil dudak ve y\u00fczde uyu\u015fukluk. Toplumda, en \u00e7ok di\u015f hekimine muayene sebeplerinden ba\u015f\u0131nda di\u015f a\u011fr\u0131s\u0131 var. A\u011fr\u0131n\u0131n olmamas\u0131, sa\u011fl\u0131k sorunu olmad\u0131\u011f\u0131 anlam\u0131na gelmez. San\u0131lan\u0131n aksine, hastaya en son raddede a\u011fr\u0131 hissi olu\u015fuyor ancak bu durum di\u015f di\u015feti veya \u00e7ene kemi\u011finde yap\u0131sal hasara ula\u015fm\u0131\u015f hali olarak kar\u015f\u0131m\u0131za \u00e7\u0131k\u0131yor. Bu belirtiler s\u0131kl\u0131kla g\u00f6z ard\u0131 edilse de, erken te\u015fhis ve tedaviyle daha b\u00fcy\u00fck sorunlar\u0131n \u00f6n\u00fcne ge\u00e7mek m\u00fcmk\u00fcn\u201d dedi.<br \/>\nErken te\u015fhis i\u00e7in izlenebilecek yollar\u0131 anlatan Prof. Dr. \u00d6zkan, \u201cA\u011f\u0131z ve di\u015f rahats\u0131zl\u0131klar\u0131n\u0131n te\u015fhisi, klinik muayene, radyografik inceleme, sistemik hastal\u0131k durumu ve di\u015f tedavi ge\u00e7mi\u015fi detayl\u0131 incelemeleriyle erken te\u015fhis yap\u0131labilir. D\u00fcnya genelinde 3,5 milyar insan a\u011f\u0131z hastal\u0131klar\u0131ndan etkileniyor. Kal\u0131c\u0131 di\u015flerde tedavi edilmeyen di\u015f \u00e7\u00fcr\u00fc\u011f\u00fc, d\u00fcnyada en yayg\u0131n sa\u011fl\u0131k sorunu. Ba\u015fl\u0131ca risk fakt\u00f6rleri; \u015eeker t\u00fcketimi, k\u00f6t\u00fc a\u011f\u0131z hijyeni, t\u00fct\u00fcn ve alkol kullan\u0131m\u0131. Bunlar bilimsel veriler \u0131\u015f\u0131\u011f\u0131nda\u201d diye konu\u015ftu.<br \/>\nSa\u011fl\u0131kl\u0131 di\u015fler ve a\u011f\u0131z sa\u011fl\u0131\u011f\u0131 i\u00e7in \u00f6neride bulunan \u00d6zkan, \u201cAsitli i\u00e7eceklerden uzak durun. Bu t\u00fcr i\u00e7ecekler di\u015f minesine hasar verir ve \u00e7\u00fcr\u00fck olu\u015fumunu h\u0131zland\u0131r\u0131r. Sigara kullan\u0131m\u0131n\u0131 azalt\u0131n. Sigara, di\u015f eti rahats\u0131zl\u0131klar\u0131 ve a\u011f\u0131z kanseri riskini art\u0131r\u0131r. \u00c7ift tarafl\u0131 \u00e7i\u011fneyin. Tek tarafl\u0131 \u00e7i\u011fnemeye yol a\u00e7an rahats\u0131zl\u0131k te\u015fhisi ve tedavisine odaklan\u0131n. K\u00f6t\u00fc a\u011f\u0131z kokunuzu kesinlikle ferahlat\u0131n. K\u00f6t\u00fc a\u011f\u0131z kokusunun daimi olarak \u00e7\u00f6z\u00fcm\u00fcne odaklan\u0131n, ge\u00e7ici \u00e7\u00f6z\u00fcmde sprey veya pastil gibi g\u0131dalar sorunun ana kayna\u011f\u0131n\u0131n ertelenmesine ve b\u00fcy\u00fcmesine yol a\u00e7ar. Di\u015f hekimi muayenesi her alt\u0131 ayda bir \u015fart. Detayl\u0131 bir muayene, erken te\u015fhis ve tedavinin \u00f6n\u00fcn\u00fc a\u00e7ar, b\u00fcy\u00fck sa\u011fl\u0131k sorunlar\u0131n\u0131n \u00f6n\u00fcne ge\u00e7er. Di\u015f\u00e7i fobinizin \u00fczerine gidin, hobi haline getirici \u00e7\u00f6z\u00fcmler bulun. G\u00fcl\u00fc\u015f Esteti\u011finizi Sa\u011flay\u0131n, g\u00fcl\u00fc\u015f tasar\u0131m\u0131yla, di\u015f di\u015feti dudak yanak ve y\u00fcz orant\u0131s\u0131n\u0131 sa\u011flayarak keyifle g\u00fcl\u00fcn, di\u015flerinizi ve g\u00fcl\u00fc\u015f\u00fcn\u00fcz\u00fc saklamaktan vazge\u00e7in\u201d ifadelerini kulland\u0131.<br \/>\nDi\u015f Hekimleri Haftas\u0131na ili\u015fkin de \u00f6zel a\u00e7\u0131klamalarda bulunan Birkan Taha \u00d6zkan, \u201cBu hafta, a\u011f\u0131z ve di\u015f sa\u011fl\u0131\u011f\u0131m\u0131z\u0131n ba\u015f mimarlar\u0131 olan di\u015f hekimlerimize te\u015fekk\u00fcr etme zaman\u0131. Onlar yaln\u0131zca di\u015flerimizi tedavi etmekle kalmaz; g\u00fcl\u00fc\u015flerimizi g\u00fczelle\u015ftirir, ya\u015fam kalitemizi art\u0131r\u0131r ve ya\u015fam \u00f6mr\u00fcn\u00fc uzatmaya yard\u0131m eder. A\u011f\u0131z ve di\u015f sa\u011fl\u0131\u011f\u0131 yaln\u0131zca bireysel de\u011fil, toplum sa\u011fl\u0131\u011f\u0131 a\u00e7\u0131s\u0131ndan da bir \u00f6ncelik olarak ele al\u0131nmal\u0131d\u0131r\u201d \u015feklinde konu\u015ftu.<\/p>\n<p>Kaynak : cnnturk.com<br \/>\nNot : L\u00fctfen doktorunuza dan\u0131\u015f\u0131n\u0131z<\/p>\n"},"alt_text":"","media_type":"image","mime_type":"image\/jpeg","media_details":{"width":768,"height":201,"file":"2026\/08\/1-15-768x201-403.jpg","sizes":{"medium":{"file":"1-15-768x201-403-300x79.jpg","width":300,"height":79,"mime_type":"image\/jpeg","source_url":"https:\/\/adanaseshaber.com.tr\/habercim\/wp-content\/uploads\/2026\/08\/1-15-768x201-403-300x79.jpg"},"thumbnail":{"file":"1-15-768x201-403-150x150.jpg","width":150,"height":150,"mime_type":"image\/jpeg","source_url":"https:\/\/adanaseshaber.com.tr\/habercim\/wp-content\/uploads\/2026\/08\/1-15-768x201-403-150x150.jpg"},"kucukResim":{"file":"1-15-768x201-403-80x50.jpg","width":80,"height":50,"mime_type":"image\/jpeg","source_url":"https:\/\/adanaseshaber.com.tr\/habercim\/wp-content\/uploads\/2026\/08\/1-15-768x201-403-80x50.jpg"},"sliderResim":{"file":"1-15-768x201-403-670x201.jpg","width":670,"height":201,"mime_type":"image\/jpeg","source_url":"https:\/\/adanaseshaber.com.tr\/habercim\/wp-content\/uploads\/2026\/08\/1-15-768x201-403-670x201.jpg"},"resim1":{"file":"1-15-768x201-403-184x140.jpg","width":184,"height":140,"mime_type":"image\/jpeg","source_url":"https:\/\/adanaseshaber.com.tr\/habercim\/wp-content\/uploads\/2026\/08\/1-15-768x201-403-184x140.jpg"},"resim2":{"file":"1-15-768x201-403-216x103.jpg","width":216,"height":103,"mime_type":"image\/jpeg","source_url":"https:\/\/adanaseshaber.com.tr\/habercim\/wp-content\/uploads\/2026\/08\/1-15-768x201-403-216x103.jpg"},"resim3":{"file":"1-15-768x201-403-145x70.jpg","width":145,"height":70,"mime_type":"image\/jpeg","source_url":"https:\/\/adanaseshaber.com.tr\/habercim\/wp-content\/uploads\/2026\/08\/1-15-768x201-403-145x70.jpg"},"sagSlider":{"file":"1-15-768x201-403-300x150.jpg","width":300,"height":150,"mime_type":"image\/jpeg","source_url":"https:\/\/adanaseshaber.com.tr\/habercim\/wp-content\/uploads\/2026\/08\/1-15-768x201-403-300x150.jpg"},"yeniSlider":{"file":"1-15-768x201-403-500x201.jpg","width":500,"height":201,"mime_type":"image\/jpeg","source_url":"https:\/\/adanaseshaber.com.tr\/habercim\/wp-content\/uploads\/2026\/08\/1-15-768x201-403-500x201.jpg"},"full":{"file":"1-15-768x201-403.jpg","width":768,"height":201,"mime_type":"image\/jpeg","source_url":"https:\/\/adanaseshaber.com.tr\/habercim\/wp-content\/uploads\/2026\/08\/1-15-768x201-403.jpg"}},"image_meta":{"aperture":"0","credit":"","camera":"","caption":"","created_timestamp":"0","copyright":"","focal_length":"0","iso":"0","shutter_speed":"0","title":"","orientation":"0","keywords":[]}},"post":52718,"source_url":"https:\/\/adanaseshaber.com.tr\/habercim\/wp-content\/uploads\/2026\/08\/1-15-768x201-403.jpg","_links":{"self":[{"href":"https:\/\/adanaseshaber.com.tr\/habercim\/wp-json\/wp\/v2\/media\/52720"}],"collection":[{"href":"https:\/\/adanaseshaber.com.tr\/habercim\/wp-json\/wp\/v2\/media"}],"about":[{"href":"https:\/\/adanaseshaber.com.tr\/habercim\/wp-json\/wp\/v2\/types\/attachment"}],"author":[{"embeddable":true,"href":"https:\/\/adanaseshaber.com.tr\/habercim\/wp-json\/wp\/v2\/users\/2"}],"replies":[{"embeddable":true,"href":"https:\/\/adanaseshaber.com.tr\/habercim\/wp-json\/wp\/v2\/comments?post=52720"}]}}