{"id":52739,"date":"2026-08-29T22:55:13","date_gmt":"2026-08-29T19:55:13","guid":{"rendered":"https:\/\/adanaseshaber.com.tr\/habercim\/wp-content\/uploads\/2026\/08\/baskomutan-recep-tayyip-erdogan_2109888-12.jpg"},"modified":"2026-08-29T22:55:31","modified_gmt":"2026-08-29T19:55:31","slug":"baskomutan-recep-tayyip-erdogan_2109888-22","status":"inherit","type":"attachment","link":"https:\/\/adanaseshaber.com.tr\/habercim\/foto-galeri\/iranin-yeni-dini-lideri-secildi\/attachment\/baskomutan-recep-tayyip-erdogan_2109888-22\/","title":{"rendered":"\u0130ran\u2019\u0131n Yeni Dini Lideri Se\u00e7ildi"},"author":2,"comment_status":"open","ping_status":"closed","template":"","meta":[],"description":{"rendered":"<p class=\"attachment\"><a href='https:\/\/adanaseshaber.com.tr\/habercim\/wp-content\/uploads\/2026\/08\/baskomutan-recep-tayyip-erdogan_2109888-12.jpg'><img width=\"300\" height=\"187\" src=\"https:\/\/adanaseshaber.com.tr\/habercim\/wp-content\/uploads\/2026\/08\/baskomutan-recep-tayyip-erdogan_2109888-12-300x187.jpg\" class=\"attachment-medium size-medium\" alt=\"\" loading=\"lazy\" srcset=\"https:\/\/adanaseshaber.com.tr\/habercim\/wp-content\/uploads\/2026\/08\/baskomutan-recep-tayyip-erdogan_2109888-12-300x187.jpg 300w, https:\/\/adanaseshaber.com.tr\/habercim\/wp-content\/uploads\/2026\/08\/baskomutan-recep-tayyip-erdogan_2109888-12-80x50.jpg 80w, https:\/\/adanaseshaber.com.tr\/habercim\/wp-content\/uploads\/2026\/08\/baskomutan-recep-tayyip-erdogan_2109888-12.jpg 485w\" sizes=\"(max-width: 300px) 100vw, 300px\" \/><\/a><\/p>\n"},"caption":{"rendered":"<p>\u0130ran\u2019\u0131n Yeni Dini Lideri Se\u00e7ildi Ali Hamaney\u2019in ABD-\u0130srail sald\u0131r\u0131lar\u0131nda hayat\u0131n\u0131 kaybetmesinin ard\u0131ndan \u0130ran Uzmanlar Meclisi yeni dini lideri belirledi. \u0130ran\u2019da 1989 y\u0131l\u0131ndan bu yana \u00fclkenin dini lideri olan Ali Hamaney\u2019in ABD ve \u0130srail sald\u0131r\u0131lar\u0131nda hayat\u0131n\u0131 kaybetmesinin ard\u0131ndan yeni lider belirlendi. \u0130ran\u2019da dini lideri se\u00e7mekle g\u00f6revli olan 88 \u00fcyeli \u0130ran Uzmanlar Meclisi, yapt\u0131\u011f\u0131 toplant\u0131 sonras\u0131 Hamaney\u2019in halefini se\u00e7ti.<\/p>\n<p>devam\u0131 sonraki sayfada\u2026<\/p>\n"},"alt_text":"","media_type":"image","mime_type":"image\/jpeg","media_details":{"width":485,"height":303,"file":"2026\/08\/baskomutan-recep-tayyip-erdogan_2109888-12.jpg","sizes":{"medium":{"file":"baskomutan-recep-tayyip-erdogan_2109888-12-300x187.jpg","width":300,"height":187,"mime_type":"image\/jpeg","source_url":"https:\/\/adanaseshaber.com.tr\/habercim\/wp-content\/uploads\/2026\/08\/baskomutan-recep-tayyip-erdogan_2109888-12-300x187.jpg"},"thumbnail":{"file":"baskomutan-recep-tayyip-erdogan_2109888-12-150x150.jpg","width":150,"height":150,"mime_type":"image\/jpeg","source_url":"https:\/\/adanaseshaber.com.tr\/habercim\/wp-content\/uploads\/2026\/08\/baskomutan-recep-tayyip-erdogan_2109888-12-150x150.jpg"},"kucukResim":{"file":"baskomutan-recep-tayyip-erdogan_2109888-12-80x50.jpg","width":80,"height":50,"mime_type":"image\/jpeg","source_url":"https:\/\/adanaseshaber.com.tr\/habercim\/wp-content\/uploads\/2026\/08\/baskomutan-recep-tayyip-erdogan_2109888-12-80x50.jpg"},"resim1":{"file":"baskomutan-recep-tayyip-erdogan_2109888-12-184x140.jpg","width":184,"height":140,"mime_type":"image\/jpeg","source_url":"https:\/\/adanaseshaber.com.tr\/habercim\/wp-content\/uploads\/2026\/08\/baskomutan-recep-tayyip-erdogan_2109888-12-184x140.jpg"},"resim2":{"file":"baskomutan-recep-tayyip-erdogan_2109888-12-216x103.jpg","width":216,"height":103,"mime_type":"image\/jpeg","source_url":"https:\/\/adanaseshaber.com.tr\/habercim\/wp-content\/uploads\/2026\/08\/baskomutan-recep-tayyip-erdogan_2109888-12-216x103.jpg"},"resim3":{"file":"baskomutan-recep-tayyip-erdogan_2109888-12-145x70.jpg","width":145,"height":70,"mime_type":"image\/jpeg","source_url":"https:\/\/adanaseshaber.com.tr\/habercim\/wp-content\/uploads\/2026\/08\/baskomutan-recep-tayyip-erdogan_2109888-12-145x70.jpg"},"sagSlider":{"file":"baskomutan-recep-tayyip-erdogan_2109888-12-300x150.jpg","width":300,"height":150,"mime_type":"image\/jpeg","source_url":"https:\/\/adanaseshaber.com.tr\/habercim\/wp-content\/uploads\/2026\/08\/baskomutan-recep-tayyip-erdogan_2109888-12-300x150.jpg"},"yeniSlider":{"file":"baskomutan-recep-tayyip-erdogan_2109888-12-485x290.jpg","width":485,"height":290,"mime_type":"image\/jpeg","source_url":"https:\/\/adanaseshaber.com.tr\/habercim\/wp-content\/uploads\/2026\/08\/baskomutan-recep-tayyip-erdogan_2109888-12-485x290.jpg"},"full":{"file":"baskomutan-recep-tayyip-erdogan_2109888-12.jpg","width":485,"height":303,"mime_type":"image\/jpeg","source_url":"https:\/\/adanaseshaber.com.tr\/habercim\/wp-content\/uploads\/2026\/08\/baskomutan-recep-tayyip-erdogan_2109888-12.jpg"}},"image_meta":{"aperture":"0","credit":"","camera":"","caption":"","created_timestamp":"0","copyright":"","focal_length":"0","iso":"0","shutter_speed":"0","title":"","orientation":"0","keywords":[]}},"post":52738,"source_url":"https:\/\/adanaseshaber.com.tr\/habercim\/wp-content\/uploads\/2026\/08\/baskomutan-recep-tayyip-erdogan_2109888-12.jpg","_links":{"self":[{"href":"https:\/\/adanaseshaber.com.tr\/habercim\/wp-json\/wp\/v2\/media\/52739"}],"collection":[{"href":"https:\/\/adanaseshaber.com.tr\/habercim\/wp-json\/wp\/v2\/media"}],"about":[{"href":"https:\/\/adanaseshaber.com.tr\/habercim\/wp-json\/wp\/v2\/types\/attachment"}],"author":[{"embeddable":true,"href":"https:\/\/adanaseshaber.com.tr\/habercim\/wp-json\/wp\/v2\/users\/2"}],"replies":[{"embeddable":true,"href":"https:\/\/adanaseshaber.com.tr\/habercim\/wp-json\/wp\/v2\/comments?post=52739"}]}}