{"id":52744,"date":"2026-08-29T22:58:19","date_gmt":"2026-08-29T19:58:19","guid":{"rendered":"https:\/\/adanaseshaber.com.tr\/habercim\/wp-content\/uploads\/2026\/08\/baskomutan-recep-tayyip-erdogan_2109888-13.jpg"},"modified":"2026-08-29T22:58:50","modified_gmt":"2026-08-29T19:58:50","slug":"baskomutan-recep-tayyip-erdogan_2109888-23","status":"inherit","type":"attachment","link":"https:\/\/adanaseshaber.com.tr\/habercim\/genel\/pakistanli-generalden-turkiyeye\/attachment\/baskomutan-recep-tayyip-erdogan_2109888-23\/","title":{"rendered":"Pakistanl\u0131 Generalden T\u00fcrkiye\u2019ye"},"author":2,"comment_status":"open","ping_status":"closed","template":"","meta":[],"description":{"rendered":"<p class=\"attachment\"><a href='https:\/\/adanaseshaber.com.tr\/habercim\/wp-content\/uploads\/2026\/08\/baskomutan-recep-tayyip-erdogan_2109888-13.jpg'><img width=\"300\" height=\"187\" src=\"https:\/\/adanaseshaber.com.tr\/habercim\/wp-content\/uploads\/2026\/08\/baskomutan-recep-tayyip-erdogan_2109888-13-300x187.jpg\" class=\"attachment-medium size-medium\" alt=\"\" loading=\"lazy\" srcset=\"https:\/\/adanaseshaber.com.tr\/habercim\/wp-content\/uploads\/2026\/08\/baskomutan-recep-tayyip-erdogan_2109888-13-300x187.jpg 300w, https:\/\/adanaseshaber.com.tr\/habercim\/wp-content\/uploads\/2026\/08\/baskomutan-recep-tayyip-erdogan_2109888-13-80x50.jpg 80w, https:\/\/adanaseshaber.com.tr\/habercim\/wp-content\/uploads\/2026\/08\/baskomutan-recep-tayyip-erdogan_2109888-13.jpg 485w\" sizes=\"(max-width: 300px) 100vw, 300px\" \/><\/a><\/p>\n"},"caption":{"rendered":"<p>T\u00fcrkiye\u2019ye A\u00e7\u0131k Destek Pakistanl\u0131 Generalden T\u00fcrkiye\u2019ye A\u00e7\u0131k Destek.. B\u00f6lgede artan gerilim s\u00fcrerken Abbas Ghumman\u2019dan T\u00fcrkiye\u2019ye y\u00f6nelik dikkat \u00e7eken bir destek a\u00e7\u0131klamas\u0131 geldi. Pakistanl\u0131 t\u00fcmgeneral, T\u00fcrkiye\u2019yi \u201cdost ve karde\u015f \u00fclke\u201d olarak nitelendirerek iki \u00fclke aras\u0131ndaki ili\u015fkilerin tarihi ba\u011flara dayand\u0131\u011f\u0131n\u0131 vurgulad\u0131.<\/p>\n<p>devam\u0131 sonraki sayfada\u2026<\/p>\n"},"alt_text":"","media_type":"image","mime_type":"image\/jpeg","media_details":{"width":485,"height":303,"file":"2026\/08\/baskomutan-recep-tayyip-erdogan_2109888-13.jpg","sizes":{"medium":{"file":"baskomutan-recep-tayyip-erdogan_2109888-13-300x187.jpg","width":300,"height":187,"mime_type":"image\/jpeg","source_url":"https:\/\/adanaseshaber.com.tr\/habercim\/wp-content\/uploads\/2026\/08\/baskomutan-recep-tayyip-erdogan_2109888-13-300x187.jpg"},"thumbnail":{"file":"baskomutan-recep-tayyip-erdogan_2109888-13-150x150.jpg","width":150,"height":150,"mime_type":"image\/jpeg","source_url":"https:\/\/adanaseshaber.com.tr\/habercim\/wp-content\/uploads\/2026\/08\/baskomutan-recep-tayyip-erdogan_2109888-13-150x150.jpg"},"kucukResim":{"file":"baskomutan-recep-tayyip-erdogan_2109888-13-80x50.jpg","width":80,"height":50,"mime_type":"image\/jpeg","source_url":"https:\/\/adanaseshaber.com.tr\/habercim\/wp-content\/uploads\/2026\/08\/baskomutan-recep-tayyip-erdogan_2109888-13-80x50.jpg"},"resim1":{"file":"baskomutan-recep-tayyip-erdogan_2109888-13-184x140.jpg","width":184,"height":140,"mime_type":"image\/jpeg","source_url":"https:\/\/adanaseshaber.com.tr\/habercim\/wp-content\/uploads\/2026\/08\/baskomutan-recep-tayyip-erdogan_2109888-13-184x140.jpg"},"resim2":{"file":"baskomutan-recep-tayyip-erdogan_2109888-13-216x103.jpg","width":216,"height":103,"mime_type":"image\/jpeg","source_url":"https:\/\/adanaseshaber.com.tr\/habercim\/wp-content\/uploads\/2026\/08\/baskomutan-recep-tayyip-erdogan_2109888-13-216x103.jpg"},"resim3":{"file":"baskomutan-recep-tayyip-erdogan_2109888-13-145x70.jpg","width":145,"height":70,"mime_type":"image\/jpeg","source_url":"https:\/\/adanaseshaber.com.tr\/habercim\/wp-content\/uploads\/2026\/08\/baskomutan-recep-tayyip-erdogan_2109888-13-145x70.jpg"},"sagSlider":{"file":"baskomutan-recep-tayyip-erdogan_2109888-13-300x150.jpg","width":300,"height":150,"mime_type":"image\/jpeg","source_url":"https:\/\/adanaseshaber.com.tr\/habercim\/wp-content\/uploads\/2026\/08\/baskomutan-recep-tayyip-erdogan_2109888-13-300x150.jpg"},"yeniSlider":{"file":"baskomutan-recep-tayyip-erdogan_2109888-13-485x290.jpg","width":485,"height":290,"mime_type":"image\/jpeg","source_url":"https:\/\/adanaseshaber.com.tr\/habercim\/wp-content\/uploads\/2026\/08\/baskomutan-recep-tayyip-erdogan_2109888-13-485x290.jpg"},"full":{"file":"baskomutan-recep-tayyip-erdogan_2109888-13.jpg","width":485,"height":303,"mime_type":"image\/jpeg","source_url":"https:\/\/adanaseshaber.com.tr\/habercim\/wp-content\/uploads\/2026\/08\/baskomutan-recep-tayyip-erdogan_2109888-13.jpg"}},"image_meta":{"aperture":"0","credit":"","camera":"","caption":"","created_timestamp":"0","copyright":"","focal_length":"0","iso":"0","shutter_speed":"0","title":"","orientation":"0","keywords":[]}},"post":52743,"source_url":"https:\/\/adanaseshaber.com.tr\/habercim\/wp-content\/uploads\/2026\/08\/baskomutan-recep-tayyip-erdogan_2109888-13.jpg","_links":{"self":[{"href":"https:\/\/adanaseshaber.com.tr\/habercim\/wp-json\/wp\/v2\/media\/52744"}],"collection":[{"href":"https:\/\/adanaseshaber.com.tr\/habercim\/wp-json\/wp\/v2\/media"}],"about":[{"href":"https:\/\/adanaseshaber.com.tr\/habercim\/wp-json\/wp\/v2\/types\/attachment"}],"author":[{"embeddable":true,"href":"https:\/\/adanaseshaber.com.tr\/habercim\/wp-json\/wp\/v2\/users\/2"}],"replies":[{"embeddable":true,"href":"https:\/\/adanaseshaber.com.tr\/habercim\/wp-json\/wp\/v2\/comments?post=52744"}]}}