{"id":52745,"date":"2026-08-29T22:58:24","date_gmt":"2026-08-29T19:58:24","guid":{"rendered":"https:\/\/adanaseshaber.com.tr\/habercim\/wp-content\/uploads\/2026\/08\/1-15-768x201-413.jpg"},"modified":"2026-08-29T22:59:06","modified_gmt":"2026-08-29T19:59:06","slug":"1-15-768x201-3004","status":"inherit","type":"attachment","link":"https:\/\/adanaseshaber.com.tr\/habercim\/genel\/pakistanli-generalden-turkiyeye\/attachment\/1-15-768x201-3004\/","title":{"rendered":"Pakistanl\u0131 Generalden T\u00fcrkiye\u2019ye"},"author":2,"comment_status":"open","ping_status":"closed","template":"","meta":[],"description":{"rendered":"<p class=\"attachment\"><a href='https:\/\/adanaseshaber.com.tr\/habercim\/wp-content\/uploads\/2026\/08\/1-15-768x201-413.jpg'><img width=\"300\" height=\"79\" src=\"https:\/\/adanaseshaber.com.tr\/habercim\/wp-content\/uploads\/2026\/08\/1-15-768x201-413-300x79.jpg\" class=\"attachment-medium size-medium\" alt=\"\" loading=\"lazy\" srcset=\"https:\/\/adanaseshaber.com.tr\/habercim\/wp-content\/uploads\/2026\/08\/1-15-768x201-413-300x79.jpg 300w, https:\/\/adanaseshaber.com.tr\/habercim\/wp-content\/uploads\/2026\/08\/1-15-768x201-413.jpg 768w\" sizes=\"(max-width: 300px) 100vw, 300px\" \/><\/a><\/p>\n"},"caption":{"rendered":"<p>B\u00f6lgede artan gerilim s\u00fcrerken Abbas Ghumman\u2019dan T\u00fcrkiye\u2019ye y\u00f6nelik dikkat \u00e7eken bir destek a\u00e7\u0131klamas\u0131 geldi. Pakistanl\u0131 t\u00fcmgeneral, T\u00fcrkiye\u2019yi \u201cdost ve karde\u015f \u00fclke\u201d olarak nitelendirerek iki \u00fclke aras\u0131ndaki ili\u015fkilerin tarihi ba\u011flara dayand\u0131\u011f\u0131n\u0131 vurgulad\u0131. Pakistan ile T\u00fcrkiye aras\u0131ndaki dostlu\u011fun k\u00f6kl\u00fc ge\u00e7mi\u015fine de\u011finen Ghumman, \u201cDostlu\u011fumuz T\u00fcrk Kurtulu\u015f Sava\u015f\u0131 d\u00f6nemine dayan\u0131yor. Zor zamanlar\u0131m\u0131zda her zaman birbirimize destek olduk\u201d ifadelerini kulland\u0131. B\u00f6lgedeki geli\u015fmelere de de\u011finen Ghumman, ihtiya\u00e7 duyulmas\u0131 halinde Pakistan\u2019\u0131n T\u00fcrkiye\u2019nin yan\u0131nda olmaktan geri durmayaca\u011f\u0131n\u0131 belirterek, \u201cBug\u00fcn de ihtiya\u00e7 olursa teredd\u00fct etmeden T\u00fcrkiye\u2019nin yan\u0131nda yer almaktan geri durmay\u0131z. Bu zor co\u011frafyada birbirimize destek olmam\u0131z gerekiyor\u201d dedi. Pakistanl\u0131 general a\u00e7\u0131klamas\u0131n\u0131, \u201cT\u00fcrkiye i\u00e7in deste\u011fe her zaman haz\u0131r\u0131z\u201d s\u00f6zleriyle tamamlad\u0131.<\/p>\n<p>Kaynak : haberzamani.com<\/p>\n"},"alt_text":"","media_type":"image","mime_type":"image\/jpeg","media_details":{"width":768,"height":201,"file":"2026\/08\/1-15-768x201-413.jpg","sizes":{"medium":{"file":"1-15-768x201-413-300x79.jpg","width":300,"height":79,"mime_type":"image\/jpeg","source_url":"https:\/\/adanaseshaber.com.tr\/habercim\/wp-content\/uploads\/2026\/08\/1-15-768x201-413-300x79.jpg"},"thumbnail":{"file":"1-15-768x201-413-150x150.jpg","width":150,"height":150,"mime_type":"image\/jpeg","source_url":"https:\/\/adanaseshaber.com.tr\/habercim\/wp-content\/uploads\/2026\/08\/1-15-768x201-413-150x150.jpg"},"kucukResim":{"file":"1-15-768x201-413-80x50.jpg","width":80,"height":50,"mime_type":"image\/jpeg","source_url":"https:\/\/adanaseshaber.com.tr\/habercim\/wp-content\/uploads\/2026\/08\/1-15-768x201-413-80x50.jpg"},"sliderResim":{"file":"1-15-768x201-413-670x201.jpg","width":670,"height":201,"mime_type":"image\/jpeg","source_url":"https:\/\/adanaseshaber.com.tr\/habercim\/wp-content\/uploads\/2026\/08\/1-15-768x201-413-670x201.jpg"},"resim1":{"file":"1-15-768x201-413-184x140.jpg","width":184,"height":140,"mime_type":"image\/jpeg","source_url":"https:\/\/adanaseshaber.com.tr\/habercim\/wp-content\/uploads\/2026\/08\/1-15-768x201-413-184x140.jpg"},"resim2":{"file":"1-15-768x201-413-216x103.jpg","width":216,"height":103,"mime_type":"image\/jpeg","source_url":"https:\/\/adanaseshaber.com.tr\/habercim\/wp-content\/uploads\/2026\/08\/1-15-768x201-413-216x103.jpg"},"resim3":{"file":"1-15-768x201-413-145x70.jpg","width":145,"height":70,"mime_type":"image\/jpeg","source_url":"https:\/\/adanaseshaber.com.tr\/habercim\/wp-content\/uploads\/2026\/08\/1-15-768x201-413-145x70.jpg"},"sagSlider":{"file":"1-15-768x201-413-300x150.jpg","width":300,"height":150,"mime_type":"image\/jpeg","source_url":"https:\/\/adanaseshaber.com.tr\/habercim\/wp-content\/uploads\/2026\/08\/1-15-768x201-413-300x150.jpg"},"yeniSlider":{"file":"1-15-768x201-413-500x201.jpg","width":500,"height":201,"mime_type":"image\/jpeg","source_url":"https:\/\/adanaseshaber.com.tr\/habercim\/wp-content\/uploads\/2026\/08\/1-15-768x201-413-500x201.jpg"},"full":{"file":"1-15-768x201-413.jpg","width":768,"height":201,"mime_type":"image\/jpeg","source_url":"https:\/\/adanaseshaber.com.tr\/habercim\/wp-content\/uploads\/2026\/08\/1-15-768x201-413.jpg"}},"image_meta":{"aperture":"0","credit":"","camera":"","caption":"","created_timestamp":"0","copyright":"","focal_length":"0","iso":"0","shutter_speed":"0","title":"","orientation":"0","keywords":[]}},"post":52743,"source_url":"https:\/\/adanaseshaber.com.tr\/habercim\/wp-content\/uploads\/2026\/08\/1-15-768x201-413.jpg","_links":{"self":[{"href":"https:\/\/adanaseshaber.com.tr\/habercim\/wp-json\/wp\/v2\/media\/52745"}],"collection":[{"href":"https:\/\/adanaseshaber.com.tr\/habercim\/wp-json\/wp\/v2\/media"}],"about":[{"href":"https:\/\/adanaseshaber.com.tr\/habercim\/wp-json\/wp\/v2\/types\/attachment"}],"author":[{"embeddable":true,"href":"https:\/\/adanaseshaber.com.tr\/habercim\/wp-json\/wp\/v2\/users\/2"}],"replies":[{"embeddable":true,"href":"https:\/\/adanaseshaber.com.tr\/habercim\/wp-json\/wp\/v2\/comments?post=52745"}]}}