{"id":52755,"date":"2026-08-29T23:16:49","date_gmt":"2026-08-29T20:16:49","guid":{"rendered":"https:\/\/adanaseshaber.com.tr\/habercim\/wp-content\/uploads\/2026\/08\/1-15-768x201-417.jpg"},"modified":"2026-08-29T23:18:32","modified_gmt":"2026-08-29T20:18:32","slug":"1-15-768x201-3008","status":"inherit","type":"attachment","link":"https:\/\/adanaseshaber.com.tr\/habercim\/foto-galeri\/cok-kuvvetli-ve-siddetli\/attachment\/1-15-768x201-3008\/","title":{"rendered":"\u00c7ok kuvvetli ve \u015fiddetli"},"author":2,"comment_status":"open","ping_status":"closed","template":"","meta":[],"description":{"rendered":"<p class=\"attachment\"><a href='https:\/\/adanaseshaber.com.tr\/habercim\/wp-content\/uploads\/2026\/08\/1-15-768x201-417.jpg'><img width=\"300\" height=\"79\" src=\"https:\/\/adanaseshaber.com.tr\/habercim\/wp-content\/uploads\/2026\/08\/1-15-768x201-417-300x79.jpg\" class=\"attachment-medium size-medium\" alt=\"\" loading=\"lazy\" srcset=\"https:\/\/adanaseshaber.com.tr\/habercim\/wp-content\/uploads\/2026\/08\/1-15-768x201-417-300x79.jpg 300w, https:\/\/adanaseshaber.com.tr\/habercim\/wp-content\/uploads\/2026\/08\/1-15-768x201-417.jpg 768w\" sizes=\"(max-width: 300px) 100vw, 300px\" \/><\/a><\/p>\n"},"caption":{"rendered":"<p>T\u00fcrkiye s\u0131cak havan\u0131n ard\u0131ndan ya\u011f\u0131\u015fl\u0131 ve serin havaya teslim oldu. Meteoroloji Genel M\u00fcd\u00fcrl\u00fc\u011f\u00fc (MGM), yurdun b\u00fcy\u00fck bir b\u00f6l\u00fcm\u00fcnde etkili olmas\u0131 beklenen \u015fiddetli sa\u011fanak, f\u0131rt\u0131na ve olumsuz hava ko\u015fullar\u0131na kar\u015f\u0131 sar\u0131 ve turuncu kodlu uyar\u0131 yay\u0131mlad\u0131. Yetkililer; sel, su bask\u0131n\u0131, heyelan, \u00e7at\u0131 u\u00e7mas\u0131 ve ula\u015f\u0131mda ya\u015fanabilecek aksamalara kar\u015f\u0131 vatanda\u015flar\u0131n tedbirli ve dikkatli olmalar\u0131n\u0131 istedi. \u00d6te yandan s\u0131cakl\u0131klar\u0131n hafta ba\u015f\u0131ndan itibaren mevsim ortalamalar\u0131na d\u00f6nmesi bekleniyor.<br \/>\nMeteoroloji Genel M\u00fcd\u00fcrl\u00fc\u011f\u00fc taraf\u0131ndan yap\u0131lan son de\u011ferlendirmelere g\u00f6re, yurdun kuzey, i\u00e7 ve do\u011fu kesimlerinin yer yer \u00e7ok bulutlu; Marmara\u2019n\u0131n do\u011fusu, Orta ve Do\u011fu Akdeniz, (Eski\u015fehir d\u0131\u015f\u0131nda) \u0130\u00e7 Anadolu, Karadeniz, (\u015e\u0131rnak d\u0131\u015f\u0131nda) Do\u011fu Anadolu ve G\u00fcneydo\u011fu Anadolu&#8217;nun kuzey ve bat\u0131s\u0131n\u0131n sa\u011fanak ve g\u00f6k g\u00fcr\u00fclt\u00fcl\u00fc sa\u011fanak ya\u011f\u0131\u015fl\u0131, di\u011fer yerlerin par\u00e7al\u0131 ve az bulutlu ge\u00e7ece\u011fi tahmin ediliyor. Ya\u011f\u0131\u015f ve f\u0131rt\u0131nan\u0131n \u00f6\u011fle saatlerinde etkisini art\u0131rmas\u0131 bekleniyor. Yurt genelinde azalan hava s\u0131cakl\u0131klar\u0131n\u0131n bat\u0131 kesimlerde mevsim normalleri civar\u0131nda, di\u011fer yerlerde ise normallerinin alt\u0131nda seyretmesi bekleniyor.<br \/>\nYap\u0131lan son de\u011ferlendirmelere g\u00f6re; Orta Karadeniz&#8217;de g\u00f6r\u00fclecek sa\u011fanak ve g\u00f6k g\u00fcr\u00fclt\u00fcl\u00fc sa\u011fanak ya\u011f\u0131\u015flar\u0131n; Samsun, Ordu ve Giresun \u00e7evreleri ile Amasya ve Tokat&#8217;\u0131n kuzeyinde kuvvetli (25-60 kg\/m\u00b2), Samsun&#8217;un do\u011fusu ile Ordu&#8217;nun bat\u0131s\u0131nda ise \u00e7ok kuvvetli ve yer yer \u015fiddetli (51-100 kg\/m\u00b2) olmas\u0131 bekleniyor.<br \/>\nPazar g\u00fcn\u00fc ak\u015fam saatlerine kadar etkili olmas\u0131 beklenen kuvvetli ya\u011f\u0131\u015flara ba\u011fl\u0131 olarak sel, su bask\u0131n\u0131, y\u0131ld\u0131r\u0131m, heyelan ve ula\u015f\u0131mda aksamalar gibi olumsuzluklara kar\u015f\u0131 dikkatli olunmas\u0131 gerekmektedir.<br \/>\nAyr\u0131ca ya\u011f\u0131\u015flar\u0131n Orta Karadeniz, Do\u011fu Karadeniz&#8217;in bat\u0131s\u0131, \u0130\u00e7 Anadolu&#8217;nun do\u011fusu, Do\u011fu Akdeniz&#8217;in i\u00e7 kesimleri ve Hatay \u00e7evrelerinde de yerel kuvvetli olaca\u011f\u0131 tahmin ediliyor. Bug\u00fcn sabah ilk saatlerden itibaren \u0130\u00e7 Anadolu&#8217;nun g\u00fcney ve do\u011fusu ile Do\u011fu Akdeniz&#8217;in i\u00e7 ve y\u00fcksek kesimlerinde g\u00f6r\u00fclecek sa\u011fanaklar\u0131n; Karaman, Ni\u011fde, Nev\u015fehir, Aksaray, Kayseri, Yozgat ve Sivas \u00e7evreleri ile Konya&#8217;n\u0131n g\u00fcneydo\u011fu, Mersin ve Adana&#8217;n\u0131n i\u00e7 ve y\u00fcksek kesimlerinde ve Hatay genelinde yerel kuvvetli olmas\u0131 bekleniyor. \u0130STANBUL&#8217;DA YA\u011eMUR VAR MI?<\/p>\n<p>AKOM taraf\u0131ndan yap\u0131lan uyar\u0131da ise; \u0130stanbul&#8217;da cumartesi ak\u015fam saatlerine kadar il genelinde sa\u011fanak ve aral\u0131kl\u0131 g\u00f6k g\u00fcr\u00fclt\u00fcl\u00fc sa\u011fanak ya\u011fmur ge\u00e7i\u015flerinin ya\u015fanmas\u0131 bekleniyor. Hava s\u0131cakl\u0131klar\u0131n\u0131n mevsim normallerinin 4 ve 6 derece alt\u0131na gerilece\u011fi tahmin ediliyor. Pazar g\u00fcn\u00fc ya\u011fmur beklenmiyor.<\/p>\n<p>KUVVETL\u0130 R\u00dcZGAR VE FIRTINA UYARISI<\/p>\n<p>R\u00fczgar\u0131n genellikle kuzeyli, yurdun g\u00fcneydo\u011fu kesimlerinde g\u00fcneyli y\u00f6nlerden hafif, ara s\u0131ra orta kuvvette; Marmara, Ege ve Bat\u0131 Akdeniz ile \u0130\u00e7 Anadolu&#8217;nun bat\u0131s\u0131nda kuzeyli y\u00f6nlerden kuvvetli (40-60 km\/saat) esmesi bekleniyor.<\/p>\n<p>G\u00fcneybat\u0131 kesimlerde sabah saatlerinden itibaren r\u00fczgar\u0131n Isparta, Burdur ve Denizli \u00e7evreleri ile Antalya ve Mu\u011fla&#8217;n\u0131n i\u00e7 kesimlerinde kuzeyli y\u00f6nlerden kuvvetli ve yer yer f\u0131rt\u0131na (50-70 km\/saat); Do\u011fu Anadolu&#8217;nun g\u00fcneydo\u011fusunda, Van, Hakkari, Siirt ve \u015e\u0131rnak \u00e7evreleri ile Bitlis&#8217;in g\u00fcney ve do\u011fusunda g\u00fcney ve g\u00fcneybat\u0131 y\u00f6nlerden kuvvetli ve f\u0131rt\u0131na, yer yer hamleli kuvvetli f\u0131rt\u0131na (50-70 km\/saat, yer yer 80-90 km\/saat) \u015feklinde esmesi beklendi\u011finden a\u011fa\u00e7 ve direk devrilmesi, \u00e7at\u0131 u\u00e7mas\u0131 ile ula\u015f\u0131mda aksamalar gibi olumsuzluklara kar\u015f\u0131 dikkatli ve tedbirli olunmal\u0131d\u0131r. Do\u011fu Anadolu\u2019nun g\u00fcneydo\u011fusu ve G\u00fcneydo\u011fu Anadolu&#8217;da toz ta\u015f\u0131n\u0131m\u0131 beklendi\u011finden, ya\u015fanabilecek olumsuzluklara kar\u015f\u0131 dikkatli ve tedbirli olunmal\u0131d\u0131r.<\/p>\n<p>SARI VE TURUNCU ALARM VER\u0130LD\u0130<\/p>\n<p>Ordu ve Samsun illeri i\u00e7in turuncu uyar\u0131 verilirken; Adana, Amasya, Antalya, Bitlis, Burdur, Denizli, Giresun, Hakkari, Hatay, Isparta, Mersin, Kayseri, Konya, Mu\u011fla, Nev\u015fehir, Ni\u011fde, Siirt, Sivas, Tokat, Van, Yozgat, Aksaray, Karaman ve \u015e\u0131rnak illeri i\u00e7in sar\u0131 alarm verildi.<br \/>\n30 A\u011fustos Pazar g\u00fcn\u00fc i\u00e7in ise Amasya, Giresun, Ordu, Samsun, Tokat illeri i\u00e7in sar\u0131 kodlu meteorolojik uyar\u0131 yay\u0131mland\u0131.<\/p>\n<p>Kaynak : hurriyet.com.tr<\/p>\n"},"alt_text":"","media_type":"image","mime_type":"image\/jpeg","media_details":{"width":768,"height":201,"file":"2026\/08\/1-15-768x201-417.jpg","sizes":{"medium":{"file":"1-15-768x201-417-300x79.jpg","width":300,"height":79,"mime_type":"image\/jpeg","source_url":"https:\/\/adanaseshaber.com.tr\/habercim\/wp-content\/uploads\/2026\/08\/1-15-768x201-417-300x79.jpg"},"thumbnail":{"file":"1-15-768x201-417-150x150.jpg","width":150,"height":150,"mime_type":"image\/jpeg","source_url":"https:\/\/adanaseshaber.com.tr\/habercim\/wp-content\/uploads\/2026\/08\/1-15-768x201-417-150x150.jpg"},"kucukResim":{"file":"1-15-768x201-417-80x50.jpg","width":80,"height":50,"mime_type":"image\/jpeg","source_url":"https:\/\/adanaseshaber.com.tr\/habercim\/wp-content\/uploads\/2026\/08\/1-15-768x201-417-80x50.jpg"},"sliderResim":{"file":"1-15-768x201-417-670x201.jpg","width":670,"height":201,"mime_type":"image\/jpeg","source_url":"https:\/\/adanaseshaber.com.tr\/habercim\/wp-content\/uploads\/2026\/08\/1-15-768x201-417-670x201.jpg"},"resim1":{"file":"1-15-768x201-417-184x140.jpg","width":184,"height":140,"mime_type":"image\/jpeg","source_url":"https:\/\/adanaseshaber.com.tr\/habercim\/wp-content\/uploads\/2026\/08\/1-15-768x201-417-184x140.jpg"},"resim2":{"file":"1-15-768x201-417-216x103.jpg","width":216,"height":103,"mime_type":"image\/jpeg","source_url":"https:\/\/adanaseshaber.com.tr\/habercim\/wp-content\/uploads\/2026\/08\/1-15-768x201-417-216x103.jpg"},"resim3":{"file":"1-15-768x201-417-145x70.jpg","width":145,"height":70,"mime_type":"image\/jpeg","source_url":"https:\/\/adanaseshaber.com.tr\/habercim\/wp-content\/uploads\/2026\/08\/1-15-768x201-417-145x70.jpg"},"sagSlider":{"file":"1-15-768x201-417-300x150.jpg","width":300,"height":150,"mime_type":"image\/jpeg","source_url":"https:\/\/adanaseshaber.com.tr\/habercim\/wp-content\/uploads\/2026\/08\/1-15-768x201-417-300x150.jpg"},"yeniSlider":{"file":"1-15-768x201-417-500x201.jpg","width":500,"height":201,"mime_type":"image\/jpeg","source_url":"https:\/\/adanaseshaber.com.tr\/habercim\/wp-content\/uploads\/2026\/08\/1-15-768x201-417-500x201.jpg"},"full":{"file":"1-15-768x201-417.jpg","width":768,"height":201,"mime_type":"image\/jpeg","source_url":"https:\/\/adanaseshaber.com.tr\/habercim\/wp-content\/uploads\/2026\/08\/1-15-768x201-417.jpg"}},"image_meta":{"aperture":"0","credit":"","camera":"","caption":"","created_timestamp":"0","copyright":"","focal_length":"0","iso":"0","shutter_speed":"0","title":"","orientation":"0","keywords":[]}},"post":52753,"source_url":"https:\/\/adanaseshaber.com.tr\/habercim\/wp-content\/uploads\/2026\/08\/1-15-768x201-417.jpg","_links":{"self":[{"href":"https:\/\/adanaseshaber.com.tr\/habercim\/wp-json\/wp\/v2\/media\/52755"}],"collection":[{"href":"https:\/\/adanaseshaber.com.tr\/habercim\/wp-json\/wp\/v2\/media"}],"about":[{"href":"https:\/\/adanaseshaber.com.tr\/habercim\/wp-json\/wp\/v2\/types\/attachment"}],"author":[{"embeddable":true,"href":"https:\/\/adanaseshaber.com.tr\/habercim\/wp-json\/wp\/v2\/users\/2"}],"replies":[{"embeddable":true,"href":"https:\/\/adanaseshaber.com.tr\/habercim\/wp-json\/wp\/v2\/comments?post=52755"}]}}