{"id":52774,"date":"2026-08-31T01:29:20","date_gmt":"2026-08-30T22:29:20","guid":{"rendered":"https:\/\/adanaseshaber.com.tr\/habercim\/wp-content\/uploads\/2026\/08\/80-205-768x384-1-32.webp"},"modified":"2026-08-31T01:29:47","modified_gmt":"2026-08-30T22:29:47","slug":"80-205-768x384-1-277","status":"inherit","type":"attachment","link":"https:\/\/adanaseshaber.com.tr\/habercim\/foto-galeri\/izmirin-seferihisar-ilcesinde\/attachment\/80-205-768x384-1-277\/","title":{"rendered":"\u0130zmir\u2019in Seferihisar il\u00e7esinde"},"author":2,"comment_status":"open","ping_status":"closed","template":"","meta":[],"description":{"rendered":"<p class=\"attachment\"><a href='https:\/\/adanaseshaber.com.tr\/habercim\/wp-content\/uploads\/2026\/08\/80-205-768x384-1-32.webp'><img width=\"300\" height=\"150\" src=\"https:\/\/adanaseshaber.com.tr\/habercim\/wp-content\/uploads\/2026\/08\/80-205-768x384-1-32-300x150.webp\" class=\"attachment-medium size-medium\" alt=\"\" loading=\"lazy\" srcset=\"https:\/\/adanaseshaber.com.tr\/habercim\/wp-content\/uploads\/2026\/08\/80-205-768x384-1-32-300x150.webp 300w, https:\/\/adanaseshaber.com.tr\/habercim\/wp-content\/uploads\/2026\/08\/80-205-768x384-1-32.webp 768w\" sizes=\"(max-width: 300px) 100vw, 300px\" \/><\/a><\/p>\n"},"caption":{"rendered":"<p>\u0130zmir\u2019in Seferihisar il\u00e7esinde bulunan bir plajda, ya\u015fl\u0131 bir kad\u0131n tesett\u00fcrl\u00fc anne ve k\u0131za s\u00f6zl\u00fc sald\u0131r\u0131da bulundu. Seferihisar il\u00e7esine ba\u011fl\u0131 \u00dcrkmez \u0130pekkum Plaj\u0131\u2019nda ya\u015fl\u0131 bir kad\u0131n, \u00e7evrede bulunan tesett\u00fcrl\u00fc anne ve k\u0131za hen\u00fcz bilinmeyen bir nedenle s\u00f6zl\u00fc \u015fekilde sald\u0131rmaya ba\u015flad\u0131. S\u00f6zl\u00fc sald\u0131r\u0131ya u\u011frayan kad\u0131nlardan biri, ya\u015fanan o anlar\u0131 cep telefonu kameras\u0131yla \u00e7ekerek ya\u015fl\u0131 kad\u0131na tepki g\u00f6sterdi. Sonras\u0131nda ba\u015f\u0131na gelenler ise g\u00fcndem oldu\u2026<\/p>\n<p>devam\u0131 sonraki sayfada\u2026 g\u00f6rsel \u00fczerinden do2\u2019kununuz ge\u00e7ebilirsiniz\u2026.<\/p>\n"},"alt_text":"","media_type":"image","mime_type":"image\/webp","media_details":{"width":768,"height":384,"file":"2026\/08\/80-205-768x384-1-32.webp","sizes":{"medium":{"file":"80-205-768x384-1-32-300x150.webp","width":300,"height":150,"mime_type":"image\/webp","source_url":"https:\/\/adanaseshaber.com.tr\/habercim\/wp-content\/uploads\/2026\/08\/80-205-768x384-1-32-300x150.webp"},"thumbnail":{"file":"80-205-768x384-1-32-150x150.webp","width":150,"height":150,"mime_type":"image\/webp","source_url":"https:\/\/adanaseshaber.com.tr\/habercim\/wp-content\/uploads\/2026\/08\/80-205-768x384-1-32-150x150.webp"},"kucukResim":{"file":"80-205-768x384-1-32-80x50.webp","width":80,"height":50,"mime_type":"image\/webp","source_url":"https:\/\/adanaseshaber.com.tr\/habercim\/wp-content\/uploads\/2026\/08\/80-205-768x384-1-32-80x50.webp"},"sliderResim":{"file":"80-205-768x384-1-32-670x330.webp","width":670,"height":330,"mime_type":"image\/webp","source_url":"https:\/\/adanaseshaber.com.tr\/habercim\/wp-content\/uploads\/2026\/08\/80-205-768x384-1-32-670x330.webp"},"resim1":{"file":"80-205-768x384-1-32-184x140.webp","width":184,"height":140,"mime_type":"image\/webp","source_url":"https:\/\/adanaseshaber.com.tr\/habercim\/wp-content\/uploads\/2026\/08\/80-205-768x384-1-32-184x140.webp"},"resim2":{"file":"80-205-768x384-1-32-216x103.webp","width":216,"height":103,"mime_type":"image\/webp","source_url":"https:\/\/adanaseshaber.com.tr\/habercim\/wp-content\/uploads\/2026\/08\/80-205-768x384-1-32-216x103.webp"},"resim3":{"file":"80-205-768x384-1-32-145x70.webp","width":145,"height":70,"mime_type":"image\/webp","source_url":"https:\/\/adanaseshaber.com.tr\/habercim\/wp-content\/uploads\/2026\/08\/80-205-768x384-1-32-145x70.webp"},"sagSlider":{"file":"80-205-768x384-1-32-300x150.webp","width":300,"height":150,"mime_type":"image\/webp","source_url":"https:\/\/adanaseshaber.com.tr\/habercim\/wp-content\/uploads\/2026\/08\/80-205-768x384-1-32-300x150.webp"},"yeniSlider":{"file":"80-205-768x384-1-32-500x290.webp","width":500,"height":290,"mime_type":"image\/webp","source_url":"https:\/\/adanaseshaber.com.tr\/habercim\/wp-content\/uploads\/2026\/08\/80-205-768x384-1-32-500x290.webp"},"full":{"file":"80-205-768x384-1-32.webp","width":768,"height":384,"mime_type":"image\/webp","source_url":"https:\/\/adanaseshaber.com.tr\/habercim\/wp-content\/uploads\/2026\/08\/80-205-768x384-1-32.webp"}},"image_meta":{"aperture":"0","credit":"","camera":"","caption":"","created_timestamp":"0","copyright":"","focal_length":"0","iso":"0","shutter_speed":"0","title":"","orientation":"0","keywords":[]}},"post":52773,"source_url":"https:\/\/adanaseshaber.com.tr\/habercim\/wp-content\/uploads\/2026\/08\/80-205-768x384-1-32.webp","_links":{"self":[{"href":"https:\/\/adanaseshaber.com.tr\/habercim\/wp-json\/wp\/v2\/media\/52774"}],"collection":[{"href":"https:\/\/adanaseshaber.com.tr\/habercim\/wp-json\/wp\/v2\/media"}],"about":[{"href":"https:\/\/adanaseshaber.com.tr\/habercim\/wp-json\/wp\/v2\/types\/attachment"}],"author":[{"embeddable":true,"href":"https:\/\/adanaseshaber.com.tr\/habercim\/wp-json\/wp\/v2\/users\/2"}],"replies":[{"embeddable":true,"href":"https:\/\/adanaseshaber.com.tr\/habercim\/wp-json\/wp\/v2\/comments?post=52774"}]}}