{"id":52775,"date":"2026-08-31T01:29:27","date_gmt":"2026-08-30T22:29:27","guid":{"rendered":"https:\/\/adanaseshaber.com.tr\/habercim\/wp-content\/uploads\/2026\/08\/1-15-768x201-425.jpg"},"modified":"2026-08-31T01:30:18","modified_gmt":"2026-08-30T22:30:18","slug":"1-15-768x201-3016","status":"inherit","type":"attachment","link":"https:\/\/adanaseshaber.com.tr\/habercim\/foto-galeri\/izmirin-seferihisar-ilcesinde\/attachment\/1-15-768x201-3016\/","title":{"rendered":"\u0130zmir\u2019in Seferihisar il\u00e7esinde"},"author":2,"comment_status":"open","ping_status":"closed","template":"","meta":[],"description":{"rendered":"<p class=\"attachment\"><a href='https:\/\/adanaseshaber.com.tr\/habercim\/wp-content\/uploads\/2026\/08\/1-15-768x201-425.jpg'><img width=\"300\" height=\"79\" src=\"https:\/\/adanaseshaber.com.tr\/habercim\/wp-content\/uploads\/2026\/08\/1-15-768x201-425-300x79.jpg\" class=\"attachment-medium size-medium\" alt=\"\" loading=\"lazy\" srcset=\"https:\/\/adanaseshaber.com.tr\/habercim\/wp-content\/uploads\/2026\/08\/1-15-768x201-425-300x79.jpg 300w, https:\/\/adanaseshaber.com.tr\/habercim\/wp-content\/uploads\/2026\/08\/1-15-768x201-425.jpg 768w\" sizes=\"(max-width: 300px) 100vw, 300px\" \/><\/a><\/p>\n"},"caption":{"rendered":"<p>\u0130zmir\u2019in Seferihisar il\u00e7esinde bulunan bir plajda, ya\u015fl\u0131 bir kad\u0131n\u0131n \u00e7evrede bulunan tesett\u00fcrl\u00fc anne ve k\u0131za s\u00f6zl\u00fc sald\u0131r\u0131da bulundu\u011fu anlar cep telefonu kameras\u0131yla saniye saniye kaydedildi. Olay, Seferihisar il\u00e7esine ba\u011fl\u0131 \u00dcrkmez \u0130pekkum Plaj\u0131\u2019nda meydana geldi. \u0130ddiaya g\u00f6re, plajda bulunan ya\u015fl\u0131 bir kad\u0131n, \u00e7evrede bulunan anne ve k\u0131za hen\u00fcz bilinmeyen bir nedenle s\u00f6zl\u00fc \u015fekilde sald\u0131rmaya ba\u015flad\u0131. S\u00f6zl\u00fc sald\u0131r\u0131ya u\u011frayan kad\u0131nlardan biri, ya\u015fanan o anlar\u0131 cep telefonu kameras\u0131yla \u00e7ekerek ya\u015fl\u0131 kad\u0131na tepki g\u00f6sterdi.<\/p>\n<p>Sandalyeyi yere f\u0131rlatt\u0131<br \/>\nCep telefonu kameras\u0131na yans\u0131yan g\u00f6r\u00fcnt\u00fclerde, ya\u015fl\u0131 kad\u0131n\u0131n anne ve k\u0131za y\u00f6nelik \u201cdefol git\u201d ve \u201csen kimsin lan\u201d \u015feklinde ba\u011f\u0131rarak hakaret etti\u011fi ve bir sandalyeyi tutup \u015fiddetle yere f\u0131rlatt\u0131\u011f\u0131 anlar yer ald\u0131.<\/p>\n<p>\u201cAnne nereye gidiyorsun\u201d<br \/>\nOlay s\u0131ras\u0131nda sald\u0131r\u0131ya u\u011frayan kad\u0131nlardan biri e\u015fyalar\u0131n\u0131 al\u0131p b\u00f6lgeden gitmek isterken, di\u011fer kad\u0131n ise duruma m\u00fcdahale etti. G\u00f6r\u00fcnt\u00fcy\u00fc \u00e7eken kad\u0131n\u0131n, \u201cBurada u\u011frad\u0131\u011f\u0131m\u0131z olay\u0131 herkes g\u00f6r\u00fcyor mu? Anne nereye gidiyorsun\u201d diyerek annesinin plajda kalmas\u0131n\u0131 istedi\u011fi anlar kay\u0131tlara ge\u00e7ti. G\u00f6zalt\u0131na al\u0131nd\u0131<br \/>\nAdalet Bakanl\u0131\u011f\u0131, \u0130zmir\u2019de \u015fezlong nedeniyle \u00e7\u0131kan kavgada 1 ki\u015finin g\u00f6zalt\u0131na al\u0131nd\u0131\u011f\u0131n\u0131 a\u00e7\u0131klad\u0131. Adalet Bakanl\u0131\u011f\u0131, 3 Temmuz Cuma g\u00fcn\u00fc saat 18.00 s\u0131ralar\u0131nda \u0130zmir\u2019in Seferihisar il\u00e7esi Mersinalan\u0131 Mahallesi\u2019nde bulunan bir plajda A.A. isimli \u015fahs\u0131n, \u0130.A. isimli \u015fah\u0131s ile \u015fezlong yeri nedeniyle ya\u015fanan tart\u0131\u015fma s\u0131ras\u0131nda hakarete maruz kald\u0131\u011f\u0131n\u0131 beyan etmesi \u00fczerine \u0130zmir Cumhuriyet Ba\u015fsavc\u0131l\u0131\u011f\u0131nca adli soru\u015fturma ba\u015flat\u0131ld\u0131\u011f\u0131n\u0131 ve y\u00fcr\u00fct\u00fclen soru\u015fturma kapsam\u0131nda \u0130.K. hakk\u0131nda T\u00fcrk Ceza Kanunu\u2019nun 122\u2019nci maddesinde d\u00fczenlenen nefret ve ayr\u0131mc\u0131l\u0131k su\u00e7u kapsam\u0131nda 1 \u015f\u00fcphelinin g\u00f6zalt\u0131na al\u0131nd\u0131\u011f\u0131n\u0131 duyurdu. Bakanl\u0131k, olayla ilgili adli tahkikat\u0131n titizlikle s\u00fcrd\u00fcr\u00fcld\u00fc\u011f\u00fcn\u00fc bildirdi.<\/p>\n<p>Kaynak : yenisafak.com<\/p>\n"},"alt_text":"","media_type":"image","mime_type":"image\/jpeg","media_details":{"width":768,"height":201,"file":"2026\/08\/1-15-768x201-425.jpg","sizes":{"medium":{"file":"1-15-768x201-425-300x79.jpg","width":300,"height":79,"mime_type":"image\/jpeg","source_url":"https:\/\/adanaseshaber.com.tr\/habercim\/wp-content\/uploads\/2026\/08\/1-15-768x201-425-300x79.jpg"},"thumbnail":{"file":"1-15-768x201-425-150x150.jpg","width":150,"height":150,"mime_type":"image\/jpeg","source_url":"https:\/\/adanaseshaber.com.tr\/habercim\/wp-content\/uploads\/2026\/08\/1-15-768x201-425-150x150.jpg"},"kucukResim":{"file":"1-15-768x201-425-80x50.jpg","width":80,"height":50,"mime_type":"image\/jpeg","source_url":"https:\/\/adanaseshaber.com.tr\/habercim\/wp-content\/uploads\/2026\/08\/1-15-768x201-425-80x50.jpg"},"sliderResim":{"file":"1-15-768x201-425-670x201.jpg","width":670,"height":201,"mime_type":"image\/jpeg","source_url":"https:\/\/adanaseshaber.com.tr\/habercim\/wp-content\/uploads\/2026\/08\/1-15-768x201-425-670x201.jpg"},"resim1":{"file":"1-15-768x201-425-184x140.jpg","width":184,"height":140,"mime_type":"image\/jpeg","source_url":"https:\/\/adanaseshaber.com.tr\/habercim\/wp-content\/uploads\/2026\/08\/1-15-768x201-425-184x140.jpg"},"resim2":{"file":"1-15-768x201-425-216x103.jpg","width":216,"height":103,"mime_type":"image\/jpeg","source_url":"https:\/\/adanaseshaber.com.tr\/habercim\/wp-content\/uploads\/2026\/08\/1-15-768x201-425-216x103.jpg"},"resim3":{"file":"1-15-768x201-425-145x70.jpg","width":145,"height":70,"mime_type":"image\/jpeg","source_url":"https:\/\/adanaseshaber.com.tr\/habercim\/wp-content\/uploads\/2026\/08\/1-15-768x201-425-145x70.jpg"},"sagSlider":{"file":"1-15-768x201-425-300x150.jpg","width":300,"height":150,"mime_type":"image\/jpeg","source_url":"https:\/\/adanaseshaber.com.tr\/habercim\/wp-content\/uploads\/2026\/08\/1-15-768x201-425-300x150.jpg"},"yeniSlider":{"file":"1-15-768x201-425-500x201.jpg","width":500,"height":201,"mime_type":"image\/jpeg","source_url":"https:\/\/adanaseshaber.com.tr\/habercim\/wp-content\/uploads\/2026\/08\/1-15-768x201-425-500x201.jpg"},"full":{"file":"1-15-768x201-425.jpg","width":768,"height":201,"mime_type":"image\/jpeg","source_url":"https:\/\/adanaseshaber.com.tr\/habercim\/wp-content\/uploads\/2026\/08\/1-15-768x201-425.jpg"}},"image_meta":{"aperture":"0","credit":"","camera":"","caption":"","created_timestamp":"0","copyright":"","focal_length":"0","iso":"0","shutter_speed":"0","title":"","orientation":"0","keywords":[]}},"post":52773,"source_url":"https:\/\/adanaseshaber.com.tr\/habercim\/wp-content\/uploads\/2026\/08\/1-15-768x201-425.jpg","_links":{"self":[{"href":"https:\/\/adanaseshaber.com.tr\/habercim\/wp-json\/wp\/v2\/media\/52775"}],"collection":[{"href":"https:\/\/adanaseshaber.com.tr\/habercim\/wp-json\/wp\/v2\/media"}],"about":[{"href":"https:\/\/adanaseshaber.com.tr\/habercim\/wp-json\/wp\/v2\/types\/attachment"}],"author":[{"embeddable":true,"href":"https:\/\/adanaseshaber.com.tr\/habercim\/wp-json\/wp\/v2\/users\/2"}],"replies":[{"embeddable":true,"href":"https:\/\/adanaseshaber.com.tr\/habercim\/wp-json\/wp\/v2\/comments?post=52775"}]}}