{"id":52780,"date":"2026-08-31T01:35:38","date_gmt":"2026-08-30T22:35:38","guid":{"rendered":"https:\/\/adanaseshaber.com.tr\/habercim\/wp-content\/uploads\/2026\/08\/1-15-768x201-427.jpg"},"modified":"2026-08-31T01:36:47","modified_gmt":"2026-08-30T22:36:47","slug":"1-15-768x201-3018","status":"inherit","type":"attachment","link":"https:\/\/adanaseshaber.com.tr\/habercim\/foto-galeri\/sozde-komedyen-deniz-goktas\/attachment\/1-15-768x201-3018\/","title":{"rendered":"S\u00f6zde komedyen Deniz G\u00f6kta\u015f"},"author":2,"comment_status":"open","ping_status":"closed","template":"","meta":[],"description":{"rendered":"<p class=\"attachment\"><a href='https:\/\/adanaseshaber.com.tr\/habercim\/wp-content\/uploads\/2026\/08\/1-15-768x201-427.jpg'><img width=\"300\" height=\"79\" src=\"https:\/\/adanaseshaber.com.tr\/habercim\/wp-content\/uploads\/2026\/08\/1-15-768x201-427-300x79.jpg\" class=\"attachment-medium size-medium\" alt=\"\" loading=\"lazy\" srcset=\"https:\/\/adanaseshaber.com.tr\/habercim\/wp-content\/uploads\/2026\/08\/1-15-768x201-427-300x79.jpg 300w, https:\/\/adanaseshaber.com.tr\/habercim\/wp-content\/uploads\/2026\/08\/1-15-768x201-427.jpg 768w\" sizes=\"(max-width: 300px) 100vw, 300px\" \/><\/a><\/p>\n"},"caption":{"rendered":"<p>S\u00f6zde komedyen Deniz G\u00f6kta\u015f\u2019\u0131n babas\u0131 Kemal G\u00f6kta\u015f\u2019\u0131n, bir polisimizin \u015fehit edilip bir polisimizin yaraland\u0131\u011f\u0131 1980 \u00c7orum Olaylar\u0131nda aktif rol oynad\u0131\u011f\u0131, THKO mensubu oldu\u011fu ve ter\u00f6r iltisak\u0131 nedeniyle cezaevinde yatt\u0131\u011f\u0131 ortaya \u00e7\u0131kt\u0131.<br \/>\nCumhurba\u015fkan\u0131na hakaret ve dini de\u011ferleri a\u015fa\u011f\u0131lama su\u00e7undan tutuklanan Deniz G\u00f6kta\u015f\u2019\u0131n babas\u0131 babas\u0131 Kemal G\u00f6kta\u015f hakk\u0131ndaki ger\u00e7ekler de g\u00fcn y\u00fcz\u00fcne \u00e7\u0131kt\u0131.<\/p>\n<p>\u00d6RG\u00dcTE S\u0130LAH TEM\u0130N ETM\u0130\u015e<\/p>\n<p>Kemal G\u00f6kta\u015f\u2019\u0131n 1980\u2019li y\u0131llarda THKO (T\u00fcrkiye Halk Kurtulu\u015f Ordusu) i\u00e7erisinde faaliyet g\u00f6sterdi\u011fi, \u201chalk\u0131 tahrik etmek, silahland\u0131rmak, \u00f6rg\u00fcte silah temin etmek amac\u0131yla halktan zorla para toplamak\u201d gibi eylemlerle ili\u015fkilendirildi\u011fi tespit edildi. THKO mensubu Deniz G\u00f6kta\u015f\u2019\u0131n \u00c7orum il merkezinde polis memuru Muzaffer Ye\u015filyurt\u2019un \u015fehit edilmesi, polis memuru Mehmet Bekta\u015f\u2019\u0131n yaralanmas\u0131 ve silahlar\u0131n\u0131n gasp edilmesi olay\u0131na kar\u0131\u015ft\u0131\u011f\u0131 tespit edildi.<br \/>\nS\u0130LAHLA YAKALANIP HAP\u0130S YATMI\u015eTI<\/p>\n<p>Kemal G\u00f6kta\u015f\u2019\u0131n belirli marka ve ebatlarda silah, t\u00fcfek ve m\u00fchimmatla yakalanarak g\u00f6zalt\u0131na al\u0131nd\u0131\u011f\u0131, S\u0131k\u0131y\u00f6netim Komutanl\u0131\u011f\u0131na sevk edildi\u011fi ve \u00e7\u0131kar\u0131ld\u0131\u011f\u0131 adli makamlarca tutukland\u0131\u011f\u0131; 1988 y\u0131l\u0131nda serbest b\u0131rak\u0131ld\u0131\u011f\u0131 ortaya \u00e7\u0131kt\u0131.<\/p>\n<p>99\u2019DA SERBEST KALDI<\/p>\n<p>\u015eahs\u0131n benzer su\u00e7lar kapsam\u0131nda 1991 y\u0131l\u0131nda yeniden tutuklanarak cezaevine girdi\u011fi ve \u015fartl\u0131 tahliye edildi\u011fi, en son 1999 y\u0131l\u0131nda serbest b\u0131rak\u0131ld\u0131\u011f\u0131 g\u00fcn y\u00fcz\u00fcne \u00e7\u0131kt\u0131.<\/p>\n<p>Kaynak : sabah.com.tr<\/p>\n"},"alt_text":"","media_type":"image","mime_type":"image\/jpeg","media_details":{"width":768,"height":201,"file":"2026\/08\/1-15-768x201-427.jpg","sizes":{"medium":{"file":"1-15-768x201-427-300x79.jpg","width":300,"height":79,"mime_type":"image\/jpeg","source_url":"https:\/\/adanaseshaber.com.tr\/habercim\/wp-content\/uploads\/2026\/08\/1-15-768x201-427-300x79.jpg"},"thumbnail":{"file":"1-15-768x201-427-150x150.jpg","width":150,"height":150,"mime_type":"image\/jpeg","source_url":"https:\/\/adanaseshaber.com.tr\/habercim\/wp-content\/uploads\/2026\/08\/1-15-768x201-427-150x150.jpg"},"kucukResim":{"file":"1-15-768x201-427-80x50.jpg","width":80,"height":50,"mime_type":"image\/jpeg","source_url":"https:\/\/adanaseshaber.com.tr\/habercim\/wp-content\/uploads\/2026\/08\/1-15-768x201-427-80x50.jpg"},"sliderResim":{"file":"1-15-768x201-427-670x201.jpg","width":670,"height":201,"mime_type":"image\/jpeg","source_url":"https:\/\/adanaseshaber.com.tr\/habercim\/wp-content\/uploads\/2026\/08\/1-15-768x201-427-670x201.jpg"},"resim1":{"file":"1-15-768x201-427-184x140.jpg","width":184,"height":140,"mime_type":"image\/jpeg","source_url":"https:\/\/adanaseshaber.com.tr\/habercim\/wp-content\/uploads\/2026\/08\/1-15-768x201-427-184x140.jpg"},"resim2":{"file":"1-15-768x201-427-216x103.jpg","width":216,"height":103,"mime_type":"image\/jpeg","source_url":"https:\/\/adanaseshaber.com.tr\/habercim\/wp-content\/uploads\/2026\/08\/1-15-768x201-427-216x103.jpg"},"resim3":{"file":"1-15-768x201-427-145x70.jpg","width":145,"height":70,"mime_type":"image\/jpeg","source_url":"https:\/\/adanaseshaber.com.tr\/habercim\/wp-content\/uploads\/2026\/08\/1-15-768x201-427-145x70.jpg"},"sagSlider":{"file":"1-15-768x201-427-300x150.jpg","width":300,"height":150,"mime_type":"image\/jpeg","source_url":"https:\/\/adanaseshaber.com.tr\/habercim\/wp-content\/uploads\/2026\/08\/1-15-768x201-427-300x150.jpg"},"yeniSlider":{"file":"1-15-768x201-427-500x201.jpg","width":500,"height":201,"mime_type":"image\/jpeg","source_url":"https:\/\/adanaseshaber.com.tr\/habercim\/wp-content\/uploads\/2026\/08\/1-15-768x201-427-500x201.jpg"},"full":{"file":"1-15-768x201-427.jpg","width":768,"height":201,"mime_type":"image\/jpeg","source_url":"https:\/\/adanaseshaber.com.tr\/habercim\/wp-content\/uploads\/2026\/08\/1-15-768x201-427.jpg"}},"image_meta":{"aperture":"0","credit":"","camera":"","caption":"","created_timestamp":"0","copyright":"","focal_length":"0","iso":"0","shutter_speed":"0","title":"","orientation":"0","keywords":[]}},"post":52778,"source_url":"https:\/\/adanaseshaber.com.tr\/habercim\/wp-content\/uploads\/2026\/08\/1-15-768x201-427.jpg","_links":{"self":[{"href":"https:\/\/adanaseshaber.com.tr\/habercim\/wp-json\/wp\/v2\/media\/52780"}],"collection":[{"href":"https:\/\/adanaseshaber.com.tr\/habercim\/wp-json\/wp\/v2\/media"}],"about":[{"href":"https:\/\/adanaseshaber.com.tr\/habercim\/wp-json\/wp\/v2\/types\/attachment"}],"author":[{"embeddable":true,"href":"https:\/\/adanaseshaber.com.tr\/habercim\/wp-json\/wp\/v2\/users\/2"}],"replies":[{"embeddable":true,"href":"https:\/\/adanaseshaber.com.tr\/habercim\/wp-json\/wp\/v2\/comments?post=52780"}]}}