{"id":52789,"date":"2026-08-31T01:45:14","date_gmt":"2026-08-30T22:45:14","guid":{"rendered":"https:\/\/adanaseshaber.com.tr\/habercim\/wp-content\/uploads\/2026\/08\/80-205-768x384-1-33.webp"},"modified":"2026-08-31T01:45:32","modified_gmt":"2026-08-30T22:45:32","slug":"80-205-768x384-1-278","status":"inherit","type":"attachment","link":"https:\/\/adanaseshaber.com.tr\/habercim\/genel\/bu-masada-turkiye\/attachment\/80-205-768x384-1-278\/","title":{"rendered":"Bu Masada T\u00fcrkiye"},"author":2,"comment_status":"open","ping_status":"closed","template":"","meta":[],"description":{"rendered":"<p class=\"attachment\"><a href='https:\/\/adanaseshaber.com.tr\/habercim\/wp-content\/uploads\/2026\/08\/80-205-768x384-1-33.webp'><img width=\"300\" height=\"150\" src=\"https:\/\/adanaseshaber.com.tr\/habercim\/wp-content\/uploads\/2026\/08\/80-205-768x384-1-33-300x150.webp\" class=\"attachment-medium size-medium\" alt=\"\" loading=\"lazy\" srcset=\"https:\/\/adanaseshaber.com.tr\/habercim\/wp-content\/uploads\/2026\/08\/80-205-768x384-1-33-300x150.webp 300w, https:\/\/adanaseshaber.com.tr\/habercim\/wp-content\/uploads\/2026\/08\/80-205-768x384-1-33.webp 768w\" sizes=\"(max-width: 300px) 100vw, 300px\" \/><\/a><\/p>\n"},"caption":{"rendered":"<p>D\u00fcnyan\u0131n G\u00f6z\u00fc Kula\u011f\u0131 Bu Masada T\u00fcrkiye detay\u0131 \u015fok etti! \u0130tiraflar\u0131 g\u00fcndem oldu bile\u2026 Orta Do\u011fu\u2019da aylard\u0131r s\u00fcren askeri hareketlili\u011fin ard\u0131ndan diplomasi kanallar\u0131 yeniden a\u00e7\u0131ld\u0131. Edinilen bilgilere g\u00f6re, ABD ve \u0130ran temsilcileri aras\u0131nda kal\u0131c\u0131 bar\u0131\u015f\u0131n zeminini olu\u015fturabilecek 45 g\u00fcnl\u00fck bir ate\u015fkes s\u00fcreci \u00fczerinde duruluyor.<\/p>\n<p>devam\u0131 sonraki sayfada.. g\u00f6rsel \u00fczerinden do2\u2019kununuz ge\u00e7ebilirsiniz\u2026<\/p>\n"},"alt_text":"","media_type":"image","mime_type":"image\/webp","media_details":{"width":768,"height":384,"file":"2026\/08\/80-205-768x384-1-33.webp","sizes":{"medium":{"file":"80-205-768x384-1-33-300x150.webp","width":300,"height":150,"mime_type":"image\/webp","source_url":"https:\/\/adanaseshaber.com.tr\/habercim\/wp-content\/uploads\/2026\/08\/80-205-768x384-1-33-300x150.webp"},"thumbnail":{"file":"80-205-768x384-1-33-150x150.webp","width":150,"height":150,"mime_type":"image\/webp","source_url":"https:\/\/adanaseshaber.com.tr\/habercim\/wp-content\/uploads\/2026\/08\/80-205-768x384-1-33-150x150.webp"},"kucukResim":{"file":"80-205-768x384-1-33-80x50.webp","width":80,"height":50,"mime_type":"image\/webp","source_url":"https:\/\/adanaseshaber.com.tr\/habercim\/wp-content\/uploads\/2026\/08\/80-205-768x384-1-33-80x50.webp"},"sliderResim":{"file":"80-205-768x384-1-33-670x330.webp","width":670,"height":330,"mime_type":"image\/webp","source_url":"https:\/\/adanaseshaber.com.tr\/habercim\/wp-content\/uploads\/2026\/08\/80-205-768x384-1-33-670x330.webp"},"resim1":{"file":"80-205-768x384-1-33-184x140.webp","width":184,"height":140,"mime_type":"image\/webp","source_url":"https:\/\/adanaseshaber.com.tr\/habercim\/wp-content\/uploads\/2026\/08\/80-205-768x384-1-33-184x140.webp"},"resim2":{"file":"80-205-768x384-1-33-216x103.webp","width":216,"height":103,"mime_type":"image\/webp","source_url":"https:\/\/adanaseshaber.com.tr\/habercim\/wp-content\/uploads\/2026\/08\/80-205-768x384-1-33-216x103.webp"},"resim3":{"file":"80-205-768x384-1-33-145x70.webp","width":145,"height":70,"mime_type":"image\/webp","source_url":"https:\/\/adanaseshaber.com.tr\/habercim\/wp-content\/uploads\/2026\/08\/80-205-768x384-1-33-145x70.webp"},"sagSlider":{"file":"80-205-768x384-1-33-300x150.webp","width":300,"height":150,"mime_type":"image\/webp","source_url":"https:\/\/adanaseshaber.com.tr\/habercim\/wp-content\/uploads\/2026\/08\/80-205-768x384-1-33-300x150.webp"},"yeniSlider":{"file":"80-205-768x384-1-33-500x290.webp","width":500,"height":290,"mime_type":"image\/webp","source_url":"https:\/\/adanaseshaber.com.tr\/habercim\/wp-content\/uploads\/2026\/08\/80-205-768x384-1-33-500x290.webp"},"full":{"file":"80-205-768x384-1-33.webp","width":768,"height":384,"mime_type":"image\/webp","source_url":"https:\/\/adanaseshaber.com.tr\/habercim\/wp-content\/uploads\/2026\/08\/80-205-768x384-1-33.webp"}},"image_meta":{"aperture":"0","credit":"","camera":"","caption":"","created_timestamp":"0","copyright":"","focal_length":"0","iso":"0","shutter_speed":"0","title":"","orientation":"0","keywords":[]}},"post":52788,"source_url":"https:\/\/adanaseshaber.com.tr\/habercim\/wp-content\/uploads\/2026\/08\/80-205-768x384-1-33.webp","_links":{"self":[{"href":"https:\/\/adanaseshaber.com.tr\/habercim\/wp-json\/wp\/v2\/media\/52789"}],"collection":[{"href":"https:\/\/adanaseshaber.com.tr\/habercim\/wp-json\/wp\/v2\/media"}],"about":[{"href":"https:\/\/adanaseshaber.com.tr\/habercim\/wp-json\/wp\/v2\/types\/attachment"}],"author":[{"embeddable":true,"href":"https:\/\/adanaseshaber.com.tr\/habercim\/wp-json\/wp\/v2\/users\/2"}],"replies":[{"embeddable":true,"href":"https:\/\/adanaseshaber.com.tr\/habercim\/wp-json\/wp\/v2\/comments?post=52789"}]}}