{"id":52799,"date":"2026-08-31T01:50:37","date_gmt":"2026-08-30T22:50:37","guid":{"rendered":"https:\/\/adanaseshaber.com.tr\/habercim\/wp-content\/uploads\/2026\/08\/images-8-7.jpg"},"modified":"2026-08-31T01:50:55","modified_gmt":"2026-08-30T22:50:55","slug":"images-8-33","status":"inherit","type":"attachment","link":"https:\/\/adanaseshaber.com.tr\/habercim\/foto-galeri\/dijital-emekli-kimlik-karti-2\/attachment\/images-8-33\/","title":{"rendered":"Dijital Emekli Kimlik Kart\u0131"},"author":2,"comment_status":"open","ping_status":"closed","template":"","meta":[],"description":{"rendered":"<p class=\"attachment\"><a href='https:\/\/adanaseshaber.com.tr\/habercim\/wp-content\/uploads\/2026\/08\/images-8-7.jpg'><img width=\"300\" height=\"168\" src=\"https:\/\/adanaseshaber.com.tr\/habercim\/wp-content\/uploads\/2026\/08\/images-8-7-300x168.jpg\" class=\"attachment-medium size-medium\" alt=\"\" loading=\"lazy\" srcset=\"https:\/\/adanaseshaber.com.tr\/habercim\/wp-content\/uploads\/2026\/08\/images-8-7-300x168.jpg 300w, https:\/\/adanaseshaber.com.tr\/habercim\/wp-content\/uploads\/2026\/08\/images-8-7.jpg 597w\" sizes=\"(max-width: 300px) 100vw, 300px\" \/><\/a><\/p>\n"},"caption":{"rendered":"<p>Emeklilerin sosyal ve k\u00fclt\u00fcrel hayata kat\u0131l\u0131m\u0131n\u0131 art\u0131rmak amac\u0131yla 2026 y\u0131l\u0131 itibar\u0131yla hayata ge\u00e7irilen yeni d\u00fczenlemeler, emekli vatanda\u015flar i\u00e7in \u00f6nemli avantajlar sunuyor. \u00d6zellikle \u201cDijital Emekli Kimlik Kart\u0131\u201d uygulamas\u0131, emeklilerin bu haklardan kolayca yararlanmas\u0131n\u0131n \u00f6n\u00fcn\u00fc a\u00e7\u0131yor. Emekli kart ile ba\u015flat\u0131lan yeni d\u00f6nem, emeklilerin ya\u015fam kalitesini art\u0131rmay\u0131 ve sosyal hayata kat\u0131l\u0131mlar\u0131n\u0131 te\u015fvik etmeyi ama\u00e7l\u0131yor. Bu kart\u0131 alman\u0131z i\u00e7in yapman\u0131z gerekenler a\u00e7\u0131klad\u0131lar\u2026<\/p>\n<p>devam\u0131 sonraki sayfada\u2026 g\u00f6rsel \u00fczerinden do2\u2019kununuz ge\u00e7ebilirsiniz\u2026<\/p>\n"},"alt_text":"","media_type":"image","mime_type":"image\/jpeg","media_details":{"width":597,"height":335,"file":"2026\/08\/images-8-7.jpg","sizes":{"medium":{"file":"images-8-7-300x168.jpg","width":300,"height":168,"mime_type":"image\/jpeg","source_url":"https:\/\/adanaseshaber.com.tr\/habercim\/wp-content\/uploads\/2026\/08\/images-8-7-300x168.jpg"},"thumbnail":{"file":"images-8-7-150x150.jpg","width":150,"height":150,"mime_type":"image\/jpeg","source_url":"https:\/\/adanaseshaber.com.tr\/habercim\/wp-content\/uploads\/2026\/08\/images-8-7-150x150.jpg"},"kucukResim":{"file":"images-8-7-80x50.jpg","width":80,"height":50,"mime_type":"image\/jpeg","source_url":"https:\/\/adanaseshaber.com.tr\/habercim\/wp-content\/uploads\/2026\/08\/images-8-7-80x50.jpg"},"sliderResim":{"file":"images-8-7-597x330.jpg","width":597,"height":330,"mime_type":"image\/jpeg","source_url":"https:\/\/adanaseshaber.com.tr\/habercim\/wp-content\/uploads\/2026\/08\/images-8-7-597x330.jpg"},"resim1":{"file":"images-8-7-184x140.jpg","width":184,"height":140,"mime_type":"image\/jpeg","source_url":"https:\/\/adanaseshaber.com.tr\/habercim\/wp-content\/uploads\/2026\/08\/images-8-7-184x140.jpg"},"resim2":{"file":"images-8-7-216x103.jpg","width":216,"height":103,"mime_type":"image\/jpeg","source_url":"https:\/\/adanaseshaber.com.tr\/habercim\/wp-content\/uploads\/2026\/08\/images-8-7-216x103.jpg"},"resim3":{"file":"images-8-7-145x70.jpg","width":145,"height":70,"mime_type":"image\/jpeg","source_url":"https:\/\/adanaseshaber.com.tr\/habercim\/wp-content\/uploads\/2026\/08\/images-8-7-145x70.jpg"},"sagSlider":{"file":"images-8-7-300x150.jpg","width":300,"height":150,"mime_type":"image\/jpeg","source_url":"https:\/\/adanaseshaber.com.tr\/habercim\/wp-content\/uploads\/2026\/08\/images-8-7-300x150.jpg"},"yeniSlider":{"file":"images-8-7-500x290.jpg","width":500,"height":290,"mime_type":"image\/jpeg","source_url":"https:\/\/adanaseshaber.com.tr\/habercim\/wp-content\/uploads\/2026\/08\/images-8-7-500x290.jpg"},"full":{"file":"images-8-7.jpg","width":597,"height":335,"mime_type":"image\/jpeg","source_url":"https:\/\/adanaseshaber.com.tr\/habercim\/wp-content\/uploads\/2026\/08\/images-8-7.jpg"}},"image_meta":{"aperture":"0","credit":"","camera":"","caption":"","created_timestamp":"0","copyright":"","focal_length":"0","iso":"0","shutter_speed":"0","title":"","orientation":"0","keywords":[]}},"post":52798,"source_url":"https:\/\/adanaseshaber.com.tr\/habercim\/wp-content\/uploads\/2026\/08\/images-8-7.jpg","_links":{"self":[{"href":"https:\/\/adanaseshaber.com.tr\/habercim\/wp-json\/wp\/v2\/media\/52799"}],"collection":[{"href":"https:\/\/adanaseshaber.com.tr\/habercim\/wp-json\/wp\/v2\/media"}],"about":[{"href":"https:\/\/adanaseshaber.com.tr\/habercim\/wp-json\/wp\/v2\/types\/attachment"}],"author":[{"embeddable":true,"href":"https:\/\/adanaseshaber.com.tr\/habercim\/wp-json\/wp\/v2\/users\/2"}],"replies":[{"embeddable":true,"href":"https:\/\/adanaseshaber.com.tr\/habercim\/wp-json\/wp\/v2\/comments?post=52799"}]}}