{"id":52800,"date":"2026-08-31T01:50:42","date_gmt":"2026-08-30T22:50:42","guid":{"rendered":"https:\/\/adanaseshaber.com.tr\/habercim\/wp-content\/uploads\/2026\/08\/1-15-768x201-435.jpg"},"modified":"2026-08-31T01:51:15","modified_gmt":"2026-08-30T22:51:15","slug":"1-15-768x201-3026","status":"inherit","type":"attachment","link":"https:\/\/adanaseshaber.com.tr\/habercim\/foto-galeri\/dijital-emekli-kimlik-karti-2\/attachment\/1-15-768x201-3026\/","title":{"rendered":"Dijital Emekli Kimlik Kart\u0131"},"author":2,"comment_status":"open","ping_status":"closed","template":"","meta":[],"description":{"rendered":"<p class=\"attachment\"><a href='https:\/\/adanaseshaber.com.tr\/habercim\/wp-content\/uploads\/2026\/08\/1-15-768x201-435.jpg'><img width=\"300\" height=\"79\" src=\"https:\/\/adanaseshaber.com.tr\/habercim\/wp-content\/uploads\/2026\/08\/1-15-768x201-435-300x79.jpg\" class=\"attachment-medium size-medium\" alt=\"\" loading=\"lazy\" srcset=\"https:\/\/adanaseshaber.com.tr\/habercim\/wp-content\/uploads\/2026\/08\/1-15-768x201-435-300x79.jpg 300w, https:\/\/adanaseshaber.com.tr\/habercim\/wp-content\/uploads\/2026\/08\/1-15-768x201-435.jpg 768w\" sizes=\"(max-width: 300px) 100vw, 300px\" \/><\/a><\/p>\n"},"caption":{"rendered":"<p>2026 y\u0131l\u0131 d\u00fczenlemeleriyle birlikte, emeklilerin haklardan yararlanmas\u0131 i\u00e7in yanlar\u0131nda fiziksel bir kart bulundurma zorunlulu\u011fu b\u00fcy\u00fck \u00f6l\u00e7\u00fcde ortadan kalkt\u0131. Art\u0131k emekliler, e-Devlet \u00fczerinden saniyeler i\u00e7inde olu\u015fturulabilen \u201cDijital Emekli Kimlik Kart\u0131\u201d ile t\u00fcm avantajlardan faydalanabiliyorlar .<br \/>\n\u00d6nemli Not: Yeni d\u00fczenlemelerle birlikte, bu haklardan yararlanmak i\u00e7in 65 ya\u015f s\u0131n\u0131r\u0131 kald\u0131r\u0131lm\u0131\u015ft\u0131r. Emeklilikte Ya\u015fa Tak\u0131lanlar (EYT) d\u00fczenlemesiyle emekli olanlar da dahil olmak \u00fczere, emekli kimlik kart\u0131 sahibi t\u00fcm vatanda\u015flar bu avantajlardan eksiksiz faydalanabilmektedir .<br \/>\ne-Devlet \u00dczerinden veya SGK Arac\u0131l\u0131\u011f\u0131yla al\u0131nabilir.<\/p>\n<p>Kaynak : hurriyet.com.tr<\/p>\n"},"alt_text":"","media_type":"image","mime_type":"image\/jpeg","media_details":{"width":768,"height":201,"file":"2026\/08\/1-15-768x201-435.jpg","sizes":{"medium":{"file":"1-15-768x201-435-300x79.jpg","width":300,"height":79,"mime_type":"image\/jpeg","source_url":"https:\/\/adanaseshaber.com.tr\/habercim\/wp-content\/uploads\/2026\/08\/1-15-768x201-435-300x79.jpg"},"thumbnail":{"file":"1-15-768x201-435-150x150.jpg","width":150,"height":150,"mime_type":"image\/jpeg","source_url":"https:\/\/adanaseshaber.com.tr\/habercim\/wp-content\/uploads\/2026\/08\/1-15-768x201-435-150x150.jpg"},"kucukResim":{"file":"1-15-768x201-435-80x50.jpg","width":80,"height":50,"mime_type":"image\/jpeg","source_url":"https:\/\/adanaseshaber.com.tr\/habercim\/wp-content\/uploads\/2026\/08\/1-15-768x201-435-80x50.jpg"},"sliderResim":{"file":"1-15-768x201-435-670x201.jpg","width":670,"height":201,"mime_type":"image\/jpeg","source_url":"https:\/\/adanaseshaber.com.tr\/habercim\/wp-content\/uploads\/2026\/08\/1-15-768x201-435-670x201.jpg"},"resim1":{"file":"1-15-768x201-435-184x140.jpg","width":184,"height":140,"mime_type":"image\/jpeg","source_url":"https:\/\/adanaseshaber.com.tr\/habercim\/wp-content\/uploads\/2026\/08\/1-15-768x201-435-184x140.jpg"},"resim2":{"file":"1-15-768x201-435-216x103.jpg","width":216,"height":103,"mime_type":"image\/jpeg","source_url":"https:\/\/adanaseshaber.com.tr\/habercim\/wp-content\/uploads\/2026\/08\/1-15-768x201-435-216x103.jpg"},"resim3":{"file":"1-15-768x201-435-145x70.jpg","width":145,"height":70,"mime_type":"image\/jpeg","source_url":"https:\/\/adanaseshaber.com.tr\/habercim\/wp-content\/uploads\/2026\/08\/1-15-768x201-435-145x70.jpg"},"sagSlider":{"file":"1-15-768x201-435-300x150.jpg","width":300,"height":150,"mime_type":"image\/jpeg","source_url":"https:\/\/adanaseshaber.com.tr\/habercim\/wp-content\/uploads\/2026\/08\/1-15-768x201-435-300x150.jpg"},"yeniSlider":{"file":"1-15-768x201-435-500x201.jpg","width":500,"height":201,"mime_type":"image\/jpeg","source_url":"https:\/\/adanaseshaber.com.tr\/habercim\/wp-content\/uploads\/2026\/08\/1-15-768x201-435-500x201.jpg"},"full":{"file":"1-15-768x201-435.jpg","width":768,"height":201,"mime_type":"image\/jpeg","source_url":"https:\/\/adanaseshaber.com.tr\/habercim\/wp-content\/uploads\/2026\/08\/1-15-768x201-435.jpg"}},"image_meta":{"aperture":"0","credit":"","camera":"","caption":"","created_timestamp":"0","copyright":"","focal_length":"0","iso":"0","shutter_speed":"0","title":"","orientation":"0","keywords":[]}},"post":52798,"source_url":"https:\/\/adanaseshaber.com.tr\/habercim\/wp-content\/uploads\/2026\/08\/1-15-768x201-435.jpg","_links":{"self":[{"href":"https:\/\/adanaseshaber.com.tr\/habercim\/wp-json\/wp\/v2\/media\/52800"}],"collection":[{"href":"https:\/\/adanaseshaber.com.tr\/habercim\/wp-json\/wp\/v2\/media"}],"about":[{"href":"https:\/\/adanaseshaber.com.tr\/habercim\/wp-json\/wp\/v2\/types\/attachment"}],"author":[{"embeddable":true,"href":"https:\/\/adanaseshaber.com.tr\/habercim\/wp-json\/wp\/v2\/users\/2"}],"replies":[{"embeddable":true,"href":"https:\/\/adanaseshaber.com.tr\/habercim\/wp-json\/wp\/v2\/comments?post=52800"}]}}