{"id":52819,"date":"2026-09-01T01:39:57","date_gmt":"2026-08-31T22:39:57","guid":{"rendered":"https:\/\/adanaseshaber.com.tr\/habercim\/wp-content\/uploads\/2026\/09\/PARA-EMEKLI.jpg"},"modified":"2026-09-01T01:40:16","modified_gmt":"2026-08-31T22:40:16","slug":"para-emekli-8","status":"inherit","type":"attachment","link":"https:\/\/adanaseshaber.com.tr\/habercim\/foto-galeri\/kademeli-emeklilik-duzenlemesi\/attachment\/para-emekli-8\/","title":{"rendered":"Kademeli emeklilik d\u00fczenlemesi"},"author":2,"comment_status":"open","ping_status":"closed","template":"","meta":[],"description":{"rendered":"<p class=\"attachment\"><a href='https:\/\/adanaseshaber.com.tr\/habercim\/wp-content\/uploads\/2026\/09\/PARA-EMEKLI.jpg'><img width=\"300\" height=\"168\" src=\"https:\/\/adanaseshaber.com.tr\/habercim\/wp-content\/uploads\/2026\/09\/PARA-EMEKLI.jpg\" class=\"attachment-medium size-medium\" alt=\"\" loading=\"lazy\" \/><\/a><\/p>\n"},"caption":{"rendered":"<p>Kademeli emeklilik d\u00fczenlemesine ili\u015fkin geli\u015fmeler milyonlarca sigortal\u0131 \u00e7al\u0131\u015fan taraf\u0131ndan yak\u0131ndan takip ediliyor. Emeklilikte Ya\u015fa Tak\u0131lanlar (EYT) d\u00fczenlemesinin ard\u0131ndan g\u00f6zler bu kez kademeli emeklilik ve erken emeklilik beklentilerine \u00e7evrildi. \u00d6zellikle 8 Eyl\u00fcl 1999 sonras\u0131 sigorta giri\u015fi bulunan \u00e7al\u0131\u015fanlar, yeni bir emeklilik d\u00fczenlemesi olup olmayaca\u011f\u0131n\u0131 ara\u015ft\u0131r\u0131yor. Kademeli emeklilik konusunda zaman zaman farkl\u0131 iddialar g\u00fcndeme gelse de \u015fu ana kadar y\u00fcr\u00fcrl\u00fc\u011fe giren resmi bir d\u00fczenleme bulunmuyor\u2026.<\/p>\n<p>devam\u0131 sonraki\u2026 g\u00f6rsel \u00fczerinden do2\u2019kununuz ge\u00e7ebilirsiniz\u2026<\/p>\n"},"alt_text":"","media_type":"image","mime_type":"image\/jpeg","media_details":{"width":300,"height":168,"file":"2026\/09\/PARA-EMEKLI.jpg","sizes":{"thumbnail":{"file":"PARA-EMEKLI-150x150.jpg","width":150,"height":150,"mime_type":"image\/jpeg","source_url":"https:\/\/adanaseshaber.com.tr\/habercim\/wp-content\/uploads\/2026\/09\/PARA-EMEKLI-150x150.jpg"},"kucukResim":{"file":"PARA-EMEKLI-80x50.jpg","width":80,"height":50,"mime_type":"image\/jpeg","source_url":"https:\/\/adanaseshaber.com.tr\/habercim\/wp-content\/uploads\/2026\/09\/PARA-EMEKLI-80x50.jpg"},"resim1":{"file":"PARA-EMEKLI-184x140.jpg","width":184,"height":140,"mime_type":"image\/jpeg","source_url":"https:\/\/adanaseshaber.com.tr\/habercim\/wp-content\/uploads\/2026\/09\/PARA-EMEKLI-184x140.jpg"},"resim2":{"file":"PARA-EMEKLI-216x103.jpg","width":216,"height":103,"mime_type":"image\/jpeg","source_url":"https:\/\/adanaseshaber.com.tr\/habercim\/wp-content\/uploads\/2026\/09\/PARA-EMEKLI-216x103.jpg"},"resim3":{"file":"PARA-EMEKLI-145x70.jpg","width":145,"height":70,"mime_type":"image\/jpeg","source_url":"https:\/\/adanaseshaber.com.tr\/habercim\/wp-content\/uploads\/2026\/09\/PARA-EMEKLI-145x70.jpg"},"sagSlider":{"file":"PARA-EMEKLI-300x150.jpg","width":300,"height":150,"mime_type":"image\/jpeg","source_url":"https:\/\/adanaseshaber.com.tr\/habercim\/wp-content\/uploads\/2026\/09\/PARA-EMEKLI-300x150.jpg"},"full":{"file":"PARA-EMEKLI.jpg","width":300,"height":168,"mime_type":"image\/jpeg","source_url":"https:\/\/adanaseshaber.com.tr\/habercim\/wp-content\/uploads\/2026\/09\/PARA-EMEKLI.jpg"}},"image_meta":{"aperture":"0","credit":"","camera":"","caption":"","created_timestamp":"0","copyright":"","focal_length":"0","iso":"0","shutter_speed":"0","title":"","orientation":"0","keywords":[]}},"post":52818,"source_url":"https:\/\/adanaseshaber.com.tr\/habercim\/wp-content\/uploads\/2026\/09\/PARA-EMEKLI.jpg","_links":{"self":[{"href":"https:\/\/adanaseshaber.com.tr\/habercim\/wp-json\/wp\/v2\/media\/52819"}],"collection":[{"href":"https:\/\/adanaseshaber.com.tr\/habercim\/wp-json\/wp\/v2\/media"}],"about":[{"href":"https:\/\/adanaseshaber.com.tr\/habercim\/wp-json\/wp\/v2\/types\/attachment"}],"author":[{"embeddable":true,"href":"https:\/\/adanaseshaber.com.tr\/habercim\/wp-json\/wp\/v2\/users\/2"}],"replies":[{"embeddable":true,"href":"https:\/\/adanaseshaber.com.tr\/habercim\/wp-json\/wp\/v2\/comments?post=52819"}]}}