{"id":52820,"date":"2026-09-01T01:40:00","date_gmt":"2026-08-31T22:40:00","guid":{"rendered":"https:\/\/adanaseshaber.com.tr\/habercim\/wp-content\/uploads\/2026\/09\/1-15-768x201-5.jpg"},"modified":"2026-09-01T01:40:32","modified_gmt":"2026-08-31T22:40:32","slug":"1-15-768x201-3034","status":"inherit","type":"attachment","link":"https:\/\/adanaseshaber.com.tr\/habercim\/foto-galeri\/kademeli-emeklilik-duzenlemesi\/attachment\/1-15-768x201-3034\/","title":{"rendered":"Kademeli emeklilik d\u00fczenlemesi"},"author":2,"comment_status":"open","ping_status":"closed","template":"","meta":[],"description":{"rendered":"<p class=\"attachment\"><a href='https:\/\/adanaseshaber.com.tr\/habercim\/wp-content\/uploads\/2026\/09\/1-15-768x201-5.jpg'><img width=\"300\" height=\"79\" src=\"https:\/\/adanaseshaber.com.tr\/habercim\/wp-content\/uploads\/2026\/09\/1-15-768x201-5-300x79.jpg\" class=\"attachment-medium size-medium\" alt=\"\" loading=\"lazy\" srcset=\"https:\/\/adanaseshaber.com.tr\/habercim\/wp-content\/uploads\/2026\/09\/1-15-768x201-5-300x79.jpg 300w, https:\/\/adanaseshaber.com.tr\/habercim\/wp-content\/uploads\/2026\/09\/1-15-768x201-5.jpg 768w\" sizes=\"(max-width: 300px) 100vw, 300px\" \/><\/a><\/p>\n"},"caption":{"rendered":"<p>Kademeli emeklilik d\u00fczenlemesine ili\u015fkin kamuoyunda \u00e7e\u015fitli beklentiler bulunsa da \u015fu ana kadar y\u00fcr\u00fcrl\u00fc\u011fe giren resmi bir d\u00fczenleme bulunmuyor. Konuya ili\u015fkin zaman zaman farkl\u0131 de\u011ferlendirmeler yap\u0131lsa da yetkili kurumlardan yasala\u015fm\u0131\u015f yeni bir uygulama a\u00e7\u0131klanmad\u0131.<\/p>\n<p>Bu nedenle mevcut emeklilik \u015fartlar\u0131, sigorta ba\u015flang\u0131\u00e7 tarihi, prim g\u00fcn\u00fc ve ya\u015f ko\u015fullar\u0131 \u00e7er\u00e7evesinde uygulanmay\u0131 s\u00fcrd\u00fcr\u00fcyor. ERKEN EMEKL\u0130L\u0130K D\u00dcZENLEMES\u0130 MECL\u0130S\u2019E GELECEK M\u0130?<\/p>\n<p>Erken emeklilik konusunda da kamuoyunda \u00e7e\u015fitli beklentiler bulunuyor. Ancak TBMM g\u00fcndeminde yasala\u015fan veya y\u00fcr\u00fcrl\u00fc\u011fe giren yeni bir erken emeklilik d\u00fczenlemesi bulunmuyor.<\/p>\n<p>Yeni bir kanun teklifinin haz\u0131rlanmas\u0131 ve kabul edilmesi halinde s\u00fcre\u00e7 resmi a\u00e7\u0131klamalarla kamuoyuna duyurulacak. Bu nedenle vatanda\u015flar\u0131n yaln\u0131zca resmi kurumlardan yap\u0131lacak a\u00e7\u0131klamalar\u0131 takip etmeleri \u00f6nem ta\u015f\u0131yor. KADEMEL\u0130 EMEKL\u0130L\u0130K K\u0130MLER\u0130 \u0130LG\u0130LEND\u0130R\u0130YOR?<\/p>\n<p>Kademeli emeklilik beklentisi \u00f6zellikle EYT kapsam\u0131na giremeyen ve 8 Eyl\u00fcl 1999 tarihinden sonra sigortal\u0131 olan \u00e7al\u0131\u015fanlar taraf\u0131ndan yak\u0131ndan takip ediliyor.<\/p>\n<p>Bu grupta yer alan sigortal\u0131lar, olas\u0131 bir d\u00fczenleme ile emeklilik \u015fartlar\u0131nda de\u011fi\u015fiklik yap\u0131l\u0131p yap\u0131lmayaca\u011f\u0131n\u0131 merak ediyor. Ancak mevcut durumda y\u00fcr\u00fcrl\u00fckte olan emeklilik sistemi uygulanmaya devam ediyor. KADEMEL\u0130 EMEKL\u0130L\u0130K \u015eARTLARI NELER?<\/p>\n<p>Hen\u00fcz y\u00fcr\u00fcrl\u00fc\u011fe girmi\u015f resmi \u015fartlar bulunmuyor.<\/p>\n<p>Kamuoyunda dile getirilen \u00f6neriler aras\u0131nda;<\/p>\n<p>\u0130lk sigorta giri\u015f tarihine g\u00f6re kademeli ya\u015f uygulamas\u0131,<\/p>\n<p>Prim g\u00fcn \u015fart\u0131n\u0131n kademeli olarak belirlenmesi,<\/p>\n<p>Sigortal\u0131l\u0131k s\u00fcresinin esas al\u0131nmas\u0131,<\/p>\n<p>Ba\u011f-Kur prim g\u00fcn \u015fart\u0131n\u0131n d\u00fc\u015f\u00fcr\u00fclmesi<\/p>\n<p>gibi form\u00fcller yer al\u0131yor. Ancak bunlar\u0131n hi\u00e7biri yasala\u015fm\u0131\u015f d\u00fczenleme niteli\u011fi ta\u015f\u0131m\u0131yor. KADEMEL\u0130 EMEKL\u0130L\u0130K NED\u0130R?<\/p>\n<p>Kademeli emeklilik, emeklilik \u015fartlar\u0131n\u0131n belirli bir tarih aral\u0131\u011f\u0131nda sigortal\u0131 olan ki\u015filer i\u00e7in a\u015famal\u0131 olarak uygulanmas\u0131n\u0131 ifade ediyor. Bu sistemde sigorta ba\u015flang\u0131\u00e7 tarihine g\u00f6re ya\u015f ve prim g\u00fcn \u015fartlar\u0131 kademeli \u015fekilde belirleniyor.<\/p>\n<p>\u00d6zellikle EYT d\u00fczenlemesinin ard\u0131ndan sigorta ba\u015flang\u0131c\u0131 birka\u00e7 g\u00fcn veya birka\u00e7 y\u0131l ile d\u00fczenleme kapsam\u0131 d\u0131\u015f\u0131nda kalan \u00e7al\u0131\u015fanlar, kademeli emeklilik talebini s\u0131k s\u0131k g\u00fcndeme getiriyor.<\/p>\n<p>Kaynak : haberturk.com<\/p>\n"},"alt_text":"","media_type":"image","mime_type":"image\/jpeg","media_details":{"width":768,"height":201,"file":"2026\/09\/1-15-768x201-5.jpg","sizes":{"medium":{"file":"1-15-768x201-5-300x79.jpg","width":300,"height":79,"mime_type":"image\/jpeg","source_url":"https:\/\/adanaseshaber.com.tr\/habercim\/wp-content\/uploads\/2026\/09\/1-15-768x201-5-300x79.jpg"},"thumbnail":{"file":"1-15-768x201-5-150x150.jpg","width":150,"height":150,"mime_type":"image\/jpeg","source_url":"https:\/\/adanaseshaber.com.tr\/habercim\/wp-content\/uploads\/2026\/09\/1-15-768x201-5-150x150.jpg"},"kucukResim":{"file":"1-15-768x201-5-80x50.jpg","width":80,"height":50,"mime_type":"image\/jpeg","source_url":"https:\/\/adanaseshaber.com.tr\/habercim\/wp-content\/uploads\/2026\/09\/1-15-768x201-5-80x50.jpg"},"sliderResim":{"file":"1-15-768x201-5-670x201.jpg","width":670,"height":201,"mime_type":"image\/jpeg","source_url":"https:\/\/adanaseshaber.com.tr\/habercim\/wp-content\/uploads\/2026\/09\/1-15-768x201-5-670x201.jpg"},"resim1":{"file":"1-15-768x201-5-184x140.jpg","width":184,"height":140,"mime_type":"image\/jpeg","source_url":"https:\/\/adanaseshaber.com.tr\/habercim\/wp-content\/uploads\/2026\/09\/1-15-768x201-5-184x140.jpg"},"resim2":{"file":"1-15-768x201-5-216x103.jpg","width":216,"height":103,"mime_type":"image\/jpeg","source_url":"https:\/\/adanaseshaber.com.tr\/habercim\/wp-content\/uploads\/2026\/09\/1-15-768x201-5-216x103.jpg"},"resim3":{"file":"1-15-768x201-5-145x70.jpg","width":145,"height":70,"mime_type":"image\/jpeg","source_url":"https:\/\/adanaseshaber.com.tr\/habercim\/wp-content\/uploads\/2026\/09\/1-15-768x201-5-145x70.jpg"},"sagSlider":{"file":"1-15-768x201-5-300x150.jpg","width":300,"height":150,"mime_type":"image\/jpeg","source_url":"https:\/\/adanaseshaber.com.tr\/habercim\/wp-content\/uploads\/2026\/09\/1-15-768x201-5-300x150.jpg"},"yeniSlider":{"file":"1-15-768x201-5-500x201.jpg","width":500,"height":201,"mime_type":"image\/jpeg","source_url":"https:\/\/adanaseshaber.com.tr\/habercim\/wp-content\/uploads\/2026\/09\/1-15-768x201-5-500x201.jpg"},"full":{"file":"1-15-768x201-5.jpg","width":768,"height":201,"mime_type":"image\/jpeg","source_url":"https:\/\/adanaseshaber.com.tr\/habercim\/wp-content\/uploads\/2026\/09\/1-15-768x201-5.jpg"}},"image_meta":{"aperture":"0","credit":"","camera":"","caption":"","created_timestamp":"0","copyright":"","focal_length":"0","iso":"0","shutter_speed":"0","title":"","orientation":"0","keywords":[]}},"post":52818,"source_url":"https:\/\/adanaseshaber.com.tr\/habercim\/wp-content\/uploads\/2026\/09\/1-15-768x201-5.jpg","_links":{"self":[{"href":"https:\/\/adanaseshaber.com.tr\/habercim\/wp-json\/wp\/v2\/media\/52820"}],"collection":[{"href":"https:\/\/adanaseshaber.com.tr\/habercim\/wp-json\/wp\/v2\/media"}],"about":[{"href":"https:\/\/adanaseshaber.com.tr\/habercim\/wp-json\/wp\/v2\/types\/attachment"}],"author":[{"embeddable":true,"href":"https:\/\/adanaseshaber.com.tr\/habercim\/wp-json\/wp\/v2\/users\/2"}],"replies":[{"embeddable":true,"href":"https:\/\/adanaseshaber.com.tr\/habercim\/wp-json\/wp\/v2\/comments?post=52820"}]}}