{"id":52840,"date":"2026-09-01T02:01:07","date_gmt":"2026-08-31T23:01:07","guid":{"rendered":"https:\/\/adanaseshaber.com.tr\/habercim\/wp-content\/uploads\/2026\/09\/1-15-768x201-13.jpg"},"modified":"2026-09-01T02:02:36","modified_gmt":"2026-08-31T23:02:36","slug":"1-15-768x201-3042","status":"inherit","type":"attachment","link":"https:\/\/adanaseshaber.com.tr\/habercim\/foto-galeri\/afyonkarahisarda\/attachment\/1-15-768x201-3042\/","title":{"rendered":"Afyonkarahisar\u2019da"},"author":2,"comment_status":"open","ping_status":"closed","template":"","meta":[],"description":{"rendered":"<p class=\"attachment\"><a href='https:\/\/adanaseshaber.com.tr\/habercim\/wp-content\/uploads\/2026\/09\/1-15-768x201-13.jpg'><img width=\"300\" height=\"79\" src=\"https:\/\/adanaseshaber.com.tr\/habercim\/wp-content\/uploads\/2026\/09\/1-15-768x201-13-300x79.jpg\" class=\"attachment-medium size-medium\" alt=\"\" loading=\"lazy\" srcset=\"https:\/\/adanaseshaber.com.tr\/habercim\/wp-content\/uploads\/2026\/09\/1-15-768x201-13-300x79.jpg 300w, https:\/\/adanaseshaber.com.tr\/habercim\/wp-content\/uploads\/2026\/09\/1-15-768x201-13.jpg 768w\" sizes=\"(max-width: 300px) 100vw, 300px\" \/><\/a><\/p>\n"},"caption":{"rendered":"<p>Olay, Sand\u0131kl\u0131 il\u00e7esi Cuma Mahallesi Efendi Sokak\u2019ta meydana geldi. Edinilen bilgilere g\u00f6re, kavga ihbar\u0131 \u00fczerine olay yerine ekipler sevk edildi. Ekiplerin olay yerindeki incelemesinde M.A.S. (17) isimli \u015fahs\u0131n kar\u0131n b\u00f6lgesinden, H.S. (45) isimli \u015fahs\u0131n ise kafa ve s\u0131rt b\u00f6lgesinden hayati tehlike arz edecek \u015fekilde yaraland\u0131\u011f\u0131 belirlendi. Yaral\u0131lar, sa\u011fl\u0131k ekiplerinin ilk m\u00fcdahalesinin ard\u0131ndan Sand\u0131kl\u0131 Devlet Hastanesi\u2019ne kald\u0131r\u0131ld\u0131. Durumu a\u011f\u0131r olan M.A.S., hastanede yap\u0131lan m\u00fcdahalelere ra\u011fmen hayat\u0131n\u0131 kaybederken, H.S.\u2019nin ise durumunun diyetini korudu\u011fu bildirildi.<\/p>\n<p>Olayla ilgili H.\u0130.K. ve Y.K., isimli \u015f\u00fcpheliler su\u00e7 aletiyle birlikte polis taraf\u0131ndan yakalanarak g\u00f6zalt\u0131na al\u0131nd\u0131.<\/p>\n<p>Olay\u0131n ard\u0131ndan savc\u0131l\u0131k taraf\u0131ndan ba\u015flat\u0131lan soru\u015fturman\u0131n s\u00fcrd\u00fc\u011f\u00fc bildirildi.<\/p>\n<p>Kaynak : gazete3.com.tr<\/p>\n"},"alt_text":"","media_type":"image","mime_type":"image\/jpeg","media_details":{"width":768,"height":201,"file":"2026\/09\/1-15-768x201-13.jpg","sizes":{"medium":{"file":"1-15-768x201-13-300x79.jpg","width":300,"height":79,"mime_type":"image\/jpeg","source_url":"https:\/\/adanaseshaber.com.tr\/habercim\/wp-content\/uploads\/2026\/09\/1-15-768x201-13-300x79.jpg"},"thumbnail":{"file":"1-15-768x201-13-150x150.jpg","width":150,"height":150,"mime_type":"image\/jpeg","source_url":"https:\/\/adanaseshaber.com.tr\/habercim\/wp-content\/uploads\/2026\/09\/1-15-768x201-13-150x150.jpg"},"kucukResim":{"file":"1-15-768x201-13-80x50.jpg","width":80,"height":50,"mime_type":"image\/jpeg","source_url":"https:\/\/adanaseshaber.com.tr\/habercim\/wp-content\/uploads\/2026\/09\/1-15-768x201-13-80x50.jpg"},"sliderResim":{"file":"1-15-768x201-13-670x201.jpg","width":670,"height":201,"mime_type":"image\/jpeg","source_url":"https:\/\/adanaseshaber.com.tr\/habercim\/wp-content\/uploads\/2026\/09\/1-15-768x201-13-670x201.jpg"},"resim1":{"file":"1-15-768x201-13-184x140.jpg","width":184,"height":140,"mime_type":"image\/jpeg","source_url":"https:\/\/adanaseshaber.com.tr\/habercim\/wp-content\/uploads\/2026\/09\/1-15-768x201-13-184x140.jpg"},"resim2":{"file":"1-15-768x201-13-216x103.jpg","width":216,"height":103,"mime_type":"image\/jpeg","source_url":"https:\/\/adanaseshaber.com.tr\/habercim\/wp-content\/uploads\/2026\/09\/1-15-768x201-13-216x103.jpg"},"resim3":{"file":"1-15-768x201-13-145x70.jpg","width":145,"height":70,"mime_type":"image\/jpeg","source_url":"https:\/\/adanaseshaber.com.tr\/habercim\/wp-content\/uploads\/2026\/09\/1-15-768x201-13-145x70.jpg"},"sagSlider":{"file":"1-15-768x201-13-300x150.jpg","width":300,"height":150,"mime_type":"image\/jpeg","source_url":"https:\/\/adanaseshaber.com.tr\/habercim\/wp-content\/uploads\/2026\/09\/1-15-768x201-13-300x150.jpg"},"yeniSlider":{"file":"1-15-768x201-13-500x201.jpg","width":500,"height":201,"mime_type":"image\/jpeg","source_url":"https:\/\/adanaseshaber.com.tr\/habercim\/wp-content\/uploads\/2026\/09\/1-15-768x201-13-500x201.jpg"},"full":{"file":"1-15-768x201-13.jpg","width":768,"height":201,"mime_type":"image\/jpeg","source_url":"https:\/\/adanaseshaber.com.tr\/habercim\/wp-content\/uploads\/2026\/09\/1-15-768x201-13.jpg"}},"image_meta":{"aperture":"0","credit":"","camera":"","caption":"","created_timestamp":"0","copyright":"","focal_length":"0","iso":"0","shutter_speed":"0","title":"","orientation":"0","keywords":[]}},"post":52838,"source_url":"https:\/\/adanaseshaber.com.tr\/habercim\/wp-content\/uploads\/2026\/09\/1-15-768x201-13.jpg","_links":{"self":[{"href":"https:\/\/adanaseshaber.com.tr\/habercim\/wp-json\/wp\/v2\/media\/52840"}],"collection":[{"href":"https:\/\/adanaseshaber.com.tr\/habercim\/wp-json\/wp\/v2\/media"}],"about":[{"href":"https:\/\/adanaseshaber.com.tr\/habercim\/wp-json\/wp\/v2\/types\/attachment"}],"author":[{"embeddable":true,"href":"https:\/\/adanaseshaber.com.tr\/habercim\/wp-json\/wp\/v2\/users\/2"}],"replies":[{"embeddable":true,"href":"https:\/\/adanaseshaber.com.tr\/habercim\/wp-json\/wp\/v2\/comments?post=52840"}]}}